{"id":89170,"date":"2025-05-13T10:54:32","date_gmt":"2025-05-13T07:54:32","guid":{"rendered":"https:\/\/www.almamedia.fi\/mainostajat\/?page_id=89170"},"modified":"2025-05-21T12:52:09","modified_gmt":"2025-05-21T09:52:09","slug":"ajankohtaista-ja-inspiraatiota","status":"publish","type":"page","link":"https:\/\/www.almamedia.fi\/mainostajat\/ajankohtaista-ja-inspiraatiota\/","title":{"rendered":"Ajankohtaista ja inspiraatiota"},"content":{"rendered":"\n<div style=\"height:4rem\" aria-hidden=\"true\" class=\"wp-block-spacer\"><\/div>\n\n\n\n<div class=\"wp-block-netello-taustakuvalaatikko taustakuvalaatikko image-position-top-right\"><div class=\"taustakuvalaatikko-image-wrapper\"><img decoding=\"async\" src=\"https:\/\/www.almamedia.fi\/mainostajat\/wp-content\/uploads\/sites\/6\/strategiapilvi-lila-oikea.png\" alt=\"\" class=\"taustakuvalaatikko-image\"\/><\/div><div class=\"taustakuvalaatikko-content\">\n<div data-aos=\"fade-up\" class=\"wp-block-netello-animation\"><div class=\"wrapper\">\n<div style=\"max-width:790px;margin-left:0;margin-right:auto\" class=\"wp-block-netello-max-width-container\">\n<p class=\"has-medium-font-size\"><strong>Pysy ajan tasalla markkinoinnin ja median uusimmista tuulista. T\u00e4\u00e4lt\u00e4 l\u00f6yd\u00e4t tuoreimmat caset, artikkelit ja oppaat, jotka auttavat sinua tekem\u00e4\u00e4n parempia p\u00e4\u00e4t\u00f6ksi\u00e4 ja vaikuttavampaa mainontaa.&nbsp;<\/strong><\/p>\n<\/div>\n<\/div><\/div>\n\n\n\n<div style=\"height:4rem\" aria-hidden=\"true\" class=\"wp-block-spacer\"><\/div>\n<\/div><\/div>\n\n\n\n<div  class=\"viiva-erotin has-color-green has-width-full\" >\n\n    <div class=\"netello-line netello-line-animated\"><\/div>\n\n<\/div>\n\n\n\n\n\n\n<div style=\"height:3rem\" aria-hidden=\"true\" class=\"wp-block-spacer\"><\/div>\n\n\n\n<div data-aos=\"fade-up\" class=\"wp-block-netello-animation\"><div class=\"wrapper\">\n<div style=\"max-width:1200px;margin-left:0;margin-right:auto\" class=\"wp-block-netello-max-width-container\">\n<h2 class=\"wp-block-heading\"><a href=\"https:\/\/www.almamedia.fi\/mainostajat\/caset\/\">ASIAKASCASET<\/a><\/h2>\n\n\n\n<p class=\"has-medium-font-size\"><strong>Tutustu asiakkaidemme onnistumisiin<\/strong><\/p>\n\n\n\n<p>Uskomme n\u00e4ytt\u00f6ihin, ei vain puheisiin. Alma Median kanssa mainostajat tekev\u00e4t tuloksia joka p\u00e4iv\u00e4. Tutustu kampanjoihin, jotka ovat tavoittaneet kohderyhm\u00e4ns\u00e4 tarkasti, rakentaneet tunnettuutta tai kasvattaneet myynti\u00e4. Meill\u00e4 menestyt\u00e4\u00e4n niin uusilla toteutuksilla kuin perinteisemmill\u00e4 ratkaisuillakin, paikallisesti ja valtakunnallisesti. <\/p>\n\n\n\n<p class=\"netello-linkki has-medium-font-size\"><a href=\"https:\/\/www.almamedia.fi\/mainostajat\/caset\/\">Katso, miten br\u00e4ndit loistavat Alman medioissa<\/a><\/p>\n<\/div>\n<\/div><\/div>\n\n\n\n<div data-aos=\"fade-up\" id=\"Artikkelit-block_8ba970860b4d3641f63c2ce0978970c3\" class=\"isot-artikkeli-nostot has-box-size-l  has-wide-style\">\n\n            <div class=\"ylaosa\">\n                        <div class=\"arrows-wrapper\"><\/div>\n        <\/div>\n    \n    \n    \n        <div class=\"isot-artikkeli-nostot-wrapper isot-artikkeli-nostot-karuselli has-box-size-l\">\n            \n<div>\n    <div class=\"uutislaatikko\">\n        <div class=\"uutiskuva\">\n                            <img decoding=\"async\" src=\"https:\/\/www.almamedia.fi\/mainostajat\/wp-content\/uploads\/sites\/6\/srentola2-1024x683.png\" alt=\"\" class=\"uutiskuva__kuva\">\n                    <\/div>\n        <div class=\"uutisteksti\">\n            <!--<p class=\"pvm\">18.3.2026<\/p>-->\n            <h3>S\u00e4hk\u00f6ty\u00f6 Rentola rakentaa kasvua jatkuvalla digimainonnalla<\/h3>\n\n            \n            <div class=\"ote\">\n                            <\/div>\n\n        <\/div>\n                <a class=\"laatikkolinkki\" \n           href=\"https:\/\/www.almamedia.fi\/mainostajat\/caset\/sahkotyo-rentola-rakentaa-kasvua-jatkuvalla-digimainonnalla\/\"\n           aria-label=\"Lue artikkeli: S\u00e4hk\u00f6ty\u00f6 Rentola rakentaa kasvua jatkuvalla digimainonnalla\"\n        ><\/a>\n    <\/div>\n<\/div>\n\n<div>\n    <div class=\"uutislaatikko\">\n        <div class=\"uutiskuva\">\n                            <img decoding=\"async\" src=\"https:\/\/www.almamedia.fi\/mainostajat\/wp-content\/uploads\/sites\/6\/phoenixcontact4-1024x682.jpg\" alt=\"\" class=\"uutiskuva__kuva\">\n                    <\/div>\n        <div class=\"uutisteksti\">\n            <!--<p class=\"pvm\">4.3.2026<\/p>-->\n            <h3>Ennenn\u00e4kem\u00e4t\u00f6nt\u00e4 B2B-mainontaa ja mitattavia tuloksia<\/h3>\n\n            \n            <div class=\"ote\">\n                            <\/div>\n\n        <\/div>\n                <a class=\"laatikkolinkki\" \n           href=\"https:\/\/www.almamedia.fi\/mainostajat\/caset\/ennennakematonta-b2b-mainontaa-ja-mitattavia-tuloksia\/\"\n           aria-label=\"Lue artikkeli: Ennenn\u00e4kem\u00e4t\u00f6nt\u00e4 B2B-mainontaa ja mitattavia tuloksia\"\n        ><\/a>\n    <\/div>\n<\/div>\n\n<div>\n    <div class=\"uutislaatikko\">\n        <div class=\"uutiskuva\">\n                            <img decoding=\"async\" src=\"https:\/\/www.almamedia.fi\/mainostajat\/wp-content\/uploads\/sites\/6\/jatskiauto6.png\" alt=\"\" class=\"uutiskuva__kuva\">\n                    <\/div>\n        <div class=\"uutisteksti\">\n            <!--<p class=\"pvm\">12.2.2026<\/p>-->\n            <h3>J\u00e4tskiauto l\u00f6ysi uuden, tehokkaan reitin kuluttajien pariin<\/h3>\n\n            \n            <div class=\"ote\">\n                            <\/div>\n\n        <\/div>\n                <a class=\"laatikkolinkki\" \n           href=\"https:\/\/www.almamedia.fi\/mainostajat\/caset\/jatskiauto-loysi-uuden-tehokkaan-reitin-kuluttajien-pariin\/\"\n           aria-label=\"Lue artikkeli: J\u00e4tskiauto l\u00f6ysi uuden, tehokkaan reitin kuluttajien pariin\"\n        ><\/a>\n    <\/div>\n<\/div>\n\n<div>\n    <div class=\"uutislaatikko\">\n        <div class=\"uutiskuva\">\n                            <img decoding=\"async\" src=\"https:\/\/www.almamedia.fi\/mainostajat\/wp-content\/uploads\/sites\/6\/oras1.jpg\" alt=\"\" class=\"uutiskuva__kuva\">\n                    <\/div>\n        <div class=\"uutisteksti\">\n            <!--<p class=\"pvm\">30.1.2026<\/p>-->\n            <h3>Natiivikampanja hotellip\u00e4\u00e4tt\u00e4jille her\u00e4tti huomion ja toi liidej\u00e4<\/h3>\n\n            \n            <div class=\"ote\">\n                            <\/div>\n\n        <\/div>\n                <a class=\"laatikkolinkki\" \n           href=\"https:\/\/www.almamedia.fi\/mainostajat\/caset\/natiivikampanja-hotellipaattajille-heratti-huomion-ja-toi-liideja\/\"\n           aria-label=\"Lue artikkeli: Natiivikampanja hotellip\u00e4\u00e4tt\u00e4jille her\u00e4tti huomion ja toi liidej\u00e4\"\n        ><\/a>\n    <\/div>\n<\/div>\n\n<div>\n    <div class=\"uutislaatikko\">\n        <div class=\"uutiskuva\">\n                            <img decoding=\"async\" src=\"https:\/\/www.almamedia.fi\/mainostajat\/wp-content\/uploads\/sites\/6\/43633_fazerina_juustokakku_nosto-1024x502.jpg\" alt=\"\" class=\"uutiskuva__kuva\">\n                    <\/div>\n        <div class=\"uutisteksti\">\n            <!--<p class=\"pvm\">25.11.2025<\/p>-->\n            <h3>Valio toteutti kolme sis\u00e4lt\u00f6natiivia, jotka sitouttivat kuluttajia yli odotusten\u00a0<\/h3>\n\n            \n            <div class=\"ote\">\n                            <\/div>\n\n        <\/div>\n                <a class=\"laatikkolinkki\" \n           href=\"https:\/\/www.almamedia.fi\/mainostajat\/caset\/valio-toteutti-kolme-sisaltonatiivia-jotka-sitouttivat-kuluttajia-yli-odotusten\/\"\n           aria-label=\"Lue artikkeli: Valio toteutti kolme sis\u00e4lt\u00f6natiivia, jotka sitouttivat kuluttajia yli odotusten\u00a0\"\n        ><\/a>\n    <\/div>\n<\/div>\n\n<div>\n    <div class=\"uutislaatikko\">\n        <div class=\"uutiskuva\">\n                            <img decoding=\"async\" src=\"https:\/\/www.almamedia.fi\/mainostajat\/wp-content\/uploads\/sites\/6\/2025_Jarvikyla_WEB_010-1024x683.jpg\" alt=\"\" class=\"uutiskuva__kuva\">\n                    <\/div>\n        <div class=\"uutisteksti\">\n            <!--<p class=\"pvm\">26.9.2025<\/p>-->\n            <h3>Testiryhm\u00e4 toi J\u00e4rvikyl\u00e4n salaattisekoitukset kuluttajien arkeen \u2013 myynti kasvoi merkitt\u00e4v\u00e4sti<\/h3>\n\n            \n            <div class=\"ote\">\n                            <\/div>\n\n        <\/div>\n                <a class=\"laatikkolinkki\" \n           href=\"https:\/\/www.almamedia.fi\/mainostajat\/caset\/testiryhma-toi-jarvikylan-salaattisekoitukset-kuluttajien-arkeen-myynti-kasvoi-merkittavasti\/\"\n           aria-label=\"Lue artikkeli: Testiryhm\u00e4 toi J\u00e4rvikyl\u00e4n salaattisekoitukset kuluttajien arkeen \u2013 myynti kasvoi merkitt\u00e4v\u00e4sti\"\n        ><\/a>\n    <\/div>\n<\/div>\n\n<div>\n    <div class=\"uutislaatikko\">\n        <div class=\"uutiskuva\">\n                            <img decoding=\"async\" src=\"https:\/\/www.almamedia.fi\/mainostajat\/wp-content\/uploads\/sites\/6\/Pyha-Ski-Resort-Jaakko-Posti-002-1024x683.jpg\" alt=\"\" class=\"uutiskuva__kuva\">\n                    <\/div>\n        <div class=\"uutisteksti\">\n            <!--<p class=\"pvm\">29.8.2025<\/p>-->\n            <h3>Pyh\u00e4 valitsi p\u00e4\u00e4tt\u00e4j\u00e4mediat ja Ruka luotti sis\u00e4lt\u00f6\u00f6n \u2013 molemmat onnistuivat<\/h3>\n\n            \n            <div class=\"ote\">\n                            <\/div>\n\n        <\/div>\n                <a class=\"laatikkolinkki\" \n           href=\"https:\/\/www.almamedia.fi\/mainostajat\/caset\/pyha-valitsi-paattajamediat-ja-ruka-luotti-sisaltoon-molemmat-onnistuivat\/\"\n           aria-label=\"Lue artikkeli: Pyh\u00e4 valitsi p\u00e4\u00e4tt\u00e4j\u00e4mediat ja Ruka luotti sis\u00e4lt\u00f6\u00f6n \u2013 molemmat onnistuivat\"\n        ><\/a>\n    <\/div>\n<\/div>\n\n<div>\n    <div class=\"uutislaatikko\">\n        <div class=\"uutiskuva\">\n                            <img decoding=\"async\" src=\"https:\/\/www.almamedia.fi\/mainostajat\/wp-content\/uploads\/sites\/6\/kia-all-new-ev6-gtline-my25-wolf-grey-outdoor-static-digital-1920x1080-003-1024x576.jpg\" alt=\"\" class=\"uutiskuva__kuva\">\n                    <\/div>\n        <div class=\"uutisteksti\">\n            <!--<p class=\"pvm\">13.6.2025<\/p>-->\n            <h3>Kampanja ylitti kaikki keskiarvot Alma Supersivulla<\/h3>\n\n            \n            <div class=\"ote\">\n                            <\/div>\n\n        <\/div>\n                <a class=\"laatikkolinkki\" \n           href=\"https:\/\/www.almamedia.fi\/mainostajat\/caset\/kampanja-ylitti-kaikki-keskiarvot-alma-supersivulla\/\"\n           aria-label=\"Lue artikkeli: Kampanja ylitti kaikki keskiarvot Alma Supersivulla\"\n        ><\/a>\n    <\/div>\n<\/div>\n\n<div>\n    <div class=\"uutislaatikko\">\n        <div class=\"uutiskuva\">\n                            <img decoding=\"async\" src=\"https:\/\/www.almamedia.fi\/mainostajat\/wp-content\/uploads\/sites\/6\/Baltic_Princess_2024_8-1-scaled-1-1024x545.jpg\" alt=\"\" class=\"uutiskuva__kuva\">\n                    <\/div>\n        <div class=\"uutisteksti\">\n            <!--<p class=\"pvm\">27.5.2025<\/p>-->\n            <h3>Tallink Silja Linen Black Week -kampanja loisti: myynti kasvoi ja kohderyhm\u00e4 tavoitettiin<\/h3>\n\n            \n            <div class=\"ote\">\n                <p>Tallink Silja Linen Black Week -kampanja loisti: myynti kasvoi ja kohderyhm\u00e4 tavoitettiin It\u00e4meren aalloilla matkustajia [&hellip;]<\/p>\n            <\/div>\n\n        <\/div>\n                <a class=\"laatikkolinkki\" \n           href=\"https:\/\/www.almamedia.fi\/mainostajat\/caset\/tallink-silja-linen-black-week-kampanja-loisti-myynti-kasvoi-ja-kohderyhma-tavoitettiin\/\"\n           aria-label=\"Lue artikkeli: Tallink Silja Linen Black Week -kampanja loisti: myynti kasvoi ja kohderyhm\u00e4 tavoitettiin\"\n        ><\/a>\n    <\/div>\n<\/div>\n\n<div>\n    <div class=\"uutislaatikko\">\n        <div class=\"uutiskuva\">\n                            <img decoding=\"async\" src=\"https:\/\/www.almamedia.fi\/mainostajat\/wp-content\/uploads\/sites\/6\/raahen-kaupunki-antti-baas-edited-1-1024x577.jpg\" alt=\"\" class=\"uutiskuva__kuva\">\n                    <\/div>\n        <div class=\"uutisteksti\">\n            <!--<p class=\"pvm\">9.12.2024<\/p>-->\n            <h3>Sis\u00e4lt\u00f6markkinointi kasvatti Raahen tunnettuutta \/ Case Raahen kaupunki<\/h3>\n\n            \n            <div class=\"ote\">\n                <p>Sis\u00e4lt\u00f6markkinointi kasvatti Raahen tunnettuutta \/ Case Raahen kaupunki Raahen kaupunki halusi tavoittaa yritysp\u00e4\u00e4tt\u00e4j\u00e4t ja tehd\u00e4 [&hellip;]<\/p>\n            <\/div>\n\n        <\/div>\n                <a class=\"laatikkolinkki\" \n           href=\"https:\/\/www.almamedia.fi\/mainostajat\/caset\/sisaltomarkkinointi-kasvatti-raahen-tunnettuutta-case-raahen-kaupunki\/\"\n           aria-label=\"Lue artikkeli: Sis\u00e4lt\u00f6markkinointi kasvatti Raahen tunnettuutta \/ Case Raahen kaupunki\"\n        ><\/a>\n    <\/div>\n<\/div>\n        <\/div>\n\n    \n<\/div>\n\n\n\n\n\n<div style=\"height:4rem\" aria-hidden=\"true\" class=\"wp-block-spacer\"><\/div>\n\n\n\n<div data-aos=\"fade-up\" class=\"wp-block-netello-animation\"><div class=\"wrapper\">\n<div style=\"max-width:800px;margin-left:0;margin-right:auto\" class=\"wp-block-netello-max-width-container\">\n<h2 class=\"wp-block-heading\"><a href=\"https:\/\/www.almamedia.fi\/mainostajat\/ajankohtaista-mainostajalle-uutisarkisto\/\">AJANKOHTAISTA<\/a><\/h2>\n\n\n\n<p class=\"has-medium-font-size\"><strong>Alma Median tuoreimmat uutiset, julkaisut ja tiedotteet<\/strong><\/p>\n\n\n\n<p>Pysy ajan tasalla markkinoinnin ja median uusimmista k\u00e4\u00e4nteist\u00e4. Alta l\u00f6yd\u00e4t uusimmat uutiset, tuoteuutuudet, kampanjatiedot ja muut julkaisut, jotka tukevat markkinointity\u00f6t\u00e4si. Kurkkaa, mit\u00e4 uutta on juuri nyt tarjolla. <\/p>\n\n\n\n<p class=\"netello-linkki has-medium-font-size\"><a href=\"https:\/\/www.almamedia.fi\/mainostajat\/ajankohtaista-mainostajalle-uutisarkisto\/\">Katso koko uutisarkisto<\/a><\/p>\n<\/div>\n<\/div><\/div>\n\n\n\n<div data-aos=\"fade-up\" id=\"Artikkelit-block_2e5b74ae1dc67dbf0e2a12d7bb607c0f\" class=\"isot-artikkeli-nostot has-box-size-s \">\n\n            <div class=\"ylaosa\">\n                        <div class=\"arrows-wrapper\"><\/div>\n        <\/div>\n    \n    \n    \n        <div class=\"isot-artikkeli-nostot-wrapper isot-artikkeli-nostot-karuselli has-box-size-s\">\n            \n<div>\n    <div class=\"uutislaatikko\">\n        <div class=\"uutiskuva\">\n                            <img decoding=\"async\" src=\"https:\/\/www.almamedia.fi\/mainostajat\/wp-content\/uploads\/sites\/6\/Hero-3840x2160_Shutterstock-2458630829-1024x576.png\" alt=\"\" class=\"uutiskuva__kuva\">\n                    <\/div>\n        <div class=\"uutisteksti\">\n            <!--<p class=\"pvm\">27.4.2026<\/p>-->\n            <h3>It all started with 15 billion\u00a0scam\u00a0ads a day \u2013\u00a0eventually,\u00a0IAB\u00a0Sweden drew the line\u00a0<\/h3>\n\n            \n            <div class=\"ote\">\n                <p>I remember how shocked I was at the end of last year when Reuters reported\u00a0that [&hellip;]<\/p>\n            <\/div>\n\n        <\/div>\n                <a class=\"laatikkolinkki\" \n           href=\"https:\/\/www.almamedia.fi\/mainostajat\/en\/it-all-started-with-15-billion-scam-ads-a-day-eventually-iab-sweden-drew-the-line\/\"\n           aria-label=\"Lue artikkeli: It all started with 15 billion\u00a0scam\u00a0ads a day \u2013\u00a0eventually,\u00a0IAB\u00a0Sweden drew the line\u00a0\"\n        ><\/a>\n    <\/div>\n<\/div>\n\n<div>\n    <div class=\"uutislaatikko\">\n        <div class=\"uutiskuva\">\n                            <img decoding=\"async\" src=\"https:\/\/www.almamedia.fi\/mainostajat\/wp-content\/uploads\/sites\/6\/Hero-3840x2160_Shutterstock-2458630829-1024x576.png\" alt=\"\" class=\"uutiskuva__kuva\">\n                    <\/div>\n        <div class=\"uutisteksti\">\n            <!--<p class=\"pvm\">27.4.2026<\/p>-->\n            <h3>Kaikki alkoi 15 miljardista huijausmainoksesta p\u00e4iv\u00e4ss\u00e4, ja lopulta Ruotsi teki sen, mit\u00e4 muut eiv\u00e4t uskaltaneet<\/h3>\n\n            \n            <div class=\"ote\">\n                <p>Muistan itse kuinka p\u00f6yristynyt olin viime vuoden lopulla, kun\u00a0Reuters uutisoi\u00a0Metalla py\u00f6riv\u00e4n jopa 15 miljardia huijausmainosta [&hellip;]<\/p>\n            <\/div>\n\n        <\/div>\n                <a class=\"laatikkolinkki\" \n           href=\"https:\/\/www.almamedia.fi\/mainostajat\/kaikki-alkoi-15-miljardista-huijausmainoksesta-paivassa-ja-lopulta-ruotsi-teki-sen-mita-muut-eivat-uskaltaneet\/\"\n           aria-label=\"Lue artikkeli: Kaikki alkoi 15 miljardista huijausmainoksesta p\u00e4iv\u00e4ss\u00e4, ja lopulta Ruotsi teki sen, mit\u00e4 muut eiv\u00e4t uskaltaneet\"\n        ><\/a>\n    <\/div>\n<\/div>\n\n<div>\n    <div class=\"uutislaatikko\">\n        <div class=\"uutiskuva\">\n                            <img decoding=\"async\" src=\"https:\/\/www.almamedia.fi\/mainostajat\/wp-content\/uploads\/sites\/6\/shutterstock_626723336-1-scaled-e1740039857246-1024x538.jpg\" alt=\"\" class=\"uutiskuva__kuva\">\n                    <\/div>\n        <div class=\"uutisteksti\">\n            <!--<p class=\"pvm\">23.4.2026<\/p>-->\n            <h3>State of Programmatic in Finland survey highlights efficiency, attention, quality and smarter workflows<\/h3>\n\n            \n            <div class=\"ote\">\n                <p>Alma conducts an annual&nbsp;programmatic survey&nbsp;State of Programmatic in Finland&nbsp;which is targeted to programmatic buyers across [&hellip;]<\/p>\n            <\/div>\n\n        <\/div>\n                <a class=\"laatikkolinkki\" \n           href=\"https:\/\/www.almamedia.fi\/mainostajat\/en\/state-of-programmatic-in-finland-survey\/\"\n           aria-label=\"Lue artikkeli: State of Programmatic in Finland survey highlights efficiency, attention, quality and smarter workflows\"\n        ><\/a>\n    <\/div>\n<\/div>\n\n<div>\n    <div class=\"uutislaatikko\">\n        <div class=\"uutiskuva\">\n                            <img decoding=\"async\" src=\"https:\/\/www.almamedia.fi\/mainostajat\/wp-content\/uploads\/sites\/6\/shutterstock_2314172427-1024x610.jpg\" alt=\"\" class=\"uutiskuva__kuva\">\n                    <\/div>\n        <div class=\"uutisteksti\">\n            <!--<p class=\"pvm\">14.4.2026<\/p>-->\n            <h3>Lappi kiinnostaa ymp\u00e4ri vuoden \u2013\u00a0Kotimaan matkailulle tyypillisin este on hinta\u00a0<\/h3>\n\n            \n            <div class=\"ote\">\n                <p>Alma Median matkailututkimuksesta selvi\u00e4\u00e4, ett\u00e4\u00a0kiinnostusta\u00a0kotimaan matkailuun\u00a0on runsaasti, mutta esteet ovat konkreettisia.\u00a0Markkinoinnin on\u00a0hyv\u00e4 vastata\u00a0suoraan hinta- ja [&hellip;]<\/p>\n            <\/div>\n\n        <\/div>\n                <a class=\"laatikkolinkki\" \n           href=\"https:\/\/www.almamedia.fi\/mainostajat\/lappi-kiinnostaa-ympari-vuoden-kotimaan-matkailulle-tyypillisin-este-on-hinta\/\"\n           aria-label=\"Lue artikkeli: Lappi kiinnostaa ymp\u00e4ri vuoden \u2013\u00a0Kotimaan matkailulle tyypillisin este on hinta\u00a0\"\n        ><\/a>\n    <\/div>\n<\/div>\n\n<div>\n    <div class=\"uutislaatikko\">\n        <div class=\"uutiskuva\">\n                            <img decoding=\"async\" src=\"https:\/\/www.almamedia.fi\/mainostajat\/wp-content\/uploads\/sites\/6\/shutterstock_2055381515-1024x683.jpeg\" alt=\"\" class=\"uutiskuva__kuva\">\n                    <\/div>\n        <div class=\"uutisteksti\">\n            <!--<p class=\"pvm\">1.4.2026<\/p>-->\n            <h3>Auton ostoprosessi on muuttunut\u00a0\u2013\u00a0Tiedonhaku\u00a0on perusteellista ja monikanavaista\u00a0<\/h3>\n\n            \n            <div class=\"ote\">\n                <p>Autonostajan matka\u00a0ostop\u00e4\u00e4t\u00f6kseen on muuttunut. Alma Businessmedioiden Autotutkimuksen mukaan\u00a0ostoprosessi on pidentynyt ja monimutkaistunut: ostaja k\u00e4ytt\u00e4\u00e4 keskim\u00e4\u00e4rin\u00a03\u20134\u00a0eri [&hellip;]<\/p>\n            <\/div>\n\n        <\/div>\n                <a class=\"laatikkolinkki\" \n           href=\"https:\/\/www.almamedia.fi\/mainostajat\/auton-ostoprosessi-on-muuttunut-tiedonhaku-on-perusteellista-ja-monikanavaista\/\"\n           aria-label=\"Lue artikkeli: Auton ostoprosessi on muuttunut\u00a0\u2013\u00a0Tiedonhaku\u00a0on perusteellista ja monikanavaista\u00a0\"\n        ><\/a>\n    <\/div>\n<\/div>\n\n<div>\n    <div class=\"uutislaatikko\">\n        <div class=\"uutiskuva\">\n                            <img decoding=\"async\" src=\"https:\/\/www.almamedia.fi\/mainostajat\/wp-content\/uploads\/sites\/6\/shutterstock_423074461-1024x683.jpg\" alt=\"\" class=\"uutiskuva__kuva\">\n                    <\/div>\n        <div class=\"uutisteksti\">\n            <!--<p class=\"pvm\">18.3.2026<\/p>-->\n            <h3>Tunnettuus ei v\u00e4ltt\u00e4m\u00e4tt\u00e4 k\u00e4\u00e4nny varauksiksi \u2013\u202fN\u00e4in suomalaiset tekev\u00e4t\u00a0matkailup\u00e4\u00e4t\u00f6ksi\u00e4\u00a0\u00a0<\/h3>\n\n            \n            <div class=\"ote\">\n                <p>Pelkk\u00e4 tunnettuus ei en\u00e4\u00e4 riit\u00e4&nbsp;matkailualalla. Alma Median&nbsp;matkailualan&nbsp;tutkimuksesta selvi\u00e4\u00e4, miksi vain harva matkailubr\u00e4ndi p\u00e4\u00e4see kuluttajien varauslistalle.&nbsp; [&hellip;]<\/p>\n            <\/div>\n\n        <\/div>\n                <a class=\"laatikkolinkki\" \n           href=\"https:\/\/www.almamedia.fi\/mainostajat\/tunnettuus-ei-valttamatta-kaanny-varauksiksi-nain-suomalaiset-tekevat-matkailupaatoksia\/\"\n           aria-label=\"Lue artikkeli: Tunnettuus ei v\u00e4ltt\u00e4m\u00e4tt\u00e4 k\u00e4\u00e4nny varauksiksi \u2013\u202fN\u00e4in suomalaiset tekev\u00e4t\u00a0matkailup\u00e4\u00e4t\u00f6ksi\u00e4\u00a0\u00a0\"\n        ><\/a>\n    <\/div>\n<\/div>\n\n<div>\n    <div class=\"uutislaatikko\">\n        <div class=\"uutiskuva\">\n                            <img decoding=\"async\" src=\"https:\/\/www.almamedia.fi\/mainostajat\/wp-content\/uploads\/sites\/6\/shutterstock_540839347-1024x576.jpg\" alt=\"\" class=\"uutiskuva__kuva\">\n                    <\/div>\n        <div class=\"uutisteksti\">\n            <!--<p class=\"pvm\">16.3.2026<\/p>-->\n            <h3>Miten ostajien markkinapaikat muuttavat ohjelmallista kaupank\u00e4ynti\u00e4?<\/h3>\n\n            \n            <div class=\"ote\">\n                <p>Ohjelmallisen mainonnan ekosysteemi on j\u00e4\u00e4nyt alan sis\u00e4ll\u00e4kin haasteelliseksi hahmottaa, sill\u00e4 liikkuvia osia on paljon ja [&hellip;]<\/p>\n            <\/div>\n\n        <\/div>\n                <a class=\"laatikkolinkki\" \n           href=\"https:\/\/www.almamedia.fi\/mainostajat\/miten-ostajien-markkinapaikat-muuttavat-ohjelmallista-kaupankayntia\/\"\n           aria-label=\"Lue artikkeli: Miten ostajien markkinapaikat muuttavat ohjelmallista kaupank\u00e4ynti\u00e4?\"\n        ><\/a>\n    <\/div>\n<\/div>\n\n<div>\n    <div class=\"uutislaatikko\">\n        <div class=\"uutiskuva\">\n                            <img decoding=\"async\" src=\"https:\/\/www.almamedia.fi\/mainostajat\/wp-content\/uploads\/sites\/6\/b2b-markkinointi-opas-1024x681.jpeg\" alt=\"\" class=\"uutiskuva__kuva\">\n                    <\/div>\n        <div class=\"uutisteksti\">\n            <!--<p class=\"pvm\">9.3.2026<\/p>-->\n            <h3>Nelj\u00e4 vinkki\u00e4 automerkin markkinointiin\u00a0\u2013\u00a0N\u00e4in mainonta vaikuttaa ostop\u00e4\u00e4t\u00f6kseen\u00a0<\/h3>\n\n            \n            <div class=\"ote\">\n                <p>Oikein kohdennettuna automainos\u00a0k\u00e4ynnist\u00e4\u00e4 harkinnan\u00a0jo ennen autoliikkeen ovelle astumista. Nelj\u00e4 vinkki\u00e4\u00a0mainostajalle\u00a0auttavat rakentamaan tehokkaan\u00a0kampanjan Alma Businessmedioiden yleis\u00f6lle.\u00a0 [&hellip;]<\/p>\n            <\/div>\n\n        <\/div>\n                <a class=\"laatikkolinkki\" \n           href=\"https:\/\/www.almamedia.fi\/mainostajat\/nelja-vinkkia-automerkin-markkinointiin-nain-mainonta-vaikuttaa-ostopaatokseen\/\"\n           aria-label=\"Lue artikkeli: Nelj\u00e4 vinkki\u00e4 automerkin markkinointiin\u00a0\u2013\u00a0N\u00e4in mainonta vaikuttaa ostop\u00e4\u00e4t\u00f6kseen\u00a0\"\n        ><\/a>\n    <\/div>\n<\/div>\n\n<div>\n    <div class=\"uutislaatikko\">\n        <div class=\"uutiskuva\">\n                            <img decoding=\"async\" src=\"https:\/\/www.almamedia.fi\/mainostajat\/wp-content\/uploads\/sites\/6\/shutterstock_626723336-1-scaled-e1740039857246-1024x538.jpg\" alt=\"\" class=\"uutiskuva__kuva\">\n                    <\/div>\n        <div class=\"uutisteksti\">\n            <!--<p class=\"pvm\">4.3.2026<\/p>-->\n            <h3>N\u00e4in Suomi bidaa vuonna 2026: Lataa ohjelmallisen mainonnan katsaus<\/h3>\n\n            \n            <div class=\"ote\">\n                <p>N\u00e4in Suomi Bidaa -kysely on Alman vuosittain tekem\u00e4 tutkimus ohjelmallisen mainonnan ostajille ja sen tavoitteena [&hellip;]<\/p>\n            <\/div>\n\n        <\/div>\n                <a class=\"laatikkolinkki\" \n           href=\"https:\/\/www.almamedia.fi\/mainostajat\/nain-suomi-bidaa-vuonna-2026-lataa-ohjelmallisen-mainonnan-katsaus\/\"\n           aria-label=\"Lue artikkeli: N\u00e4in Suomi bidaa vuonna 2026: Lataa ohjelmallisen mainonnan katsaus\"\n        ><\/a>\n    <\/div>\n<\/div>\n\n<div>\n    <div class=\"uutislaatikko\">\n        <div class=\"uutiskuva\">\n                            <img decoding=\"async\" src=\"https:\/\/www.almamedia.fi\/mainostajat\/wp-content\/uploads\/sites\/6\/Ensimmaisen-kampanjan-osto-opas-1920x960-1-e1747743967894-1024x665.png\" alt=\"\" class=\"uutiskuva__kuva\">\n                    <\/div>\n        <div class=\"uutisteksti\">\n            <!--<p class=\"pvm\">27.2.2026<\/p>-->\n            <h3>N\u00e4in\u00a0sijoittajat tekev\u00e4t p\u00e4\u00e4t\u00f6ksi\u00e4 nyt:\u00a0Luottamus ja selkeys ratkaisevat\u00a0\u00a0<\/h3>\n\n            \n            <div class=\"ote\">\n                <p>Onnistunut sijoittajaviestint\u00e4 vaatii&nbsp;muutakin&nbsp;kuin hyv\u00e4t luvut: ymm\u00e4rryst\u00e4 siit\u00e4, ketk\u00e4 ovat p\u00e4\u00e4t\u00f6ksentekij\u00e4t, mist\u00e4 he hakevat tietoa ja [&hellip;]<\/p>\n            <\/div>\n\n        <\/div>\n                <a class=\"laatikkolinkki\" \n           href=\"https:\/\/www.almamedia.fi\/mainostajat\/nain-sijoittajat-tekevat-paatoksia-nyt-luottamus-ja-selkeys-ratkaisevat\/\"\n           aria-label=\"Lue artikkeli: N\u00e4in\u00a0sijoittajat tekev\u00e4t p\u00e4\u00e4t\u00f6ksi\u00e4 nyt:\u00a0Luottamus ja selkeys ratkaisevat\u00a0\u00a0\"\n        ><\/a>\n    <\/div>\n<\/div>\n\n<div>\n    <div class=\"uutislaatikko\">\n        <div class=\"uutiskuva\">\n                            <img decoding=\"async\" src=\"https:\/\/www.almamedia.fi\/mainostajat\/wp-content\/uploads\/sites\/6\/Ohjelmallinen-Podcast-JonneSalovaara-002-1024x683.jpg\" alt=\"\" class=\"uutiskuva__kuva\">\n                    <\/div>\n        <div class=\"uutisteksti\">\n            <!--<p class=\"pvm\">26.1.2026<\/p>-->\n            <h3>Ohjelmallisen tiimin uusi vahvistus Jonne Salovaara: Ostopuolelta julkaisijan p\u00f6yd\u00e4n \u00e4\u00e4reen\u00a0<\/h3>\n\n            \n            <div class=\"ote\">\n                <p>Aloitin\u00a0Alman ohjelmallisen tiimiss\u00e4 loppuvuodesta 2025. T\u00e4ss\u00e4 blogipostauksessa avaan\u00a0omia odotuksiani ohjelmallisen markkinaa silm\u00e4ll\u00e4 pit\u00e4en t\u00e4lle vuodelle.\u00a0 [&hellip;]<\/p>\n            <\/div>\n\n        <\/div>\n                <a class=\"laatikkolinkki\" \n           href=\"https:\/\/www.almamedia.fi\/mainostajat\/ohjelmallisen-tiimin-uusi-vahvistus-jonne-salovaara-ostopuolelta-julkaisijan-poydan-aareen\/\"\n           aria-label=\"Lue artikkeli: Ohjelmallisen tiimin uusi vahvistus Jonne Salovaara: Ostopuolelta julkaisijan p\u00f6yd\u00e4n \u00e4\u00e4reen\u00a0\"\n        ><\/a>\n    <\/div>\n<\/div>\n\n<div>\n    <div class=\"uutislaatikko\">\n        <div class=\"uutiskuva\">\n                            <img decoding=\"async\" src=\"https:\/\/www.almamedia.fi\/mainostajat\/wp-content\/uploads\/sites\/6\/shutterstock_1671177898-1024x536.jpg\" alt=\"\" class=\"uutiskuva__kuva\">\n                    <\/div>\n        <div class=\"uutisteksti\">\n            <!--<p class=\"pvm\">23.1.2026<\/p>-->\n            <h3>N\u00e4m\u00e4 automerkit kiinnostavat eniten \u2013 Mainonnalla merkitt\u00e4v\u00e4 rooli harkintalistan muodostumisessa<\/h3>\n\n            \n            <div class=\"ote\">\n                <p>Tuoreen tutkimuksen mukaan Alma Businessmedioiden yleis\u00f6ss\u00e4 mielenkiinto uuden auton ostoon on kasvanut merkitt\u00e4v\u00e4sti edellisest\u00e4 vuodesta. [&hellip;]<\/p>\n            <\/div>\n\n        <\/div>\n                <a class=\"laatikkolinkki\" \n           href=\"https:\/\/www.almamedia.fi\/mainostajat\/nama-automerkit-kiinnostavat-eniten-mainonnalla-merkittava-rooli-harkintalistan-muodostumisessa\/\"\n           aria-label=\"Lue artikkeli: N\u00e4m\u00e4 automerkit kiinnostavat eniten \u2013 Mainonnalla merkitt\u00e4v\u00e4 rooli harkintalistan muodostumisessa\"\n        ><\/a>\n    <\/div>\n<\/div>\n        <\/div>\n\n    \n<\/div>\n\n\n\n\n\n<div aria-hidden=\"true\" class=\"wp-block-netello-valike\"><div class=\"valike-desktop\" style=\"height:100px\"><\/div><div class=\"valike-mobile\" style=\"height:30px\"><\/div><\/div>\n\n\n<div  class=\"kuva-ja-teksti-vierekkain has-font-size-s has-header-size-m has-full-width has-no-bg\">\n    <div class=\"wrapper\">\n        <div class=\"vasen\">\n            <span class=\"netello-line netello-line-animated hide-mobile\"><\/span>\n            <div class=\"sisalto-wrapper\">\n                                                    <h2 class=\"otsikko hide-mobile\">\n                                                    <a href=\"https:\/\/www.almamedia.fi\/mainostajat\/alma-tutkii\/\">\n                                                    ALMA TUTKII                                                    <\/a>\n                                            <\/h2>\n                                                    <div class=\"sisalto\">\n                        <h3 class=\"isompi-teksti\">Tietoa, joka ohjaa p\u00e4\u00e4t\u00f6ksi\u00e4<\/h3>\n<p>Markkinat muuttuvat nopeasti. Dataa on tarjolla enemm\u00e4n kuin koskaan, mutta siit\u00e4 syntyy arvoa vasta, kun sit\u00e4 osataan hy\u00f6dynt\u00e4\u00e4.\u00a0 Alma Tutkii tarjoaa mainostajille tuoretta ja sovellettavaa tutkimustietoa. Autamme sinua ymm\u00e4rt\u00e4m\u00e4\u00e4n yleis\u00f6j\u00e4, trendej\u00e4 ja median k\u00e4ytt\u00f6\u00e4. Ja suunnittelemaan mainontaa, joka toimii.<\/p>\n<p>K\u00e4yt\u00e4mme laajasti markkinatutkimuksia kuten Kantar Mind, Kantar Mind P\u00e4\u00e4tt\u00e4j\u00e4 ja KMT, ja tuotamme my\u00f6s omaa dataa, joka auttaa sinua onnistumaan niin B2C- kuin B2B-ymp\u00e4rist\u00f6iss\u00e4. Lis\u00e4ksi tarjoamme mittauksia ja insight-palveluita, joiden avulla viet viestisi perille vaikuttavasti ja perustellusti.<\/p>\n<p class=\"isompi-teksti\"><a class=\"netello-linkki\" href=\"https:\/\/www.almamedia.fi\/mainostajat\/alma-tutkii\/\">Lue uusimmat tutkimukset Alma Tutkii -sivulla<\/a><\/p>\n                    <\/div>\n                                            <\/div>\n        <\/div>\n                    <div class=\"oikea\">\n                <div class=\"hide-desktop\">\n                    <span class=\"netello-line netello-line-animated\"><\/span>\n                                                                <h2 class=\"otsikko\">\n                                                        <a href=\"https:\/\/www.almamedia.fi\/mainostajat\/alma-tutkii\/\">\n                                                                ALMA TUTKII                                                            <\/a>\n                                                <\/h2>\n                                    <\/div>\n                <div class=\"oikea-inner netello-image-animated\">\n                                            <div class=\"image-fade-overlay\"><\/div>\n                        <img decoding=\"async\" class=\"animated-image\" src=\"https:\/\/www.almamedia.fi\/mainostajat\/wp-content\/uploads\/sites\/6\/shutterstock_1078007768-1-scaled.jpg\" alt=\"\" \/>\n                                    <\/div>\n            <\/div>\n            <\/div>\n<\/div>\n\n\n\n<div style=\"height:16px\" aria-hidden=\"true\" class=\"wp-block-spacer\"><\/div>\n\n\n<div  class=\"kuva-ja-teksti-vierekkain has-font-size-s has-header-size-m has-full-width has-no-bg\">\n    <div class=\"wrapper\">\n        <div class=\"vasen\">\n            <span class=\"netello-line netello-line-animated hide-mobile\"><\/span>\n            <div class=\"sisalto-wrapper\">\n                                                    <h2 class=\"otsikko hide-mobile\">\n                                                    <a href=\"https:\/\/www.almamedia.fi\/mainostajat\/oppaat-markkinointiin\/\">\n                                                    OPPAAT                                                    <\/a>\n                                            <\/h2>\n                                                    <div class=\"sisalto\">\n                        <h3 class=\"isompi-teksti\">Lataa k\u00e4yt\u00e4nn\u00f6n ty\u00f6kalut k\u00e4ytt\u00f6\u00f6si<\/h3>\n<p>Tarvitsetko selke\u00e4\u00e4 tukea kampanjasuunnitteluun, asiakasymm\u00e4rryksen syvent\u00e4miseen tai br\u00e4ndin kehitt\u00e4miseen? Meilt\u00e4 l\u00f6yd\u00e4t oppaita ja artikkeleita, jotka tarjoavat hy\u00f6ty\u00e4 heti k\u00e4ytt\u00f6\u00f6n. Olemme koonneet yhteen asiantuntijoidemme parhaat vinkit, oivallukset ja havainnot, joilla viet markkinointisi uudelle tasolle.<\/p>\n<p class=\"isompi-teksti\"><a class=\"netello-linkki\" href=\"https:\/\/www.almamedia.fi\/mainostajat\/oppaat-markkinointiin\/\">Lataa vinkit talteen ja aloita vaikuttavampi suunnittelu jo t\u00e4n\u00e4\u00e4n <\/a><\/p>\n                    <\/div>\n                                            <\/div>\n        <\/div>\n                    <div class=\"oikea\">\n                <div class=\"hide-desktop\">\n                    <span class=\"netello-line netello-line-animated\"><\/span>\n                                                                <h2 class=\"otsikko\">\n                                                        <a href=\"https:\/\/www.almamedia.fi\/mainostajat\/oppaat-markkinointiin\/\">\n                                                                OPPAAT                                                            <\/a>\n                                                <\/h2>\n                                    <\/div>\n                <div class=\"oikea-inner netello-image-animated\">\n                                            <div class=\"image-fade-overlay\"><\/div>\n                        <img decoding=\"async\" class=\"animated-image\" src=\"https:\/\/www.almamedia.fi\/mainostajat\/wp-content\/uploads\/sites\/6\/shutterstock_1590753688-scaled.jpg\" alt=\"\" \/>\n                                    <\/div>\n            <\/div>\n            <\/div>\n<\/div>\n\n\n\n<div style=\"height:16px\" aria-hidden=\"true\" class=\"wp-block-spacer\"><\/div>\n\n\n<div  class=\"kuva-ja-teksti-vierekkain has-font-size-s has-header-size-m has-full-width has-no-bg\">\n    <div class=\"wrapper\">\n        <div class=\"vasen\">\n            <span class=\"netello-line netello-line-animated hide-mobile\"><\/span>\n            <div class=\"sisalto-wrapper\">\n                                                    <h2 class=\"otsikko hide-mobile\">\n                                                    <a href=\"https:\/\/www.almamedia.fi\/mainostajat\/alma-talk-webinaarikirjasto\/\">\n                                                    ALMA TALK                                                    <\/a>\n                                            <\/h2>\n                                                    <div class=\"sisalto\">\n                        <h3 class=\"isompi-teksti\">Webinaarikirjasto<\/h3>\n<p>Alma Talk -webinaarit tarjoavat tiukkaa asiaa markkinoinnista, mediasta ja liiketoiminnan kasvusta suoraan alan asiantuntijoilta. Tutustu aiempien tilaisuuksien aiheisiin ja katso tallenteet silloin kun sinulle sopii. Webinaarikirjastosta l\u00f6yd\u00e4t puheenvuoroja datasta, vaikuttavuudesta, br\u00e4ndeist\u00e4 ja tulevaisuuden mediasta.<\/p>\n<p class=\"isompi-teksti\"><a class=\"netello-linkki\" href=\"https:\/\/www.almamedia.fi\/mainostajat\/alma-talk-webinaarikirjasto\/\">Katso tallenteet ja inspiroidu Alma Talk -tilaisuuksista<\/a><\/p>\n                    <\/div>\n                                            <\/div>\n        <\/div>\n                    <div class=\"oikea\">\n                <div class=\"hide-desktop\">\n                    <span class=\"netello-line netello-line-animated\"><\/span>\n                                                                <h2 class=\"otsikko\">\n                                                        <a href=\"https:\/\/www.almamedia.fi\/mainostajat\/alma-talk-webinaarikirjasto\/\">\n                                                                ALMA TALK                                                            <\/a>\n                                                <\/h2>\n                                    <\/div>\n                <div class=\"oikea-inner netello-image-animated\">\n                                            <div class=\"image-fade-overlay\"><\/div>\n                        <img decoding=\"async\" class=\"animated-image\" src=\"https:\/\/www.almamedia.fi\/mainostajat\/wp-content\/uploads\/sites\/6\/Hero-3840x2160_Alma-talk-scaled.png\" alt=\"\" \/>\n                                    <\/div>\n            <\/div>\n            <\/div>\n<\/div>\n\n\n\n<div style=\"height:16px\" aria-hidden=\"true\" class=\"wp-block-spacer\"><\/div>\n\n\n<div  class=\"kuva-ja-teksti-vierekkain has-font-size-s has-header-size-m has-full-width has-no-bg\">\n    <div class=\"wrapper\">\n        <div class=\"vasen\">\n            <span class=\"netello-line netello-line-animated hide-mobile\"><\/span>\n            <div class=\"sisalto-wrapper\">\n                                                    <h2 class=\"otsikko hide-mobile\">\n                                                    <a href=\"https:\/\/www.kauppalehti.fi\/kumppanisisallot\/kategoria\/tata-mielta-markkinoinnista\/\">\n                                                    KAUPPALEHDEN KOLUMNIT                                                    <\/a>\n                                            <\/h2>\n                                                    <div class=\"sisalto\">\n                        <h3 class=\"isompi-teksti\"><strong>T\u00e4t\u00e4 mielt\u00e4 markkinoinnista: Ajatuksia median, datan ja markkinoinnin ytimest\u00e4<\/strong><\/h3>\n<p>T\u00e4ss\u00e4 juttusarjassa \u00e4\u00e4neen p\u00e4\u00e4sev\u00e4t Suomen johtavat media- ja markkinointivaikuttajat. Kirjoitamme siit\u00e4, miten mainonta muuttuu\u00a0 ja mik\u00e4 edelleen toimii.T\u00e4t\u00e4 mielt\u00e4 markkinoinnista -sarjan artikkeleissa pureudutaan ajankohtaisiin teemoihin, kampanjoiden taustoihin ja arkeen markkinoinnin ytimess\u00e4.<\/p>\n<p>Tutustu Kauppalehden juttusarjaan ja <a href=\"https:\/\/www.kauppalehti.fi\/kumppanisisallot\/kategoria\/tata-mielta-markkinoinnista\/\">katso, mist\u00e4 markkinoinnissa puhutaan juuri nyt \u203a<\/a><\/p>\n                    <\/div>\n                                            <\/div>\n        <\/div>\n                    <div class=\"oikea\">\n                <div class=\"hide-desktop\">\n                    <span class=\"netello-line netello-line-animated\"><\/span>\n                                                                <h2 class=\"otsikko\">\n                                                        <a href=\"https:\/\/www.kauppalehti.fi\/kumppanisisallot\/kategoria\/tata-mielta-markkinoinnista\/\">\n                                                                KAUPPALEHDEN KOLUMNIT                                                            <\/a>\n                                                <\/h2>\n                                    <\/div>\n                <div class=\"oikea-inner netello-image-animated\">\n                                            <div class=\"image-fade-overlay\"><\/div>\n                        <img decoding=\"async\" class=\"animated-image\" src=\"https:\/\/www.almamedia.fi\/mainostajat\/wp-content\/uploads\/sites\/6\/2025_TMM_Keyvisu_Skaalattu.jpg\" alt=\"\" \/>\n                                    <\/div>\n            <\/div>\n            <\/div>\n<\/div>\n\n\n\n<div style=\"height:16px\" aria-hidden=\"true\" class=\"wp-block-spacer\"><\/div>\n\n\n\n<div style=\"height:2rem\" aria-hidden=\"true\" class=\"wp-block-spacer\"><\/div>\n","protected":false},"excerpt":{"rendered":"","protected":false},"author":105,"featured_media":90275,"parent":0,"menu_order":0,"comment_status":"closed","ping_status":"closed","template":"","meta":{"_acf_changed":false,"footnotes":""},"class_list":["post-89170","page","type-page","status-publish","has-post-thumbnail","hentry"],"acf":[],"yoast_head":"<!-- This site is optimized with the Yoast SEO plugin v26.9 - https:\/\/yoast.com\/product\/yoast-seo-wordpress\/ -->\n<title>Ajankohtaista ja inspiraatiota - Alma Media - mainostajat<\/title>\n<meta name=\"description\" content=\"Pysy ajan tasalla markkinoinnin ja median uusimmista tuulista. T\u00e4\u00e4lt\u00e4 l\u00f6yd\u00e4t tuoreimmat caset, artikkelit ja oppaat.\" \/>\n<meta name=\"robots\" content=\"index, follow, max-snippet:-1, max-image-preview:large, max-video-preview:-1\" \/>\n<link rel=\"canonical\" href=\"https:\/\/www.almamedia.fi\/mainostajat\/ajankohtaista-ja-inspiraatiota\/\" \/>\n<meta property=\"og:locale\" content=\"fi_FI\" \/>\n<meta property=\"og:type\" content=\"article\" \/>\n<meta property=\"og:title\" content=\"Ajankohtaista ja inspiraatiota - Alma Media - mainostajat\" \/>\n<meta property=\"og:description\" content=\"Pysy ajan tasalla markkinoinnin ja median uusimmista tuulista. T\u00e4\u00e4lt\u00e4 l\u00f6yd\u00e4t tuoreimmat caset, artikkelit ja oppaat.\" \/>\n<meta property=\"og:url\" content=\"https:\/\/www.almamedia.fi\/mainostajat\/ajankohtaista-ja-inspiraatiota\/\" \/>\n<meta property=\"og:site_name\" content=\"Alma Media - mainostajat\" \/>\n<meta property=\"article:modified_time\" content=\"2025-05-21T09:52:09+00:00\" \/>\n<meta property=\"og:image\" content=\"https:\/\/www.almamedia.fi\/mainostajat\/wp-content\/uploads\/sites\/4\/shutterstock_2413181351-scaled.jpg\" \/>\n\t<meta property=\"og:image:width\" content=\"2048\" \/>\n\t<meta property=\"og:image:height\" content=\"1365\" \/>\n\t<meta property=\"og:image:type\" content=\"image\/jpeg\" \/>\n<meta name=\"twitter:card\" content=\"summary_large_image\" \/>\n<meta name=\"twitter:label1\" content=\"Arvioitu lukuaika\" \/>\n\t<meta name=\"twitter:data1\" content=\"2 minuuttia\" \/>\n<script type=\"application\/ld+json\" class=\"yoast-schema-graph\">{\"@context\":\"https:\/\/schema.org\",\"@graph\":[{\"@type\":\"WebPage\",\"@id\":\"https:\/\/www.almamedia.fi\/mainostajat\/ajankohtaista-ja-inspiraatiota\/\",\"url\":\"https:\/\/www.almamedia.fi\/mainostajat\/ajankohtaista-ja-inspiraatiota\/\",\"name\":\"Ajankohtaista ja inspiraatiota - Alma Media - mainostajat\",\"isPartOf\":{\"@id\":\"https:\/\/www.almamedia.fi\/mainostajat\/#website\"},\"primaryImageOfPage\":{\"@id\":\"https:\/\/www.almamedia.fi\/mainostajat\/ajankohtaista-ja-inspiraatiota\/#primaryimage\"},\"image\":{\"@id\":\"https:\/\/www.almamedia.fi\/mainostajat\/ajankohtaista-ja-inspiraatiota\/#primaryimage\"},\"thumbnailUrl\":\"https:\/\/www.almamedia.fi\/mainostajat\/wp-content\/uploads\/sites\/6\/shutterstock_2413181351-scaled.jpg\",\"datePublished\":\"2025-05-13T07:54:32+00:00\",\"dateModified\":\"2025-05-21T09:52:09+00:00\",\"description\":\"Pysy ajan tasalla markkinoinnin ja median uusimmista tuulista. T\u00e4\u00e4lt\u00e4 l\u00f6yd\u00e4t tuoreimmat caset, artikkelit ja oppaat.\",\"breadcrumb\":{\"@id\":\"https:\/\/www.almamedia.fi\/mainostajat\/ajankohtaista-ja-inspiraatiota\/#breadcrumb\"},\"inLanguage\":\"fi\",\"potentialAction\":[{\"@type\":\"ReadAction\",\"target\":[\"https:\/\/www.almamedia.fi\/mainostajat\/ajankohtaista-ja-inspiraatiota\/\"]}]},{\"@type\":\"ImageObject\",\"inLanguage\":\"fi\",\"@id\":\"https:\/\/www.almamedia.fi\/mainostajat\/ajankohtaista-ja-inspiraatiota\/#primaryimage\",\"url\":\"https:\/\/www.almamedia.fi\/mainostajat\/wp-content\/uploads\/sites\/6\/shutterstock_2413181351-scaled.jpg\",\"contentUrl\":\"https:\/\/www.almamedia.fi\/mainostajat\/wp-content\/uploads\/sites\/6\/shutterstock_2413181351-scaled.jpg\",\"width\":2048,\"height\":1365},{\"@type\":\"BreadcrumbList\",\"@id\":\"https:\/\/www.almamedia.fi\/mainostajat\/ajankohtaista-ja-inspiraatiota\/#breadcrumb\",\"itemListElement\":[{\"@type\":\"ListItem\",\"position\":1,\"name\":\"Etusivu\",\"item\":\"https:\/\/www.almamedia.fi\/mainostajat\/\"},{\"@type\":\"ListItem\",\"position\":2,\"name\":\"Ajankohtaista ja inspiraatiota\"}]},{\"@type\":\"WebSite\",\"@id\":\"https:\/\/www.almamedia.fi\/mainostajat\/#website\",\"url\":\"https:\/\/www.almamedia.fi\/mainostajat\/\",\"name\":\"Alma Media - mainostajat\",\"description\":\"\",\"publisher\":{\"@id\":\"https:\/\/www.almamedia.fi\/mainostajat\/#organization\"},\"potentialAction\":[{\"@type\":\"SearchAction\",\"target\":{\"@type\":\"EntryPoint\",\"urlTemplate\":\"https:\/\/www.almamedia.fi\/mainostajat\/?s={search_term_string}\"},\"query-input\":{\"@type\":\"PropertyValueSpecification\",\"valueRequired\":true,\"valueName\":\"search_term_string\"}}],\"inLanguage\":\"fi\"},{\"@type\":\"Organization\",\"@id\":\"https:\/\/www.almamedia.fi\/mainostajat\/#organization\",\"name\":\"Alma Media - mainostajat\",\"url\":\"https:\/\/www.almamedia.fi\/mainostajat\/\",\"logo\":{\"@type\":\"ImageObject\",\"inLanguage\":\"fi\",\"@id\":\"https:\/\/www.almamedia.fi\/mainostajat\/#\/schema\/logo\/image\/\",\"url\":\"https:\/\/www.almamedia.fi\/mainostajat\/wp-content\/uploads\/sites\/6\/alma-media-logo-valkoinen.svg\",\"contentUrl\":\"https:\/\/www.almamedia.fi\/mainostajat\/wp-content\/uploads\/sites\/6\/alma-media-logo-valkoinen.svg\",\"width\":49,\"height\":50,\"caption\":\"Alma Media - mainostajat\"},\"image\":{\"@id\":\"https:\/\/www.almamedia.fi\/mainostajat\/#\/schema\/logo\/image\/\"}}]}<\/script>\n<!-- \/ Yoast SEO plugin. -->","yoast_head_json":{"title":"Ajankohtaista ja inspiraatiota - Alma Media - mainostajat","description":"Pysy ajan tasalla markkinoinnin ja median uusimmista tuulista. T\u00e4\u00e4lt\u00e4 l\u00f6yd\u00e4t tuoreimmat caset, artikkelit ja oppaat.","robots":{"index":"index","follow":"follow","max-snippet":"max-snippet:-1","max-image-preview":"max-image-preview:large","max-video-preview":"max-video-preview:-1"},"canonical":"https:\/\/www.almamedia.fi\/mainostajat\/ajankohtaista-ja-inspiraatiota\/","og_locale":"fi_FI","og_type":"article","og_title":"Ajankohtaista ja inspiraatiota - Alma Media - mainostajat","og_description":"Pysy ajan tasalla markkinoinnin ja median uusimmista tuulista. T\u00e4\u00e4lt\u00e4 l\u00f6yd\u00e4t tuoreimmat caset, artikkelit ja oppaat.","og_url":"https:\/\/www.almamedia.fi\/mainostajat\/ajankohtaista-ja-inspiraatiota\/","og_site_name":"Alma Media - mainostajat","article_modified_time":"2025-05-21T09:52:09+00:00","og_image":[{"width":2048,"height":1365,"url":"https:\/\/www.almamedia.fi\/mainostajat\/wp-content\/uploads\/sites\/4\/shutterstock_2413181351-scaled.jpg","type":"image\/jpeg"}],"twitter_card":"summary_large_image","twitter_misc":{"Arvioitu lukuaika":"2 minuuttia"},"schema":{"@context":"https:\/\/schema.org","@graph":[{"@type":"WebPage","@id":"https:\/\/www.almamedia.fi\/mainostajat\/ajankohtaista-ja-inspiraatiota\/","url":"https:\/\/www.almamedia.fi\/mainostajat\/ajankohtaista-ja-inspiraatiota\/","name":"Ajankohtaista ja inspiraatiota - Alma Media - mainostajat","isPartOf":{"@id":"https:\/\/www.almamedia.fi\/mainostajat\/#website"},"primaryImageOfPage":{"@id":"https:\/\/www.almamedia.fi\/mainostajat\/ajankohtaista-ja-inspiraatiota\/#primaryimage"},"image":{"@id":"https:\/\/www.almamedia.fi\/mainostajat\/ajankohtaista-ja-inspiraatiota\/#primaryimage"},"thumbnailUrl":"https:\/\/www.almamedia.fi\/mainostajat\/wp-content\/uploads\/sites\/6\/shutterstock_2413181351-scaled.jpg","datePublished":"2025-05-13T07:54:32+00:00","dateModified":"2025-05-21T09:52:09+00:00","description":"Pysy ajan tasalla markkinoinnin ja median uusimmista tuulista. T\u00e4\u00e4lt\u00e4 l\u00f6yd\u00e4t tuoreimmat caset, artikkelit ja oppaat.","breadcrumb":{"@id":"https:\/\/www.almamedia.fi\/mainostajat\/ajankohtaista-ja-inspiraatiota\/#breadcrumb"},"inLanguage":"fi","potentialAction":[{"@type":"ReadAction","target":["https:\/\/www.almamedia.fi\/mainostajat\/ajankohtaista-ja-inspiraatiota\/"]}]},{"@type":"ImageObject","inLanguage":"fi","@id":"https:\/\/www.almamedia.fi\/mainostajat\/ajankohtaista-ja-inspiraatiota\/#primaryimage","url":"https:\/\/www.almamedia.fi\/mainostajat\/wp-content\/uploads\/sites\/6\/shutterstock_2413181351-scaled.jpg","contentUrl":"https:\/\/www.almamedia.fi\/mainostajat\/wp-content\/uploads\/sites\/6\/shutterstock_2413181351-scaled.jpg","width":2048,"height":1365},{"@type":"BreadcrumbList","@id":"https:\/\/www.almamedia.fi\/mainostajat\/ajankohtaista-ja-inspiraatiota\/#breadcrumb","itemListElement":[{"@type":"ListItem","position":1,"name":"Etusivu","item":"https:\/\/www.almamedia.fi\/mainostajat\/"},{"@type":"ListItem","position":2,"name":"Ajankohtaista ja inspiraatiota"}]},{"@type":"WebSite","@id":"https:\/\/www.almamedia.fi\/mainostajat\/#website","url":"https:\/\/www.almamedia.fi\/mainostajat\/","name":"Alma Media - mainostajat","description":"","publisher":{"@id":"https:\/\/www.almamedia.fi\/mainostajat\/#organization"},"potentialAction":[{"@type":"SearchAction","target":{"@type":"EntryPoint","urlTemplate":"https:\/\/www.almamedia.fi\/mainostajat\/?s={search_term_string}"},"query-input":{"@type":"PropertyValueSpecification","valueRequired":true,"valueName":"search_term_string"}}],"inLanguage":"fi"},{"@type":"Organization","@id":"https:\/\/www.almamedia.fi\/mainostajat\/#organization","name":"Alma Media - mainostajat","url":"https:\/\/www.almamedia.fi\/mainostajat\/","logo":{"@type":"ImageObject","inLanguage":"fi","@id":"https:\/\/www.almamedia.fi\/mainostajat\/#\/schema\/logo\/image\/","url":"https:\/\/www.almamedia.fi\/mainostajat\/wp-content\/uploads\/sites\/6\/alma-media-logo-valkoinen.svg","contentUrl":"https:\/\/www.almamedia.fi\/mainostajat\/wp-content\/uploads\/sites\/6\/alma-media-logo-valkoinen.svg","width":49,"height":50,"caption":"Alma Media - mainostajat"},"image":{"@id":"https:\/\/www.almamedia.fi\/mainostajat\/#\/schema\/logo\/image\/"}}]}},"lang":"fi","translations":{"fi":89170},"pll_sync_post":[],"_links":{"self":[{"href":"https:\/\/www.almamedia.fi\/mainostajat\/wp-json\/wp\/v2\/pages\/89170","targetHints":{"allow":["GET"]}}],"collection":[{"href":"https:\/\/www.almamedia.fi\/mainostajat\/wp-json\/wp\/v2\/pages"}],"about":[{"href":"https:\/\/www.almamedia.fi\/mainostajat\/wp-json\/wp\/v2\/types\/page"}],"author":[{"embeddable":true,"href":"https:\/\/www.almamedia.fi\/mainostajat\/wp-json\/wp\/v2\/users\/105"}],"replies":[{"embeddable":true,"href":"https:\/\/www.almamedia.fi\/mainostajat\/wp-json\/wp\/v2\/comments?post=89170"}],"version-history":[{"count":0,"href":"https:\/\/www.almamedia.fi\/mainostajat\/wp-json\/wp\/v2\/pages\/89170\/revisions"}],"wp:featuredmedia":[{"embeddable":true,"href":"https:\/\/www.almamedia.fi\/mainostajat\/wp-json\/wp\/v2\/media\/90275"}],"wp:attachment":[{"href":"https:\/\/www.almamedia.fi\/mainostajat\/wp-json\/wp\/v2\/media?parent=89170"}],"curies":[{"name":"wp","href":"https:\/\/api.w.org\/{rel}","templated":true}]}}