{"id":87544,"date":"2025-04-30T11:54:56","date_gmt":"2025-04-30T08:54:56","guid":{"rendered":"https:\/\/www.almamedia.fi\/mainostajat\/?page_id=87544"},"modified":"2025-05-22T14:58:49","modified_gmt":"2025-05-22T11:58:49","slug":"alma-talk-webinaarikirjasto","status":"publish","type":"page","link":"https:\/\/www.almamedia.fi\/mainostajat\/alma-talk-webinaarikirjasto\/","title":{"rendered":"Alma Talk -webinaarikirjasto"},"content":{"rendered":"\n<div style=\"height:81px\" aria-hidden=\"true\" class=\"wp-block-spacer\"><\/div>\n\n\n\n<h2 class=\"wp-block-heading\">Webinaarikirjasto<\/h2>\n\n\n\n<p class=\"has-text-align-left has-medium-font-size\">P\u00e4\u00e4set tutustumaan aiempien Alma Median tilaisuuksien webinaaritallenteisiin ja aiheisiin alta.<\/p>\n\n\n\n<div style=\"height:32px\" aria-hidden=\"true\" class=\"wp-block-spacer\"><\/div>\n\n\n\n<div data-aos=\"fade-up\" id=\"Artikkelit-block_c213d1dc709c0ad95b027b1577d5bd55\" class=\"isot-artikkeli-nostot has-box-size-s \">\n\n            <div class=\"ylaosa\">\n                        <div class=\"arrows-wrapper\"><\/div>\n        <\/div>\n    \n    \n    \n        <div class=\"isot-artikkeli-nostot-wrapper has-no-carousel has-box-size-s\">\n            \n<div>\n    <div class=\"uutislaatikko\">\n        <div class=\"uutiskuva\">\n                            <img decoding=\"async\" src=\"https:\/\/www.almamedia.fi\/mainostajat\/wp-content\/uploads\/sites\/6\/MicrosoftTeams-image-10-3_waifu2x_photo_noise1_scale-1024x576.png\" alt=\"\" class=\"uutiskuva__kuva\">\n                    <\/div>\n        <div class=\"uutisteksti\">\n            <!--<p class=\"pvm\">24.11.2025<\/p>-->\n            <h3>Ajankohtaista autokaupasta: S\u00e4hk\u00f6autot valtaavat markkinaa, mutta pelot jarruttavat yh\u00e4 kuluttajia<\/h3>\n\n            \n            <div class=\"ote\">\n                <p>S\u00e4hk\u00f6autojen suosio kasvaa vauhdilla, mutta osa suomalaisista suhtautuu yh\u00e4 varauksella uuden k\u00e4ytt\u00f6voiman yleistymiseen, selvi\u00e4\u00e4 Alman [&hellip;]<\/p>\n            <\/div>\n\n        <\/div>\n                <a class=\"laatikkolinkki\" \n           href=\"https:\/\/www.almamedia.fi\/mainostajat\/ajankohtaista-autokaupasta-sahkoautot-valtaavat-markkinaa-mutta-pelot-jarruttavat-yha-kuluttajia\/\"\n           aria-label=\"Lue artikkeli: Ajankohtaista autokaupasta: S\u00e4hk\u00f6autot valtaavat markkinaa, mutta pelot jarruttavat yh\u00e4 kuluttajia\"\n        ><\/a>\n    <\/div>\n<\/div>\n\n<div>\n    <div class=\"uutislaatikko\">\n        <div class=\"uutiskuva\">\n                            <img decoding=\"async\" src=\"https:\/\/www.almamedia.fi\/mainostajat\/wp-content\/uploads\/sites\/6\/shutterstock_1175380015-1024x683.jpeg\" alt=\"\" class=\"uutiskuva__kuva\">\n                    <\/div>\n        <div class=\"uutisteksti\">\n            <!--<p class=\"pvm\">7.11.2025<\/p>-->\n            <h3>K\u00e4ytetty auto kiinnostaa, kuluttajien hintatietoisuus korkealla\u00a0<\/h3>\n\n            \n            <div class=\"ote\">\n                <p>Suomalaiset ovat j\u00e4lleen aktiivisesti autokaupoilla, ja suurin kiinnostus kohdistuu k\u00e4ytettyihin autoihin. Hintatietoisuus ja talouden ep\u00e4varmuus [&hellip;]<\/p>\n            <\/div>\n\n        <\/div>\n                <a class=\"laatikkolinkki\" \n           href=\"https:\/\/www.almamedia.fi\/mainostajat\/kaytetty-auto-kiinnostaa-kuluttajien-hintatietoisuus-korkealla\/\"\n           aria-label=\"Lue artikkeli: K\u00e4ytetty auto kiinnostaa, kuluttajien hintatietoisuus korkealla\u00a0\"\n        ><\/a>\n    <\/div>\n<\/div>\n\n<div>\n    <div class=\"uutislaatikko\">\n        <div class=\"uutiskuva\">\n                            <img decoding=\"async\" src=\"https:\/\/www.almamedia.fi\/mainostajat\/wp-content\/uploads\/sites\/6\/2025_AlmaBrandTalk_WEB_004-1024x683.jpg\" alt=\"\" class=\"uutiskuva__kuva\">\n                    <\/div>\n        <div class=\"uutisteksti\">\n            <!--<p class=\"pvm\">28.8.2025<\/p>-->\n            <h3>Brand Talk 2025: T\u00e4ss\u00e4 ovat Suomen arvostetuimmat br\u00e4ndit<\/h3>\n\n            \n            <div class=\"ote\">\n                <p>Brand Talk\u202f 2025 j\u00e4rjestettiin 28.8. Alma-talolla, jossa yli sata br\u00e4ndeist\u00e4 kiinnostunutta ammattilaista ker\u00e4\u00e4ntyi kuulemaan kiinnostavia [&hellip;]<\/p>\n            <\/div>\n\n        <\/div>\n                <a class=\"laatikkolinkki\" \n           href=\"https:\/\/www.almamedia.fi\/mainostajat\/brand-talk-2025\/\"\n           aria-label=\"Lue artikkeli: Brand Talk 2025: T\u00e4ss\u00e4 ovat Suomen arvostetuimmat br\u00e4ndit\"\n        ><\/a>\n    <\/div>\n<\/div>\n\n<div>\n    <div class=\"uutislaatikko\">\n        <div class=\"uutiskuva\">\n                            <img decoding=\"async\" src=\"https:\/\/www.almamedia.fi\/mainostajat\/wp-content\/uploads\/sites\/6\/MicrosoftTeams-image-10-3_waifu2x_photo_noise1_scale-1024x576.png\" alt=\"\" class=\"uutiskuva__kuva\">\n                    <\/div>\n        <div class=\"uutisteksti\">\n            <!--<p class=\"pvm\">20.5.2025<\/p>-->\n            <h3>Mitk\u00e4 autot myyv\u00e4t loppuvuonna ja mit\u00e4 markkinasta on nyt syyt\u00e4 tiet\u00e4\u00e4? Katso Ajankohtaista autokaupasta -webinaari!<\/h3>\n\n            \n            <div class=\"ote\">\n                <p>Autokauppa el\u00e4\u00e4 murrosta, jossa yh\u00e4 useampi valitsee auton k\u00e4ytt\u00f6voimaksi s\u00e4hk\u00f6n samalla kun kuluttajien ostopolut nopeutuvat. [&hellip;]<\/p>\n            <\/div>\n\n        <\/div>\n                <a class=\"laatikkolinkki\" \n           href=\"https:\/\/www.almamedia.fi\/mainostajat\/mitka-autot-myyvat-loppuvuonna-ja-mita-markkinasta-on-nyt-syyta-tietaa-katso-ajankohtaista-autokaupasta-webinaari\/\"\n           aria-label=\"Lue artikkeli: Mitk\u00e4 autot myyv\u00e4t loppuvuonna ja mit\u00e4 markkinasta on nyt syyt\u00e4 tiet\u00e4\u00e4? Katso Ajankohtaista autokaupasta -webinaari!\"\n        ><\/a>\n    <\/div>\n<\/div>\n\n<div>\n    <div class=\"uutislaatikko\">\n        <div class=\"uutiskuva\">\n                            <img decoding=\"async\" src=\"https:\/\/www.almamedia.fi\/mainostajat\/wp-content\/uploads\/sites\/6\/IMG_2547-scaled-1-1024x600.jpg\" alt=\"\" class=\"uutiskuva__kuva\">\n                    <\/div>\n        <div class=\"uutisteksti\">\n            <!--<p class=\"pvm\">1.4.2025<\/p>-->\n            <h3>N\u00e4in rakennat menestyneen br\u00e4ndin \u2013 Katso Alma Talk -seminaarin tallenne!<\/h3>\n\n            \n            <div class=\"ote\">\n                <p>Miksi br\u00e4ndinrakentamiseen kannattaa nyt satsata, vaikka taktinen mainonta tuntuisi houkuttelevammalta? Tuore Alma Talk -seminaari pureutui [&hellip;]<\/p>\n            <\/div>\n\n        <\/div>\n                <a class=\"laatikkolinkki\" \n           href=\"https:\/\/www.almamedia.fi\/mainostajat\/nain-rakennat-menestyneen-brandin-katso-alma-talk-seminaarin-tallenne\/\"\n           aria-label=\"Lue artikkeli: N\u00e4in rakennat menestyneen br\u00e4ndin \u2013 Katso Alma Talk -seminaarin tallenne!\"\n        ><\/a>\n    <\/div>\n<\/div>\n\n<div>\n    <div class=\"uutislaatikko\">\n        <div class=\"uutiskuva\">\n                            <img decoding=\"async\" src=\"https:\/\/www.almamedia.fi\/mainostajat\/wp-content\/uploads\/sites\/6\/AlmaTalk_1920x1080-1024x576.jpg\" alt=\"\" class=\"uutiskuva__kuva\">\n                    <\/div>\n        <div class=\"uutisteksti\">\n            <!--<p class=\"pvm\">24.2.2025<\/p>-->\n            <h3>Br\u00e4ndinrakentaminen NYT \u2013 Alma Talk -seminaari 25.3.2025<\/h3>\n\n            \n            <div class=\"ote\">\n                <p>Miten vastuullisuus tuodaan br\u00e4ndin ytimeen? Miten tarinoilla muutetaan br\u00e4ndimielikuvia? Kuinka luovuutta voidaan hy\u00f6dynt\u00e4\u00e4 tehokkaasti br\u00e4ndity\u00f6ss\u00e4? [&hellip;]<\/p>\n            <\/div>\n\n        <\/div>\n                <a class=\"laatikkolinkki\" \n           href=\"https:\/\/www.almamedia.fi\/mainostajat\/brandinrakentaminen-nyt-alma-talk-seminaari-25-3-2025\/\"\n           aria-label=\"Lue artikkeli: Br\u00e4ndinrakentaminen NYT \u2013 Alma Talk -seminaari 25.3.2025\"\n        ><\/a>\n    <\/div>\n<\/div>\n\n<div>\n    <div class=\"uutislaatikko\">\n        <div class=\"uutiskuva\">\n                            <img decoding=\"async\" src=\"https:\/\/www.almamedia.fi\/mainostajat\/wp-content\/uploads\/sites\/6\/ajankohtaista-autokaupasta.jpg\" alt=\"\" class=\"uutiskuva__kuva\">\n                    <\/div>\n        <div class=\"uutisteksti\">\n            <!--<p class=\"pvm\">6.11.2024<\/p>-->\n            <h3>Ajankohtaista autokaupasta -webinaaritallenne: Tee parempaa liiketoimintaa datan avulla<\/h3>\n\n            \n            <div class=\"ote\">\n                <p>Autoilun data asuu Almalla ja haluamme jakaa sen kanssasi! Toimialan dataa monipuolisesti hy\u00f6dynt\u00e4v\u00e4 Ajankohtaista autokaupasta [&hellip;]<\/p>\n            <\/div>\n\n        <\/div>\n                <a class=\"laatikkolinkki\" \n           href=\"https:\/\/www.almamedia.fi\/mainostajat\/ajankohtaista-autokaupasta-webinaaritallenne-tee-parempaa-liiketoimintaa-datan-avulla\/\"\n           aria-label=\"Lue artikkeli: Ajankohtaista autokaupasta -webinaaritallenne: Tee parempaa liiketoimintaa datan avulla\"\n        ><\/a>\n    <\/div>\n<\/div>\n\n<div>\n    <div class=\"uutislaatikko\">\n        <div class=\"uutiskuva\">\n                            <img decoding=\"async\" src=\"https:\/\/www.almamedia.fi\/mainostajat\/wp-content\/uploads\/sites\/6\/Nayttokuva-2024-09-02-160042-1024x576.png\" alt=\"\" class=\"uutiskuva__kuva\">\n                    <\/div>\n        <div class=\"uutisteksti\">\n            <!--<p class=\"pvm\">3.9.2024<\/p>-->\n            <h3>N\u00e4m\u00e4 ovat Suomen arvostetuimmat br\u00e4ndit \u2013 Katso Brand Talk 2024!<\/h3>\n\n            \n            <div class=\"ote\">\n                <p>T\u00e4n\u00e4 vuonna arvostetuimpien br\u00e4ndien listalle nousi monta tuotteen alkuper\u00e4st\u00e4, tuotantotavasta tai ravitsemuksellisesta laadusta kertovaa merkki\u00e4. [&hellip;]<\/p>\n            <\/div>\n\n        <\/div>\n                <a class=\"laatikkolinkki\" \n           href=\"https:\/\/www.almamedia.fi\/mainostajat\/nama-ovat-suomen-arvostetuimmat-brandit-katso-brand-talk-2024\/\"\n           aria-label=\"Lue artikkeli: N\u00e4m\u00e4 ovat Suomen arvostetuimmat br\u00e4ndit \u2013 Katso Brand Talk 2024!\"\n        ><\/a>\n    <\/div>\n<\/div>\n\n<div>\n    <div class=\"uutislaatikko\">\n        <div class=\"uutiskuva\">\n                            <img decoding=\"async\" src=\"https:\/\/www.almamedia.fi\/mainostajat\/wp-content\/uploads\/sites\/6\/retail-buying-study-1024x623.jpeg\" alt=\"\" class=\"uutiskuva__kuva\">\n                    <\/div>\n        <div class=\"uutisteksti\">\n            <!--<p class=\"pvm\">22.5.2024<\/p>-->\n            <h3>Retail Buying Study 2024: Miten suomalaisten ostok\u00e4ytt\u00e4ytyminen on muuttunut?<\/h3>\n\n            \n            <div class=\"ote\">\n                <p>Euroopan kattavin v\u00e4hitt\u00e4iskaupan alan tutkimus, Retail Buying Study, on taas t\u00e4\u00e4ll\u00e4. Yhteispohjoismainen tutkimus selvitt\u00e4\u00e4 nopeasti [&hellip;]<\/p>\n            <\/div>\n\n        <\/div>\n                <a class=\"laatikkolinkki\" \n           href=\"https:\/\/www.almamedia.fi\/mainostajat\/retail-buying-study-2024-miten-suomalaisten-ostokayttaytyminen-on-muuttunut\/\"\n           aria-label=\"Lue artikkeli: Retail Buying Study 2024: Miten suomalaisten ostok\u00e4ytt\u00e4ytyminen on muuttunut?\"\n        ><\/a>\n    <\/div>\n<\/div>\n\n<div>\n    <div class=\"uutislaatikko\">\n        <div class=\"uutiskuva\">\n                            <img decoding=\"async\" src=\"https:\/\/www.almamedia.fi\/mainostajat\/wp-content\/uploads\/sites\/6\/MicrosoftTeams-image-10-2.jpg\" alt=\"\" class=\"uutiskuva__kuva\">\n                    <\/div>\n        <div class=\"uutisteksti\">\n            <!--<p class=\"pvm\">15.5.2024<\/p>-->\n            <h3>Ajankohtaista autokaupasta -webinaaritallenne: Alkuvuoden k\u00e4ytettyjen autojen kauppa enn\u00e4tystahdissa<\/h3>\n\n            \n            <div class=\"ote\">\n                <p>Alman jo toista kertaa j\u00e4rjestetty ja suuren suosion saanut Ajankohtaista autokaupasta -webinaari pidettiin 15.5.2024. Tilaisuuden [&hellip;]<\/p>\n            <\/div>\n\n        <\/div>\n                <a class=\"laatikkolinkki\" \n           href=\"https:\/\/www.almamedia.fi\/mainostajat\/ajankohtaista-autokaupasta-webinaaritallenne-alkuvuoden-kaytettyjen-autojen-kauppa-ennatystahdissa\/\"\n           aria-label=\"Lue artikkeli: Ajankohtaista autokaupasta -webinaaritallenne: Alkuvuoden k\u00e4ytettyjen autojen kauppa enn\u00e4tystahdissa\"\n        ><\/a>\n    <\/div>\n<\/div>\n\n<div>\n    <div class=\"uutislaatikko\">\n        <div class=\"uutiskuva\">\n                            <img decoding=\"async\" src=\"https:\/\/www.almamedia.fi\/mainostajat\/wp-content\/uploads\/sites\/6\/MicrosoftTeams-image-10-2.jpg\" alt=\"\" class=\"uutiskuva__kuva\">\n                    <\/div>\n        <div class=\"uutisteksti\">\n            <!--<p class=\"pvm\">15.2.2024<\/p>-->\n            <h3>Katso webinaaritallenne: Ajankohtaista autokaupasta \u2013 hybridit jatkavat voittokulkuaan<\/h3>\n\n            \n            <div class=\"ote\">\n                <p>Autoilun data asuu Almalla ja nyt haluamme jakaa sen kanssasi! Katso webinaaritallenteesta miss\u00e4 automarkkina menee [&hellip;]<\/p>\n            <\/div>\n\n        <\/div>\n                <a class=\"laatikkolinkki\" \n           href=\"https:\/\/www.almamedia.fi\/mainostajat\/katso-webinaaritallenne-ajankohtaista-autokaupasta-hybridit-jatkavat-voittokulkuaan\/\"\n           aria-label=\"Lue artikkeli: Katso webinaaritallenne: Ajankohtaista autokaupasta \u2013 hybridit jatkavat voittokulkuaan\"\n        ><\/a>\n    <\/div>\n<\/div>\n\n<div>\n    <div class=\"uutislaatikko\">\n        <div class=\"uutiskuva\">\n                            <img decoding=\"async\" src=\"https:\/\/www.almamedia.fi\/mainostajat\/wp-content\/uploads\/sites\/6\/automarkkina-nyt-kayttovoimat.jpg\" alt=\"\" class=\"uutiskuva__kuva\">\n                    <\/div>\n        <div class=\"uutisteksti\">\n            <!--<p class=\"pvm\">31.1.2024<\/p>-->\n            <h3>Ajankohtaista autokaupasta: Hybridiautojen suosio jatkoi kasvuaan<\/h3>\n\n            \n            <div class=\"ote\">\n                <p>Milt\u00e4 n\u00e4yttiv\u00e4t vuoden 2023 viimeisen vuosinelj\u00e4nneksen myyntiluvut Suomen suurimmassa autojen kauppapaikassa Nettiautossa? Ja millaisia trendej\u00e4 [&hellip;]<\/p>\n            <\/div>\n\n        <\/div>\n                <a class=\"laatikkolinkki\" \n           href=\"https:\/\/www.almamedia.fi\/mainostajat\/ajankohtaista-autokaupasta-hybridiautojen-suosio-jatkoi-kasvuaan\/\"\n           aria-label=\"Lue artikkeli: Ajankohtaista autokaupasta: Hybridiautojen suosio jatkoi kasvuaan\"\n        ><\/a>\n    <\/div>\n<\/div>\n\n<div>\n    <div class=\"uutislaatikko\">\n        <div class=\"uutiskuva\">\n                            <img decoding=\"async\" src=\"https:\/\/www.almamedia.fi\/mainostajat\/wp-content\/uploads\/sites\/6\/automarkkina-nyt-autonostajat.jpg\" alt=\"\" class=\"uutiskuva__kuva\">\n                    <\/div>\n        <div class=\"uutisteksti\">\n            <!--<p class=\"pvm\">19.1.2024<\/p>-->\n            <h3>Autoilun datakatsaus: Iltalehti tavoittaa autoilevat suomalaiset<\/h3>\n\n            \n            <div class=\"ote\">\n                <p>Iltalehti Autot -osion monipuolinen ja ajankohtainen sis\u00e4lt\u00f6 kokoaa yhteen autoilevat suomalaiset. Mik\u00e4 puhuttaa uuden auton [&hellip;]<\/p>\n            <\/div>\n\n        <\/div>\n                <a class=\"laatikkolinkki\" \n           href=\"https:\/\/www.almamedia.fi\/mainostajat\/autoilun-datakatsaus-iltalehti-tavoittaa-autoilevat-suomalaiset\/\"\n           aria-label=\"Lue artikkeli: Autoilun datakatsaus: Iltalehti tavoittaa autoilevat suomalaiset\"\n        ><\/a>\n    <\/div>\n<\/div>\n\n<div>\n    <div class=\"uutislaatikko\">\n        <div class=\"uutiskuva\">\n                            <img decoding=\"async\" src=\"https:\/\/www.almamedia.fi\/mainostajat\/wp-content\/uploads\/sites\/6\/Katsaus-Nettiautoon.jpg\" alt=\"\" class=\"uutiskuva__kuva\">\n                    <\/div>\n        <div class=\"uutisteksti\">\n            <!--<p class=\"pvm\">31.10.2023<\/p>-->\n            <h3>Ajankohtaista autokaupasta: S\u00e4hk\u00f6autot ja hybridit kasvattavat suosiotaan<\/h3>\n\n            \n            <div class=\"ote\">\n                <p>Luet ensimm\u00e4ist\u00e4 Ajankohtaista autokaupasta -artikkelia, jossa tarkastellaan suomalaista automarkkinaa maan johtavan markkinapaikan Nettiauton lukujen valossa. [&hellip;]<\/p>\n            <\/div>\n\n        <\/div>\n                <a class=\"laatikkolinkki\" \n           href=\"https:\/\/www.almamedia.fi\/mainostajat\/ajankohtaista-autokaupasta-q3-2023\/\"\n           aria-label=\"Lue artikkeli: Ajankohtaista autokaupasta: S\u00e4hk\u00f6autot ja hybridit kasvattavat suosiotaan\"\n        ><\/a>\n    <\/div>\n<\/div>\n\n<div>\n    <div class=\"uutislaatikko\">\n        <div class=\"uutiskuva\">\n                            <img decoding=\"async\" src=\"https:\/\/www.almamedia.fi\/mainostajat\/wp-content\/uploads\/sites\/6\/almatalk_b2b_header-1024x380.jpg\" alt=\"\" class=\"uutiskuva__kuva\">\n                    <\/div>\n        <div class=\"uutisteksti\">\n            <!--<p class=\"pvm\">17.10.2023<\/p>-->\n            <h3>Ymm\u00e4rr\u00e4 asiakastasi, jos haluat markkinoida h\u00e4nelle paremmin<\/h3>\n\n            \n            <div class=\"ote\">\n                <p>Asiakasymm\u00e4rrys ei totta viek\u00f6\u00f6n ole helppoa. Lokakuinen Alma Talk esitteli, miten data, laadukas sis\u00e4lt\u00f6, sopiva [&hellip;]<\/p>\n            <\/div>\n\n        <\/div>\n                <a class=\"laatikkolinkki\" \n           href=\"https:\/\/www.almamedia.fi\/mainostajat\/ymmarra-asiakastasi-jos-haluat-markkinoida-hanelle-paremmin\/\"\n           aria-label=\"Lue artikkeli: Ymm\u00e4rr\u00e4 asiakastasi, jos haluat markkinoida h\u00e4nelle paremmin\"\n        ><\/a>\n    <\/div>\n<\/div>\n\n<div>\n    <div class=\"uutislaatikko\">\n        <div class=\"uutiskuva\">\n                            <img decoding=\"async\" src=\"https:\/\/www.almamedia.fi\/mainostajat\/wp-content\/uploads\/sites\/6\/20231005_092442-1-scaled-1-1024x543.jpg\" alt=\"\" class=\"uutiskuva__kuva\">\n                    <\/div>\n        <div class=\"uutisteksti\">\n            <!--<p class=\"pvm\">5.10.2023<\/p>-->\n            <h3>Alma Talk: Asiakasymm\u00e4rryksell\u00e4 parempaa B2B-markkinointia<\/h3>\n\n            \n            <div class=\"ote\">\n                <p>Pitk\u00e4n tauon j\u00e4lkeen Alma Talk j\u00e4rjestettiin LIVE-tilaisuutena Alma Talolla. Tiiviin puolitoistatuntisen aamup\u00e4iv\u00e4n aikana teimme Alma-talolla [&hellip;]<\/p>\n            <\/div>\n\n        <\/div>\n                <a class=\"laatikkolinkki\" \n           href=\"https:\/\/www.almamedia.fi\/mainostajat\/alma-talk-asiakasymmarryksella-parempaa-b2b-markkinointia\/\"\n           aria-label=\"Lue artikkeli: Alma Talk: Asiakasymm\u00e4rryksell\u00e4 parempaa B2B-markkinointia\"\n        ><\/a>\n    <\/div>\n<\/div>\n\n<div>\n    <div class=\"uutislaatikko\">\n        <div class=\"uutiskuva\">\n                            <img decoding=\"async\" src=\"https:\/\/www.almamedia.fi\/mainostajat\/wp-content\/uploads\/sites\/6\/brandtalk2023_header-1024x576.jpg\" alt=\"\" class=\"uutiskuva__kuva\">\n                    <\/div>\n        <div class=\"uutisteksti\">\n            <!--<p class=\"pvm\">1.9.2023<\/p>-->\n            <h3>Suomen arvostetuimmat br\u00e4ndit on taas listattu! Katso Brand Talk 2023<\/h3>\n\n            \n            <div class=\"ote\">\n                <p>Monet samat br\u00e4ndit s\u00e4ilyttiv\u00e4t t\u00e4n\u00e4kin vuonna paikkansa TOP10-listalla. K\u00e4rkisijalla paistattelee jo viidett\u00e4 kertaa per\u00e4kk\u00e4in Fiskars. [&hellip;]<\/p>\n            <\/div>\n\n        <\/div>\n                <a class=\"laatikkolinkki\" \n           href=\"https:\/\/www.almamedia.fi\/mainostajat\/suomen-arvostetuimmat-brandit-on-taas-listattu-katso-brand-talk-2023\/\"\n           aria-label=\"Lue artikkeli: Suomen arvostetuimmat br\u00e4ndit on taas listattu! Katso Brand Talk 2023\"\n        ><\/a>\n    <\/div>\n<\/div>\n\n<div>\n    <div class=\"uutislaatikko\">\n        <div class=\"uutiskuva\">\n                            <img decoding=\"async\" src=\"https:\/\/www.almamedia.fi\/mainostajat\/wp-content\/uploads\/sites\/6\/digimainonnan-hiilijalanjalki.jpg\" alt=\"\" class=\"uutiskuva__kuva\">\n                    <\/div>\n        <div class=\"uutisteksti\">\n            <!--<p class=\"pvm\">15.6.2023<\/p>-->\n            <h3>Webinaaritallenne: Digimainonnallakin on hiilijalanj\u00e4lki<\/h3>\n\n            \n            <div class=\"ote\">\n                <p>Toukokuussa kerroimme, ett\u00e4 Alma Media mahdollistaa ensimm\u00e4isen\u00e4 mediatalona Suomessa digitaalisen mainonnan hiilijalanj\u00e4ljen mittaamisen. Uutinen on [&hellip;]<\/p>\n            <\/div>\n\n        <\/div>\n                <a class=\"laatikkolinkki\" \n           href=\"https:\/\/www.almamedia.fi\/mainostajat\/webinaaritallenne-digimainonnallakin-on-hiilijalanjalki\/\"\n           aria-label=\"Lue artikkeli: Webinaaritallenne: Digimainonnallakin on hiilijalanj\u00e4lki\"\n        ><\/a>\n    <\/div>\n<\/div>\n\n<div>\n    <div class=\"uutislaatikko\">\n        <div class=\"uutiskuva\">\n                            <img decoding=\"async\" src=\"https:\/\/www.almamedia.fi\/mainostajat\/wp-content\/uploads\/sites\/6\/almatalk_17032023-header.jpg\" alt=\"\" class=\"uutiskuva__kuva\">\n                    <\/div>\n        <div class=\"uutisteksti\">\n            <!--<p class=\"pvm\">21.3.2023<\/p>-->\n            <h3>Alma Talk: N\u00e4in Suomi bidaa ja kohdentaa<\/h3>\n\n            \n            <div class=\"ote\">\n                <p>Ohjelmallinen on kasvanut nopeasti yhdest\u00e4 t\u00e4rkeimmist\u00e4 digitaalisen mainonnan ostotavoista. Sen avulla mainonnasta on tullut tehokkaampaa [&hellip;]<\/p>\n            <\/div>\n\n        <\/div>\n                <a class=\"laatikkolinkki\" \n           href=\"https:\/\/www.almamedia.fi\/mainostajat\/alma-talk-nain-suomi-bidaa-ja-kohdentaa\/\"\n           aria-label=\"Lue artikkeli: Alma Talk: N\u00e4in Suomi bidaa ja kohdentaa\"\n        ><\/a>\n    <\/div>\n<\/div>\n\n<div>\n    <div class=\"uutislaatikko\">\n        <div class=\"uutiskuva\">\n                            <img decoding=\"async\" src=\"https:\/\/www.almamedia.fi\/mainostajat\/wp-content\/uploads\/sites\/6\/alma_talk_B2B-insight.jpg\" alt=\"\" class=\"uutiskuva__kuva\">\n                    <\/div>\n        <div class=\"uutisteksti\">\n            <!--<p class=\"pvm\">31.10.2022<\/p>-->\n            <h3>Alma Talk: Mik\u00e4 B2B-markkinoijia puhututtaa?<\/h3>\n\n            \n            <div class=\"ote\">\n                <p>Kuumat aiheet ovat yritysten vastuullisuus, tapahtumien takaisintulo ja datan rooli ev\u00e4steiden poistumisen j\u00e4lkeen B2B-markkinoinnissa. Mutta [&hellip;]<\/p>\n            <\/div>\n\n        <\/div>\n                <a class=\"laatikkolinkki\" \n           href=\"https:\/\/www.almamedia.fi\/mainostajat\/alma-talk-mika-b2b-markkinoijia-puhututtaa\/\"\n           aria-label=\"Lue artikkeli: Alma Talk: Mik\u00e4 B2B-markkinoijia puhututtaa?\"\n        ><\/a>\n    <\/div>\n<\/div>\n\n<div>\n    <div class=\"uutislaatikko\">\n        <div class=\"uutiskuva\">\n                            <img decoding=\"async\" src=\"https:\/\/www.almamedia.fi\/mainostajat\/wp-content\/uploads\/sites\/6\/brand_talk_2022-1024x414.jpg\" alt=\"\" class=\"uutiskuva__kuva\">\n                    <\/div>\n        <div class=\"uutisteksti\">\n            <!--<p class=\"pvm\">29.8.2022<\/p>-->\n            <h3>Brand Talk 2022: Vuoden arvostetuimmat br\u00e4ndit on listattu\u00a0<\/h3>\n\n            \n            <div class=\"ote\">\n                <p>Brand Talk 2022 -tilaisuudessa tunnetut suomalaiset br\u00e4ndit Fiskars ja Sinituote puhuvat muun muassa el\u00e4myksellisyydest\u00e4 ja [&hellip;]<\/p>\n            <\/div>\n\n        <\/div>\n                <a class=\"laatikkolinkki\" \n           href=\"https:\/\/www.almamedia.fi\/mainostajat\/brand-talk-2022-vuoden-arvostetuimmat-brandit-on-listattu\/\"\n           aria-label=\"Lue artikkeli: Brand Talk 2022: Vuoden arvostetuimmat br\u00e4ndit on listattu\u00a0\"\n        ><\/a>\n    <\/div>\n<\/div>\n\n<div>\n    <div class=\"uutislaatikko\">\n        <div class=\"uutiskuva\">\n                            <img decoding=\"async\" src=\"https:\/\/www.almamedia.fi\/mainostajat\/wp-content\/uploads\/sites\/6\/alma_talk_panelistit_Retail_Buying_Study_2022-1-1024x493.jpg\" alt=\"\" class=\"uutiskuva__kuva\">\n                    <\/div>\n        <div class=\"uutisteksti\">\n            <!--<p class=\"pvm\">9.6.2022<\/p>-->\n            <h3>Alma Talk: Jokainen asiakas on jo digitaalinen asiakas<\/h3>\n\n            \n            <div class=\"ote\">\n                <p>Koronapandemia on muuttanut arkeamme, arvojamme ja jopa ty\u00f6skentelytapojamme, mutta j\u00e4lkens\u00e4 se on j\u00e4tt\u00e4nyt my\u00f6s ostok\u00e4ytt\u00e4ytymiseemme. [&hellip;]<\/p>\n            <\/div>\n\n        <\/div>\n                <a class=\"laatikkolinkki\" \n           href=\"https:\/\/www.almamedia.fi\/mainostajat\/alma-talk-jokainen-asiakas-on-jo-digitaalinen-asiakas\/\"\n           aria-label=\"Lue artikkeli: Alma Talk: Jokainen asiakas on jo digitaalinen asiakas\"\n        ><\/a>\n    <\/div>\n<\/div>\n\n<div>\n    <div class=\"uutislaatikko\">\n        <div class=\"uutiskuva\">\n                            <img decoding=\"async\" src=\"https:\/\/www.almamedia.fi\/mainostajat\/wp-content\/uploads\/sites\/6\/retail_buying_study_hero-1024x580.png\" alt=\"\" class=\"uutiskuva__kuva\">\n                    <\/div>\n        <div class=\"uutisteksti\">\n            <!--<p class=\"pvm\">25.5.2022<\/p>-->\n            <h3>Retail Buying Study 2022<\/h3>\n\n            \n            <div class=\"ote\">\n                <p>Pohjoismaiden suurin kaupan alan tutkimus Retail Buying Study on taas t\u00e4\u00e4ll\u00e4. Mik\u00e4 on muuttunut korona-ajan [&hellip;]<\/p>\n            <\/div>\n\n        <\/div>\n                <a class=\"laatikkolinkki\" \n           href=\"https:\/\/www.almamedia.fi\/mainostajat\/retail-buying-study-2022\/\"\n           aria-label=\"Lue artikkeli: Retail Buying Study 2022\"\n        ><\/a>\n    <\/div>\n<\/div>\n\n<div>\n    <div class=\"uutislaatikko\">\n        <div class=\"uutiskuva\">\n                            <img decoding=\"async\" src=\"https:\/\/www.almamedia.fi\/mainostajat\/wp-content\/uploads\/sites\/6\/Nayttokuva-2022-03-17-090117-1024x538.png\" alt=\"\" class=\"uutiskuva__kuva\">\n                    <\/div>\n        <div class=\"uutisteksti\">\n            <!--<p class=\"pvm\">17.3.2022<\/p>-->\n            <h3>Alma Talk: Markkinoinnin trendit 2022<\/h3>\n\n            \n            <div class=\"ote\">\n                <p>Alkuvuonna 2022 muutosnopeus on ollut huimaa. T\u00e4m\u00e4 on pakottanut markkinointip\u00e4\u00e4tt\u00e4j\u00e4n suuntaamaan strategiaansa toistuvasti, uusien k\u00e4\u00e4nteiden [&hellip;]<\/p>\n            <\/div>\n\n        <\/div>\n                <a class=\"laatikkolinkki\" \n           href=\"https:\/\/www.almamedia.fi\/mainostajat\/alma-talk-markkinoinnin-trendit-2022\/\"\n           aria-label=\"Lue artikkeli: Alma Talk: Markkinoinnin trendit 2022\"\n        ><\/a>\n    <\/div>\n<\/div>\n\n<div>\n    <div class=\"uutislaatikko\">\n        <div class=\"uutiskuva\">\n                            <img decoding=\"async\" src=\"https:\/\/www.almamedia.fi\/mainostajat\/wp-content\/uploads\/sites\/6\/Screenshot-150-1024x576.png\" alt=\"\" class=\"uutiskuva__kuva\">\n                    <\/div>\n        <div class=\"uutisteksti\">\n            <!--<p class=\"pvm\">2.12.2021<\/p>-->\n            <h3>Alma Talk: Vastuullisuuden markkinointi<\/h3>\n\n            \n            <div class=\"ote\">\n                <p>Vastuullisuus on megatrendi, joka vaikuttaa niin yritysten toimintaan kuin kuluttajien p\u00e4\u00e4t\u00f6ksiin. Moni yritys on k\u00e4ynnist\u00e4nyt [&hellip;]<\/p>\n            <\/div>\n\n        <\/div>\n                <a class=\"laatikkolinkki\" \n           href=\"https:\/\/www.almamedia.fi\/mainostajat\/alma-talk-vastuullisuuden-markkinointi\/\"\n           aria-label=\"Lue artikkeli: Alma Talk: Vastuullisuuden markkinointi\"\n        ><\/a>\n    <\/div>\n<\/div>\n        <\/div>\n\n    \n<\/div>\n\n\n","protected":false},"excerpt":{"rendered":"<p>Webinaarikirjasto P\u00e4\u00e4set tutustumaan aiempien Alma Median tilaisuuksien webinaaritallenteisiin ja aiheisiin alta.<\/p>\n","protected":false},"author":7,"featured_media":87548,"parent":0,"menu_order":0,"comment_status":"closed","ping_status":"closed","template":"","meta":{"_acf_changed":false,"footnotes":""},"class_list":["post-87544","page","type-page","status-publish","has-post-thumbnail","hentry"],"acf":[],"yoast_head":"<!-- This site is optimized with the Yoast SEO plugin v26.9 - https:\/\/yoast.com\/product\/yoast-seo-wordpress\/ -->\n<title>Alma Talk -webinaarikirjasto - Alma Media - mainostajat<\/title>\n<meta name=\"description\" content=\"Tutustu aiempien Alma Talk -tilaisuuksien aiheisiin ja katso webinaaritallenteet t\u00e4\u00e4lt\u00e4.\" \/>\n<meta name=\"robots\" content=\"index, follow, max-snippet:-1, max-image-preview:large, max-video-preview:-1\" \/>\n<link rel=\"canonical\" href=\"https:\/\/www.almamedia.fi\/mainostajat\/alma-talk-webinaarikirjasto\/\" \/>\n<meta property=\"og:locale\" content=\"fi_FI\" \/>\n<meta property=\"og:type\" content=\"article\" \/>\n<meta property=\"og:title\" content=\"Alma Talk -webinaarikirjasto - Alma Media - mainostajat\" \/>\n<meta property=\"og:description\" content=\"Tutustu aiempien Alma Talk -tilaisuuksien aiheisiin ja katso webinaaritallenteet t\u00e4\u00e4lt\u00e4.\" \/>\n<meta property=\"og:url\" content=\"https:\/\/www.almamedia.fi\/mainostajat\/alma-talk-webinaarikirjasto\/\" \/>\n<meta property=\"og:site_name\" content=\"Alma Media - mainostajat\" \/>\n<meta property=\"article:modified_time\" content=\"2025-05-22T11:58:49+00:00\" \/>\n<meta property=\"og:image\" content=\"https:\/\/www.almamedia.fi\/mainostajat\/wp-content\/uploads\/sites\/4\/AlmaTalk_1920x1080-1.jpg\" \/>\n\t<meta property=\"og:image:width\" content=\"1920\" \/>\n\t<meta property=\"og:image:height\" content=\"1080\" \/>\n\t<meta property=\"og:image:type\" content=\"image\/jpeg\" \/>\n<meta name=\"twitter:card\" content=\"summary_large_image\" \/>\n<meta name=\"twitter:label1\" content=\"Arvioitu lukuaika\" \/>\n\t<meta name=\"twitter:data1\" content=\"1 minuutti\" \/>\n<script type=\"application\/ld+json\" class=\"yoast-schema-graph\">{\"@context\":\"https:\/\/schema.org\",\"@graph\":[{\"@type\":\"WebPage\",\"@id\":\"https:\/\/www.almamedia.fi\/mainostajat\/alma-talk-webinaarikirjasto\/\",\"url\":\"https:\/\/www.almamedia.fi\/mainostajat\/alma-talk-webinaarikirjasto\/\",\"name\":\"Alma Talk -webinaarikirjasto - Alma Media - mainostajat\",\"isPartOf\":{\"@id\":\"https:\/\/www.almamedia.fi\/mainostajat\/#website\"},\"primaryImageOfPage\":{\"@id\":\"https:\/\/www.almamedia.fi\/mainostajat\/alma-talk-webinaarikirjasto\/#primaryimage\"},\"image\":{\"@id\":\"https:\/\/www.almamedia.fi\/mainostajat\/alma-talk-webinaarikirjasto\/#primaryimage\"},\"thumbnailUrl\":\"https:\/\/www.almamedia.fi\/mainostajat\/wp-content\/uploads\/sites\/6\/AlmaTalk_1920x1080-1.jpg\",\"datePublished\":\"2025-04-30T08:54:56+00:00\",\"dateModified\":\"2025-05-22T11:58:49+00:00\",\"description\":\"Tutustu aiempien Alma Talk -tilaisuuksien aiheisiin ja katso webinaaritallenteet t\u00e4\u00e4lt\u00e4.\",\"breadcrumb\":{\"@id\":\"https:\/\/www.almamedia.fi\/mainostajat\/alma-talk-webinaarikirjasto\/#breadcrumb\"},\"inLanguage\":\"fi\",\"potentialAction\":[{\"@type\":\"ReadAction\",\"target\":[\"https:\/\/www.almamedia.fi\/mainostajat\/alma-talk-webinaarikirjasto\/\"]}]},{\"@type\":\"ImageObject\",\"inLanguage\":\"fi\",\"@id\":\"https:\/\/www.almamedia.fi\/mainostajat\/alma-talk-webinaarikirjasto\/#primaryimage\",\"url\":\"https:\/\/www.almamedia.fi\/mainostajat\/wp-content\/uploads\/sites\/6\/AlmaTalk_1920x1080-1.jpg\",\"contentUrl\":\"https:\/\/www.almamedia.fi\/mainostajat\/wp-content\/uploads\/sites\/6\/AlmaTalk_1920x1080-1.jpg\",\"width\":1920,\"height\":1080},{\"@type\":\"BreadcrumbList\",\"@id\":\"https:\/\/www.almamedia.fi\/mainostajat\/alma-talk-webinaarikirjasto\/#breadcrumb\",\"itemListElement\":[{\"@type\":\"ListItem\",\"position\":1,\"name\":\"Etusivu\",\"item\":\"https:\/\/www.almamedia.fi\/mainostajat\/\"},{\"@type\":\"ListItem\",\"position\":2,\"name\":\"Alma Talk -webinaarikirjasto\"}]},{\"@type\":\"WebSite\",\"@id\":\"https:\/\/www.almamedia.fi\/mainostajat\/#website\",\"url\":\"https:\/\/www.almamedia.fi\/mainostajat\/\",\"name\":\"Alma Media - mainostajat\",\"description\":\"\",\"publisher\":{\"@id\":\"https:\/\/www.almamedia.fi\/mainostajat\/#organization\"},\"potentialAction\":[{\"@type\":\"SearchAction\",\"target\":{\"@type\":\"EntryPoint\",\"urlTemplate\":\"https:\/\/www.almamedia.fi\/mainostajat\/?s={search_term_string}\"},\"query-input\":{\"@type\":\"PropertyValueSpecification\",\"valueRequired\":true,\"valueName\":\"search_term_string\"}}],\"inLanguage\":\"fi\"},{\"@type\":\"Organization\",\"@id\":\"https:\/\/www.almamedia.fi\/mainostajat\/#organization\",\"name\":\"Alma Media - mainostajat\",\"url\":\"https:\/\/www.almamedia.fi\/mainostajat\/\",\"logo\":{\"@type\":\"ImageObject\",\"inLanguage\":\"fi\",\"@id\":\"https:\/\/www.almamedia.fi\/mainostajat\/#\/schema\/logo\/image\/\",\"url\":\"https:\/\/www.almamedia.fi\/mainostajat\/wp-content\/uploads\/sites\/6\/alma-media-logo-valkoinen.svg\",\"contentUrl\":\"https:\/\/www.almamedia.fi\/mainostajat\/wp-content\/uploads\/sites\/6\/alma-media-logo-valkoinen.svg\",\"width\":49,\"height\":50,\"caption\":\"Alma Media - mainostajat\"},\"image\":{\"@id\":\"https:\/\/www.almamedia.fi\/mainostajat\/#\/schema\/logo\/image\/\"}}]}<\/script>\n<!-- \/ Yoast SEO plugin. -->","yoast_head_json":{"title":"Alma Talk -webinaarikirjasto - Alma Media - mainostajat","description":"Tutustu aiempien Alma Talk -tilaisuuksien aiheisiin ja katso webinaaritallenteet t\u00e4\u00e4lt\u00e4.","robots":{"index":"index","follow":"follow","max-snippet":"max-snippet:-1","max-image-preview":"max-image-preview:large","max-video-preview":"max-video-preview:-1"},"canonical":"https:\/\/www.almamedia.fi\/mainostajat\/alma-talk-webinaarikirjasto\/","og_locale":"fi_FI","og_type":"article","og_title":"Alma Talk -webinaarikirjasto - Alma Media - mainostajat","og_description":"Tutustu aiempien Alma Talk -tilaisuuksien aiheisiin ja katso webinaaritallenteet t\u00e4\u00e4lt\u00e4.","og_url":"https:\/\/www.almamedia.fi\/mainostajat\/alma-talk-webinaarikirjasto\/","og_site_name":"Alma Media - mainostajat","article_modified_time":"2025-05-22T11:58:49+00:00","og_image":[{"width":1920,"height":1080,"url":"https:\/\/www.almamedia.fi\/mainostajat\/wp-content\/uploads\/sites\/4\/AlmaTalk_1920x1080-1.jpg","type":"image\/jpeg"}],"twitter_card":"summary_large_image","twitter_misc":{"Arvioitu lukuaika":"1 minuutti"},"schema":{"@context":"https:\/\/schema.org","@graph":[{"@type":"WebPage","@id":"https:\/\/www.almamedia.fi\/mainostajat\/alma-talk-webinaarikirjasto\/","url":"https:\/\/www.almamedia.fi\/mainostajat\/alma-talk-webinaarikirjasto\/","name":"Alma Talk -webinaarikirjasto - Alma Media - mainostajat","isPartOf":{"@id":"https:\/\/www.almamedia.fi\/mainostajat\/#website"},"primaryImageOfPage":{"@id":"https:\/\/www.almamedia.fi\/mainostajat\/alma-talk-webinaarikirjasto\/#primaryimage"},"image":{"@id":"https:\/\/www.almamedia.fi\/mainostajat\/alma-talk-webinaarikirjasto\/#primaryimage"},"thumbnailUrl":"https:\/\/www.almamedia.fi\/mainostajat\/wp-content\/uploads\/sites\/6\/AlmaTalk_1920x1080-1.jpg","datePublished":"2025-04-30T08:54:56+00:00","dateModified":"2025-05-22T11:58:49+00:00","description":"Tutustu aiempien Alma Talk -tilaisuuksien aiheisiin ja katso webinaaritallenteet t\u00e4\u00e4lt\u00e4.","breadcrumb":{"@id":"https:\/\/www.almamedia.fi\/mainostajat\/alma-talk-webinaarikirjasto\/#breadcrumb"},"inLanguage":"fi","potentialAction":[{"@type":"ReadAction","target":["https:\/\/www.almamedia.fi\/mainostajat\/alma-talk-webinaarikirjasto\/"]}]},{"@type":"ImageObject","inLanguage":"fi","@id":"https:\/\/www.almamedia.fi\/mainostajat\/alma-talk-webinaarikirjasto\/#primaryimage","url":"https:\/\/www.almamedia.fi\/mainostajat\/wp-content\/uploads\/sites\/6\/AlmaTalk_1920x1080-1.jpg","contentUrl":"https:\/\/www.almamedia.fi\/mainostajat\/wp-content\/uploads\/sites\/6\/AlmaTalk_1920x1080-1.jpg","width":1920,"height":1080},{"@type":"BreadcrumbList","@id":"https:\/\/www.almamedia.fi\/mainostajat\/alma-talk-webinaarikirjasto\/#breadcrumb","itemListElement":[{"@type":"ListItem","position":1,"name":"Etusivu","item":"https:\/\/www.almamedia.fi\/mainostajat\/"},{"@type":"ListItem","position":2,"name":"Alma Talk -webinaarikirjasto"}]},{"@type":"WebSite","@id":"https:\/\/www.almamedia.fi\/mainostajat\/#website","url":"https:\/\/www.almamedia.fi\/mainostajat\/","name":"Alma Media - mainostajat","description":"","publisher":{"@id":"https:\/\/www.almamedia.fi\/mainostajat\/#organization"},"potentialAction":[{"@type":"SearchAction","target":{"@type":"EntryPoint","urlTemplate":"https:\/\/www.almamedia.fi\/mainostajat\/?s={search_term_string}"},"query-input":{"@type":"PropertyValueSpecification","valueRequired":true,"valueName":"search_term_string"}}],"inLanguage":"fi"},{"@type":"Organization","@id":"https:\/\/www.almamedia.fi\/mainostajat\/#organization","name":"Alma Media - mainostajat","url":"https:\/\/www.almamedia.fi\/mainostajat\/","logo":{"@type":"ImageObject","inLanguage":"fi","@id":"https:\/\/www.almamedia.fi\/mainostajat\/#\/schema\/logo\/image\/","url":"https:\/\/www.almamedia.fi\/mainostajat\/wp-content\/uploads\/sites\/6\/alma-media-logo-valkoinen.svg","contentUrl":"https:\/\/www.almamedia.fi\/mainostajat\/wp-content\/uploads\/sites\/6\/alma-media-logo-valkoinen.svg","width":49,"height":50,"caption":"Alma Media - mainostajat"},"image":{"@id":"https:\/\/www.almamedia.fi\/mainostajat\/#\/schema\/logo\/image\/"}}]}},"lang":"fi","translations":{"fi":87544},"pll_sync_post":[],"_links":{"self":[{"href":"https:\/\/www.almamedia.fi\/mainostajat\/wp-json\/wp\/v2\/pages\/87544","targetHints":{"allow":["GET"]}}],"collection":[{"href":"https:\/\/www.almamedia.fi\/mainostajat\/wp-json\/wp\/v2\/pages"}],"about":[{"href":"https:\/\/www.almamedia.fi\/mainostajat\/wp-json\/wp\/v2\/types\/page"}],"author":[{"embeddable":true,"href":"https:\/\/www.almamedia.fi\/mainostajat\/wp-json\/wp\/v2\/users\/7"}],"replies":[{"embeddable":true,"href":"https:\/\/www.almamedia.fi\/mainostajat\/wp-json\/wp\/v2\/comments?post=87544"}],"version-history":[{"count":0,"href":"https:\/\/www.almamedia.fi\/mainostajat\/wp-json\/wp\/v2\/pages\/87544\/revisions"}],"wp:featuredmedia":[{"embeddable":true,"href":"https:\/\/www.almamedia.fi\/mainostajat\/wp-json\/wp\/v2\/media\/87548"}],"wp:attachment":[{"href":"https:\/\/www.almamedia.fi\/mainostajat\/wp-json\/wp\/v2\/media?parent=87544"}],"curies":[{"name":"wp","href":"https:\/\/api.w.org\/{rel}","templated":true}]}}