{"id":86073,"date":"2025-04-08T14:56:35","date_gmt":"2025-04-08T11:56:35","guid":{"rendered":"https:\/\/www.almamedia.fi\/mainostajat\/?page_id=86073"},"modified":"2026-08-18T12:08:15","modified_gmt":"2026-08-18T09:08:15","slug":"nettikone","status":"publish","type":"page","link":"https:\/\/www.almamedia.fi\/mainostajat\/autoilu-ja-liikkuminen\/nettikone\/","title":{"rendered":"Nettikone"},"content":{"rendered":"\n<div style=\"height:128px\" aria-hidden=\"true\" class=\"wp-block-spacer\"><\/div>\n\n\n\n<div class=\"wp-block-columns is-layout-flex wp-container-core-columns-is-layout-8f761849 wp-block-columns-is-layout-flex\">\n<div class=\"wp-block-column is-vertically-aligned-bottom is-layout-flow wp-block-column-is-layout-flow\" style=\"flex-basis:56%\">\n<h2 class=\"wp-block-heading\">Nettikone.com&nbsp;on Suomen suurin raskaan kaluston ja ty\u00f6koneiden markkinapaikka.<\/h2>\n<\/div>\n\n\n\n<div class=\"wp-block-column is-layout-flow wp-block-column-is-layout-flow\" style=\"flex-basis:44%\">\n<div class=\"wp-block-columns is-layout-flex wp-container-core-columns-is-layout-8f761849 wp-block-columns-is-layout-flex\">\n<div class=\"wp-block-column is-layout-flow wp-block-column-is-layout-flow\"><\/div>\n<\/div>\n\n\n\n<div  class=\"numero-animoitu has-text-align-right has-top-line has-number-color-green has-font-size-l has-line-color-light has-text-size-m\">\n\n    \n    <div class=\"numero-wrapper\">\n                    <span class=\"netello-line netello-line-animated\"><\/span>\n                \n                    <span class=\"netello-number-counter \" data-target=\"137000\">0<\/span>\n        \n            <\/div>\n\n    <div class=\"alateksti\"><p>K\u00c4YTT\u00c4J\u00c4\u00c4 JOKA VIIKKO.<\/p>\n<\/div>\n<\/div>\n\n\n\n\n\n\n<p class=\"has-text-align-right wp-block-paragraph\"><em><sup>L\u00e4hde:&nbsp;FIAM viikko 14\/2025<\/sup><\/em><\/p>\n<\/div>\n<\/div>\n\n\n\n<div style=\"height:11rem\" aria-hidden=\"true\" class=\"wp-block-spacer\"><\/div>\n\n\n\n<div style=\"max-width:1050px;margin-left:auto;margin-right:auto\" class=\"wp-block-netello-max-width-container\">\n<div data-aos=\"fade-up\" class=\"wp-block-netello-animation\"><div class=\"wrapper\">\n<p class=\"has-text-align-center has-medium-font-size wp-block-paragraph\"><strong><a href=\"https:\/\/www.nettikone.com\/\" target=\"_blank\" rel=\"noreferrer noopener\">Nettikone.com<\/a>&nbsp;on Suomen suurin raskaan kaluston ja ty\u00f6koneiden markkinapaikka. Sivustolla ostetaan ja myyd\u00e4\u00e4n mets\u00e4- ja maatalouskoneita, ty\u00f6koneita, kaivinkoneita ja m\u00f6nkij\u00f6it\u00e4. Myynniss\u00e4 on jatkuvasti tuhansia koneita.<\/strong><\/p>\n\n\n\n<p class=\"has-text-align-center wp-block-paragraph\">Kauppiaana l\u00f6yd\u00e4t meilt\u00e4 ratkaisut konekaupan tarpeisiisi. Mainostajalle taas on tarjolla varmasti alan suurin kohderyhm\u00e4, jotka viipyv\u00e4t sivustolla huomattavan kauan.<\/p>\n<\/div><\/div>\n<\/div>\n\n\n\n<div aria-hidden=\"true\" class=\"wp-block-netello-valike\"><div class=\"valike-desktop\" style=\"height:135px\"><\/div><div class=\"valike-mobile\" style=\"height:75px\"><\/div><\/div>\n\n\n\n<div style=\"--right-column-max-width:600px;--left-column-max-width:600px\" class=\"wp-block-netello-kaksi-palstaa\"><div class=\"wrapper\">\n<div class=\"wp-block-columns is-layout-flex wp-container-core-columns-is-layout-8f761849 wp-block-columns-is-layout-flex\">\n<div class=\"wp-block-column is-layout-flow wp-block-column-is-layout-flow\"><\/div>\n\n\n\n<div class=\"wp-block-column is-layout-flow wp-block-column-is-layout-flow\">\n<div class=\"wp-block-group column-inner\"><div class=\"wp-block-group__inner-container is-layout-flow wp-block-group-is-layout-flow\">\n<div class=\"wp-block-netello-laatikko-viivalla laatikko-viivalla line-vaalea netello-linkit\"><div class=\"netello-line netello-line-animated\"><\/div>\n<p class=\"wp-block-paragraph\"><a href=\"https:\/\/www.nettikone.com\/\" target=\"_blank\" rel=\"noreferrer noopener\">Nettikone.com<\/a><\/p>\n\n\n\n<p class=\"wp-block-paragraph\"><a href=\"https:\/\/www.almamobility.fi\/tuotteet\/nettikone\/\">Mediatiedot<\/a><\/p>\n\n\n\n<p class=\"wp-block-paragraph\"><a href=\"https:\/\/www.almamedia.fi\/mainostajat\/mainonnan-hinnat\/\">Hinnat ja mainosratkaisut<\/a><\/p>\n\n\n\n<p class=\"wp-block-paragraph\"><a href=\"https:\/\/www.almamedia.fi\/mainostajat\/aineisto-ohjeet\/\">Aineisto-ohjeet<\/a><\/p>\n\n\n\n<p class=\"wp-block-paragraph\"><a href=\"https:\/\/www.almamedia.fi\/mainostajat\/mediamyynnin-yhteystiedot\/\">Yhteystiedot<\/a><\/p>\n<\/div>\n<\/div><\/div>\n<\/div>\n<\/div>\n<\/div><\/div>\n\n\n\n<div aria-hidden=\"true\" class=\"wp-block-netello-valike\"><div class=\"valike-desktop\" style=\"height:135px\"><\/div><div class=\"valike-mobile\" style=\"height:55px\"><\/div><\/div>\n\n\n\n<div data-aos=\"fade-up\" id=\"Artikkelit-block_ef4350ae69585a88912436a2ea92a267\" class=\"isot-artikkeli-nostot has-box-size-l  has-wide-style\">\n\n            <div class=\"ylaosa\">\n                            <h2 class=\"isot-artikkeli-nostot-otsikko\">\n                    INSPIROIDU KANSSAMME                <\/h2>\n                        <div class=\"arrows-wrapper\"><\/div>\n        <\/div>\n    \n    \n    \n        <div class=\"isot-artikkeli-nostot-wrapper isot-artikkeli-nostot-karuselli has-box-size-l\">\n            \n<div>\n    <div class=\"uutislaatikko\">\n        <div class=\"uutiskuva\">\n                            <img decoding=\"async\" src=\"https:\/\/www.almamedia.fi\/mainostajat\/wp-content\/uploads\/sites\/6\/MicrosoftTeams-image-10-3_waifu2x_photo_noise1_scale-1024x576.png\" alt=\"\" class=\"uutiskuva__kuva\">\n                    <\/div>\n        <div class=\"uutisteksti\">\n            <!--<p class=\"pvm\">2.6.2026<\/p>-->\n            <h3>Ajankohtaista autokaupasta: Miten globaalit j\u00e4nnitteet vaikuttavat Suomen autokauppaan?<\/h3>\n\n            \n            <div class=\"ote\">\n                <p>Autokauppa on muuttunut nopeasti, eik\u00e4 muutos tule en\u00e4\u00e4 vain markkinan sis\u00e4lt\u00e4. Polttoaineen hinta, geopoliittinen tilanne [&hellip;]<\/p>\n            <\/div>\n\n        <\/div>\n                <a class=\"laatikkolinkki\" \n           href=\"https:\/\/www.almamedia.fi\/mainostajat\/ajankohtaista-autokaupasta-miten-globaalit-jannitteet-vaikuttavat-suomen-autokauppaan\/\"\n           aria-label=\"Lue artikkeli: Ajankohtaista autokaupasta: Miten globaalit j\u00e4nnitteet vaikuttavat Suomen autokauppaan?\"\n        ><\/a>\n    <\/div>\n<\/div>\n\n<div>\n    <div class=\"uutislaatikko\">\n        <div class=\"uutiskuva\">\n                            <img decoding=\"async\" src=\"https:\/\/www.almamedia.fi\/mainostajat\/wp-content\/uploads\/sites\/6\/shutterstock_1671177898-1024x536.jpg\" alt=\"\" class=\"uutiskuva__kuva\">\n                    <\/div>\n        <div class=\"uutisteksti\">\n            <!--<p class=\"pvm\">23.1.2026<\/p>-->\n            <h3>N\u00e4m\u00e4 automerkit kiinnostavat eniten \u2013 Mainonnalla merkitt\u00e4v\u00e4 rooli harkintalistan muodostumisessa<\/h3>\n\n            \n            <div class=\"ote\">\n                <p>Tuoreen tutkimuksen mukaan Alma Businessmedioiden yleis\u00f6ss\u00e4 mielenkiinto uuden auton ostoon on kasvanut merkitt\u00e4v\u00e4sti edellisest\u00e4 vuodesta. [&hellip;]<\/p>\n            <\/div>\n\n        <\/div>\n                <a class=\"laatikkolinkki\" \n           href=\"https:\/\/www.almamedia.fi\/mainostajat\/nama-automerkit-kiinnostavat-eniten-mainonnalla-merkittava-rooli-harkintalistan-muodostumisessa\/\"\n           aria-label=\"Lue artikkeli: N\u00e4m\u00e4 automerkit kiinnostavat eniten \u2013 Mainonnalla merkitt\u00e4v\u00e4 rooli harkintalistan muodostumisessa\"\n        ><\/a>\n    <\/div>\n<\/div>\n\n<div>\n    <div class=\"uutislaatikko\">\n        <div class=\"uutiskuva\">\n                            <img decoding=\"async\" src=\"https:\/\/www.almamedia.fi\/mainostajat\/wp-content\/uploads\/sites\/6\/MicrosoftTeams-image-10-3_waifu2x_photo_noise1_scale-1024x576.png\" alt=\"\" class=\"uutiskuva__kuva\">\n                    <\/div>\n        <div class=\"uutisteksti\">\n            <!--<p class=\"pvm\">20.5.2025<\/p>-->\n            <h3>Mitk\u00e4 autot myyv\u00e4t loppuvuonna ja mit\u00e4 markkinasta on nyt syyt\u00e4 tiet\u00e4\u00e4? Katso Ajankohtaista autokaupasta -webinaari!<\/h3>\n\n            \n            <div class=\"ote\">\n                <p>Autokauppa el\u00e4\u00e4 murrosta, jossa yh\u00e4 useampi valitsee auton k\u00e4ytt\u00f6voimaksi s\u00e4hk\u00f6n samalla kun kuluttajien ostopolut nopeutuvat. [&hellip;]<\/p>\n            <\/div>\n\n        <\/div>\n                <a class=\"laatikkolinkki\" \n           href=\"https:\/\/www.almamedia.fi\/mainostajat\/mitka-autot-myyvat-loppuvuonna-ja-mita-markkinasta-on-nyt-syyta-tietaa-katso-ajankohtaista-autokaupasta-webinaari\/\"\n           aria-label=\"Lue artikkeli: Mitk\u00e4 autot myyv\u00e4t loppuvuonna ja mit\u00e4 markkinasta on nyt syyt\u00e4 tiet\u00e4\u00e4? Katso Ajankohtaista autokaupasta -webinaari!\"\n        ><\/a>\n    <\/div>\n<\/div>\n\n<div>\n    <div class=\"uutislaatikko\">\n        <div class=\"uutiskuva\">\n                            <img decoding=\"async\" src=\"https:\/\/www.almamedia.fi\/mainostajat\/wp-content\/uploads\/sites\/6\/shutterstock_2146987991-scaled-1-1024x683.jpg\" alt=\"\" class=\"uutiskuva__kuva\">\n                    <\/div>\n        <div class=\"uutisteksti\">\n            <!--<p class=\"pvm\">27.2.2025<\/p>-->\n            <h3>Mihin asioihin auton valinnassa kiinnitet\u00e4\u00e4n huomiota? Katso suosituimmat hintaluokat ja k\u00e4ytt\u00f6voimat<\/h3>\n\n            \n            <div class=\"ote\">\n                <p>Mill\u00e4 perusteella auto valitaan ja millaisia autoja suomalaiset harkitsevat? Alma Businessmedioiden yleis\u00f6ille toteutettu autotutkimus valaisee [&hellip;]<\/p>\n            <\/div>\n\n        <\/div>\n                <a class=\"laatikkolinkki\" \n           href=\"https:\/\/www.almamedia.fi\/mainostajat\/mihin-asioihin-auton-valinnassa-kiinnitetaan-huomiota-katso-suosituimmat-hintaluokat-ja-kayttovoimat\/\"\n           aria-label=\"Lue artikkeli: Mihin asioihin auton valinnassa kiinnitet\u00e4\u00e4n huomiota? Katso suosituimmat hintaluokat ja k\u00e4ytt\u00f6voimat\"\n        ><\/a>\n    <\/div>\n<\/div>\n\n<div>\n    <div class=\"uutislaatikko\">\n        <div class=\"uutiskuva\">\n                            <img decoding=\"async\" src=\"https:\/\/www.almamedia.fi\/mainostajat\/wp-content\/uploads\/sites\/6\/shutterstock_2055381515-1-scaled-1-1024x683.jpg\" alt=\"\" class=\"uutiskuva__kuva\">\n                    <\/div>\n        <div class=\"uutisteksti\">\n            <!--<p class=\"pvm\">7.2.2025<\/p>-->\n            <h3>N\u00e4in Alma Businessmedioiden yleis\u00f6t toimivat autokaupoilla \u2013 6 vinkki\u00e4 tehokasta mainontaa varten<\/h3>\n\n            \n            <div class=\"ote\">\n                <p>Alman Businessmedioiden autotutkimuksen mukaan suomalaiset k\u00e4\u00e4ntyv\u00e4t useimmiten autojen markkinapaikkojen puoleen hakiessaan tietoa tai inspiraatiota auton [&hellip;]<\/p>\n            <\/div>\n\n        <\/div>\n                <a class=\"laatikkolinkki\" \n           href=\"https:\/\/www.almamedia.fi\/mainostajat\/nain-alma-businessmedioiden-yleisot-toimivat-autokaupoilla-6-vinkkia-tehokasta-mainontaa-varten\/\"\n           aria-label=\"Lue artikkeli: N\u00e4in Alma Businessmedioiden yleis\u00f6t toimivat autokaupoilla \u2013 6 vinkki\u00e4 tehokasta mainontaa varten\"\n        ><\/a>\n    <\/div>\n<\/div>\n\n<div>\n    <div class=\"uutislaatikko\">\n        <div class=\"uutiskuva\">\n                            <img decoding=\"async\" src=\"https:\/\/www.almamedia.fi\/mainostajat\/wp-content\/uploads\/sites\/6\/shutterstock_1175380015-scaled-1-1024x684.jpg\" alt=\"\" class=\"uutiskuva__kuva\">\n                    <\/div>\n        <div class=\"uutisteksti\">\n            <!--<p class=\"pvm\">13.1.2025<\/p>-->\n            <h3>Tuore tutkimus paljastaa: N\u00e4m\u00e4 automerkit kiinnostavat eniten<\/h3>\n\n            \n            <div class=\"ote\">\n                <p>Alman uusimman Autotutkimuksen mukaan Alma Businessmedioiden yleis\u00f6t harkitsevat useamman eri mallin v\u00e4lill\u00e4, kun tiedossa on [&hellip;]<\/p>\n            <\/div>\n\n        <\/div>\n                <a class=\"laatikkolinkki\" \n           href=\"https:\/\/www.almamedia.fi\/mainostajat\/tuore-tutkimus-paljastaa-nama-automerkit-kiinnostavat-eniten\/\"\n           aria-label=\"Lue artikkeli: Tuore tutkimus paljastaa: N\u00e4m\u00e4 automerkit kiinnostavat eniten\"\n        ><\/a>\n    <\/div>\n<\/div>\n\n<div>\n    <div class=\"uutislaatikko\">\n        <div class=\"uutiskuva\">\n                            <img decoding=\"async\" src=\"https:\/\/www.almamedia.fi\/mainostajat\/wp-content\/uploads\/sites\/6\/ajankohtaista-autokaupasta.jpg\" alt=\"\" class=\"uutiskuva__kuva\">\n                    <\/div>\n        <div class=\"uutisteksti\">\n            <!--<p class=\"pvm\">6.11.2024<\/p>-->\n            <h3>Ajankohtaista autokaupasta -webinaaritallenne: Tee parempaa liiketoimintaa datan avulla<\/h3>\n\n            \n            <div class=\"ote\">\n                <p>Autoilun data asuu Almalla ja haluamme jakaa sen kanssasi! Toimialan dataa monipuolisesti hy\u00f6dynt\u00e4v\u00e4 Ajankohtaista autokaupasta [&hellip;]<\/p>\n            <\/div>\n\n        <\/div>\n                <a class=\"laatikkolinkki\" \n           href=\"https:\/\/www.almamedia.fi\/mainostajat\/ajankohtaista-autokaupasta-webinaaritallenne-tee-parempaa-liiketoimintaa-datan-avulla\/\"\n           aria-label=\"Lue artikkeli: Ajankohtaista autokaupasta -webinaaritallenne: Tee parempaa liiketoimintaa datan avulla\"\n        ><\/a>\n    <\/div>\n<\/div>\n\n<div>\n    <div class=\"uutislaatikko\">\n        <div class=\"uutiskuva\">\n                            <img decoding=\"async\" src=\"https:\/\/www.almamedia.fi\/mainostajat\/wp-content\/uploads\/sites\/6\/MicrosoftTeams-image-10-2.jpg\" alt=\"\" class=\"uutiskuva__kuva\">\n                    <\/div>\n        <div class=\"uutisteksti\">\n            <!--<p class=\"pvm\">15.5.2024<\/p>-->\n            <h3>Ajankohtaista autokaupasta -webinaaritallenne: Alkuvuoden k\u00e4ytettyjen autojen kauppa enn\u00e4tystahdissa<\/h3>\n\n            \n            <div class=\"ote\">\n                <p>Alman jo toista kertaa j\u00e4rjestetty ja suuren suosion saanut Ajankohtaista autokaupasta -webinaari pidettiin 15.5.2024. Tilaisuuden [&hellip;]<\/p>\n            <\/div>\n\n        <\/div>\n                <a class=\"laatikkolinkki\" \n           href=\"https:\/\/www.almamedia.fi\/mainostajat\/ajankohtaista-autokaupasta-webinaaritallenne-alkuvuoden-kaytettyjen-autojen-kauppa-ennatystahdissa\/\"\n           aria-label=\"Lue artikkeli: Ajankohtaista autokaupasta -webinaaritallenne: Alkuvuoden k\u00e4ytettyjen autojen kauppa enn\u00e4tystahdissa\"\n        ><\/a>\n    <\/div>\n<\/div>\n\n<div>\n    <div class=\"uutislaatikko\">\n        <div class=\"uutiskuva\">\n                            <img decoding=\"async\" src=\"https:\/\/www.almamedia.fi\/mainostajat\/wp-content\/uploads\/sites\/6\/MicrosoftTeams-image-10-2.jpg\" alt=\"\" class=\"uutiskuva__kuva\">\n                    <\/div>\n        <div class=\"uutisteksti\">\n            <!--<p class=\"pvm\">15.2.2024<\/p>-->\n            <h3>Katso webinaaritallenne: Ajankohtaista autokaupasta \u2013 hybridit jatkavat voittokulkuaan<\/h3>\n\n            \n            <div class=\"ote\">\n                <p>Autoilun data asuu Almalla ja nyt haluamme jakaa sen kanssasi! Katso webinaaritallenteesta miss\u00e4 automarkkina menee [&hellip;]<\/p>\n            <\/div>\n\n        <\/div>\n                <a class=\"laatikkolinkki\" \n           href=\"https:\/\/www.almamedia.fi\/mainostajat\/katso-webinaaritallenne-ajankohtaista-autokaupasta-hybridit-jatkavat-voittokulkuaan\/\"\n           aria-label=\"Lue artikkeli: Katso webinaaritallenne: Ajankohtaista autokaupasta \u2013 hybridit jatkavat voittokulkuaan\"\n        ><\/a>\n    <\/div>\n<\/div>\n\n<div>\n    <div class=\"uutislaatikko\">\n        <div class=\"uutiskuva\">\n                            <img decoding=\"async\" src=\"https:\/\/www.almamedia.fi\/mainostajat\/wp-content\/uploads\/sites\/6\/automarkkina-nyt-kayttovoimat.jpg\" alt=\"\" class=\"uutiskuva__kuva\">\n                    <\/div>\n        <div class=\"uutisteksti\">\n            <!--<p class=\"pvm\">31.1.2024<\/p>-->\n            <h3>Ajankohtaista autokaupasta: Hybridiautojen suosio jatkoi kasvuaan<\/h3>\n\n            \n            <div class=\"ote\">\n                <p>Milt\u00e4 n\u00e4yttiv\u00e4t vuoden 2023 viimeisen vuosinelj\u00e4nneksen myyntiluvut Suomen suurimmassa autojen kauppapaikassa Nettiautossa? Ja millaisia trendej\u00e4 [&hellip;]<\/p>\n            <\/div>\n\n        <\/div>\n                <a class=\"laatikkolinkki\" \n           href=\"https:\/\/www.almamedia.fi\/mainostajat\/ajankohtaista-autokaupasta-hybridiautojen-suosio-jatkoi-kasvuaan\/\"\n           aria-label=\"Lue artikkeli: Ajankohtaista autokaupasta: Hybridiautojen suosio jatkoi kasvuaan\"\n        ><\/a>\n    <\/div>\n<\/div>\n\n<div>\n    <div class=\"uutislaatikko\">\n        <div class=\"uutiskuva\">\n                            <img decoding=\"async\" src=\"https:\/\/www.almamedia.fi\/mainostajat\/wp-content\/uploads\/sites\/6\/automarkkina-nyt-autonostajat.jpg\" alt=\"\" class=\"uutiskuva__kuva\">\n                    <\/div>\n        <div class=\"uutisteksti\">\n            <!--<p class=\"pvm\">19.1.2024<\/p>-->\n            <h3>Autoilun datakatsaus: Iltalehti tavoittaa autoilevat suomalaiset<\/h3>\n\n            \n            <div class=\"ote\">\n                <p>Iltalehti Autot -osion monipuolinen ja ajankohtainen sis\u00e4lt\u00f6 kokoaa yhteen autoilevat suomalaiset. Mik\u00e4 puhuttaa uuden auton [&hellip;]<\/p>\n            <\/div>\n\n        <\/div>\n                <a class=\"laatikkolinkki\" \n           href=\"https:\/\/www.almamedia.fi\/mainostajat\/autoilun-datakatsaus-iltalehti-tavoittaa-autoilevat-suomalaiset\/\"\n           aria-label=\"Lue artikkeli: Autoilun datakatsaus: Iltalehti tavoittaa autoilevat suomalaiset\"\n        ><\/a>\n    <\/div>\n<\/div>\n\n<div>\n    <div class=\"uutislaatikko\">\n        <div class=\"uutiskuva\">\n                            <img decoding=\"async\" src=\"https:\/\/www.almamedia.fi\/mainostajat\/wp-content\/uploads\/sites\/6\/Katsaus-Nettiautoon.jpg\" alt=\"\" class=\"uutiskuva__kuva\">\n                    <\/div>\n        <div class=\"uutisteksti\">\n            <!--<p class=\"pvm\">22.11.2023<\/p>-->\n            <h3>Autoilun datakatsaus: Alma Businessmedioiden autoaiheiset sis\u00e4ll\u00f6t kiinnostavat<\/h3>\n\n            \n            <div class=\"ote\">\n                <p>Meilt\u00e4 tavoitat autoista kiinnostuneen ja ostovoimaisen yleis\u00f6n. Sen takaavat Suomen parhaat autoilun markkinapaikat, journalistiset sis\u00e4ll\u00f6t [&hellip;]<\/p>\n            <\/div>\n\n        <\/div>\n                <a class=\"laatikkolinkki\" \n           href=\"https:\/\/www.almamedia.fi\/mainostajat\/autoilun-datakatsaus-alma-businessmedioiden-autoaiheiset-sisallot-kiinnostavat\/\"\n           aria-label=\"Lue artikkeli: Autoilun datakatsaus: Alma Businessmedioiden autoaiheiset sis\u00e4ll\u00f6t kiinnostavat\"\n        ><\/a>\n    <\/div>\n<\/div>\n        <\/div>\n\n    \n<\/div>\n\n\n\n\n\n<p class=\"has-text-align-right wp-block-paragraph\"><\/p>\n\n\n\n<p class=\"wp-block-paragraph\"><\/p>\n","protected":false},"excerpt":{"rendered":"<p>Nettikone.com&nbsp;on Suomen suurin raskaan kaluston ja ty\u00f6koneiden markkinapaikka. L\u00e4hde:&nbsp;FIAM viikko 14\/2025<\/p>\n","protected":false},"author":105,"featured_media":86889,"parent":82786,"menu_order":0,"comment_status":"closed","ping_status":"closed","template":"","meta":{"_acf_changed":false,"footnotes":""},"class_list":["post-86073","page","type-page","status-publish","has-post-thumbnail","hentry"],"acf":[],"yoast_head":"<!-- This site is optimized with the Yoast SEO plugin v26.9 - https:\/\/yoast.com\/product\/yoast-seo-wordpress\/ -->\n<title>Nettikone - Alma Media - mainostajat<\/title>\n<meta name=\"description\" content=\"Nettikoneessa mets\u00e4koneet kaivinkoneet ja maatalouskoneet saavat uuden omistajan. My\u00f6s pienemm\u00e4t koneet, kuten pesurit, ja aggregaatit liikkuvat tehokkaasti.\" \/>\n<meta name=\"robots\" content=\"index, follow, max-snippet:-1, max-image-preview:large, max-video-preview:-1\" \/>\n<link rel=\"canonical\" href=\"https:\/\/www.almamedia.fi\/mainostajat\/autoilu-ja-liikkuminen\/nettikone\/\" \/>\n<meta property=\"og:locale\" content=\"fi_FI\" \/>\n<meta property=\"og:type\" content=\"article\" \/>\n<meta property=\"og:title\" content=\"Nettikone - Alma Media - mainostajat\" \/>\n<meta property=\"og:description\" content=\"Nettikoneessa mets\u00e4koneet kaivinkoneet ja maatalouskoneet saavat uuden omistajan. My\u00f6s pienemm\u00e4t koneet, kuten pesurit, ja aggregaatit liikkuvat tehokkaasti.\" \/>\n<meta property=\"og:url\" content=\"https:\/\/www.almamedia.fi\/mainostajat\/autoilu-ja-liikkuminen\/nettikone\/\" \/>\n<meta property=\"og:site_name\" content=\"Alma Media - mainostajat\" \/>\n<meta property=\"article:modified_time\" content=\"2026-08-18T09:08:15+00:00\" \/>\n<meta property=\"og:image\" content=\"https:\/\/www.almamedia.fi\/mainostajat\/wp-content\/uploads\/sites\/6\/jason-edwards-sh5ac4atqzq-unsplash.tmb-width-1500.jpg\" \/>\n\t<meta property=\"og:image:width\" content=\"1500\" \/>\n\t<meta property=\"og:image:height\" content=\"665\" \/>\n\t<meta property=\"og:image:type\" content=\"image\/jpeg\" \/>\n<meta name=\"twitter:card\" content=\"summary_large_image\" \/>\n<meta name=\"twitter:label1\" content=\"Arvioitu lukuaika\" \/>\n\t<meta name=\"twitter:data1\" content=\"1 minuutti\" \/>\n<script type=\"application\/ld+json\" class=\"yoast-schema-graph\">{\"@context\":\"https:\/\/schema.org\",\"@graph\":[{\"@type\":\"WebPage\",\"@id\":\"https:\/\/www.almamedia.fi\/mainostajat\/autoilu-ja-liikkuminen\/nettikone\/\",\"url\":\"https:\/\/www.almamedia.fi\/mainostajat\/autoilu-ja-liikkuminen\/nettikone\/\",\"name\":\"Nettikone - Alma Media - mainostajat\",\"isPartOf\":{\"@id\":\"https:\/\/www.almamedia.fi\/mainostajat\/#website\"},\"primaryImageOfPage\":{\"@id\":\"https:\/\/www.almamedia.fi\/mainostajat\/autoilu-ja-liikkuminen\/nettikone\/#primaryimage\"},\"image\":{\"@id\":\"https:\/\/www.almamedia.fi\/mainostajat\/autoilu-ja-liikkuminen\/nettikone\/#primaryimage\"},\"thumbnailUrl\":\"https:\/\/www.almamedia.fi\/mainostajat\/wp-content\/uploads\/sites\/6\/jason-edwards-sh5ac4atqzq-unsplash.tmb-width-1500.jpg\",\"datePublished\":\"2025-04-08T11:56:35+00:00\",\"dateModified\":\"2026-08-18T09:08:15+00:00\",\"description\":\"Nettikoneessa mets\u00e4koneet kaivinkoneet ja maatalouskoneet saavat uuden omistajan. My\u00f6s pienemm\u00e4t koneet, kuten pesurit, ja aggregaatit liikkuvat tehokkaasti.\",\"breadcrumb\":{\"@id\":\"https:\/\/www.almamedia.fi\/mainostajat\/autoilu-ja-liikkuminen\/nettikone\/#breadcrumb\"},\"inLanguage\":\"fi\",\"potentialAction\":[{\"@type\":\"ReadAction\",\"target\":[\"https:\/\/www.almamedia.fi\/mainostajat\/autoilu-ja-liikkuminen\/nettikone\/\"]}]},{\"@type\":\"ImageObject\",\"inLanguage\":\"fi\",\"@id\":\"https:\/\/www.almamedia.fi\/mainostajat\/autoilu-ja-liikkuminen\/nettikone\/#primaryimage\",\"url\":\"https:\/\/www.almamedia.fi\/mainostajat\/wp-content\/uploads\/sites\/6\/jason-edwards-sh5ac4atqzq-unsplash.tmb-width-1500.jpg\",\"contentUrl\":\"https:\/\/www.almamedia.fi\/mainostajat\/wp-content\/uploads\/sites\/6\/jason-edwards-sh5ac4atqzq-unsplash.tmb-width-1500.jpg\",\"width\":1500,\"height\":665,\"caption\":\"traktori pellolla\"},{\"@type\":\"BreadcrumbList\",\"@id\":\"https:\/\/www.almamedia.fi\/mainostajat\/autoilu-ja-liikkuminen\/nettikone\/#breadcrumb\",\"itemListElement\":[{\"@type\":\"ListItem\",\"position\":1,\"name\":\"Etusivu\",\"item\":\"https:\/\/www.almamedia.fi\/mainostajat\/\"},{\"@type\":\"ListItem\",\"position\":2,\"name\":\"Autoilu ja liikkuminen\",\"item\":\"https:\/\/www.almamedia.fi\/mainostajat\/autoilu-ja-liikkuminen\/\"},{\"@type\":\"ListItem\",\"position\":3,\"name\":\"Nettikone\"}]},{\"@type\":\"WebSite\",\"@id\":\"https:\/\/www.almamedia.fi\/mainostajat\/#website\",\"url\":\"https:\/\/www.almamedia.fi\/mainostajat\/\",\"name\":\"Alma Media - mainostajat\",\"description\":\"\",\"publisher\":{\"@id\":\"https:\/\/www.almamedia.fi\/mainostajat\/#organization\"},\"potentialAction\":[{\"@type\":\"SearchAction\",\"target\":{\"@type\":\"EntryPoint\",\"urlTemplate\":\"https:\/\/www.almamedia.fi\/mainostajat\/?s={search_term_string}\"},\"query-input\":{\"@type\":\"PropertyValueSpecification\",\"valueRequired\":true,\"valueName\":\"search_term_string\"}}],\"inLanguage\":\"fi\"},{\"@type\":\"Organization\",\"@id\":\"https:\/\/www.almamedia.fi\/mainostajat\/#organization\",\"name\":\"Alma Media - mainostajat\",\"url\":\"https:\/\/www.almamedia.fi\/mainostajat\/\",\"logo\":{\"@type\":\"ImageObject\",\"inLanguage\":\"fi\",\"@id\":\"https:\/\/www.almamedia.fi\/mainostajat\/#\/schema\/logo\/image\/\",\"url\":\"https:\/\/www.almamedia.fi\/mainostajat\/wp-content\/uploads\/sites\/6\/alma-media-logo-valkoinen.svg\",\"contentUrl\":\"https:\/\/www.almamedia.fi\/mainostajat\/wp-content\/uploads\/sites\/6\/alma-media-logo-valkoinen.svg\",\"width\":49,\"height\":50,\"caption\":\"Alma Media - mainostajat\"},\"image\":{\"@id\":\"https:\/\/www.almamedia.fi\/mainostajat\/#\/schema\/logo\/image\/\"}}]}<\/script>\n<!-- \/ Yoast SEO plugin. -->","yoast_head_json":{"title":"Nettikone - Alma Media - mainostajat","description":"Nettikoneessa mets\u00e4koneet kaivinkoneet ja maatalouskoneet saavat uuden omistajan. My\u00f6s pienemm\u00e4t koneet, kuten pesurit, ja aggregaatit liikkuvat tehokkaasti.","robots":{"index":"index","follow":"follow","max-snippet":"max-snippet:-1","max-image-preview":"max-image-preview:large","max-video-preview":"max-video-preview:-1"},"canonical":"https:\/\/www.almamedia.fi\/mainostajat\/autoilu-ja-liikkuminen\/nettikone\/","og_locale":"fi_FI","og_type":"article","og_title":"Nettikone - Alma Media - mainostajat","og_description":"Nettikoneessa mets\u00e4koneet kaivinkoneet ja maatalouskoneet saavat uuden omistajan. My\u00f6s pienemm\u00e4t koneet, kuten pesurit, ja aggregaatit liikkuvat tehokkaasti.","og_url":"https:\/\/www.almamedia.fi\/mainostajat\/autoilu-ja-liikkuminen\/nettikone\/","og_site_name":"Alma Media - mainostajat","article_modified_time":"2026-08-18T09:08:15+00:00","og_image":[{"width":1500,"height":665,"url":"https:\/\/www.almamedia.fi\/mainostajat\/wp-content\/uploads\/sites\/6\/jason-edwards-sh5ac4atqzq-unsplash.tmb-width-1500.jpg","type":"image\/jpeg"}],"twitter_card":"summary_large_image","twitter_misc":{"Arvioitu lukuaika":"1 minuutti"},"schema":{"@context":"https:\/\/schema.org","@graph":[{"@type":"WebPage","@id":"https:\/\/www.almamedia.fi\/mainostajat\/autoilu-ja-liikkuminen\/nettikone\/","url":"https:\/\/www.almamedia.fi\/mainostajat\/autoilu-ja-liikkuminen\/nettikone\/","name":"Nettikone - Alma Media - mainostajat","isPartOf":{"@id":"https:\/\/www.almamedia.fi\/mainostajat\/#website"},"primaryImageOfPage":{"@id":"https:\/\/www.almamedia.fi\/mainostajat\/autoilu-ja-liikkuminen\/nettikone\/#primaryimage"},"image":{"@id":"https:\/\/www.almamedia.fi\/mainostajat\/autoilu-ja-liikkuminen\/nettikone\/#primaryimage"},"thumbnailUrl":"https:\/\/www.almamedia.fi\/mainostajat\/wp-content\/uploads\/sites\/6\/jason-edwards-sh5ac4atqzq-unsplash.tmb-width-1500.jpg","datePublished":"2025-04-08T11:56:35+00:00","dateModified":"2026-08-18T09:08:15+00:00","description":"Nettikoneessa mets\u00e4koneet kaivinkoneet ja maatalouskoneet saavat uuden omistajan. My\u00f6s pienemm\u00e4t koneet, kuten pesurit, ja aggregaatit liikkuvat tehokkaasti.","breadcrumb":{"@id":"https:\/\/www.almamedia.fi\/mainostajat\/autoilu-ja-liikkuminen\/nettikone\/#breadcrumb"},"inLanguage":"fi","potentialAction":[{"@type":"ReadAction","target":["https:\/\/www.almamedia.fi\/mainostajat\/autoilu-ja-liikkuminen\/nettikone\/"]}]},{"@type":"ImageObject","inLanguage":"fi","@id":"https:\/\/www.almamedia.fi\/mainostajat\/autoilu-ja-liikkuminen\/nettikone\/#primaryimage","url":"https:\/\/www.almamedia.fi\/mainostajat\/wp-content\/uploads\/sites\/6\/jason-edwards-sh5ac4atqzq-unsplash.tmb-width-1500.jpg","contentUrl":"https:\/\/www.almamedia.fi\/mainostajat\/wp-content\/uploads\/sites\/6\/jason-edwards-sh5ac4atqzq-unsplash.tmb-width-1500.jpg","width":1500,"height":665,"caption":"traktori pellolla"},{"@type":"BreadcrumbList","@id":"https:\/\/www.almamedia.fi\/mainostajat\/autoilu-ja-liikkuminen\/nettikone\/#breadcrumb","itemListElement":[{"@type":"ListItem","position":1,"name":"Etusivu","item":"https:\/\/www.almamedia.fi\/mainostajat\/"},{"@type":"ListItem","position":2,"name":"Autoilu ja liikkuminen","item":"https:\/\/www.almamedia.fi\/mainostajat\/autoilu-ja-liikkuminen\/"},{"@type":"ListItem","position":3,"name":"Nettikone"}]},{"@type":"WebSite","@id":"https:\/\/www.almamedia.fi\/mainostajat\/#website","url":"https:\/\/www.almamedia.fi\/mainostajat\/","name":"Alma Media - mainostajat","description":"","publisher":{"@id":"https:\/\/www.almamedia.fi\/mainostajat\/#organization"},"potentialAction":[{"@type":"SearchAction","target":{"@type":"EntryPoint","urlTemplate":"https:\/\/www.almamedia.fi\/mainostajat\/?s={search_term_string}"},"query-input":{"@type":"PropertyValueSpecification","valueRequired":true,"valueName":"search_term_string"}}],"inLanguage":"fi"},{"@type":"Organization","@id":"https:\/\/www.almamedia.fi\/mainostajat\/#organization","name":"Alma Media - mainostajat","url":"https:\/\/www.almamedia.fi\/mainostajat\/","logo":{"@type":"ImageObject","inLanguage":"fi","@id":"https:\/\/www.almamedia.fi\/mainostajat\/#\/schema\/logo\/image\/","url":"https:\/\/www.almamedia.fi\/mainostajat\/wp-content\/uploads\/sites\/6\/alma-media-logo-valkoinen.svg","contentUrl":"https:\/\/www.almamedia.fi\/mainostajat\/wp-content\/uploads\/sites\/6\/alma-media-logo-valkoinen.svg","width":49,"height":50,"caption":"Alma Media - mainostajat"},"image":{"@id":"https:\/\/www.almamedia.fi\/mainostajat\/#\/schema\/logo\/image\/"}}]}},"lang":"fi","translations":{"fi":86073,"en":90491},"pll_sync_post":{},"_links":{"self":[{"href":"https:\/\/www.almamedia.fi\/mainostajat\/wp-json\/wp\/v2\/pages\/86073","targetHints":{"allow":["GET"]}}],"collection":[{"href":"https:\/\/www.almamedia.fi\/mainostajat\/wp-json\/wp\/v2\/pages"}],"about":[{"href":"https:\/\/www.almamedia.fi\/mainostajat\/wp-json\/wp\/v2\/types\/page"}],"author":[{"embeddable":true,"href":"https:\/\/www.almamedia.fi\/mainostajat\/wp-json\/wp\/v2\/users\/105"}],"replies":[{"embeddable":true,"href":"https:\/\/www.almamedia.fi\/mainostajat\/wp-json\/wp\/v2\/comments?post=86073"}],"version-history":[{"count":3,"href":"https:\/\/www.almamedia.fi\/mainostajat\/wp-json\/wp\/v2\/pages\/86073\/revisions"}],"predecessor-version":[{"id":95074,"href":"https:\/\/www.almamedia.fi\/mainostajat\/wp-json\/wp\/v2\/pages\/86073\/revisions\/95074"}],"up":[{"embeddable":true,"href":"https:\/\/www.almamedia.fi\/mainostajat\/wp-json\/wp\/v2\/pages\/82786"}],"wp:featuredmedia":[{"embeddable":true,"href":"https:\/\/www.almamedia.fi\/mainostajat\/wp-json\/wp\/v2\/media\/86889"}],"wp:attachment":[{"href":"https:\/\/www.almamedia.fi\/mainostajat\/wp-json\/wp\/v2\/media?parent=86073"}],"curies":[{"name":"wp","href":"https:\/\/api.w.org\/{rel}","templated":true}]}}