{"id":86067,"date":"2025-04-08T14:54:46","date_gmt":"2025-04-08T11:54:46","guid":{"rendered":"https:\/\/www.almamedia.fi\/mainostajat\/?page_id=86067"},"modified":"2025-06-06T10:53:44","modified_gmt":"2025-06-06T07:53:44","slug":"nettiauto","status":"publish","type":"page","link":"https:\/\/www.almamedia.fi\/mainostajat\/autoilu-ja-liikkuminen\/nettiauto\/","title":{"rendered":"Nettiauto"},"content":{"rendered":"\n<div style=\"height:128px\" aria-hidden=\"true\" class=\"wp-block-spacer\"><\/div>\n\n\n\n<div class=\"wp-block-columns is-layout-flex wp-container-core-columns-is-layout-9d6595d7 wp-block-columns-is-layout-flex\">\n<div class=\"wp-block-column is-vertically-aligned-center is-layout-flow wp-block-column-is-layout-flow\" style=\"flex-basis:56%\">\n<h2 class=\"wp-block-heading\">Nettiauto&nbsp;on Suomen suurin autojen kauppapaikka, jossa noin 600 000 autoa vaihtaa omistajaa joka vuosi.&nbsp;<\/h2>\n<\/div>\n\n\n\n<div class=\"wp-block-column is-layout-flow wp-block-column-is-layout-flow\" style=\"flex-basis:44%\">\n<div class=\"wp-block-columns is-layout-flex wp-container-core-columns-is-layout-9d6595d7 wp-block-columns-is-layout-flex\">\n<div class=\"wp-block-column is-layout-flow wp-block-column-is-layout-flow\"><\/div>\n<\/div>\n\n\n\n<div  class=\"numero-animoitu has-text-align-right has-top-line has-number-color-green has-font-size-l has-line-color-light has-text-size-m\">\n\n    \n    <div class=\"numero-wrapper\">\n                    <span class=\"netello-line netello-line-animated\"><\/span>\n                \n                    <span class=\"netello-number-counter \" data-target=\"682000\">0<\/span>\n        \n            <\/div>\n\n    <div class=\"alateksti\"><p>K\u00c4YTT\u00c4J\u00c4\u00c4 JOKA VIIKKO.<\/p>\n<\/div>\n<\/div>\n\n\n\n\n\n\n<div style=\"height:3rem\" aria-hidden=\"true\" class=\"wp-block-spacer\"><\/div>\n\n\n\n<div  class=\"numero-animoitu has-text-align-right has-top-line has-number-color-green has-font-size-s has-line-color-light has-text-size-m\">\n\n    \n    <div class=\"numero-wrapper\">\n                    <span class=\"netello-line netello-line-animated\"><\/span>\n                \n                    <span class=\"netello-number-counter \" data-target=\"33\">0<\/span>\n        \n        <span>Milj.<\/span>    <\/div>\n\n    <div class=\"alateksti\"><p>SIVUKATSELUA VIIKOSSA<\/p>\n<\/div>\n<\/div>\n\n\n\n<\/div>\n<\/div>\n\n\n\n<p class=\"has-text-align-right\"><em><sub><em><sub>L\u00e4hde: FIAM viikko 14\/2025<\/sub><\/em><\/sub><\/em><\/p>\n\n\n\n<div style=\"height:11rem\" aria-hidden=\"true\" class=\"wp-block-spacer\"><\/div>\n\n\n\n<div style=\"max-width:1050px;margin-left:auto;margin-right:auto\" class=\"wp-block-netello-max-width-container\">\n<div data-aos=\"fade-up\" class=\"wp-block-netello-animation\"><div class=\"wrapper\">\n<p class=\"has-text-align-center has-medium-font-size\"><strong><a href=\"https:\/\/www.nettiauto.com\/\" target=\"_blank\" rel=\"noreferrer noopener\">Nettiauto<\/a> on Suomen suurin autojen kauppapaikka, jossa noin 600 000 autoa vaihtaa omistajaa joka vuosi. Palvelussa etsit\u00e4\u00e4n seuraavaa autoa, vertaillaan vaihtoehtoja ja vietet\u00e4\u00e4n aikaa autoilun sis\u00e4lt\u00f6jen parissa.<\/strong><\/p>\n\n\n\n<p class=\"has-text-align-center\">Mainostajalle tarjoamme laajan, ostohaluisen kohderyhm\u00e4n ja monipuoliset digitaalisen mainonnan ratkaisut. Palvelun avulla tavoitat auton ostosta haaveilevat tai jo vaihtoehtoja harkitsevat ja vertailevat kuluttajat oikeaan aikaan.<\/p>\n\n\n\n<p class=\"has-text-align-center\">Autoliikkeen edustajana l\u00f6yd\u00e4t meilt\u00e4 ratkaisut tarpeisiisi, olipa varastosi koko 5 tai 500 autoa. Tunnetun br\u00e4ndimme ansiosta saat kohteillesi maan laajimman auton hankinta-aikeissa olevan yleis\u00f6n.<\/p>\n<\/div><\/div>\n<\/div>\n\n\n\n<div aria-hidden=\"true\" class=\"wp-block-netello-valike\"><div class=\"valike-desktop\" style=\"height:135px\"><\/div><div class=\"valike-mobile\" style=\"height:55px\"><\/div><\/div>\n\n\n\n<div style=\"--right-column-max-width:600px;--left-column-max-width:600px\" class=\"wp-block-netello-kaksi-palstaa\"><div class=\"wrapper\">\n<div class=\"wp-block-columns is-layout-flex wp-container-core-columns-is-layout-9d6595d7 wp-block-columns-is-layout-flex\">\n<div class=\"wp-block-column is-layout-flow wp-block-column-is-layout-flow\"><\/div>\n\n\n\n<div class=\"wp-block-column is-layout-flow wp-block-column-is-layout-flow\">\n<div class=\"wp-block-group column-inner\"><div class=\"wp-block-group__inner-container is-layout-flow wp-block-group-is-layout-flow\">\n<div class=\"wp-block-netello-laatikko-viivalla laatikko-viivalla line-vaalea netello-linkit\"><div class=\"netello-line netello-line-animated\"><\/div>\n<p><a href=\"https:\/\/www.nettiauto.com\/\" target=\"_blank\" rel=\"noreferrer noopener\">Nettiauto.com \u203a<\/a><\/p>\n\n\n\n<p><a href=\"https:\/\/www.almamobility.fi\/tuotteet\/nettiauto\/\">Mediatiedot \u203a<\/a><\/p>\n\n\n\n<p><a href=\"https:\/\/www.almamedia.fi\/mainostajat\/mainonnan-hinnat\/\">Hinnat ja mainosratkaisut<\/a><\/p>\n\n\n\n<p><a href=\"https:\/\/www.almamedia.fi\/mainostajat\/aineisto-ohjeet\/\">Aineisto-ohjeet<\/a><\/p>\n\n\n\n<p><a href=\"https:\/\/www.almamedia.fi\/mainostajat\/mediamyynnin-yhteystiedot\/\">Yhteystiedot \u203a<\/a><\/p>\n<\/div>\n<\/div><\/div>\n<\/div>\n<\/div>\n<\/div><\/div>\n\n\n\n<div style=\"height:9rem\" aria-hidden=\"true\" class=\"wp-block-spacer\"><\/div>\n\n\n\n<div data-aos=\"fade-up\" id=\"Artikkelit-block_3361978447c521d3f58495b6c9d8488a\" class=\"isot-artikkeli-nostot has-box-size-l  has-wide-style\">\n\n            <div class=\"ylaosa\">\n                            <h2 class=\"isot-artikkeli-nostot-otsikko\">\n                    INSPIROIDU KANSSAMME                <\/h2>\n                        <div class=\"arrows-wrapper\"><\/div>\n        <\/div>\n    \n    \n    \n        <div class=\"isot-artikkeli-nostot-wrapper isot-artikkeli-nostot-karuselli has-box-size-l\">\n            \n<div>\n    <div class=\"uutislaatikko\">\n        <div class=\"uutiskuva\">\n                            <img decoding=\"async\" src=\"https:\/\/www.almamedia.fi\/mainostajat\/wp-content\/uploads\/sites\/6\/shutterstock_2314172427-1024x610.jpg\" alt=\"\" class=\"uutiskuva__kuva\">\n                    <\/div>\n        <div class=\"uutisteksti\">\n            <!--<p class=\"pvm\">14.4.2026<\/p>-->\n            <h3>Lappi kiinnostaa ymp\u00e4ri vuoden \u2013\u00a0Kotimaan matkailulle tyypillisin este on hinta\u00a0<\/h3>\n\n            \n            <div class=\"ote\">\n                <p>Alma Median matkailututkimuksesta selvi\u00e4\u00e4, ett\u00e4\u00a0kiinnostusta\u00a0kotimaan matkailuun\u00a0on runsaasti, mutta esteet ovat konkreettisia.\u00a0Markkinoinnin on\u00a0hyv\u00e4 vastata\u00a0suoraan hinta- ja [&hellip;]<\/p>\n            <\/div>\n\n        <\/div>\n                <a class=\"laatikkolinkki\" \n           href=\"https:\/\/www.almamedia.fi\/mainostajat\/lappi-kiinnostaa-ympari-vuoden-kotimaan-matkailulle-tyypillisin-este-on-hinta\/\"\n           aria-label=\"Lue artikkeli: Lappi kiinnostaa ymp\u00e4ri vuoden \u2013\u00a0Kotimaan matkailulle tyypillisin este on hinta\u00a0\"\n        ><\/a>\n    <\/div>\n<\/div>\n\n<div>\n    <div class=\"uutislaatikko\">\n        <div class=\"uutiskuva\">\n                            <img decoding=\"async\" src=\"https:\/\/www.almamedia.fi\/mainostajat\/wp-content\/uploads\/sites\/6\/shutterstock_2055381515-1024x683.jpeg\" alt=\"\" class=\"uutiskuva__kuva\">\n                    <\/div>\n        <div class=\"uutisteksti\">\n            <!--<p class=\"pvm\">1.4.2026<\/p>-->\n            <h3>Auton ostoprosessi on muuttunut\u00a0\u2013\u00a0Tiedonhaku\u00a0on perusteellista ja monikanavaista\u00a0<\/h3>\n\n            \n            <div class=\"ote\">\n                <p>Autonostajan matka\u00a0ostop\u00e4\u00e4t\u00f6kseen on muuttunut. Alma Businessmedioiden Autotutkimuksen mukaan\u00a0ostoprosessi on pidentynyt ja monimutkaistunut: ostaja k\u00e4ytt\u00e4\u00e4 keskim\u00e4\u00e4rin\u00a03\u20134\u00a0eri [&hellip;]<\/p>\n            <\/div>\n\n        <\/div>\n                <a class=\"laatikkolinkki\" \n           href=\"https:\/\/www.almamedia.fi\/mainostajat\/auton-ostoprosessi-on-muuttunut-tiedonhaku-on-perusteellista-ja-monikanavaista\/\"\n           aria-label=\"Lue artikkeli: Auton ostoprosessi on muuttunut\u00a0\u2013\u00a0Tiedonhaku\u00a0on perusteellista ja monikanavaista\u00a0\"\n        ><\/a>\n    <\/div>\n<\/div>\n\n<div>\n    <div class=\"uutislaatikko\">\n        <div class=\"uutiskuva\">\n                            <img decoding=\"async\" src=\"https:\/\/www.almamedia.fi\/mainostajat\/wp-content\/uploads\/sites\/6\/shutterstock_423074461-1024x683.jpg\" alt=\"\" class=\"uutiskuva__kuva\">\n                    <\/div>\n        <div class=\"uutisteksti\">\n            <!--<p class=\"pvm\">18.3.2026<\/p>-->\n            <h3>Tunnettuus ei v\u00e4ltt\u00e4m\u00e4tt\u00e4 k\u00e4\u00e4nny varauksiksi \u2013\u202fN\u00e4in suomalaiset tekev\u00e4t\u00a0matkailup\u00e4\u00e4t\u00f6ksi\u00e4\u00a0\u00a0<\/h3>\n\n            \n            <div class=\"ote\">\n                <p>Pelkk\u00e4 tunnettuus ei en\u00e4\u00e4 riit\u00e4&nbsp;matkailualalla. Alma Median&nbsp;matkailualan&nbsp;tutkimuksesta selvi\u00e4\u00e4, miksi vain harva matkailubr\u00e4ndi p\u00e4\u00e4see kuluttajien varauslistalle.&nbsp; [&hellip;]<\/p>\n            <\/div>\n\n        <\/div>\n                <a class=\"laatikkolinkki\" \n           href=\"https:\/\/www.almamedia.fi\/mainostajat\/tunnettuus-ei-valttamatta-kaanny-varauksiksi-nain-suomalaiset-tekevat-matkailupaatoksia\/\"\n           aria-label=\"Lue artikkeli: Tunnettuus ei v\u00e4ltt\u00e4m\u00e4tt\u00e4 k\u00e4\u00e4nny varauksiksi \u2013\u202fN\u00e4in suomalaiset tekev\u00e4t\u00a0matkailup\u00e4\u00e4t\u00f6ksi\u00e4\u00a0\u00a0\"\n        ><\/a>\n    <\/div>\n<\/div>\n\n<div>\n    <div class=\"uutislaatikko\">\n        <div class=\"uutiskuva\">\n                            <img decoding=\"async\" src=\"https:\/\/www.almamedia.fi\/mainostajat\/wp-content\/uploads\/sites\/6\/shutterstock_626723336-1-scaled-e1740039857246-1024x538.jpg\" alt=\"\" class=\"uutiskuva__kuva\">\n                    <\/div>\n        <div class=\"uutisteksti\">\n            <!--<p class=\"pvm\">4.3.2026<\/p>-->\n            <h3>N\u00e4in Suomi bidaa vuonna 2026: Lataa ohjelmallisen mainonnan katsaus<\/h3>\n\n            \n            <div class=\"ote\">\n                <p>N\u00e4in Suomi Bidaa -kysely on Alman vuosittain tekem\u00e4 tutkimus ohjelmallisen mainonnan ostajille ja sen tavoitteena [&hellip;]<\/p>\n            <\/div>\n\n        <\/div>\n                <a class=\"laatikkolinkki\" \n           href=\"https:\/\/www.almamedia.fi\/mainostajat\/nain-suomi-bidaa-vuonna-2026-lataa-ohjelmallisen-mainonnan-katsaus\/\"\n           aria-label=\"Lue artikkeli: N\u00e4in Suomi bidaa vuonna 2026: Lataa ohjelmallisen mainonnan katsaus\"\n        ><\/a>\n    <\/div>\n<\/div>\n\n<div>\n    <div class=\"uutislaatikko\">\n        <div class=\"uutiskuva\">\n                            <img decoding=\"async\" src=\"https:\/\/www.almamedia.fi\/mainostajat\/wp-content\/uploads\/sites\/6\/Ensimmaisen-kampanjan-osto-opas-1920x960-1-e1747743967894-1024x665.png\" alt=\"\" class=\"uutiskuva__kuva\">\n                    <\/div>\n        <div class=\"uutisteksti\">\n            <!--<p class=\"pvm\">27.2.2026<\/p>-->\n            <h3>N\u00e4in\u00a0sijoittajat tekev\u00e4t p\u00e4\u00e4t\u00f6ksi\u00e4 nyt:\u00a0Luottamus ja selkeys ratkaisevat\u00a0\u00a0<\/h3>\n\n            \n            <div class=\"ote\">\n                <p>Onnistunut sijoittajaviestint\u00e4 vaatii&nbsp;muutakin&nbsp;kuin hyv\u00e4t luvut: ymm\u00e4rryst\u00e4 siit\u00e4, ketk\u00e4 ovat p\u00e4\u00e4t\u00f6ksentekij\u00e4t, mist\u00e4 he hakevat tietoa ja [&hellip;]<\/p>\n            <\/div>\n\n        <\/div>\n                <a class=\"laatikkolinkki\" \n           href=\"https:\/\/www.almamedia.fi\/mainostajat\/nain-sijoittajat-tekevat-paatoksia-nyt-luottamus-ja-selkeys-ratkaisevat\/\"\n           aria-label=\"Lue artikkeli: N\u00e4in\u00a0sijoittajat tekev\u00e4t p\u00e4\u00e4t\u00f6ksi\u00e4 nyt:\u00a0Luottamus ja selkeys ratkaisevat\u00a0\u00a0\"\n        ><\/a>\n    <\/div>\n<\/div>\n\n<div>\n    <div class=\"uutislaatikko\">\n        <div class=\"uutiskuva\">\n                            <img decoding=\"async\" src=\"https:\/\/www.almamedia.fi\/mainostajat\/wp-content\/uploads\/sites\/6\/shutterstock_1671177898-1024x536.jpg\" alt=\"\" class=\"uutiskuva__kuva\">\n                    <\/div>\n        <div class=\"uutisteksti\">\n            <!--<p class=\"pvm\">23.1.2026<\/p>-->\n            <h3>N\u00e4m\u00e4 automerkit kiinnostavat eniten \u2013 Mainonnalla merkitt\u00e4v\u00e4 rooli harkintalistan muodostumisessa<\/h3>\n\n            \n            <div class=\"ote\">\n                <p>Tuoreen tutkimuksen mukaan Alma Businessmedioiden yleis\u00f6ss\u00e4 mielenkiinto uuden auton ostoon on kasvanut merkitt\u00e4v\u00e4sti edellisest\u00e4 vuodesta. [&hellip;]<\/p>\n            <\/div>\n\n        <\/div>\n                <a class=\"laatikkolinkki\" \n           href=\"https:\/\/www.almamedia.fi\/mainostajat\/nama-automerkit-kiinnostavat-eniten-mainonnalla-merkittava-rooli-harkintalistan-muodostumisessa\/\"\n           aria-label=\"Lue artikkeli: N\u00e4m\u00e4 automerkit kiinnostavat eniten \u2013 Mainonnalla merkitt\u00e4v\u00e4 rooli harkintalistan muodostumisessa\"\n        ><\/a>\n    <\/div>\n<\/div>\n\n<div>\n    <div class=\"uutislaatikko\">\n        <div class=\"uutiskuva\">\n                            <img decoding=\"async\" src=\"https:\/\/www.almamedia.fi\/mainostajat\/wp-content\/uploads\/sites\/6\/ViisiAgency-Annika-01-photo-KekeLeppala-1024x683.jpeg\" alt=\"\" class=\"uutiskuva__kuva\">\n                    <\/div>\n        <div class=\"uutisteksti\">\n            <!--<p class=\"pvm\">19.12.2025<\/p>-->\n            <h3>\u201cJos jokainen asiakas pit\u00e4\u00e4 hakea mainonnan kautta, br\u00e4ndi\u00e4 ei ole viel\u00e4 rakennettu\u201d \u2013 N\u00e4in syntyy vahva br\u00e4ndi<\/h3>\n\n            \n            <div class=\"ote\">\n                <p>Suomalaiset yritykset kilpailevat yht\u00e4 aikaa halpatuonnin ja globaalien premium\u2011br\u00e4ndien kanssa. Jos tuotteesi ei ole aidosti [&hellip;]<\/p>\n            <\/div>\n\n        <\/div>\n                <a class=\"laatikkolinkki\" \n           href=\"https:\/\/www.almamedia.fi\/mainostajat\/jos-jokainen-asiakas-pitaa-hakea-mainonnan-kautta-brandia-ei-ole-viela-rakennettu-nain-syntyy-vahva-brandi\/\"\n           aria-label=\"Lue artikkeli: \u201cJos jokainen asiakas pit\u00e4\u00e4 hakea mainonnan kautta, br\u00e4ndi\u00e4 ei ole viel\u00e4 rakennettu\u201d \u2013 N\u00e4in syntyy vahva br\u00e4ndi\"\n        ><\/a>\n    <\/div>\n<\/div>\n\n<div>\n    <div class=\"uutislaatikko\">\n        <div class=\"uutiskuva\">\n                            <img decoding=\"async\" src=\"https:\/\/www.almamedia.fi\/mainostajat\/wp-content\/uploads\/sites\/6\/A748979-1024x682.jpg\" alt=\"\" class=\"uutiskuva__kuva\">\n                    <\/div>\n        <div class=\"uutisteksti\">\n            <!--<p class=\"pvm\">17.12.2025<\/p>-->\n            <h3>Alma Spotlight videocast: Kontekstin voima ja algoritmien rajat \u2013 Suunnittelijan opit ostajalle<\/h3>\n\n            \n            <div class=\"ote\">\n                <p>Alma Spotlight siirtyi videostudioon ja sai vieraaksi Kinesson Senior Addressable Planner Pekka Kotilaisen kertomaan, miten [&hellip;]<\/p>\n            <\/div>\n\n        <\/div>\n                <a class=\"laatikkolinkki\" \n           href=\"https:\/\/www.almamedia.fi\/mainostajat\/alma-spotlight-videocast-kontekstin-voima-ja-algoritmien-rajat-suunnittelijan-opit-ostajalle\/\"\n           aria-label=\"Lue artikkeli: Alma Spotlight videocast: Kontekstin voima ja algoritmien rajat \u2013 Suunnittelijan opit ostajalle\"\n        ><\/a>\n    <\/div>\n<\/div>\n\n<div>\n    <div class=\"uutislaatikko\">\n        <div class=\"uutiskuva\">\n                            <img decoding=\"async\" src=\"https:\/\/www.almamedia.fi\/mainostajat\/wp-content\/uploads\/sites\/6\/shutterstock_2143201941-1024x683.jpg\" alt=\"\" class=\"uutiskuva__kuva\">\n                    <\/div>\n        <div class=\"uutisteksti\">\n            <!--<p class=\"pvm\">17.12.2025<\/p>-->\n            <h3>Kuka osui oikeaan? N\u00e4in toteutuivat ohjelmallisen mainonnan ennusteet 2025<\/h3>\n\n            \n            <div class=\"ote\">\n                <p>Vuoden 2025 alussa N\u00e4in Suomi Bidaa -tutkimuksessa esitettiin rohkeita v\u00e4itteit\u00e4 siit\u00e4, mit\u00e4 ohjelmallisen mainonnan kent\u00e4ll\u00e4 [&hellip;]<\/p>\n            <\/div>\n\n        <\/div>\n                <a class=\"laatikkolinkki\" \n           href=\"https:\/\/www.almamedia.fi\/mainostajat\/kuka-osui-oikeaan-nain-toteutuivat-ohjelmallisen-mainonnan-ennusteet-2025\/\"\n           aria-label=\"Lue artikkeli: Kuka osui oikeaan? N\u00e4in toteutuivat ohjelmallisen mainonnan ennusteet 2025\"\n        ><\/a>\n    <\/div>\n<\/div>\n\n<div>\n    <div class=\"uutislaatikko\">\n        <div class=\"uutiskuva\">\n                            <img decoding=\"async\" src=\"https:\/\/www.almamedia.fi\/mainostajat\/wp-content\/uploads\/sites\/6\/shutterstock_653333227-1024x683.jpg\" alt=\"\" class=\"uutiskuva__kuva\">\n                    <\/div>\n        <div class=\"uutisteksti\">\n            <!--<p class=\"pvm\">8.12.2025<\/p>-->\n            <h3>T\u00e4lt\u00e4 digimarkkinointi n\u00e4ytt\u00e4\u00e4 vuonna 2026 \u2013 Trendit ja vinkit markkinointip\u00e4\u00e4tt\u00e4j\u00e4lle<\/h3>\n\n            \n            <div class=\"ote\">\n                <p>Vuosi 2026 jatkaa digimarkkinoinnin saralla jo k\u00e4ynniss\u00e4 olevia muutoksia: teko\u00e4lyst\u00e4 tulee yh\u00e4 vahvemmin osa arkea, [&hellip;]<\/p>\n            <\/div>\n\n        <\/div>\n                <a class=\"laatikkolinkki\" \n           href=\"https:\/\/www.almamedia.fi\/mainostajat\/talta-digimarkkinointi-nayttaa-vuonna-2026-trendit-ja-vinkit-markkinointipaattajalle\/\"\n           aria-label=\"Lue artikkeli: T\u00e4lt\u00e4 digimarkkinointi n\u00e4ytt\u00e4\u00e4 vuonna 2026 \u2013 Trendit ja vinkit markkinointip\u00e4\u00e4tt\u00e4j\u00e4lle\"\n        ><\/a>\n    <\/div>\n<\/div>\n\n<div>\n    <div class=\"uutislaatikko\">\n        <div class=\"uutiskuva\">\n                            <img decoding=\"async\" src=\"https:\/\/www.almamedia.fi\/mainostajat\/wp-content\/uploads\/sites\/6\/Iltalehti-4-1024x419.png\" alt=\"\" class=\"uutiskuva__kuva\">\n                    <\/div>\n        <div class=\"uutisteksti\">\n            <!--<p class=\"pvm\">14.11.2025<\/p>-->\n            <h3>Suomalaisten mediank\u00e4ytt\u00f6 nyt \u2013 Olemme edelleen uutiskansaa, my\u00f6s digiss\u00e4<\/h3>\n\n            \n            <div class=\"ote\">\n                <p>Uutismedian kulutus jatkaa digitalisoitumistaan ja suomalaiset ovat sitoutuneita journalistisiin uutissis\u00e4lt\u00f6ihin. Suomalaisten mediank\u00e4ytt\u00f6 on muuttunut pysyv\u00e4sti [&hellip;]<\/p>\n            <\/div>\n\n        <\/div>\n                <a class=\"laatikkolinkki\" \n           href=\"https:\/\/www.almamedia.fi\/mainostajat\/suomalaisten-mediankaytto-nyt-olemme-edelleen-uutiskansaa-myos-digissa\/\"\n           aria-label=\"Lue artikkeli: Suomalaisten mediank\u00e4ytt\u00f6 nyt \u2013 Olemme edelleen uutiskansaa, my\u00f6s digiss\u00e4\"\n        ><\/a>\n    <\/div>\n<\/div>\n\n<div>\n    <div class=\"uutislaatikko\">\n        <div class=\"uutiskuva\">\n                            <img decoding=\"async\" src=\"https:\/\/www.almamedia.fi\/mainostajat\/wp-content\/uploads\/sites\/6\/Hero-3840x2160_Alma-helsinki3720-1024x576.png\" alt=\"\" class=\"uutiskuva__kuva\">\n                    <\/div>\n        <div class=\"uutisteksti\">\n            <!--<p class=\"pvm\">12.11.2025<\/p>-->\n            <h3>Poliittinen mainonta \u2013 Mit\u00e4 mainostajan tulee tiet\u00e4\u00e4?\u00a0<\/h3>\n\n            \n            <div class=\"ote\">\n                <p>P\u00e4ivitetty 17.12.2025 EU:n uusi&nbsp;poliittisen mainonnan avoimuusasetus (EU 2024\/900),&nbsp;englanniksi&nbsp;Transparency and Targeting of Political Advertising Regulation (TTPA), [&hellip;]<\/p>\n            <\/div>\n\n        <\/div>\n                <a class=\"laatikkolinkki\" \n           href=\"https:\/\/www.almamedia.fi\/mainostajat\/poliittisen-mainonnan-pelisaantoihin-paivitys-mita-mainostajan-on-hyva-tietaa\/\"\n           aria-label=\"Lue artikkeli: Poliittinen mainonta \u2013 Mit\u00e4 mainostajan tulee tiet\u00e4\u00e4?\u00a0\"\n        ><\/a>\n    <\/div>\n<\/div>\n        <\/div>\n\n    \n<\/div>\n\n\n","protected":false},"excerpt":{"rendered":"<p>Nettiauto&nbsp;on Suomen suurin autojen kauppapaikka, jossa noin 600 000 autoa vaihtaa omistajaa joka vuosi.&nbsp; L\u00e4hde: [&hellip;]<\/p>\n","protected":false},"author":105,"featured_media":85479,"parent":82786,"menu_order":0,"comment_status":"closed","ping_status":"closed","template":"","meta":{"_acf_changed":false,"footnotes":""},"class_list":["post-86067","page","type-page","status-publish","has-post-thumbnail","hentry"],"acf":[],"yoast_head":"<!-- This site is optimized with the Yoast SEO plugin v26.9 - https:\/\/yoast.com\/product\/yoast-seo-wordpress\/ -->\n<title>Nettiauto - Alma Media - mainostajat<\/title>\n<meta name=\"description\" content=\"Nettiauto on Suomen suurin autojen kauppapaikka, jossa noin 600 000 autoa vaihtaa omistajaa joka vuosi. Palvelussa etsit\u00e4\u00e4n seuraavaa autoa.\" \/>\n<meta name=\"robots\" content=\"index, follow, max-snippet:-1, max-image-preview:large, max-video-preview:-1\" \/>\n<link rel=\"canonical\" href=\"https:\/\/www.almamedia.fi\/mainostajat\/autoilu-ja-liikkuminen\/nettiauto\/\" \/>\n<meta property=\"og:locale\" content=\"fi_FI\" \/>\n<meta property=\"og:type\" content=\"article\" \/>\n<meta property=\"og:title\" content=\"Nettiauto - Alma Media - mainostajat\" \/>\n<meta property=\"og:description\" content=\"Nettiauto on Suomen suurin autojen kauppapaikka, jossa noin 600 000 autoa vaihtaa omistajaa joka vuosi. Palvelussa etsit\u00e4\u00e4n seuraavaa autoa.\" \/>\n<meta property=\"og:url\" content=\"https:\/\/www.almamedia.fi\/mainostajat\/autoilu-ja-liikkuminen\/nettiauto\/\" \/>\n<meta property=\"og:site_name\" content=\"Alma Media - mainostajat\" \/>\n<meta property=\"article:modified_time\" content=\"2025-06-06T07:53:44+00:00\" \/>\n<meta property=\"og:image\" content=\"https:\/\/www.almamedia.fi\/mainostajat\/wp-content\/uploads\/sites\/6\/shutterstock_2055381515-1-scaled-1-scaled.jpg\" \/>\n\t<meta property=\"og:image:width\" content=\"2048\" \/>\n\t<meta property=\"og:image:height\" content=\"1366\" \/>\n\t<meta property=\"og:image:type\" content=\"image\/jpeg\" \/>\n<meta name=\"twitter:card\" content=\"summary_large_image\" \/>\n<meta name=\"twitter:label1\" content=\"Arvioitu lukuaika\" \/>\n\t<meta name=\"twitter:data1\" content=\"1 minuutti\" \/>\n<script type=\"application\/ld+json\" class=\"yoast-schema-graph\">{\"@context\":\"https:\/\/schema.org\",\"@graph\":[{\"@type\":\"WebPage\",\"@id\":\"https:\/\/www.almamedia.fi\/mainostajat\/autoilu-ja-liikkuminen\/nettiauto\/\",\"url\":\"https:\/\/www.almamedia.fi\/mainostajat\/autoilu-ja-liikkuminen\/nettiauto\/\",\"name\":\"Nettiauto - Alma Media - mainostajat\",\"isPartOf\":{\"@id\":\"https:\/\/www.almamedia.fi\/mainostajat\/#website\"},\"primaryImageOfPage\":{\"@id\":\"https:\/\/www.almamedia.fi\/mainostajat\/autoilu-ja-liikkuminen\/nettiauto\/#primaryimage\"},\"image\":{\"@id\":\"https:\/\/www.almamedia.fi\/mainostajat\/autoilu-ja-liikkuminen\/nettiauto\/#primaryimage\"},\"thumbnailUrl\":\"https:\/\/www.almamedia.fi\/mainostajat\/wp-content\/uploads\/sites\/6\/shutterstock_2055381515-1-scaled-1-scaled.jpg\",\"datePublished\":\"2025-04-08T11:54:46+00:00\",\"dateModified\":\"2025-06-06T07:53:44+00:00\",\"description\":\"Nettiauto on Suomen suurin autojen kauppapaikka, jossa noin 600 000 autoa vaihtaa omistajaa joka vuosi. Palvelussa etsit\u00e4\u00e4n seuraavaa autoa.\",\"breadcrumb\":{\"@id\":\"https:\/\/www.almamedia.fi\/mainostajat\/autoilu-ja-liikkuminen\/nettiauto\/#breadcrumb\"},\"inLanguage\":\"fi\",\"potentialAction\":[{\"@type\":\"ReadAction\",\"target\":[\"https:\/\/www.almamedia.fi\/mainostajat\/autoilu-ja-liikkuminen\/nettiauto\/\"]}]},{\"@type\":\"ImageObject\",\"inLanguage\":\"fi\",\"@id\":\"https:\/\/www.almamedia.fi\/mainostajat\/autoilu-ja-liikkuminen\/nettiauto\/#primaryimage\",\"url\":\"https:\/\/www.almamedia.fi\/mainostajat\/wp-content\/uploads\/sites\/6\/shutterstock_2055381515-1-scaled-1-scaled.jpg\",\"contentUrl\":\"https:\/\/www.almamedia.fi\/mainostajat\/wp-content\/uploads\/sites\/6\/shutterstock_2055381515-1-scaled-1-scaled.jpg\",\"width\":2048,\"height\":1366},{\"@type\":\"BreadcrumbList\",\"@id\":\"https:\/\/www.almamedia.fi\/mainostajat\/autoilu-ja-liikkuminen\/nettiauto\/#breadcrumb\",\"itemListElement\":[{\"@type\":\"ListItem\",\"position\":1,\"name\":\"Etusivu\",\"item\":\"https:\/\/www.almamedia.fi\/mainostajat\/\"},{\"@type\":\"ListItem\",\"position\":2,\"name\":\"Autoilu ja liikkuminen\",\"item\":\"https:\/\/www.almamedia.fi\/mainostajat\/autoilu-ja-liikkuminen\/\"},{\"@type\":\"ListItem\",\"position\":3,\"name\":\"Nettiauto\"}]},{\"@type\":\"WebSite\",\"@id\":\"https:\/\/www.almamedia.fi\/mainostajat\/#website\",\"url\":\"https:\/\/www.almamedia.fi\/mainostajat\/\",\"name\":\"Alma Media - mainostajat\",\"description\":\"\",\"publisher\":{\"@id\":\"https:\/\/www.almamedia.fi\/mainostajat\/#organization\"},\"potentialAction\":[{\"@type\":\"SearchAction\",\"target\":{\"@type\":\"EntryPoint\",\"urlTemplate\":\"https:\/\/www.almamedia.fi\/mainostajat\/?s={search_term_string}\"},\"query-input\":{\"@type\":\"PropertyValueSpecification\",\"valueRequired\":true,\"valueName\":\"search_term_string\"}}],\"inLanguage\":\"fi\"},{\"@type\":\"Organization\",\"@id\":\"https:\/\/www.almamedia.fi\/mainostajat\/#organization\",\"name\":\"Alma Media - mainostajat\",\"url\":\"https:\/\/www.almamedia.fi\/mainostajat\/\",\"logo\":{\"@type\":\"ImageObject\",\"inLanguage\":\"fi\",\"@id\":\"https:\/\/www.almamedia.fi\/mainostajat\/#\/schema\/logo\/image\/\",\"url\":\"https:\/\/www.almamedia.fi\/mainostajat\/wp-content\/uploads\/sites\/6\/alma-media-logo-valkoinen.svg\",\"contentUrl\":\"https:\/\/www.almamedia.fi\/mainostajat\/wp-content\/uploads\/sites\/6\/alma-media-logo-valkoinen.svg\",\"width\":49,\"height\":50,\"caption\":\"Alma Media - mainostajat\"},\"image\":{\"@id\":\"https:\/\/www.almamedia.fi\/mainostajat\/#\/schema\/logo\/image\/\"}}]}<\/script>\n<!-- \/ Yoast SEO plugin. -->","yoast_head_json":{"title":"Nettiauto - Alma Media - mainostajat","description":"Nettiauto on Suomen suurin autojen kauppapaikka, jossa noin 600 000 autoa vaihtaa omistajaa joka vuosi. Palvelussa etsit\u00e4\u00e4n seuraavaa autoa.","robots":{"index":"index","follow":"follow","max-snippet":"max-snippet:-1","max-image-preview":"max-image-preview:large","max-video-preview":"max-video-preview:-1"},"canonical":"https:\/\/www.almamedia.fi\/mainostajat\/autoilu-ja-liikkuminen\/nettiauto\/","og_locale":"fi_FI","og_type":"article","og_title":"Nettiauto - Alma Media - mainostajat","og_description":"Nettiauto on Suomen suurin autojen kauppapaikka, jossa noin 600 000 autoa vaihtaa omistajaa joka vuosi. Palvelussa etsit\u00e4\u00e4n seuraavaa autoa.","og_url":"https:\/\/www.almamedia.fi\/mainostajat\/autoilu-ja-liikkuminen\/nettiauto\/","og_site_name":"Alma Media - mainostajat","article_modified_time":"2025-06-06T07:53:44+00:00","og_image":[{"width":2048,"height":1366,"url":"https:\/\/www.almamedia.fi\/mainostajat\/wp-content\/uploads\/sites\/6\/shutterstock_2055381515-1-scaled-1-scaled.jpg","type":"image\/jpeg"}],"twitter_card":"summary_large_image","twitter_misc":{"Arvioitu lukuaika":"1 minuutti"},"schema":{"@context":"https:\/\/schema.org","@graph":[{"@type":"WebPage","@id":"https:\/\/www.almamedia.fi\/mainostajat\/autoilu-ja-liikkuminen\/nettiauto\/","url":"https:\/\/www.almamedia.fi\/mainostajat\/autoilu-ja-liikkuminen\/nettiauto\/","name":"Nettiauto - Alma Media - mainostajat","isPartOf":{"@id":"https:\/\/www.almamedia.fi\/mainostajat\/#website"},"primaryImageOfPage":{"@id":"https:\/\/www.almamedia.fi\/mainostajat\/autoilu-ja-liikkuminen\/nettiauto\/#primaryimage"},"image":{"@id":"https:\/\/www.almamedia.fi\/mainostajat\/autoilu-ja-liikkuminen\/nettiauto\/#primaryimage"},"thumbnailUrl":"https:\/\/www.almamedia.fi\/mainostajat\/wp-content\/uploads\/sites\/6\/shutterstock_2055381515-1-scaled-1-scaled.jpg","datePublished":"2025-04-08T11:54:46+00:00","dateModified":"2025-06-06T07:53:44+00:00","description":"Nettiauto on Suomen suurin autojen kauppapaikka, jossa noin 600 000 autoa vaihtaa omistajaa joka vuosi. Palvelussa etsit\u00e4\u00e4n seuraavaa autoa.","breadcrumb":{"@id":"https:\/\/www.almamedia.fi\/mainostajat\/autoilu-ja-liikkuminen\/nettiauto\/#breadcrumb"},"inLanguage":"fi","potentialAction":[{"@type":"ReadAction","target":["https:\/\/www.almamedia.fi\/mainostajat\/autoilu-ja-liikkuminen\/nettiauto\/"]}]},{"@type":"ImageObject","inLanguage":"fi","@id":"https:\/\/www.almamedia.fi\/mainostajat\/autoilu-ja-liikkuminen\/nettiauto\/#primaryimage","url":"https:\/\/www.almamedia.fi\/mainostajat\/wp-content\/uploads\/sites\/6\/shutterstock_2055381515-1-scaled-1-scaled.jpg","contentUrl":"https:\/\/www.almamedia.fi\/mainostajat\/wp-content\/uploads\/sites\/6\/shutterstock_2055381515-1-scaled-1-scaled.jpg","width":2048,"height":1366},{"@type":"BreadcrumbList","@id":"https:\/\/www.almamedia.fi\/mainostajat\/autoilu-ja-liikkuminen\/nettiauto\/#breadcrumb","itemListElement":[{"@type":"ListItem","position":1,"name":"Etusivu","item":"https:\/\/www.almamedia.fi\/mainostajat\/"},{"@type":"ListItem","position":2,"name":"Autoilu ja liikkuminen","item":"https:\/\/www.almamedia.fi\/mainostajat\/autoilu-ja-liikkuminen\/"},{"@type":"ListItem","position":3,"name":"Nettiauto"}]},{"@type":"WebSite","@id":"https:\/\/www.almamedia.fi\/mainostajat\/#website","url":"https:\/\/www.almamedia.fi\/mainostajat\/","name":"Alma Media - mainostajat","description":"","publisher":{"@id":"https:\/\/www.almamedia.fi\/mainostajat\/#organization"},"potentialAction":[{"@type":"SearchAction","target":{"@type":"EntryPoint","urlTemplate":"https:\/\/www.almamedia.fi\/mainostajat\/?s={search_term_string}"},"query-input":{"@type":"PropertyValueSpecification","valueRequired":true,"valueName":"search_term_string"}}],"inLanguage":"fi"},{"@type":"Organization","@id":"https:\/\/www.almamedia.fi\/mainostajat\/#organization","name":"Alma Media - mainostajat","url":"https:\/\/www.almamedia.fi\/mainostajat\/","logo":{"@type":"ImageObject","inLanguage":"fi","@id":"https:\/\/www.almamedia.fi\/mainostajat\/#\/schema\/logo\/image\/","url":"https:\/\/www.almamedia.fi\/mainostajat\/wp-content\/uploads\/sites\/6\/alma-media-logo-valkoinen.svg","contentUrl":"https:\/\/www.almamedia.fi\/mainostajat\/wp-content\/uploads\/sites\/6\/alma-media-logo-valkoinen.svg","width":49,"height":50,"caption":"Alma Media - mainostajat"},"image":{"@id":"https:\/\/www.almamedia.fi\/mainostajat\/#\/schema\/logo\/image\/"}}]}},"lang":"fi","translations":{"fi":86067,"en":90441},"pll_sync_post":[],"_links":{"self":[{"href":"https:\/\/www.almamedia.fi\/mainostajat\/wp-json\/wp\/v2\/pages\/86067","targetHints":{"allow":["GET"]}}],"collection":[{"href":"https:\/\/www.almamedia.fi\/mainostajat\/wp-json\/wp\/v2\/pages"}],"about":[{"href":"https:\/\/www.almamedia.fi\/mainostajat\/wp-json\/wp\/v2\/types\/page"}],"author":[{"embeddable":true,"href":"https:\/\/www.almamedia.fi\/mainostajat\/wp-json\/wp\/v2\/users\/105"}],"replies":[{"embeddable":true,"href":"https:\/\/www.almamedia.fi\/mainostajat\/wp-json\/wp\/v2\/comments?post=86067"}],"version-history":[{"count":0,"href":"https:\/\/www.almamedia.fi\/mainostajat\/wp-json\/wp\/v2\/pages\/86067\/revisions"}],"up":[{"embeddable":true,"href":"https:\/\/www.almamedia.fi\/mainostajat\/wp-json\/wp\/v2\/pages\/82786"}],"wp:featuredmedia":[{"embeddable":true,"href":"https:\/\/www.almamedia.fi\/mainostajat\/wp-json\/wp\/v2\/media\/85479"}],"wp:attachment":[{"href":"https:\/\/www.almamedia.fi\/mainostajat\/wp-json\/wp\/v2\/media?parent=86067"}],"curies":[{"name":"wp","href":"https:\/\/api.w.org\/{rel}","templated":true}]}}