{"id":86042,"date":"2025-04-08T14:26:16","date_gmt":"2025-04-08T11:26:16","guid":{"rendered":"https:\/\/www.almamedia.fi\/mainostajat\/?page_id=86042"},"modified":"2025-05-23T14:16:09","modified_gmt":"2025-05-23T11:16:09","slug":"vuokraovi-com","status":"publish","type":"page","link":"https:\/\/www.almamedia.fi\/mainostajat\/alma-asuminen\/vuokraovi-com\/","title":{"rendered":"Vuokraovi.com"},"content":{"rendered":"\n<div style=\"height:128px\" aria-hidden=\"true\" class=\"wp-block-spacer\"><\/div>\n\n\n\n<div class=\"wp-block-columns is-layout-flex wp-container-core-columns-is-layout-9d6595d7 wp-block-columns-is-layout-flex\">\n<div class=\"wp-block-column is-vertically-aligned-bottom is-layout-flow wp-block-column-is-layout-flow\" style=\"flex-basis:56%\">\n<h2 class=\"wp-block-heading\">Vuokraovi.com on kohderyhm\u00e4media, joka tavoittaa vuokra-asumisesta kiinnostuneet<\/h2>\n<\/div>\n\n\n\n<div class=\"wp-block-column is-layout-flow wp-block-column-is-layout-flow\" style=\"flex-basis:44%\">\n<div class=\"wp-block-columns is-layout-flex wp-container-core-columns-is-layout-9d6595d7 wp-block-columns-is-layout-flex\">\n<div class=\"wp-block-column is-layout-flow wp-block-column-is-layout-flow\"><\/div>\n<\/div>\n\n\n\n<div  class=\"numero-animoitu has-text-align-right has-top-line has-number-color-green has-font-size-l has-line-color-light has-text-size-m\">\n\n    \n    <div class=\"numero-wrapper\">\n                    <span class=\"netello-line netello-line-animated\"><\/span>\n                \n                    <span class=\"netello-number-counter \" data-target=\"257000\">0<\/span>\n        \n            <\/div>\n\n    <div class=\"alateksti\"><p>K\u00c4YTT\u00c4J\u00c4\u00c4 JOKA VIIKKO.<\/p>\n<\/div>\n<\/div>\n\n\n\n\n\n\n<p class=\"has-text-align-right\"><em><sup>L\u00e4hde: FIAM 2024 vko 32-35<\/sup><\/em><\/p>\n<\/div>\n<\/div>\n\n\n\n<div style=\"height:11rem\" aria-hidden=\"true\" class=\"wp-block-spacer\"><\/div>\n\n\n\n<div style=\"max-width:1050px;margin-left:auto;margin-right:auto\" class=\"wp-block-netello-max-width-container\">\n<div data-aos=\"fade-up\" class=\"wp-block-netello-animation\"><div class=\"wrapper\">\n<p class=\"has-text-align-center has-medium-font-size\"><strong>Vuokraovi.com on kohderyhm\u00e4media, joka tavoittaa vuokra-asumisesta kiinnostuneet. Vuokraovi.comin tyypillinen k\u00e4vij\u00e4 on 18-34 -vuotias nuori aikuinen. Palvelun k\u00e4ytt\u00f6 on jatkuvassa kasvussa. Ilmoita sin\u00e4kin vapaana olevasta vuokra-asunnostasi Vuokraovi.comissa tai hy\u00f6dynn\u00e4 yrityksesi mainonnassa palvelun monipuolisia verkko- ja mobiilimainonnan ratkaisuja.<\/strong><\/p>\n\n\n\n<p class=\"has-text-align-center\"><a href=\"http:\/\/avain.etuovi.com\/vuokraovi.com\/kohdeilmoittelu.html\" target=\"_blank\" rel=\"noreferrer noopener\"><strong>Kohde-ilmoittelu<\/strong><\/a>\u2800|\u2800<a href=\"http:\/\/avain.etuovi.com\/vuokraovi.com\/valtakunnallinen-mainonta.html\" target=\"_blank\" rel=\"noreferrer noopener\"><strong>Mainosratkaisut<\/strong><\/a>\u2800|\u2800<a href=\"http:\/\/www.vuokraovi.com\/\" target=\"_blank\" rel=\"noreferrer noopener\"><strong>Vuokraovi.com<\/strong><\/a><\/p>\n<\/div><\/div>\n<\/div>\n\n\n\n<div style=\"height:10rem\" aria-hidden=\"true\" class=\"wp-block-spacer\"><\/div>\n\n\n<div data-aos=\"fade-up\"         class=\"iso-otsikko has-align-center  has-font-size-s\">\n\n    <h2 class=\"otsikko\">\n        \n            Vuokraovesta l\u00f6yd\u00e4t oikean yleis\u00f6n\n            <\/h2>\n<\/div>\n\n\n\n<div class=\"wp-block-netello-container align-center\"><div class=\"wrapper\">\n<div style=\"height:2rem\" aria-hidden=\"true\" class=\"wp-block-spacer\"><\/div>\n\n\n\n<div class=\"wp-block-columns is-layout-flex wp-container-core-columns-is-layout-9d6595d7 wp-block-columns-is-layout-flex\">\n<div class=\"wp-block-column is-layout-flow wp-block-column-is-layout-flow\">\n<div  class=\"numero-animoitu has-text-align-center has-top-line has-full-width-top-line has-number-color-white has-font-size-s has-line-color-purple has-text-size-m\">\n\n    \n    <div class=\"numero-wrapper\">\n                    <span class=\"netello-line netello-line-animated\"><\/span>\n                \n                    <span class=\"netello-number-counter \" data-target=\"257000\">0<\/span>\n        \n            <\/div>\n\n    <div class=\"alateksti\"><p>VIIKKOTAVOITTAVUUS<\/p>\n<\/div>\n<\/div>\n\n\n\n<\/div>\n\n\n\n<div class=\"wp-block-column is-layout-flow wp-block-column-is-layout-flow\">\n<div  class=\"numero-animoitu has-text-align-center has-top-line has-full-width-top-line has-number-color-white has-font-size-s has-line-color-purple has-text-size-m\">\n\n    \n    <div class=\"numero-wrapper\">\n                    <span class=\"netello-line netello-line-animated\"><\/span>\n                \n                    <span class=\"netello-number-counter \" data-target=\"77\">0<\/span>\n        \n        <span>%<\/span>    <\/div>\n\n    <div class=\"alateksti\"><p>K\u00c4YTT\u00c4\u00c4 PALVELUA \u00c4LYPUHELIMELLA<\/p>\n<\/div>\n<\/div>\n\n\n\n<\/div>\n\n\n\n<div class=\"wp-block-column is-vertically-aligned-center is-layout-flow wp-block-column-is-layout-flow\">\n<div  class=\"numero-animoitu has-text-align-center has-top-line has-full-width-top-line has-number-color-white has-font-size-s has-line-color-purple has-text-size-m\">\n\n    \n    <div class=\"numero-wrapper\">\n                    <span class=\"netello-line netello-line-animated\"><\/span>\n                \n                    <span class=\"netello-number-counter \" data-target=\"20\">0<\/span>\n        \n        <span>%<\/span>    <\/div>\n\n    <div class=\"alateksti\"><p>K\u00c4YTT\u00c4\u00c4 PALVELUA TIETOKONEELLA<\/p>\n<\/div>\n<\/div>\n\n\n\n<\/div>\n\n\n\n<div class=\"wp-block-column is-layout-flow wp-block-column-is-layout-flow\">\n<div  class=\"numero-animoitu has-text-align-center has-top-line has-full-width-top-line has-number-color-white has-font-size-s has-line-color-purple has-text-size-m\">\n\n    \n    <div class=\"numero-wrapper\">\n                    <span class=\"netello-line netello-line-animated\"><\/span>\n                \n                    <span class=\"netello-number-counter \" data-target=\"3\">0<\/span>\n        \n        <span>%<\/span>    <\/div>\n\n    <div class=\"alateksti\"><p>K\u00c4YTT\u00c4\u00c4 PALVELUA TABLETILLA<\/p>\n<\/div>\n<\/div>\n\n\n\n<\/div>\n<\/div>\n\n\n\n<div style=\"height:1rem\" aria-hidden=\"true\" class=\"wp-block-spacer\"><\/div>\n\n\n\n<p class=\"has-text-align-right\"><em><sup>L\u00e4hde: FIAM 2024 vko 32-35, GA 4\/2022<\/sup><\/em><\/p>\n<\/div><\/div>\n\n\n\n<div style=\"height:8rem\" aria-hidden=\"true\" class=\"wp-block-spacer\"><\/div>\n\n\n\n<div data-aos=\"fade-up\" id=\"Artikkelit-block_92fc5a7e9c561a2636fadd4537c6d109\" class=\"isot-artikkeli-nostot   has-wide-style\">\n\n            <div class=\"ylaosa\">\n                            <h2 class=\"isot-artikkeli-nostot-otsikko\">\n                    INSPIROIDU KANSSAMME                <\/h2>\n                        <div class=\"arrows-wrapper\"><\/div>\n        <\/div>\n    \n    \n    \n        <div class=\"isot-artikkeli-nostot-wrapper isot-artikkeli-nostot-karuselli \">\n            \n<div>\n    <div class=\"uutislaatikko\">\n        <div class=\"uutiskuva\">\n                            <img decoding=\"async\" src=\"https:\/\/www.almamedia.fi\/mainostajat\/wp-content\/uploads\/sites\/6\/Hero-3840x2160_Shutterstock-2458630829-1024x576.png\" alt=\"\" class=\"uutiskuva__kuva\">\n                    <\/div>\n        <div class=\"uutisteksti\">\n            <!--<p class=\"pvm\">27.4.2026<\/p>-->\n            <h3>It all started with 15 billion\u00a0scam\u00a0ads a day \u2013\u00a0eventually,\u00a0IAB\u00a0Sweden drew the line\u00a0<\/h3>\n\n            \n            <div class=\"ote\">\n                <p>I remember how shocked I was at the end of last year when Reuters reported\u00a0that [&hellip;]<\/p>\n            <\/div>\n\n        <\/div>\n                <a class=\"laatikkolinkki\" \n           href=\"https:\/\/www.almamedia.fi\/mainostajat\/en\/it-all-started-with-15-billion-scam-ads-a-day-eventually-iab-sweden-drew-the-line\/\"\n           aria-label=\"Lue artikkeli: It all started with 15 billion\u00a0scam\u00a0ads a day \u2013\u00a0eventually,\u00a0IAB\u00a0Sweden drew the line\u00a0\"\n        ><\/a>\n    <\/div>\n<\/div>\n\n<div>\n    <div class=\"uutislaatikko\">\n        <div class=\"uutiskuva\">\n                            <img decoding=\"async\" src=\"https:\/\/www.almamedia.fi\/mainostajat\/wp-content\/uploads\/sites\/6\/Hero-3840x2160_Shutterstock-2458630829-1024x576.png\" alt=\"\" class=\"uutiskuva__kuva\">\n                    <\/div>\n        <div class=\"uutisteksti\">\n            <!--<p class=\"pvm\">27.4.2026<\/p>-->\n            <h3>Kaikki alkoi 15 miljardista huijausmainoksesta p\u00e4iv\u00e4ss\u00e4, ja lopulta Ruotsi teki sen, mit\u00e4 muut eiv\u00e4t uskaltaneet<\/h3>\n\n            \n            <div class=\"ote\">\n                <p>Muistan itse kuinka p\u00f6yristynyt olin viime vuoden lopulla, kun\u00a0Reuters uutisoi\u00a0Metalla py\u00f6riv\u00e4n jopa 15 miljardia huijausmainosta [&hellip;]<\/p>\n            <\/div>\n\n        <\/div>\n                <a class=\"laatikkolinkki\" \n           href=\"https:\/\/www.almamedia.fi\/mainostajat\/kaikki-alkoi-15-miljardista-huijausmainoksesta-paivassa-ja-lopulta-ruotsi-teki-sen-mita-muut-eivat-uskaltaneet\/\"\n           aria-label=\"Lue artikkeli: Kaikki alkoi 15 miljardista huijausmainoksesta p\u00e4iv\u00e4ss\u00e4, ja lopulta Ruotsi teki sen, mit\u00e4 muut eiv\u00e4t uskaltaneet\"\n        ><\/a>\n    <\/div>\n<\/div>\n\n<div>\n    <div class=\"uutislaatikko\">\n        <div class=\"uutiskuva\">\n                            <img decoding=\"async\" src=\"https:\/\/www.almamedia.fi\/mainostajat\/wp-content\/uploads\/sites\/6\/shutterstock_626723336-1-scaled-e1740039857246-1024x538.jpg\" alt=\"\" class=\"uutiskuva__kuva\">\n                    <\/div>\n        <div class=\"uutisteksti\">\n            <!--<p class=\"pvm\">23.4.2026<\/p>-->\n            <h3>Finland\u2019s Programmatic Reality Check: Alma Survey highlights efficiency, attention, quality and smarter workflows<\/h3>\n\n            \n            <div class=\"ote\">\n                <p>Alma&nbsp;conducts&nbsp;an annual&nbsp;programmatic&nbsp;survey&nbsp;State of Programmatic in Finland&nbsp;which is targeted to programmatic buyers across Finnish&nbsp;agencies and in-house [&hellip;]<\/p>\n            <\/div>\n\n        <\/div>\n                <a class=\"laatikkolinkki\" \n           href=\"https:\/\/www.almamedia.fi\/mainostajat\/en\/state-of-programmatic-in-finland-survey\/\"\n           aria-label=\"Lue artikkeli: Finland\u2019s Programmatic Reality Check: Alma Survey highlights efficiency, attention, quality and smarter workflows\"\n        ><\/a>\n    <\/div>\n<\/div>\n\n<div>\n    <div class=\"uutislaatikko\">\n        <div class=\"uutiskuva\">\n                            <img decoding=\"async\" src=\"https:\/\/www.almamedia.fi\/mainostajat\/wp-content\/uploads\/sites\/6\/shutterstock_2314172427-1024x610.jpg\" alt=\"\" class=\"uutiskuva__kuva\">\n                    <\/div>\n        <div class=\"uutisteksti\">\n            <!--<p class=\"pvm\">14.4.2026<\/p>-->\n            <h3>Lappi kiinnostaa ymp\u00e4ri vuoden \u2013\u00a0Kotimaan matkailulle tyypillisin este on hinta\u00a0<\/h3>\n\n            \n            <div class=\"ote\">\n                <p>Alma Median matkailututkimuksesta selvi\u00e4\u00e4, ett\u00e4\u00a0kiinnostusta\u00a0kotimaan matkailuun\u00a0on runsaasti, mutta esteet ovat konkreettisia.\u00a0Markkinoinnin on\u00a0hyv\u00e4 vastata\u00a0suoraan hinta- ja [&hellip;]<\/p>\n            <\/div>\n\n        <\/div>\n                <a class=\"laatikkolinkki\" \n           href=\"https:\/\/www.almamedia.fi\/mainostajat\/lappi-kiinnostaa-ympari-vuoden-kotimaan-matkailulle-tyypillisin-este-on-hinta\/\"\n           aria-label=\"Lue artikkeli: Lappi kiinnostaa ymp\u00e4ri vuoden \u2013\u00a0Kotimaan matkailulle tyypillisin este on hinta\u00a0\"\n        ><\/a>\n    <\/div>\n<\/div>\n\n<div>\n    <div class=\"uutislaatikko\">\n        <div class=\"uutiskuva\">\n                            <img decoding=\"async\" src=\"https:\/\/www.almamedia.fi\/mainostajat\/wp-content\/uploads\/sites\/6\/shutterstock_2055381515-1024x683.jpeg\" alt=\"\" class=\"uutiskuva__kuva\">\n                    <\/div>\n        <div class=\"uutisteksti\">\n            <!--<p class=\"pvm\">1.4.2026<\/p>-->\n            <h3>Auton ostoprosessi on muuttunut\u00a0\u2013\u00a0Tiedonhaku\u00a0on perusteellista ja monikanavaista\u00a0<\/h3>\n\n            \n            <div class=\"ote\">\n                <p>Autonostajan matka\u00a0ostop\u00e4\u00e4t\u00f6kseen on muuttunut. Alma Businessmedioiden Autotutkimuksen mukaan\u00a0ostoprosessi on pidentynyt ja monimutkaistunut: ostaja k\u00e4ytt\u00e4\u00e4 keskim\u00e4\u00e4rin\u00a03\u20134\u00a0eri [&hellip;]<\/p>\n            <\/div>\n\n        <\/div>\n                <a class=\"laatikkolinkki\" \n           href=\"https:\/\/www.almamedia.fi\/mainostajat\/auton-ostoprosessi-on-muuttunut-tiedonhaku-on-perusteellista-ja-monikanavaista\/\"\n           aria-label=\"Lue artikkeli: Auton ostoprosessi on muuttunut\u00a0\u2013\u00a0Tiedonhaku\u00a0on perusteellista ja monikanavaista\u00a0\"\n        ><\/a>\n    <\/div>\n<\/div>\n\n<div>\n    <div class=\"uutislaatikko\">\n        <div class=\"uutiskuva\">\n                            <img decoding=\"async\" src=\"https:\/\/www.almamedia.fi\/mainostajat\/wp-content\/uploads\/sites\/6\/shutterstock_423074461-1024x683.jpg\" alt=\"\" class=\"uutiskuva__kuva\">\n                    <\/div>\n        <div class=\"uutisteksti\">\n            <!--<p class=\"pvm\">18.3.2026<\/p>-->\n            <h3>Tunnettuus ei v\u00e4ltt\u00e4m\u00e4tt\u00e4 k\u00e4\u00e4nny varauksiksi \u2013\u202fN\u00e4in suomalaiset tekev\u00e4t\u00a0matkailup\u00e4\u00e4t\u00f6ksi\u00e4\u00a0\u00a0<\/h3>\n\n            \n            <div class=\"ote\">\n                <p>Pelkk\u00e4 tunnettuus ei en\u00e4\u00e4 riit\u00e4&nbsp;matkailualalla. Alma Median&nbsp;matkailualan&nbsp;tutkimuksesta selvi\u00e4\u00e4, miksi vain harva matkailubr\u00e4ndi p\u00e4\u00e4see kuluttajien varauslistalle.&nbsp; [&hellip;]<\/p>\n            <\/div>\n\n        <\/div>\n                <a class=\"laatikkolinkki\" \n           href=\"https:\/\/www.almamedia.fi\/mainostajat\/tunnettuus-ei-valttamatta-kaanny-varauksiksi-nain-suomalaiset-tekevat-matkailupaatoksia\/\"\n           aria-label=\"Lue artikkeli: Tunnettuus ei v\u00e4ltt\u00e4m\u00e4tt\u00e4 k\u00e4\u00e4nny varauksiksi \u2013\u202fN\u00e4in suomalaiset tekev\u00e4t\u00a0matkailup\u00e4\u00e4t\u00f6ksi\u00e4\u00a0\u00a0\"\n        ><\/a>\n    <\/div>\n<\/div>\n\n<div>\n    <div class=\"uutislaatikko\">\n        <div class=\"uutiskuva\">\n                            <img decoding=\"async\" src=\"https:\/\/www.almamedia.fi\/mainostajat\/wp-content\/uploads\/sites\/6\/shutterstock_540839347-1024x576.jpg\" alt=\"\" class=\"uutiskuva__kuva\">\n                    <\/div>\n        <div class=\"uutisteksti\">\n            <!--<p class=\"pvm\">16.3.2026<\/p>-->\n            <h3>Miten ostajien markkinapaikat muuttavat ohjelmallista kaupank\u00e4ynti\u00e4?<\/h3>\n\n            \n            <div class=\"ote\">\n                <p>Ohjelmallisen mainonnan ekosysteemi on j\u00e4\u00e4nyt alan sis\u00e4ll\u00e4kin haasteelliseksi hahmottaa, sill\u00e4 liikkuvia osia on paljon ja [&hellip;]<\/p>\n            <\/div>\n\n        <\/div>\n                <a class=\"laatikkolinkki\" \n           href=\"https:\/\/www.almamedia.fi\/mainostajat\/miten-ostajien-markkinapaikat-muuttavat-ohjelmallista-kaupankayntia\/\"\n           aria-label=\"Lue artikkeli: Miten ostajien markkinapaikat muuttavat ohjelmallista kaupank\u00e4ynti\u00e4?\"\n        ><\/a>\n    <\/div>\n<\/div>\n\n<div>\n    <div class=\"uutislaatikko\">\n        <div class=\"uutiskuva\">\n                            <img decoding=\"async\" src=\"https:\/\/www.almamedia.fi\/mainostajat\/wp-content\/uploads\/sites\/6\/b2b-markkinointi-opas-1024x681.jpeg\" alt=\"\" class=\"uutiskuva__kuva\">\n                    <\/div>\n        <div class=\"uutisteksti\">\n            <!--<p class=\"pvm\">9.3.2026<\/p>-->\n            <h3>Nelj\u00e4 vinkki\u00e4 automerkin markkinointiin\u00a0\u2013\u00a0N\u00e4in mainonta vaikuttaa ostop\u00e4\u00e4t\u00f6kseen\u00a0<\/h3>\n\n            \n            <div class=\"ote\">\n                <p>Oikein kohdennettuna automainos\u00a0k\u00e4ynnist\u00e4\u00e4 harkinnan\u00a0jo ennen autoliikkeen ovelle astumista. Nelj\u00e4 vinkki\u00e4\u00a0mainostajalle\u00a0auttavat rakentamaan tehokkaan\u00a0kampanjan Alma Businessmedioiden yleis\u00f6lle.\u00a0 [&hellip;]<\/p>\n            <\/div>\n\n        <\/div>\n                <a class=\"laatikkolinkki\" \n           href=\"https:\/\/www.almamedia.fi\/mainostajat\/nelja-vinkkia-automerkin-markkinointiin-nain-mainonta-vaikuttaa-ostopaatokseen\/\"\n           aria-label=\"Lue artikkeli: Nelj\u00e4 vinkki\u00e4 automerkin markkinointiin\u00a0\u2013\u00a0N\u00e4in mainonta vaikuttaa ostop\u00e4\u00e4t\u00f6kseen\u00a0\"\n        ><\/a>\n    <\/div>\n<\/div>\n\n<div>\n    <div class=\"uutislaatikko\">\n        <div class=\"uutiskuva\">\n                            <img decoding=\"async\" src=\"https:\/\/www.almamedia.fi\/mainostajat\/wp-content\/uploads\/sites\/6\/shutterstock_626723336-1-scaled-e1740039857246-1024x538.jpg\" alt=\"\" class=\"uutiskuva__kuva\">\n                    <\/div>\n        <div class=\"uutisteksti\">\n            <!--<p class=\"pvm\">4.3.2026<\/p>-->\n            <h3>N\u00e4in Suomi bidaa vuonna 2026: Lataa ohjelmallisen mainonnan katsaus<\/h3>\n\n            \n            <div class=\"ote\">\n                <p>N\u00e4in Suomi Bidaa -kysely on Alman vuosittain tekem\u00e4 tutkimus ohjelmallisen mainonnan ostajille ja sen tavoitteena [&hellip;]<\/p>\n            <\/div>\n\n        <\/div>\n                <a class=\"laatikkolinkki\" \n           href=\"https:\/\/www.almamedia.fi\/mainostajat\/nain-suomi-bidaa-vuonna-2026-lataa-ohjelmallisen-mainonnan-katsaus\/\"\n           aria-label=\"Lue artikkeli: N\u00e4in Suomi bidaa vuonna 2026: Lataa ohjelmallisen mainonnan katsaus\"\n        ><\/a>\n    <\/div>\n<\/div>\n\n<div>\n    <div class=\"uutislaatikko\">\n        <div class=\"uutiskuva\">\n                            <img decoding=\"async\" src=\"https:\/\/www.almamedia.fi\/mainostajat\/wp-content\/uploads\/sites\/6\/Ensimmaisen-kampanjan-osto-opas-1920x960-1-e1747743967894-1024x665.png\" alt=\"\" class=\"uutiskuva__kuva\">\n                    <\/div>\n        <div class=\"uutisteksti\">\n            <!--<p class=\"pvm\">27.2.2026<\/p>-->\n            <h3>N\u00e4in\u00a0sijoittajat tekev\u00e4t p\u00e4\u00e4t\u00f6ksi\u00e4 nyt:\u00a0Luottamus ja selkeys ratkaisevat\u00a0\u00a0<\/h3>\n\n            \n            <div class=\"ote\">\n                <p>Onnistunut sijoittajaviestint\u00e4 vaatii&nbsp;muutakin&nbsp;kuin hyv\u00e4t luvut: ymm\u00e4rryst\u00e4 siit\u00e4, ketk\u00e4 ovat p\u00e4\u00e4t\u00f6ksentekij\u00e4t, mist\u00e4 he hakevat tietoa ja [&hellip;]<\/p>\n            <\/div>\n\n        <\/div>\n                <a class=\"laatikkolinkki\" \n           href=\"https:\/\/www.almamedia.fi\/mainostajat\/nain-sijoittajat-tekevat-paatoksia-nyt-luottamus-ja-selkeys-ratkaisevat\/\"\n           aria-label=\"Lue artikkeli: N\u00e4in\u00a0sijoittajat tekev\u00e4t p\u00e4\u00e4t\u00f6ksi\u00e4 nyt:\u00a0Luottamus ja selkeys ratkaisevat\u00a0\u00a0\"\n        ><\/a>\n    <\/div>\n<\/div>\n\n<div>\n    <div class=\"uutislaatikko\">\n        <div class=\"uutiskuva\">\n                            <img decoding=\"async\" src=\"https:\/\/www.almamedia.fi\/mainostajat\/wp-content\/uploads\/sites\/6\/Ohjelmallinen-Podcast-JonneSalovaara-002-1024x683.jpg\" alt=\"\" class=\"uutiskuva__kuva\">\n                    <\/div>\n        <div class=\"uutisteksti\">\n            <!--<p class=\"pvm\">26.1.2026<\/p>-->\n            <h3>Ohjelmallisen tiimin uusi vahvistus Jonne Salovaara: Ostopuolelta julkaisijan p\u00f6yd\u00e4n \u00e4\u00e4reen\u00a0<\/h3>\n\n            \n            <div class=\"ote\">\n                <p>Aloitin\u00a0Alman ohjelmallisen tiimiss\u00e4 loppuvuodesta 2025. T\u00e4ss\u00e4 blogipostauksessa avaan\u00a0omia odotuksiani ohjelmallisen markkinaa silm\u00e4ll\u00e4 pit\u00e4en t\u00e4lle vuodelle.\u00a0 [&hellip;]<\/p>\n            <\/div>\n\n        <\/div>\n                <a class=\"laatikkolinkki\" \n           href=\"https:\/\/www.almamedia.fi\/mainostajat\/ohjelmallisen-tiimin-uusi-vahvistus-jonne-salovaara-ostopuolelta-julkaisijan-poydan-aareen\/\"\n           aria-label=\"Lue artikkeli: Ohjelmallisen tiimin uusi vahvistus Jonne Salovaara: Ostopuolelta julkaisijan p\u00f6yd\u00e4n \u00e4\u00e4reen\u00a0\"\n        ><\/a>\n    <\/div>\n<\/div>\n\n<div>\n    <div class=\"uutislaatikko\">\n        <div class=\"uutiskuva\">\n                            <img decoding=\"async\" src=\"https:\/\/www.almamedia.fi\/mainostajat\/wp-content\/uploads\/sites\/6\/shutterstock_1671177898-1024x536.jpg\" alt=\"\" class=\"uutiskuva__kuva\">\n                    <\/div>\n        <div class=\"uutisteksti\">\n            <!--<p class=\"pvm\">23.1.2026<\/p>-->\n            <h3>N\u00e4m\u00e4 automerkit kiinnostavat eniten \u2013 Mainonnalla merkitt\u00e4v\u00e4 rooli harkintalistan muodostumisessa<\/h3>\n\n            \n            <div class=\"ote\">\n                <p>Tuoreen tutkimuksen mukaan Alma Businessmedioiden yleis\u00f6ss\u00e4 mielenkiinto uuden auton ostoon on kasvanut merkitt\u00e4v\u00e4sti edellisest\u00e4 vuodesta. [&hellip;]<\/p>\n            <\/div>\n\n        <\/div>\n                <a class=\"laatikkolinkki\" \n           href=\"https:\/\/www.almamedia.fi\/mainostajat\/nama-automerkit-kiinnostavat-eniten-mainonnalla-merkittava-rooli-harkintalistan-muodostumisessa\/\"\n           aria-label=\"Lue artikkeli: N\u00e4m\u00e4 automerkit kiinnostavat eniten \u2013 Mainonnalla merkitt\u00e4v\u00e4 rooli harkintalistan muodostumisessa\"\n        ><\/a>\n    <\/div>\n<\/div>\n        <\/div>\n\n    \n<\/div>\n\n\n","protected":false},"excerpt":{"rendered":"<p>Vuokraovi.com on kohderyhm\u00e4media, joka tavoittaa vuokra-asumisesta kiinnostuneet L\u00e4hde: FIAM 2024 vko 32-35<\/p>\n","protected":false},"author":105,"featured_media":0,"parent":86048,"menu_order":0,"comment_status":"closed","ping_status":"closed","template":"","meta":{"_acf_changed":false,"footnotes":""},"class_list":["post-86042","page","type-page","status-publish","hentry"],"acf":[],"yoast_head":"<!-- This site is optimized with the Yoast SEO plugin v26.9 - https:\/\/yoast.com\/product\/yoast-seo-wordpress\/ -->\n<title>Vuokraovi.com - Alma Media - mainostajat<\/title>\n<meta name=\"description\" content=\"Vuokraovi.com on kohderyhm\u00e4media, joka tavoittaa vuokra-asumisesta kiinnostuneet. Vuokraovi.comin tyypillinen k\u00e4vij\u00e4 on 18-34 -vuotias nuori aikuinen.\" \/>\n<meta name=\"robots\" content=\"index, follow, max-snippet:-1, max-image-preview:large, max-video-preview:-1\" \/>\n<link rel=\"canonical\" href=\"https:\/\/www.almamedia.fi\/mainostajat\/alma-asuminen\/vuokraovi-com\/\" \/>\n<meta property=\"og:locale\" content=\"fi_FI\" \/>\n<meta property=\"og:type\" content=\"article\" \/>\n<meta property=\"og:title\" content=\"Vuokraovi.com - Alma Media - mainostajat\" \/>\n<meta property=\"og:description\" content=\"Vuokraovi.com on kohderyhm\u00e4media, joka tavoittaa vuokra-asumisesta kiinnostuneet. Vuokraovi.comin tyypillinen k\u00e4vij\u00e4 on 18-34 -vuotias nuori aikuinen.\" \/>\n<meta property=\"og:url\" content=\"https:\/\/www.almamedia.fi\/mainostajat\/alma-asuminen\/vuokraovi-com\/\" \/>\n<meta property=\"og:site_name\" content=\"Alma Media - mainostajat\" \/>\n<meta property=\"article:modified_time\" content=\"2025-05-23T11:16:09+00:00\" \/>\n<meta name=\"twitter:card\" content=\"summary_large_image\" \/>\n<meta name=\"twitter:label1\" content=\"Arvioitu lukuaika\" \/>\n\t<meta name=\"twitter:data1\" content=\"1 minuutti\" \/>\n<script type=\"application\/ld+json\" class=\"yoast-schema-graph\">{\"@context\":\"https:\/\/schema.org\",\"@graph\":[{\"@type\":\"WebPage\",\"@id\":\"https:\/\/www.almamedia.fi\/mainostajat\/alma-asuminen\/vuokraovi-com\/\",\"url\":\"https:\/\/www.almamedia.fi\/mainostajat\/alma-asuminen\/vuokraovi-com\/\",\"name\":\"Vuokraovi.com - Alma Media - mainostajat\",\"isPartOf\":{\"@id\":\"https:\/\/www.almamedia.fi\/mainostajat\/#website\"},\"datePublished\":\"2025-04-08T11:26:16+00:00\",\"dateModified\":\"2025-05-23T11:16:09+00:00\",\"description\":\"Vuokraovi.com on kohderyhm\u00e4media, joka tavoittaa vuokra-asumisesta kiinnostuneet. Vuokraovi.comin tyypillinen k\u00e4vij\u00e4 on 18-34 -vuotias nuori aikuinen.\",\"breadcrumb\":{\"@id\":\"https:\/\/www.almamedia.fi\/mainostajat\/alma-asuminen\/vuokraovi-com\/#breadcrumb\"},\"inLanguage\":\"fi\",\"potentialAction\":[{\"@type\":\"ReadAction\",\"target\":[\"https:\/\/www.almamedia.fi\/mainostajat\/alma-asuminen\/vuokraovi-com\/\"]}]},{\"@type\":\"BreadcrumbList\",\"@id\":\"https:\/\/www.almamedia.fi\/mainostajat\/alma-asuminen\/vuokraovi-com\/#breadcrumb\",\"itemListElement\":[{\"@type\":\"ListItem\",\"position\":1,\"name\":\"Etusivu\",\"item\":\"https:\/\/www.almamedia.fi\/mainostajat\/\"},{\"@type\":\"ListItem\",\"position\":2,\"name\":\"Asuminen\",\"item\":\"https:\/\/www.almamedia.fi\/mainostajat\/alma-asuminen\/\"},{\"@type\":\"ListItem\",\"position\":3,\"name\":\"Vuokraovi.com\"}]},{\"@type\":\"WebSite\",\"@id\":\"https:\/\/www.almamedia.fi\/mainostajat\/#website\",\"url\":\"https:\/\/www.almamedia.fi\/mainostajat\/\",\"name\":\"Alma Media - mainostajat\",\"description\":\"\",\"publisher\":{\"@id\":\"https:\/\/www.almamedia.fi\/mainostajat\/#organization\"},\"potentialAction\":[{\"@type\":\"SearchAction\",\"target\":{\"@type\":\"EntryPoint\",\"urlTemplate\":\"https:\/\/www.almamedia.fi\/mainostajat\/?s={search_term_string}\"},\"query-input\":{\"@type\":\"PropertyValueSpecification\",\"valueRequired\":true,\"valueName\":\"search_term_string\"}}],\"inLanguage\":\"fi\"},{\"@type\":\"Organization\",\"@id\":\"https:\/\/www.almamedia.fi\/mainostajat\/#organization\",\"name\":\"Alma Media - mainostajat\",\"url\":\"https:\/\/www.almamedia.fi\/mainostajat\/\",\"logo\":{\"@type\":\"ImageObject\",\"inLanguage\":\"fi\",\"@id\":\"https:\/\/www.almamedia.fi\/mainostajat\/#\/schema\/logo\/image\/\",\"url\":\"https:\/\/www.almamedia.fi\/mainostajat\/wp-content\/uploads\/sites\/6\/alma-media-logo-valkoinen.svg\",\"contentUrl\":\"https:\/\/www.almamedia.fi\/mainostajat\/wp-content\/uploads\/sites\/6\/alma-media-logo-valkoinen.svg\",\"width\":49,\"height\":50,\"caption\":\"Alma Media - mainostajat\"},\"image\":{\"@id\":\"https:\/\/www.almamedia.fi\/mainostajat\/#\/schema\/logo\/image\/\"}}]}<\/script>\n<!-- \/ Yoast SEO plugin. -->","yoast_head_json":{"title":"Vuokraovi.com - Alma Media - mainostajat","description":"Vuokraovi.com on kohderyhm\u00e4media, joka tavoittaa vuokra-asumisesta kiinnostuneet. Vuokraovi.comin tyypillinen k\u00e4vij\u00e4 on 18-34 -vuotias nuori aikuinen.","robots":{"index":"index","follow":"follow","max-snippet":"max-snippet:-1","max-image-preview":"max-image-preview:large","max-video-preview":"max-video-preview:-1"},"canonical":"https:\/\/www.almamedia.fi\/mainostajat\/alma-asuminen\/vuokraovi-com\/","og_locale":"fi_FI","og_type":"article","og_title":"Vuokraovi.com - Alma Media - mainostajat","og_description":"Vuokraovi.com on kohderyhm\u00e4media, joka tavoittaa vuokra-asumisesta kiinnostuneet. Vuokraovi.comin tyypillinen k\u00e4vij\u00e4 on 18-34 -vuotias nuori aikuinen.","og_url":"https:\/\/www.almamedia.fi\/mainostajat\/alma-asuminen\/vuokraovi-com\/","og_site_name":"Alma Media - mainostajat","article_modified_time":"2025-05-23T11:16:09+00:00","twitter_card":"summary_large_image","twitter_misc":{"Arvioitu lukuaika":"1 minuutti"},"schema":{"@context":"https:\/\/schema.org","@graph":[{"@type":"WebPage","@id":"https:\/\/www.almamedia.fi\/mainostajat\/alma-asuminen\/vuokraovi-com\/","url":"https:\/\/www.almamedia.fi\/mainostajat\/alma-asuminen\/vuokraovi-com\/","name":"Vuokraovi.com - Alma Media - mainostajat","isPartOf":{"@id":"https:\/\/www.almamedia.fi\/mainostajat\/#website"},"datePublished":"2025-04-08T11:26:16+00:00","dateModified":"2025-05-23T11:16:09+00:00","description":"Vuokraovi.com on kohderyhm\u00e4media, joka tavoittaa vuokra-asumisesta kiinnostuneet. Vuokraovi.comin tyypillinen k\u00e4vij\u00e4 on 18-34 -vuotias nuori aikuinen.","breadcrumb":{"@id":"https:\/\/www.almamedia.fi\/mainostajat\/alma-asuminen\/vuokraovi-com\/#breadcrumb"},"inLanguage":"fi","potentialAction":[{"@type":"ReadAction","target":["https:\/\/www.almamedia.fi\/mainostajat\/alma-asuminen\/vuokraovi-com\/"]}]},{"@type":"BreadcrumbList","@id":"https:\/\/www.almamedia.fi\/mainostajat\/alma-asuminen\/vuokraovi-com\/#breadcrumb","itemListElement":[{"@type":"ListItem","position":1,"name":"Etusivu","item":"https:\/\/www.almamedia.fi\/mainostajat\/"},{"@type":"ListItem","position":2,"name":"Asuminen","item":"https:\/\/www.almamedia.fi\/mainostajat\/alma-asuminen\/"},{"@type":"ListItem","position":3,"name":"Vuokraovi.com"}]},{"@type":"WebSite","@id":"https:\/\/www.almamedia.fi\/mainostajat\/#website","url":"https:\/\/www.almamedia.fi\/mainostajat\/","name":"Alma Media - mainostajat","description":"","publisher":{"@id":"https:\/\/www.almamedia.fi\/mainostajat\/#organization"},"potentialAction":[{"@type":"SearchAction","target":{"@type":"EntryPoint","urlTemplate":"https:\/\/www.almamedia.fi\/mainostajat\/?s={search_term_string}"},"query-input":{"@type":"PropertyValueSpecification","valueRequired":true,"valueName":"search_term_string"}}],"inLanguage":"fi"},{"@type":"Organization","@id":"https:\/\/www.almamedia.fi\/mainostajat\/#organization","name":"Alma Media - mainostajat","url":"https:\/\/www.almamedia.fi\/mainostajat\/","logo":{"@type":"ImageObject","inLanguage":"fi","@id":"https:\/\/www.almamedia.fi\/mainostajat\/#\/schema\/logo\/image\/","url":"https:\/\/www.almamedia.fi\/mainostajat\/wp-content\/uploads\/sites\/6\/alma-media-logo-valkoinen.svg","contentUrl":"https:\/\/www.almamedia.fi\/mainostajat\/wp-content\/uploads\/sites\/6\/alma-media-logo-valkoinen.svg","width":49,"height":50,"caption":"Alma Media - mainostajat"},"image":{"@id":"https:\/\/www.almamedia.fi\/mainostajat\/#\/schema\/logo\/image\/"}}]}},"lang":"fi","translations":{"fi":86042,"en":90522},"pll_sync_post":[],"_links":{"self":[{"href":"https:\/\/www.almamedia.fi\/mainostajat\/wp-json\/wp\/v2\/pages\/86042","targetHints":{"allow":["GET"]}}],"collection":[{"href":"https:\/\/www.almamedia.fi\/mainostajat\/wp-json\/wp\/v2\/pages"}],"about":[{"href":"https:\/\/www.almamedia.fi\/mainostajat\/wp-json\/wp\/v2\/types\/page"}],"author":[{"embeddable":true,"href":"https:\/\/www.almamedia.fi\/mainostajat\/wp-json\/wp\/v2\/users\/105"}],"replies":[{"embeddable":true,"href":"https:\/\/www.almamedia.fi\/mainostajat\/wp-json\/wp\/v2\/comments?post=86042"}],"version-history":[{"count":0,"href":"https:\/\/www.almamedia.fi\/mainostajat\/wp-json\/wp\/v2\/pages\/86042\/revisions"}],"up":[{"embeddable":true,"href":"https:\/\/www.almamedia.fi\/mainostajat\/wp-json\/wp\/v2\/pages\/86048"}],"wp:attachment":[{"href":"https:\/\/www.almamedia.fi\/mainostajat\/wp-json\/wp\/v2\/media?parent=86042"}],"curies":[{"name":"wp","href":"https:\/\/api.w.org\/{rel}","templated":true}]}}