{"id":83734,"date":"2025-04-07T15:55:23","date_gmt":"2025-04-07T12:55:23","guid":{"rendered":"https:\/\/www.almamedia.fi\/mainostajat\/?page_id=83734"},"modified":"2025-10-08T10:54:33","modified_gmt":"2025-10-08T07:54:33","slug":"kuluttajamediat","status":"publish","type":"page","link":"https:\/\/www.almamedia.fi\/mainostajat\/mediat-ja-palvelut\/kuluttajamediat\/","title":{"rendered":"Kuluttajamediat"},"content":{"rendered":"\n<div style=\"height:113px\" aria-hidden=\"true\" class=\"wp-block-spacer\"><\/div>\n\n\n\n<div data-aos=\"fade-up\" class=\"wp-block-netello-animation kapeampi-2\"><div class=\"wrapper\">\n<p class=\"has-text-align-center has-large-font-size\"><strong>Suomen parhaat markkinapaikat, journalistiset sis\u00e4ll\u00f6t ja mainosratkaisut \u2013 Alman kuluttajamedioissa tavoitat ostovoimaiset kuluttajat.<\/strong><\/p>\n<\/div><\/div>\n\n\n\n<div style=\"height:159px\" aria-hidden=\"true\" class=\"wp-block-spacer\"><\/div>\n\n\n\n<div class=\"wp-block-columns is-layout-flex wp-container-core-columns-is-layout-9d6595d7 wp-block-columns-is-layout-flex\">\n<div class=\"wp-block-column is-layout-flow wp-block-column-is-layout-flow\">\n<h2 class=\"wp-block-heading has-large-font-size\">Suomen johtava uutismedia<\/h2>\n\n\n\n<p class=\"has-medium-font-size\"><\/p>\n\n\n\n<p>Alman kuluttajamediat tavoittavat asiakkaasi tehokkaasti ymp\u00e4ri Suomen. <\/p>\n\n\n\n<p>Uutis- ja lifestyle-sis\u00e4lt\u00f6jemme yhteydess\u00e4 mainostaminen takaa sen, ett\u00e4 viestisi kohdentuu juuri oikeille yleis\u00f6ille oikeaan aikaan laadukkaassa, suomalaisessa mediaymp\u00e4rist\u00f6ss\u00e4. <\/p>\n<\/div>\n\n\n\n<div class=\"wp-block-column is-layout-flow wp-block-column-is-layout-flow\">\n<div  class=\"numero-animoitu has-text-align-right has-top-line has-number-color-green has-font-size-l has-line-color-light has-text-size-m\">\n\n    \n    <div class=\"numero-wrapper\">\n                    <span class=\"netello-line netello-line-animated\"><\/span>\n                \n                    <span class=\"netello-number-counter \" data-target=\"2.6\">0<\/span>\n        \n        <span>Milj.<\/span>    <\/div>\n\n    <div class=\"alateksti\"><p>KIINNOSTUNUTTA SUOMALAISTA<\/p>\n<\/div>\n<\/div>\n\n\n\n\n\n\n<p class=\"has-text-align-right\"><em><em><sup>L\u00e4hde: KMT 2025<\/sup><\/em><\/em><\/p>\n\n\n\n<div style=\"height:3rem\" aria-hidden=\"true\" class=\"wp-block-spacer\"><\/div>\n<\/div>\n<\/div>\n\n\n\n<div style=\"height:9rem\" aria-hidden=\"true\" class=\"wp-block-spacer\"><\/div>\n\n\n\n<div class=\"wp-block-netello-laatikko-viivalla laatikko-viivalla line-vaalea\"><div class=\"netello-line netello-line-animated\"><\/div>\n<h3 class=\"wp-block-heading has-text-align-right has-medium-font-size\">HYPP\u00c4\u00c4 OSIOON<\/h3>\n\n\n\n<div class=\"wp-block-group netello-linkit\"><div class=\"wp-block-group__inner-container is-layout-constrained wp-block-group-is-layout-constrained\">\n<p class=\"has-text-align-right\"><a href=\"#iltalehti\">Iltalehti<\/a><br><a href=\"#ampparit\">Ampparit<\/a><br><a href=\"#telkku\">Telkku<\/a><br><a href=\"#mikrobitti\">Mikrobitti<\/a><\/p>\n<\/div><\/div>\n<\/div>\n\n\n\n<div style=\"height:11rem\" aria-hidden=\"true\" class=\"wp-block-spacer\"><\/div>\n\n\n<div  class=\"anchor-link\">\n    <a id=\"iltalehti\" class=\"ankkurilinkki\"><\/a>\n<\/div>\n\n\n<div data-aos=\"fade-up\"         class=\"iso-otsikko has-align-center  has-font-size-s\">\n\n    <h2 class=\"otsikko\">\n                    <a href=\"https:\/\/www.almamedia.fi\/mainostajat\/mediat-ja-palvelut\/kuluttajamediat\/iltalehti\/\" class=\"otsikko-linkki\">\n        \n            ILTALEHTI\n                    <\/a>\n            <\/h2>\n<\/div>\n\n\n\n<div class=\"wp-block-netello-container align-center\"><div class=\"wrapper\">\n<h3 class=\"wp-block-heading has-text-align-center has-large-font-size\">Suuri suomalainen uutismedia<\/h3>\n\n\n\n<p class=\"has-text-align-center kapeampi-3\"><strong>Iltalehti on suuri suomalainen uutismedia, joka tavoittaa suomalaiset valtakunnallisesti. Iltalehden suosituimpia sis\u00e4lt\u00f6j\u00e4 ovat uutissis\u00e4ll\u00f6t, mutta suuria yleis\u00f6j\u00e4 tavoitetaan tehokkaasti my\u00f6s lifestyle-sis\u00e4lt\u00f6jen kautta. Maksullinen Iltalehti Plus t\u00e4ydent\u00e4\u00e4 Iltalehden monipuolista sis\u00e4lt\u00f6\u00e4 ja tarjoaa tilaajilleen p\u00e4ivitt\u00e4in laadukkaita ja kiinnostavia&nbsp;erikoisartikkeleita.<\/strong><\/p>\n\n\n<div class=\"wp-block-image\">\n<figure class=\"aligncenter size-full\"><img decoding=\"async\" width=\"2048\" height=\"838\" src=\"https:\/\/www.almamedia.fi\/mainostajat\/wp-content\/uploads\/sites\/6\/Iltalehti-5-scaled.png\" alt=\"\" class=\"wp-image-89806\" srcset=\"https:\/\/www.almamedia.fi\/mainostajat\/wp-content\/uploads\/sites\/6\/Iltalehti-5-scaled.png 2048w, https:\/\/www.almamedia.fi\/mainostajat\/wp-content\/uploads\/sites\/6\/Iltalehti-5-380x155.png 380w, https:\/\/www.almamedia.fi\/mainostajat\/wp-content\/uploads\/sites\/6\/Iltalehti-5-1024x419.png 1024w, https:\/\/www.almamedia.fi\/mainostajat\/wp-content\/uploads\/sites\/6\/Iltalehti-5-768x314.png 768w, https:\/\/www.almamedia.fi\/mainostajat\/wp-content\/uploads\/sites\/6\/Iltalehti-5-1536x628.png 1536w\" sizes=\"(max-width: 2048px) 100vw, 2048px\" \/><\/figure>\n<\/div>\n\n\n<p>Mainostajalle Iltalehti tarjoaa laajan tavoittavuuden, suuren ja aktiivisen yleis\u00f6n sek\u00e4 monipuolisen ja kiinnostavan sis\u00e4ll\u00f6n lis\u00e4ksi tehokkaat ja toimivat mainosratkaisut ja kohdentamisen mahdollisuudet halutun yleis\u00f6n tavoittamiseksi.&nbsp;&nbsp;<\/p>\n\n\n\n<div style=\"height:5rem\" aria-hidden=\"true\" class=\"wp-block-spacer\"><\/div>\n\n\n\n<p class=\"has-text-align-center\">ILTALEHTI DIGI 7 PV + 1 X PRINTTI<\/p>\n\n\n\n<div style=\"height:46px\" aria-hidden=\"true\" class=\"wp-block-spacer\"><\/div>\n\n\n\n<div class=\"wp-block-columns is-layout-flex wp-container-core-columns-is-layout-9d6595d7 wp-block-columns-is-layout-flex\">\n<div class=\"wp-block-column is-layout-flow wp-block-column-is-layout-flow\">\n<div  class=\"numero-animoitu has-text-align-center has-top-line has-full-width-top-line has-number-color-white has-font-size-s has-line-color-purple has-text-size-m\">\n\n    \n        <div class=\"ylateksti\">\n                            <span class=\"netello-line netello-line-animated\"><\/span>\n                        <p>VERKKOTAVOITTAVUUS<\/p>\n        <\/div>\n\n    \n    <div class=\"numero-wrapper\">\n                <span class=\"teksti-ennen\">Yli<\/span>\n                    <span class=\"netello-number-counter \" data-target=\"2.6\">0<\/span>\n        \n        <span>Milj.<\/span>    <\/div>\n\n    \n<\/div>\n\n\n\n<\/div>\n\n\n\n<div class=\"wp-block-column is-layout-flow wp-block-column-is-layout-flow\">\n<div  class=\"numero-animoitu has-text-align-center has-top-line has-full-width-top-line has-number-color-white has-font-size-s has-line-color-purple has-text-size-m\">\n\n    \n        <div class=\"ylateksti\">\n                            <span class=\"netello-line netello-line-animated\"><\/span>\n                        <p>ILTALEHTI TAVOITTAA<\/p>\n        <\/div>\n\n    \n    <div class=\"numero-wrapper\">\n                \n                    <span class=\"netello-number-counter \" data-target=\"62\">0<\/span>\n        \n        <span>%<\/span>    <\/div>\n\n    <div class=\"alateksti\"><p>SUOMALAISISTA<\/p>\n<\/div>\n<\/div>\n\n\n\n<\/div>\n\n\n\n<div class=\"wp-block-column is-vertically-aligned-center is-layout-flow wp-block-column-is-layout-flow\">\n<div  class=\"numero-animoitu has-text-align-center has-top-line has-full-width-top-line has-number-color-white has-font-size-s has-line-color-purple has-text-size-m\">\n\n    \n    <div class=\"numero-wrapper\">\n                    <span class=\"netello-line netello-line-animated\"><\/span>\n                <span class=\"teksti-ennen\">Noin<\/span>\n                    <span class=\"netello-number-counter \" data-target=\"2\">0<\/span>\n        \n        <span>Milj.<\/span>    <\/div>\n\n    <div class=\"alateksti\"><p>VIDEOSIS\u00c4LT\u00d6JEN K\u00c4YTT\u00c4J\u00c4\u00c4 VIIKOSSA*<\/p>\n<\/div>\n<\/div>\n\n\n\n<\/div>\n<\/div>\n\n\n\n<div class=\"wp-block-columns is-layout-flex wp-container-core-columns-is-layout-9d6595d7 wp-block-columns-is-layout-flex\">\n<div class=\"wp-block-column is-layout-flow wp-block-column-is-layout-flow\">\n<div  class=\"numero-animoitu has-text-align-center has-top-line has-full-width-top-line has-number-color-white has-font-size-s has-line-color-purple has-text-size-m\">\n\n    \n    <div class=\"numero-wrapper\">\n                    <span class=\"netello-line netello-line-animated\"><\/span>\n                \n                    <span class=\"netello-number-counter \" data-target=\"184000\">0<\/span>\n        \n            <\/div>\n\n    <div class=\"alateksti\"><p>LUKIJAA PRINTISS\u00c4 P\u00c4IV\u00c4N AIKANA<\/p>\n<\/div>\n<\/div>\n\n\n\n<\/div>\n\n\n\n<div class=\"wp-block-column is-layout-flow wp-block-column-is-layout-flow\">\n<div  class=\"numero-animoitu has-text-align-center has-top-line has-full-width-top-line has-number-color-white has-font-size-s has-line-color-purple has-text-size-m\">\n\n    \n    <div class=\"numero-wrapper\">\n                    <span class=\"netello-line netello-line-animated\"><\/span>\n                \n                    <span class=\"netello-number-counter \" data-target=\"500000\">0<\/span>\n        \n            <\/div>\n\n    <div class=\"alateksti\"><p>LUKIJAA PRINTISS\u00c4 VIIKON AIKANA**<\/p>\n<\/div>\n<\/div>\n\n\n\n<\/div>\n\n\n\n<div class=\"wp-block-column is-vertically-aligned-center is-layout-flow wp-block-column-is-layout-flow\">\n<div  class=\"numero-animoitu has-text-align-center has-top-line has-full-width-top-line has-number-color-white has-font-size-s has-line-color-purple has-text-size-m\">\n\n    \n    <div class=\"numero-wrapper\">\n                    <span class=\"netello-line netello-line-animated\"><\/span>\n                <span class=\"teksti-ennen\">Noin<\/span>\n                    <span class=\"netello-number-counter \" data-target=\"9\">0<\/span>\n        \n        <span>Milj.<\/span>    <\/div>\n\n    <div class=\"alateksti\"><p>VIDEOK\u00c4YNNISTYST\u00c4 VIIKOSSA*<\/p>\n<\/div>\n<\/div>\n\n\n\n<\/div>\n<\/div>\n\n\n\n<p class=\"has-text-align-right\"><em><sup>L\u00e4hde: KMT 2025, *GA 1-5\/2025, **KMT 2024<\/sup><\/em><\/p>\n<\/div><\/div>\n\n\n\n<div style=\"height:98px\" aria-hidden=\"true\" class=\"wp-block-spacer\"><\/div>\n\n\n<div  class=\"anchor-link\">\n    <a id=\"ampparit\" class=\"ankkurilinkki\"><\/a>\n<\/div>\n\n\n<div data-aos=\"fade-up\"         class=\"iso-otsikko has-align-center  has-font-size-s\">\n\n    <h2 class=\"otsikko\">\n                    <a href=\"https:\/\/www.almamedia.fi\/mainostajat\/mediat-ja-palvelut\/kuluttajamediat\/ampparit\/\" class=\"otsikko-linkki\">\n        \n            AMPPARIT\n                    <\/a>\n            <\/h2>\n<\/div>\n\n\n\n<div class=\"wp-block-netello-container align-center\"><div class=\"wrapper\">\n<h3 class=\"wp-block-heading has-text-align-center has-large-font-size\">Uutispalvelu, joka on hereill\u00e4 kellon ymp\u00e4ri<\/h3>\n\n\n\n<p class=\"has-text-align-center kapeampi-3\"><strong>Ampparit on ilmainen uutispalvelu, joka on hereill\u00e4 kellon ymp\u00e4ri. L\u00e4hes 300 kotimaista uutisl\u00e4hdett\u00e4 takaavat sen, ett\u00e4 Amppareissa k\u00e4ytt\u00e4j\u00e4 saa tiet\u00e4\u00e4 heti, kun jotakin tapahtuu.&nbsp;<\/strong><\/p>\n\n\n<div class=\"wp-block-image\">\n<figure class=\"aligncenter size-full\"><img decoding=\"async\" width=\"2048\" height=\"897\" src=\"https:\/\/www.almamedia.fi\/mainostajat\/wp-content\/uploads\/sites\/6\/Ampparit-1-scaled.png\" alt=\"\" class=\"wp-image-89807\" srcset=\"https:\/\/www.almamedia.fi\/mainostajat\/wp-content\/uploads\/sites\/6\/Ampparit-1-scaled.png 2048w, https:\/\/www.almamedia.fi\/mainostajat\/wp-content\/uploads\/sites\/6\/Ampparit-1-380x167.png 380w, https:\/\/www.almamedia.fi\/mainostajat\/wp-content\/uploads\/sites\/6\/Ampparit-1-1024x449.png 1024w, https:\/\/www.almamedia.fi\/mainostajat\/wp-content\/uploads\/sites\/6\/Ampparit-1-768x337.png 768w, https:\/\/www.almamedia.fi\/mainostajat\/wp-content\/uploads\/sites\/6\/Ampparit-1-1536x673.png 1536w\" sizes=\"(max-width: 2048px) 100vw, 2048px\" \/><\/figure>\n<\/div>\n\n\n<p>Suosituinta sis\u00e4lt\u00f6\u00e4 ovat kotimaan uutiset, talous, IT, viihde sek\u00e4 urheilu \u2013 erityisesti j\u00e4\u00e4kiekko, palloilulajit,&nbsp;autourheilu ja suuret urheilutapahtumat tuovat piikin palvelun k\u00e4vij\u00e4m\u00e4\u00e4riin. Urheilutapahtumat n\u00e4kyv\u00e4t my\u00f6s v\u00e4litt\u00f6m\u00e4sti ohjelmien tauolla second screen -k\u00e4yt\u00f6ss\u00e4.&nbsp;Uutisten lis\u00e4ksi Ampparit sis\u00e4lt\u00e4\u00e4 s\u00e4\u00e4ennusteet yli 1000 paikkakunnalle ymp\u00e4ri maailmaa sek\u00e4 TV-ohjelmatiedot yli 50 kanavalle.<\/p>\n\n\n\n<div style=\"height:5rem\" aria-hidden=\"true\" class=\"wp-block-spacer\"><\/div>\n\n\n\n<div class=\"wp-block-columns is-layout-flex wp-container-core-columns-is-layout-9d6595d7 wp-block-columns-is-layout-flex\">\n<div class=\"wp-block-column is-layout-flow wp-block-column-is-layout-flow\">\n<div  class=\"numero-animoitu has-text-align-center has-top-line has-full-width-top-line has-number-color-white has-font-size-m has-line-color-purple has-text-size-m\">\n\n    \n    <div class=\"numero-wrapper\">\n                    <span class=\"netello-line netello-line-animated\"><\/span>\n                \n                    <span class=\"netello-number-counter \" data-target=\"260000\">0<\/span>\n        \n            <\/div>\n\n    <div class=\"alateksti\"><p>VIIKKOK\u00c4VIJ\u00c4\u00c4 KESKIM\u00c4\u00c4RIN<\/p>\n<\/div>\n<\/div>\n\n\n\n<\/div>\n\n\n\n<div class=\"wp-block-column is-layout-flow wp-block-column-is-layout-flow\">\n<div  class=\"numero-animoitu has-text-align-center has-top-line has-full-width-top-line has-number-color-white has-font-size-m has-line-color-purple has-text-size-m\">\n\n    \n    <div class=\"numero-wrapper\">\n                    <span class=\"netello-line netello-line-animated\"><\/span>\n                <span class=\"teksti-ennen\">L\u00e4hes<\/span>\n                    <span class=\"netello-number-counter \" data-target=\"300\">0<\/span>\n        \n            <\/div>\n\n    <div class=\"alateksti\"><p>UUTISL\u00c4HDETT\u00c4<\/p>\n<\/div>\n<\/div>\n\n\n\n<\/div>\n<\/div>\n<\/div><\/div>\n\n\n\n<div style=\"height:98px\" aria-hidden=\"true\" class=\"wp-block-spacer\"><\/div>\n\n\n<div  class=\"anchor-link\">\n    <a id=\"telkku\" class=\"ankkurilinkki\"><\/a>\n<\/div>\n\n\n<div data-aos=\"fade-up\"         class=\"iso-otsikko has-align-center  has-font-size-s\">\n\n    <h2 class=\"otsikko\">\n                    <a href=\"https:\/\/www.almamedia.fi\/mainostajat\/mediat-ja-palvelut\/kuluttajamediat\/telkku-com\/\" class=\"otsikko-linkki\">\n        \n            TELKKU\n                    <\/a>\n            <\/h2>\n<\/div>\n\n\n\n<div class=\"wp-block-netello-container align-center\"><div class=\"wrapper\">\n<h3 class=\"wp-block-heading has-text-align-center has-large-font-size\">Suomen laajin TV-opas<\/h3>\n\n\n\n<p class=\"has-text-align-center kapeampi-3\"><strong>Suomen laajin TV-opas, Telkku, huolehtii, etteiv\u00e4t kiinnostavat ohjelmat mene ohi, tarjoamalla kaikkien kanavien ja kanavapakettien ohjelma-aikataulut. Telkku my\u00f6s nostaa omaan valokeilaansa ohjelmia, jotka varmasti tulevat puhuttamaan isoa yleis\u00f6\u00e4.<\/strong><\/p>\n\n\n<div class=\"wp-block-image\">\n<figure class=\"aligncenter size-full\"><img decoding=\"async\" width=\"2048\" height=\"897\" src=\"https:\/\/www.almamedia.fi\/mainostajat\/wp-content\/uploads\/sites\/6\/Telkku.png\" alt=\"\" class=\"wp-image-87563\" srcset=\"https:\/\/www.almamedia.fi\/mainostajat\/wp-content\/uploads\/sites\/6\/Telkku.png 2048w, https:\/\/www.almamedia.fi\/mainostajat\/wp-content\/uploads\/sites\/6\/Telkku-380x166.png 380w, https:\/\/www.almamedia.fi\/mainostajat\/wp-content\/uploads\/sites\/6\/Telkku-1024x449.png 1024w, https:\/\/www.almamedia.fi\/mainostajat\/wp-content\/uploads\/sites\/6\/Telkku-768x336.png 768w, https:\/\/www.almamedia.fi\/mainostajat\/wp-content\/uploads\/sites\/6\/Telkku-1536x673.png 1536w\" sizes=\"(max-width: 2048px) 100vw, 2048px\" \/><\/figure>\n<\/div>\n\n\n<p>Telkku yhdist\u00e4\u00e4 kattavan ohjelmatarjonnan, televisiomaailman faktat, t\u00e4m\u00e4n hetken kuumimmat puheenaiheet ja mainostajille houkuttelevat kohderyhm\u00e4t. Telkun yleis\u00f6 on viihteen ja viihde-elektroniikan suurkuluttajia.<\/p>\n\n\n\n<div style=\"height:5rem\" aria-hidden=\"true\" class=\"wp-block-spacer\"><\/div>\n\n\n\n<div class=\"wp-block-columns is-layout-flex wp-container-core-columns-is-layout-9d6595d7 wp-block-columns-is-layout-flex\">\n<div class=\"wp-block-column is-layout-flow wp-block-column-is-layout-flow\">\n<div  class=\"numero-animoitu has-text-align-center has-top-line has-full-width-top-line has-number-color-white has-font-size-m has-line-color-purple has-text-size-m\">\n\n    \n    <div class=\"numero-wrapper\">\n                    <span class=\"netello-line netello-line-animated\"><\/span>\n                \n                    <span class=\"netello-number-counter \" data-target=\"328000\">0<\/span>\n        \n            <\/div>\n\n    <div class=\"alateksti\"><p>K\u00c4VIJ\u00c4M\u00c4\u00c4R\u00c4 VIIKOSSA<\/p>\n<\/div>\n<\/div>\n\n\n\n<\/div>\n\n\n\n<div class=\"wp-block-column is-layout-flow wp-block-column-is-layout-flow\">\n<div  class=\"numero-animoitu has-text-align-center has-top-line has-full-width-top-line has-number-color-white has-font-size-m has-line-color-purple has-text-size-m\">\n\n    \n        <div class=\"ylateksti\">\n                            <span class=\"netello-line netello-line-animated\"><\/span>\n                        <p>K\u00e4ytt\u00f6huippu<\/p>\n        <\/div>\n\n    \n    <div class=\"numero-wrapper\">\n                <span class=\"teksti-ennen\">Klo<\/span>\n                    <span class=\"netello-number-counter \" data-target=\"19\">0<\/span>\n        \n            <\/div>\n\n    \n<\/div>\n\n\n\n<\/div>\n<\/div>\n<\/div><\/div>\n\n\n\n<div style=\"height:100px\" aria-hidden=\"true\" class=\"wp-block-spacer\"><\/div>\n\n\n<div  class=\"anchor-link\">\n    <a id=\"mikrobitti\" class=\"ankkurilinkki\"><\/a>\n<\/div>\n\n\n<div data-aos=\"fade-up\"         class=\"iso-otsikko has-align-center  has-font-size-s\">\n\n    <h2 class=\"otsikko\">\n                    <a href=\"https:\/\/www.almamedia.fi\/mainostajat\/mediat-ja-palvelut\/kuluttajamediat\/mikrobitti\/\" class=\"otsikko-linkki\">\n        \n            MIKROBITTI\n                    <\/a>\n            <\/h2>\n<\/div>\n\n\n\n<div class=\"wp-block-netello-container align-center\"><div class=\"wrapper\">\n<h3 class=\"wp-block-heading has-text-align-center has-large-font-size\">Kotimikron k\u00e4ytt\u00e4j\u00e4n peruslehti &#8211; vuodesta 1984<\/h3>\n\n\n\n<p class=\"has-text-align-center kapeampi-3\"><strong>Mikrobitti on tietotekniikkaan erikoistunut lehti, joka tarjoaa lukijoilleen syv\u00e4llist\u00e4 tietoa laitteista, palveluista ja ilmi\u00f6ist\u00e4. Suomen suurin alan lehti testaa ja vertailee kiinnostavimmat tuotteet, kertoo uusimmista teknisist\u00e4 innovaatioista ja seuraa alan palveluja.<\/strong><\/p>\n\n\n<div class=\"wp-block-image\">\n<figure class=\"aligncenter size-full\"><img decoding=\"async\" width=\"2048\" height=\"900\" src=\"https:\/\/www.almamedia.fi\/mainostajat\/wp-content\/uploads\/sites\/6\/mikrobit.png\" alt=\"\" class=\"wp-image-91464\" srcset=\"https:\/\/www.almamedia.fi\/mainostajat\/wp-content\/uploads\/sites\/6\/mikrobit.png 2048w, https:\/\/www.almamedia.fi\/mainostajat\/wp-content\/uploads\/sites\/6\/mikrobit-380x167.png 380w, https:\/\/www.almamedia.fi\/mainostajat\/wp-content\/uploads\/sites\/6\/mikrobit-1024x450.png 1024w, https:\/\/www.almamedia.fi\/mainostajat\/wp-content\/uploads\/sites\/6\/mikrobit-768x337.png 768w, https:\/\/www.almamedia.fi\/mainostajat\/wp-content\/uploads\/sites\/6\/mikrobit-1536x675.png 1536w\" sizes=\"(max-width: 2048px) 100vw, 2048px\" \/><\/figure>\n<\/div>\n\n\n<p>Mikrobitin teht\u00e4v\u00e4 on olla k\u00e4ytt\u00e4j\u00e4n k\u00e4sikirja digitaalisessa maailmassa. Lukija pysyy nopeasti kehittyv\u00e4n tekniikan aallonharjalla, hyvin informoituna ja j\u00e4rkevien ostop\u00e4\u00e4t\u00f6sten tekij\u00e4n\u00e4.<\/p>\n\n\n\n<div style=\"height:5rem\" aria-hidden=\"true\" class=\"wp-block-spacer\"><\/div>\n\n\n\n<div class=\"wp-block-columns is-layout-flex wp-container-core-columns-is-layout-9d6595d7 wp-block-columns-is-layout-flex\">\n<div class=\"wp-block-column is-layout-flow wp-block-column-is-layout-flow\">\n<div  class=\"numero-animoitu has-text-align-center has-top-line has-full-width-top-line has-number-color-white has-font-size-m has-line-color-purple has-text-size-m\">\n\n    \n    <div class=\"numero-wrapper\">\n                    <span class=\"netello-line netello-line-animated\"><\/span>\n                \n                    <span class=\"netello-number-counter \" data-target=\"208000\">0<\/span>\n        \n            <\/div>\n\n    <div class=\"alateksti\"><p>YHTEISTAVOITTAVUUS \/ VIIKKO (PRINTTI + DIGI)<\/p>\n<\/div>\n<\/div>\n\n\n\n<\/div>\n\n\n\n<div class=\"wp-block-column is-layout-flow wp-block-column-is-layout-flow\">\n<div  class=\"numero-animoitu has-text-align-center has-top-line has-full-width-top-line has-number-color-white has-font-size-m has-line-color-purple has-text-size-m\">\n\n    \n    <div class=\"numero-wrapper\">\n                    <span class=\"netello-line netello-line-animated\"><\/span>\n                \n                    <span class=\"netello-number-counter \" data-target=\"65400\">0<\/span>\n        \n            <\/div>\n\n    <div class=\"alateksti\"><p>LUKIJAM\u00c4\u00c4R\u00c4<\/p>\n<\/div>\n<\/div>\n\n\n\n<\/div>\n<\/div>\n<\/div><\/div>\n\n\n\n<div style=\"height:98px\" aria-hidden=\"true\" class=\"wp-block-spacer\"><\/div>\n\n\n\n<div class=\"wp-block-cover alignfull is-light\"><span aria-hidden=\"true\" class=\"wp-block-cover__background has-background-dim-0 has-background-dim\"><\/span><div class=\"wp-block-cover__inner-container is-layout-constrained wp-block-cover-is-layout-constrained\"><div class=\"ditty ditty--pre\" data-id=\"86107\" data-uniqid=\"ditty-69ec7f660a9ad\" data-display=\"86288\" data-display_settings=\"{}\"><\/div><\/div><\/div>\n\n\n\n<div style=\"height:3rem\" aria-hidden=\"true\" class=\"wp-block-spacer\"><\/div>\n\n\n\n<p><\/p>\n","protected":false},"excerpt":{"rendered":"<p>Suomen johtava uutismedia Alman kuluttajamediat tavoittavat asiakkaasi tehokkaasti ymp\u00e4ri Suomen. Uutis- ja lifestyle-sis\u00e4lt\u00f6jemme yhteydess\u00e4 mainostaminen [&hellip;]<\/p>\n","protected":false},"author":105,"featured_media":0,"parent":3473,"menu_order":0,"comment_status":"closed","ping_status":"closed","template":"","meta":{"_acf_changed":false,"footnotes":""},"class_list":["post-83734","page","type-page","status-publish","hentry"],"acf":[],"yoast_head":"<!-- This site is optimized with the Yoast SEO plugin v26.9 - https:\/\/yoast.com\/product\/yoast-seo-wordpress\/ -->\n<title>Kuluttajamediat - Alma Media<\/title>\n<meta name=\"description\" content=\"Suomen parhaat markkinapaikat, journalistiset sis\u00e4ll\u00f6t ja mainosratkaisut \u2013 Alman kuluttajamedioissa tavoitat ostovoimaiset kuluttajat.\" \/>\n<meta name=\"robots\" content=\"index, follow, max-snippet:-1, max-image-preview:large, max-video-preview:-1\" \/>\n<link rel=\"canonical\" href=\"https:\/\/www.almamedia.fi\/mainostajat\/mediat-ja-palvelut\/kuluttajamediat\/\" \/>\n<meta property=\"og:locale\" content=\"fi_FI\" \/>\n<meta property=\"og:type\" content=\"article\" \/>\n<meta property=\"og:title\" content=\"Kuluttajamediat - Alma Media\" \/>\n<meta property=\"og:description\" content=\"Suomen parhaat markkinapaikat, journalistiset sis\u00e4ll\u00f6t ja mainosratkaisut \u2013 Alman kuluttajamedioissa tavoitat ostovoimaiset kuluttajat.\" \/>\n<meta property=\"og:url\" content=\"https:\/\/www.almamedia.fi\/mainostajat\/mediat-ja-palvelut\/kuluttajamediat\/\" \/>\n<meta property=\"og:site_name\" content=\"Alma Media - mainostajat\" \/>\n<meta property=\"article:modified_time\" content=\"2025-10-08T07:54:33+00:00\" \/>\n<meta property=\"og:image\" content=\"https:\/\/www.almamedia.fi\/mainostajat\/wp-content\/uploads\/sites\/6\/Iltalehti-5-scaled.png\" \/>\n\t<meta property=\"og:image:width\" content=\"2048\" \/>\n\t<meta property=\"og:image:height\" content=\"838\" \/>\n\t<meta property=\"og:image:type\" content=\"image\/png\" \/>\n<meta name=\"twitter:card\" content=\"summary_large_image\" \/>\n<meta name=\"twitter:label1\" content=\"Arvioitu lukuaika\" \/>\n\t<meta name=\"twitter:data1\" content=\"3 minuuttia\" \/>\n<script type=\"application\/ld+json\" class=\"yoast-schema-graph\">{\"@context\":\"https:\/\/schema.org\",\"@graph\":[{\"@type\":\"WebPage\",\"@id\":\"https:\/\/www.almamedia.fi\/mainostajat\/mediat-ja-palvelut\/kuluttajamediat\/\",\"url\":\"https:\/\/www.almamedia.fi\/mainostajat\/mediat-ja-palvelut\/kuluttajamediat\/\",\"name\":\"Kuluttajamediat - Alma Media\",\"isPartOf\":{\"@id\":\"https:\/\/www.almamedia.fi\/mainostajat\/#website\"},\"primaryImageOfPage\":{\"@id\":\"https:\/\/www.almamedia.fi\/mainostajat\/mediat-ja-palvelut\/kuluttajamediat\/#primaryimage\"},\"image\":{\"@id\":\"https:\/\/www.almamedia.fi\/mainostajat\/mediat-ja-palvelut\/kuluttajamediat\/#primaryimage\"},\"thumbnailUrl\":\"https:\/\/www.almamedia.fi\/mainostajat\/wp-content\/uploads\/sites\/6\/Iltalehti-5-scaled.png\",\"datePublished\":\"2025-04-07T12:55:23+00:00\",\"dateModified\":\"2025-10-08T07:54:33+00:00\",\"description\":\"Suomen parhaat markkinapaikat, journalistiset sis\u00e4ll\u00f6t ja mainosratkaisut \u2013 Alman kuluttajamedioissa tavoitat ostovoimaiset kuluttajat.\",\"breadcrumb\":{\"@id\":\"https:\/\/www.almamedia.fi\/mainostajat\/mediat-ja-palvelut\/kuluttajamediat\/#breadcrumb\"},\"inLanguage\":\"fi\",\"potentialAction\":[{\"@type\":\"ReadAction\",\"target\":[\"https:\/\/www.almamedia.fi\/mainostajat\/mediat-ja-palvelut\/kuluttajamediat\/\"]}]},{\"@type\":\"ImageObject\",\"inLanguage\":\"fi\",\"@id\":\"https:\/\/www.almamedia.fi\/mainostajat\/mediat-ja-palvelut\/kuluttajamediat\/#primaryimage\",\"url\":\"https:\/\/www.almamedia.fi\/mainostajat\/wp-content\/uploads\/sites\/6\/Iltalehti-5-scaled.png\",\"contentUrl\":\"https:\/\/www.almamedia.fi\/mainostajat\/wp-content\/uploads\/sites\/6\/Iltalehti-5-scaled.png\",\"width\":2048,\"height\":838},{\"@type\":\"BreadcrumbList\",\"@id\":\"https:\/\/www.almamedia.fi\/mainostajat\/mediat-ja-palvelut\/kuluttajamediat\/#breadcrumb\",\"itemListElement\":[{\"@type\":\"ListItem\",\"position\":1,\"name\":\"Etusivu\",\"item\":\"https:\/\/www.almamedia.fi\/mainostajat\/\"},{\"@type\":\"ListItem\",\"position\":2,\"name\":\"Mediat ja palvelut\",\"item\":\"https:\/\/www.almamedia.fi\/mainostajat\/mediat-ja-palvelut\/\"},{\"@type\":\"ListItem\",\"position\":3,\"name\":\"Kuluttajamediat\"}]},{\"@type\":\"WebSite\",\"@id\":\"https:\/\/www.almamedia.fi\/mainostajat\/#website\",\"url\":\"https:\/\/www.almamedia.fi\/mainostajat\/\",\"name\":\"Alma Media - mainostajat\",\"description\":\"\",\"publisher\":{\"@id\":\"https:\/\/www.almamedia.fi\/mainostajat\/#organization\"},\"potentialAction\":[{\"@type\":\"SearchAction\",\"target\":{\"@type\":\"EntryPoint\",\"urlTemplate\":\"https:\/\/www.almamedia.fi\/mainostajat\/?s={search_term_string}\"},\"query-input\":{\"@type\":\"PropertyValueSpecification\",\"valueRequired\":true,\"valueName\":\"search_term_string\"}}],\"inLanguage\":\"fi\"},{\"@type\":\"Organization\",\"@id\":\"https:\/\/www.almamedia.fi\/mainostajat\/#organization\",\"name\":\"Alma Media - mainostajat\",\"url\":\"https:\/\/www.almamedia.fi\/mainostajat\/\",\"logo\":{\"@type\":\"ImageObject\",\"inLanguage\":\"fi\",\"@id\":\"https:\/\/www.almamedia.fi\/mainostajat\/#\/schema\/logo\/image\/\",\"url\":\"https:\/\/www.almamedia.fi\/mainostajat\/wp-content\/uploads\/sites\/6\/alma-media-logo-valkoinen.svg\",\"contentUrl\":\"https:\/\/www.almamedia.fi\/mainostajat\/wp-content\/uploads\/sites\/6\/alma-media-logo-valkoinen.svg\",\"width\":49,\"height\":50,\"caption\":\"Alma Media - mainostajat\"},\"image\":{\"@id\":\"https:\/\/www.almamedia.fi\/mainostajat\/#\/schema\/logo\/image\/\"}}]}<\/script>\n<!-- \/ Yoast SEO plugin. -->","yoast_head_json":{"title":"Kuluttajamediat - Alma Media","description":"Suomen parhaat markkinapaikat, journalistiset sis\u00e4ll\u00f6t ja mainosratkaisut \u2013 Alman kuluttajamedioissa tavoitat ostovoimaiset kuluttajat.","robots":{"index":"index","follow":"follow","max-snippet":"max-snippet:-1","max-image-preview":"max-image-preview:large","max-video-preview":"max-video-preview:-1"},"canonical":"https:\/\/www.almamedia.fi\/mainostajat\/mediat-ja-palvelut\/kuluttajamediat\/","og_locale":"fi_FI","og_type":"article","og_title":"Kuluttajamediat - Alma Media","og_description":"Suomen parhaat markkinapaikat, journalistiset sis\u00e4ll\u00f6t ja mainosratkaisut \u2013 Alman kuluttajamedioissa tavoitat ostovoimaiset kuluttajat.","og_url":"https:\/\/www.almamedia.fi\/mainostajat\/mediat-ja-palvelut\/kuluttajamediat\/","og_site_name":"Alma Media - mainostajat","article_modified_time":"2025-10-08T07:54:33+00:00","og_image":[{"width":2048,"height":838,"url":"https:\/\/www.almamedia.fi\/mainostajat\/wp-content\/uploads\/sites\/6\/Iltalehti-5-scaled.png","type":"image\/png"}],"twitter_card":"summary_large_image","twitter_misc":{"Arvioitu lukuaika":"3 minuuttia"},"schema":{"@context":"https:\/\/schema.org","@graph":[{"@type":"WebPage","@id":"https:\/\/www.almamedia.fi\/mainostajat\/mediat-ja-palvelut\/kuluttajamediat\/","url":"https:\/\/www.almamedia.fi\/mainostajat\/mediat-ja-palvelut\/kuluttajamediat\/","name":"Kuluttajamediat - Alma Media","isPartOf":{"@id":"https:\/\/www.almamedia.fi\/mainostajat\/#website"},"primaryImageOfPage":{"@id":"https:\/\/www.almamedia.fi\/mainostajat\/mediat-ja-palvelut\/kuluttajamediat\/#primaryimage"},"image":{"@id":"https:\/\/www.almamedia.fi\/mainostajat\/mediat-ja-palvelut\/kuluttajamediat\/#primaryimage"},"thumbnailUrl":"https:\/\/www.almamedia.fi\/mainostajat\/wp-content\/uploads\/sites\/6\/Iltalehti-5-scaled.png","datePublished":"2025-04-07T12:55:23+00:00","dateModified":"2025-10-08T07:54:33+00:00","description":"Suomen parhaat markkinapaikat, journalistiset sis\u00e4ll\u00f6t ja mainosratkaisut \u2013 Alman kuluttajamedioissa tavoitat ostovoimaiset kuluttajat.","breadcrumb":{"@id":"https:\/\/www.almamedia.fi\/mainostajat\/mediat-ja-palvelut\/kuluttajamediat\/#breadcrumb"},"inLanguage":"fi","potentialAction":[{"@type":"ReadAction","target":["https:\/\/www.almamedia.fi\/mainostajat\/mediat-ja-palvelut\/kuluttajamediat\/"]}]},{"@type":"ImageObject","inLanguage":"fi","@id":"https:\/\/www.almamedia.fi\/mainostajat\/mediat-ja-palvelut\/kuluttajamediat\/#primaryimage","url":"https:\/\/www.almamedia.fi\/mainostajat\/wp-content\/uploads\/sites\/6\/Iltalehti-5-scaled.png","contentUrl":"https:\/\/www.almamedia.fi\/mainostajat\/wp-content\/uploads\/sites\/6\/Iltalehti-5-scaled.png","width":2048,"height":838},{"@type":"BreadcrumbList","@id":"https:\/\/www.almamedia.fi\/mainostajat\/mediat-ja-palvelut\/kuluttajamediat\/#breadcrumb","itemListElement":[{"@type":"ListItem","position":1,"name":"Etusivu","item":"https:\/\/www.almamedia.fi\/mainostajat\/"},{"@type":"ListItem","position":2,"name":"Mediat ja palvelut","item":"https:\/\/www.almamedia.fi\/mainostajat\/mediat-ja-palvelut\/"},{"@type":"ListItem","position":3,"name":"Kuluttajamediat"}]},{"@type":"WebSite","@id":"https:\/\/www.almamedia.fi\/mainostajat\/#website","url":"https:\/\/www.almamedia.fi\/mainostajat\/","name":"Alma Media - mainostajat","description":"","publisher":{"@id":"https:\/\/www.almamedia.fi\/mainostajat\/#organization"},"potentialAction":[{"@type":"SearchAction","target":{"@type":"EntryPoint","urlTemplate":"https:\/\/www.almamedia.fi\/mainostajat\/?s={search_term_string}"},"query-input":{"@type":"PropertyValueSpecification","valueRequired":true,"valueName":"search_term_string"}}],"inLanguage":"fi"},{"@type":"Organization","@id":"https:\/\/www.almamedia.fi\/mainostajat\/#organization","name":"Alma Media - mainostajat","url":"https:\/\/www.almamedia.fi\/mainostajat\/","logo":{"@type":"ImageObject","inLanguage":"fi","@id":"https:\/\/www.almamedia.fi\/mainostajat\/#\/schema\/logo\/image\/","url":"https:\/\/www.almamedia.fi\/mainostajat\/wp-content\/uploads\/sites\/6\/alma-media-logo-valkoinen.svg","contentUrl":"https:\/\/www.almamedia.fi\/mainostajat\/wp-content\/uploads\/sites\/6\/alma-media-logo-valkoinen.svg","width":49,"height":50,"caption":"Alma Media - mainostajat"},"image":{"@id":"https:\/\/www.almamedia.fi\/mainostajat\/#\/schema\/logo\/image\/"}}]}},"lang":"fi","translations":{"fi":83734,"en":89937},"pll_sync_post":[],"_links":{"self":[{"href":"https:\/\/www.almamedia.fi\/mainostajat\/wp-json\/wp\/v2\/pages\/83734","targetHints":{"allow":["GET"]}}],"collection":[{"href":"https:\/\/www.almamedia.fi\/mainostajat\/wp-json\/wp\/v2\/pages"}],"about":[{"href":"https:\/\/www.almamedia.fi\/mainostajat\/wp-json\/wp\/v2\/types\/page"}],"author":[{"embeddable":true,"href":"https:\/\/www.almamedia.fi\/mainostajat\/wp-json\/wp\/v2\/users\/105"}],"replies":[{"embeddable":true,"href":"https:\/\/www.almamedia.fi\/mainostajat\/wp-json\/wp\/v2\/comments?post=83734"}],"version-history":[{"count":0,"href":"https:\/\/www.almamedia.fi\/mainostajat\/wp-json\/wp\/v2\/pages\/83734\/revisions"}],"up":[{"embeddable":true,"href":"https:\/\/www.almamedia.fi\/mainostajat\/wp-json\/wp\/v2\/pages\/3473"}],"wp:attachment":[{"href":"https:\/\/www.almamedia.fi\/mainostajat\/wp-json\/wp\/v2\/media?parent=83734"}],"curies":[{"name":"wp","href":"https:\/\/api.w.org\/{rel}","templated":true}]}}