{"id":2896,"date":"2023-04-13T09:22:11","date_gmt":"2023-04-13T09:22:11","guid":{"rendered":"https:\/\/www.almamedia.fi\/mainostajat\/?page_id=2896"},"modified":"2026-02-10T15:34:06","modified_gmt":"2026-02-10T13:34:06","slug":"etusivu","status":"publish","type":"page","link":"https:\/\/www.almamedia.fi\/mainostajat\/","title":{"rendered":"Etusivu"},"content":{"rendered":"\n<style>\n.ylemmas {\n    margin-top: -1rem;\n}\n<\/style>\n\n\n\n<div aria-hidden=\"true\" class=\"wp-block-netello-valike\"><div class=\"valike-desktop\" style=\"height:145px\"><\/div><div class=\"valike-mobile\" style=\"height:80px\"><\/div><\/div>\n\n\n\n<div style=\"max-width:950px;margin-left:auto;margin-right:auto\" class=\"wp-block-netello-max-width-container align-center max-width-800\">\n<div data-aos=\"fade-up\" class=\"wp-block-netello-animation\"><div class=\"wrapper\">\n<p class=\"has-text-align-center has-large-font-size\"><strong>Alma nostaa br\u00e4ndisi markkinointiviestinn\u00e4n uudelle tasolle yhdist\u00e4m\u00e4ll\u00e4 Suomen suosituimmat sis\u00e4ll\u00f6t, ainutlaatuisen asiakasymm\u00e4rryksen ja innovatiiviset ratkaisut.<\/strong><\/p>\n<\/div><\/div>\n<\/div>\n\n\n\n<div aria-hidden=\"true\" class=\"wp-block-netello-valike\"><div class=\"valike-desktop\" style=\"height:160px\"><\/div><div class=\"valike-mobile\" style=\"height:80px\"><\/div><\/div>\n\n\n\n<div aria-hidden=\"true\" class=\"wp-block-netello-valike\"><div class=\"valike-desktop\" style=\"height:100px\"><\/div><div class=\"valike-mobile\" style=\"height:80px\"><\/div><\/div>\n\n\n\n<div data-aos=\"fade-up\" class=\"wp-block-netello-animation\"><div class=\"wrapper\"><div data-aos=\"fade-up\"         class=\"iso-otsikko has-align-center  has-one-word-per-line has-font-size-l\">\n\n    <h2 class=\"otsikko\">\n        \n            MEH\u00c4N TUNNETAAN\n            <\/h2>\n<\/div>\n<\/div><\/div>\n\n\n\n<div class=\"wp-block-netello-container align-center\"><div class=\"wrapper\">\n<div style=\"height:6rem\" aria-hidden=\"true\" class=\"wp-block-spacer\"><\/div>\n\n\n\n<h2 class=\"wp-block-heading has-x-large-font-size\">Tunne Alma,<br>tunne <span class=\"zoom-on-scroll\">vaikutus<\/span><\/h2>\n\n\n\n<div style=\"height:2rem\" aria-hidden=\"true\" class=\"wp-block-spacer\"><\/div>\n\n\n\n<div  class=\"linkkilaatikot-viivalla col-3 has-line-color-lila has-font-size-m\">\n\n    \n        <div class=\"linkkilaatikko-viivalla\">\n            <div class=\"netello-line netello-line-animated\"><\/div>\n                        <a href=\"https:\/\/www.almamedia.fi\/mainostajat\/mediat\" aria-label=\"MEDIAT JA PALVELUT\">\n            \n                                    <h3 class=\"otsikko  has-nuoli\"><span class=\"teksti\">MEDIAT JA PALVELUT<\/span><\/h3>\n                                                <div class=\"sisalto\">\n                      <p>Tavoita sitoutuneet yleis\u00f6t Suomen vaikuttavimmissa medioissa ja markkinapaikoilla.<\/p>\n                <\/div>\n                \n                        <\/a>\n                    <\/div>\n\n    \n        <div class=\"linkkilaatikko-viivalla\">\n            <div class=\"netello-line netello-line-animated\"><\/div>\n                        <a href=\"https:\/\/www.almamedia.fi\/mainostajat\/mainosratkaisut\/\" aria-label=\"MAINONTA\">\n            \n                                    <h3 class=\"otsikko  has-nuoli\"><span class=\"teksti\">MAINONTA<\/span><\/h3>\n                                                <div class=\"sisalto\">\n                      <p>Tehokkaat ratkaisut tavoittavat oikeat yleis\u00f6t ja tuottavat mitattavaa tulosta.<\/p>\n                <\/div>\n                \n                        <\/a>\n                    <\/div>\n\n    \n        <div class=\"linkkilaatikko-viivalla\">\n            <div class=\"netello-line netello-line-animated\"><\/div>\n                        <a href=\"https:\/\/www.almamedia.fi\/mainostajat\/markkinoinnin-palvelut\/\" aria-label=\"MARKKINOINTI&shy;PALVELUT\">\n            \n                                    <h3 class=\"otsikko  has-nuoli\"><span class=\"teksti\">MARKKINOINTI&shy;PALVELUT<\/span><\/h3>\n                                                <div class=\"sisalto\">\n                      <p>Innovatiiviset markkinointipalvelut sis\u00e4lt\u00f6markkinoinnista tapahtumiin ja digiratkaisuihin auttavat erottumaan.<\/p>\n                <\/div>\n                \n                        <\/a>\n                    <\/div>\n\n    \n        <div class=\"linkkilaatikko-viivalla\">\n            <div class=\"netello-line netello-line-animated\"><\/div>\n                        <a href=\"https:\/\/www.almamedia.fi\/mainostajat\/markkinoijan-tietopankki\" aria-label=\"MAINOSTAJAN TY\u00d6KALUT\">\n            \n                                    <h3 class=\"otsikko  has-nuoli\"><span class=\"teksti\">MAINOSTAJAN TY\u00d6KALUT<\/span><\/h3>\n                                                <div class=\"sisalto\">\n                      <p>Markkinoijan tietopankki: aineisto-ohjeet, aikataulut, hinnat ja myyntiehdot.<\/p>\n                <\/div>\n                \n                        <\/a>\n                    <\/div>\n\n    \n        <div class=\"linkkilaatikko-viivalla\">\n            <div class=\"netello-line netello-line-animated\"><\/div>\n                        <a href=\"https:\/\/www.almamedia.fi\/mainostajat\/ajankohtaista-ja-inspiraatiota\/\" aria-label=\"AJANKOHTAISTA JA INSPIRAATIOTA\">\n            \n                                    <h3 class=\"otsikko  has-nuoli\"><span class=\"teksti\">AJANKOHTAISTA JA INSPIRAATIOTA<\/span><\/h3>\n                                                <div class=\"sisalto\">\n                      <p><span style=\"font-weight: 400\">Uutiset, artikkelit ja asiakascaset.<\/span><\/p>\n                <\/div>\n                \n                        <\/a>\n                    <\/div>\n\n    \n<\/div>\n\n\n\n\n\n<div style=\"height:3rem\" aria-hidden=\"true\" class=\"wp-block-spacer\"><\/div>\n<\/div><\/div>\n\n\n\n<div style=\"height:10rem\" aria-hidden=\"true\" class=\"wp-block-spacer\"><\/div>\n\n\n\n<div  class=\"pallurat   has-ylasisalto \">\n            <div class=\"pallurat-taustakuva\">\n            <img decoding=\"async\" src=\"https:\/\/www.almamedia.fi\/mainostajat\/wp-content\/uploads\/sites\/6\/strategiapilvi-iso-lila-tausta-1.1-scaled.jpg\" alt=\"\">\n        <\/div>\n    \n    <div class=\"pallurat-wrapper\">\n\n                    <div class=\"pallurat-ylateksti\" data-aos=\"fade-up\">\n                <p class=\"isompi-teksti\" style=\"text-align: center;\">Missionamme on tehd\u00e4 yhdess\u00e4 asiakkaidemme kanssa:<\/p>\n<h2 style=\"text-align: center;\">PAREMPAA MARKKINOINTIA<\/h2>\n<p class=\"kapea\" style=\"text-align: center;\">Yhdist\u00e4mme Suomen vaikuttavimmat sis\u00e4ll\u00f6t, tavoittavimmat mediat ja syv\u00e4llisen asiakasymm\u00e4rryksen tarjotaksemme kohdennettuja, mitattavia ja innovatiivisia markkinointiratkaisuja.<\/p>\n            <\/div>\n        \n        \n            <div class=\"pallura \" netello-data-speed=\"0.1\" data-aos=\"zoom-in\">\n                                    <div class=\"kuvat-wrapper\">\n                        <div class=\"pallura-kuva-wrapper\">\n                            <h3 class=\"otsikko\">VISIOMME<\/h3>\n                            <img decoding=\"async\" class=\"pallura-kuva\" src=\"https:\/\/www.almamedia.fi\/mainostajat\/wp-content\/uploads\/sites\/6\/Rectangle.png\" alt=\"\">\n                        <\/div>\n\n                                                    <img decoding=\"async\" class=\"lisapallura-kuva\" netello-data-speed=\"0.35\" src=\"https:\/\/www.almamedia.fi\/mainostajat\/wp-content\/uploads\/sites\/6\/Alma-strategia-kuvat-05.png\" alt=\"\">\n                        \n                        <div class=\"lisapallura-1\" netello-data-speed=\"0.25\"><\/div>\n                        <div class=\"lisapallura-2\" netello-data-speed=\"0.2\"><\/div>\n                        <div class=\"lisapallura-3\" netello-data-speed=\"0.5\"><\/div>\n                        <div class=\"lisapallura-4\" netello-data-speed=\"0.2\"><\/div>\n\n                    <\/div>\n                \n                                                            <span class=\"sisalto-wrapper\">\n                                                            <span class=\"sisalto\">\n                                     <h4 class=\"isompi-teksti\">Teemme ennakkoluulottomasta ja n\u00e4kemyksellisest\u00e4 markkinoinnista arkip\u00e4iv\u00e4\u00e4.<\/h4>\n<p>Se on paras tapa kasvattaa omaa ja asiakkaidemme liiketoimintaa.<\/p>\n                                <\/span>\n                                                    <\/span>\n                                                <\/div>\n\n        \n            <div class=\"pallura \" netello-data-speed=\"0.3\" data-aos=\"zoom-in\">\n                                    <div class=\"kuvat-wrapper\">\n                        <div class=\"pallura-kuva-wrapper\">\n                            <h3 class=\"otsikko\">PERIAATTEEMME<\/h3>\n                            <img decoding=\"async\" class=\"pallura-kuva\" src=\"https:\/\/www.almamedia.fi\/mainostajat\/wp-content\/uploads\/sites\/6\/Strategia.png\" alt=\"\">\n                        <\/div>\n\n                                                    <img decoding=\"async\" class=\"lisapallura-kuva\" netello-data-speed=\"0.15\" src=\"https:\/\/www.almamedia.fi\/mainostajat\/wp-content\/uploads\/sites\/6\/Alma-strategia-kuvat-04.png\" alt=\"\">\n                        \n                        <div class=\"lisapallura-1\" netello-data-speed=\"0.8\"><\/div>\n                        <div class=\"lisapallura-2\" netello-data-speed=\"0.3\"><\/div>\n                        <div class=\"lisapallura-3\" netello-data-speed=\"0.4\"><\/div>\n                        <div class=\"lisapallura-4\" netello-data-speed=\"0.3\"><\/div>\n\n                    <\/div>\n                \n                                                            <span class=\"sisalto-wrapper\">\n                                                            <span class=\"sisalto\">\n                                     <h4>Rohkeus<\/h4>\n<p>Haastamme rohkeasti itsemme ja asiakkaamme kokeilemaan sek\u00e4 luomaan uusia ratkaisuja.<\/p>\n                                <\/span>\n                                                            <span class=\"sisalto\">\n                                     <h4>Avoin ja moniarvoinen viestint\u00e4<\/h4>\n<p>Olemme l\u00e4pin\u00e4kyvi\u00e4 ja rehellisi\u00e4 kaikessa tekemisess\u00e4mme.<\/p>\n                                <\/span>\n                                                            <span class=\"sisalto\">\n                                     <h4>Joukkuepeli<\/h4>\n<p>Rakennamme menestyst\u00e4 yhdess\u00e4<br \/>\nasiakkaidemme kanssa.<\/p>\n                                <\/span>\n                                                    <\/span>\n                                                <\/div>\n\n        \n            <div class=\"pallura \" netello-data-speed=\"0.15\" data-aos=\"zoom-in\">\n                                    <div class=\"kuvat-wrapper\">\n                        <div class=\"pallura-kuva-wrapper\">\n                            <h3 class=\"otsikko\">PRIORITEETTIMME<\/h3>\n                            <img decoding=\"async\" class=\"pallura-kuva\" src=\"https:\/\/www.almamedia.fi\/mainostajat\/wp-content\/uploads\/sites\/6\/Alma-strategia-kuvat-02.png\" alt=\"\">\n                        <\/div>\n\n                        \n                        <div class=\"lisapallura-1\" netello-data-speed=\"0.85\"><\/div>\n                        <div class=\"lisapallura-2\" netello-data-speed=\"0.45\"><\/div>\n                        <div class=\"lisapallura-3\" netello-data-speed=\"0.4\"><\/div>\n                        <div class=\"lisapallura-4\" netello-data-speed=\"0.45\"><\/div>\n\n                    <\/div>\n                \n                                                            <span class=\"sisalto-wrapper\">\n                                                            <span class=\"sisalto\">\n                                     <p><strong>Vastuulliset mediaymp\u00e4rist\u00f6t &amp; luotettavat markkinapaikat<\/strong><\/p>\n                                <\/span>\n                                                            <span class=\"sisalto\">\n                                     <p><strong>Ketter\u00e4t ja r\u00e4\u00e4t\u00e4l\u00f6idyt ratkaisut asiakkaiden tarpeisiin<\/strong><\/p>\n                                <\/span>\n                                                            <span class=\"sisalto\">\n                                     <p><strong>Laaja tavoittavuus yhdistettyn\u00e4 tarkkaan kohdennettavuuteen<\/strong><\/p>\n                                <\/span>\n                                                    <\/span>\n                                                <\/div>\n\n            <\/div>\n\n    <\/div>\n\n\n\n\n\n<div class=\"wp-block-group mt-n7\"><div class=\"wp-block-group__inner-container is-layout-constrained wp-block-group-is-layout-constrained\"><div  class=\"pallurat-ympyrassa has-row-display col-5\">\n\n            <h2 class=\"ylaotsikko\">\n            MIKSI ALMA MEDIARATKAISUT?        <\/h2>\n    \n    <div class=\"pallurat-wrapper\">\n                                <div class=\"pallura\" data-aos=\"zoom-in\">\n                                    <div class=\"kuva\">\n                        <img decoding=\"async\" src=\"https:\/\/www.almamedia.fi\/mainostajat\/wp-content\/uploads\/sites\/6\/Alma-strategia-kuvat-07.png\" alt=\"\">\n                    <\/div>\n                                <h3>Ainoat oikeat p\u00e4\u00e4tt\u00e4j\u00e4mediat<\/h3>\n                            <\/div>\n\n                                    <div class=\"pallura\" data-aos=\"zoom-in\">\n                                    <div class=\"kuva\">\n                        <img decoding=\"async\" src=\"https:\/\/www.almamedia.fi\/mainostajat\/wp-content\/uploads\/sites\/6\/Alma-strategia-kuvat-08.png\" alt=\"\">\n                    <\/div>\n                                <h3>Laadukkaat ja ostovoimaiset yleis\u00f6t<\/h3>\n                            <\/div>\n\n                                    <div class=\"pallura\" data-aos=\"zoom-in\">\n                                    <div class=\"kuva\">\n                        <img decoding=\"async\" src=\"https:\/\/www.almamedia.fi\/mainostajat\/wp-content\/uploads\/sites\/6\/Alma-strategia-kuvat-10.png\" alt=\"\">\n                    <\/div>\n                                <h3>Kattava asiakasymm\u00e4rrys ja dataosaaminen<\/h3>\n                            <\/div>\n\n                                    <div class=\"pallura\" data-aos=\"zoom-in\">\n                                    <div class=\"kuva\">\n                        <img decoding=\"async\" src=\"https:\/\/www.almamedia.fi\/mainostajat\/wp-content\/uploads\/sites\/6\/Alma-strategia-kuvat-06.png\" alt=\"\">\n                    <\/div>\n                                <h3>Vastuullinen ja kotimainen mediaymp\u00e4rist\u00f6<\/h3>\n                            <\/div>\n\n                                    <div class=\"pallura\" data-aos=\"zoom-in\">\n                                    <div class=\"kuva\">\n                        <img decoding=\"async\" src=\"https:\/\/www.almamedia.fi\/mainostajat\/wp-content\/uploads\/sites\/6\/Alma-strategia-kuvat-09.png\" alt=\"\">\n                    <\/div>\n                                <h3>Luotettava kumppani asiakkaiden muuttuviin tarpeisiin<\/h3>\n                            <\/div>\n\n                <\/div>\n\n<\/div>\n<\/div><\/div>\n\n\n\n<div style=\"height:6rem\" aria-hidden=\"true\" class=\"wp-block-spacer\"><\/div>\n\n\n\n<div class=\"wp-block-cover alignfull is-light\"><span aria-hidden=\"true\" class=\"wp-block-cover__background has-background-dim-0 has-background-dim\"><\/span><div class=\"wp-block-cover__inner-container is-layout-constrained wp-block-cover-is-layout-constrained\"><div class=\"ditty ditty--pre\" data-id=\"4080\" data-uniqid=\"ditty-69f33b6e0bec7\" data-display_settings=\"{}\"><\/div><\/div><\/div>\n\n\n\n<div  class=\"viiva-erotin  \" >\n\n    <div class=\"netello-line netello-line-animated\"><\/div>\n\n<\/div>\n\n\n\n\n\n\n<div style=\"height:2rem\" aria-hidden=\"true\" class=\"wp-block-spacer\"><\/div>\n\n\n\n<div data-aos=\"fade-up\" id=\"Artikkelit-block_6dd9c5987982eae75cdf1a7039e840b7\" class=\"isot-artikkeli-nostot   has-wide-style\">\n\n            <div class=\"ylaosa\">\n                            <h2 class=\"isot-artikkeli-nostot-otsikko\">\n                    TUTUSTU ASIAKKAIDEMME ONNISTUMISIIN                <\/h2>\n                        <div class=\"arrows-wrapper\"><\/div>\n        <\/div>\n    \n    \n    \n        <div class=\"isot-artikkeli-nostot-wrapper isot-artikkeli-nostot-karuselli \">\n            \n<div>\n    <div class=\"uutislaatikko\">\n        <div class=\"uutiskuva\">\n                            <img decoding=\"async\" src=\"https:\/\/www.almamedia.fi\/mainostajat\/wp-content\/uploads\/sites\/6\/srentola2-1024x683.png\" alt=\"\" class=\"uutiskuva__kuva\">\n                    <\/div>\n        <div class=\"uutisteksti\">\n            <!--<p class=\"pvm\">18.3.2026<\/p>-->\n            <h3>S\u00e4hk\u00f6ty\u00f6 Rentola rakentaa kasvua jatkuvalla digimainonnalla<\/h3>\n\n            \n            <div class=\"ote\">\n                            <\/div>\n\n        <\/div>\n                <a class=\"laatikkolinkki\" \n           href=\"https:\/\/www.almamedia.fi\/mainostajat\/caset\/sahkotyo-rentola-rakentaa-kasvua-jatkuvalla-digimainonnalla\/\"\n           aria-label=\"Lue artikkeli: S\u00e4hk\u00f6ty\u00f6 Rentola rakentaa kasvua jatkuvalla digimainonnalla\"\n        ><\/a>\n    <\/div>\n<\/div>\n\n<div>\n    <div class=\"uutislaatikko\">\n        <div class=\"uutiskuva\">\n                            <img decoding=\"async\" src=\"https:\/\/www.almamedia.fi\/mainostajat\/wp-content\/uploads\/sites\/6\/phoenixcontact4-1024x682.jpg\" alt=\"\" class=\"uutiskuva__kuva\">\n                    <\/div>\n        <div class=\"uutisteksti\">\n            <!--<p class=\"pvm\">4.3.2026<\/p>-->\n            <h3>Ennenn\u00e4kem\u00e4t\u00f6nt\u00e4 B2B-mainontaa ja mitattavia tuloksia<\/h3>\n\n            \n            <div class=\"ote\">\n                            <\/div>\n\n        <\/div>\n                <a class=\"laatikkolinkki\" \n           href=\"https:\/\/www.almamedia.fi\/mainostajat\/caset\/ennennakematonta-b2b-mainontaa-ja-mitattavia-tuloksia\/\"\n           aria-label=\"Lue artikkeli: Ennenn\u00e4kem\u00e4t\u00f6nt\u00e4 B2B-mainontaa ja mitattavia tuloksia\"\n        ><\/a>\n    <\/div>\n<\/div>\n\n<div>\n    <div class=\"uutislaatikko\">\n        <div class=\"uutiskuva\">\n                            <img decoding=\"async\" src=\"https:\/\/www.almamedia.fi\/mainostajat\/wp-content\/uploads\/sites\/6\/jatskiauto6.png\" alt=\"\" class=\"uutiskuva__kuva\">\n                    <\/div>\n        <div class=\"uutisteksti\">\n            <!--<p class=\"pvm\">12.2.2026<\/p>-->\n            <h3>J\u00e4tskiauto l\u00f6ysi uuden, tehokkaan reitin kuluttajien pariin<\/h3>\n\n            \n            <div class=\"ote\">\n                            <\/div>\n\n        <\/div>\n                <a class=\"laatikkolinkki\" \n           href=\"https:\/\/www.almamedia.fi\/mainostajat\/caset\/jatskiauto-loysi-uuden-tehokkaan-reitin-kuluttajien-pariin\/\"\n           aria-label=\"Lue artikkeli: J\u00e4tskiauto l\u00f6ysi uuden, tehokkaan reitin kuluttajien pariin\"\n        ><\/a>\n    <\/div>\n<\/div>\n\n<div>\n    <div class=\"uutislaatikko\">\n        <div class=\"uutiskuva\">\n                            <img decoding=\"async\" src=\"https:\/\/www.almamedia.fi\/mainostajat\/wp-content\/uploads\/sites\/6\/oras1.jpg\" alt=\"\" class=\"uutiskuva__kuva\">\n                    <\/div>\n        <div class=\"uutisteksti\">\n            <!--<p class=\"pvm\">30.1.2026<\/p>-->\n            <h3>Natiivikampanja hotellip\u00e4\u00e4tt\u00e4jille her\u00e4tti huomion ja toi liidej\u00e4<\/h3>\n\n            \n            <div class=\"ote\">\n                            <\/div>\n\n        <\/div>\n                <a class=\"laatikkolinkki\" \n           href=\"https:\/\/www.almamedia.fi\/mainostajat\/caset\/natiivikampanja-hotellipaattajille-heratti-huomion-ja-toi-liideja\/\"\n           aria-label=\"Lue artikkeli: Natiivikampanja hotellip\u00e4\u00e4tt\u00e4jille her\u00e4tti huomion ja toi liidej\u00e4\"\n        ><\/a>\n    <\/div>\n<\/div>\n\n<div>\n    <div class=\"uutislaatikko\">\n        <div class=\"uutiskuva\">\n                            <img decoding=\"async\" src=\"https:\/\/www.almamedia.fi\/mainostajat\/wp-content\/uploads\/sites\/6\/43633_fazerina_juustokakku_nosto-1024x502.jpg\" alt=\"\" class=\"uutiskuva__kuva\">\n                    <\/div>\n        <div class=\"uutisteksti\">\n            <!--<p class=\"pvm\">25.11.2025<\/p>-->\n            <h3>Valio toteutti kolme sis\u00e4lt\u00f6natiivia, jotka sitouttivat kuluttajia yli odotusten\u00a0<\/h3>\n\n            \n            <div class=\"ote\">\n                            <\/div>\n\n        <\/div>\n                <a class=\"laatikkolinkki\" \n           href=\"https:\/\/www.almamedia.fi\/mainostajat\/caset\/valio-toteutti-kolme-sisaltonatiivia-jotka-sitouttivat-kuluttajia-yli-odotusten\/\"\n           aria-label=\"Lue artikkeli: Valio toteutti kolme sis\u00e4lt\u00f6natiivia, jotka sitouttivat kuluttajia yli odotusten\u00a0\"\n        ><\/a>\n    <\/div>\n<\/div>\n\n<div>\n    <div class=\"uutislaatikko\">\n        <div class=\"uutiskuva\">\n                            <img decoding=\"async\" src=\"https:\/\/www.almamedia.fi\/mainostajat\/wp-content\/uploads\/sites\/6\/2025_Jarvikyla_WEB_010-1024x683.jpg\" alt=\"\" class=\"uutiskuva__kuva\">\n                    <\/div>\n        <div class=\"uutisteksti\">\n            <!--<p class=\"pvm\">26.9.2025<\/p>-->\n            <h3>Testiryhm\u00e4 toi J\u00e4rvikyl\u00e4n salaattisekoitukset kuluttajien arkeen \u2013 myynti kasvoi merkitt\u00e4v\u00e4sti<\/h3>\n\n            \n            <div class=\"ote\">\n                            <\/div>\n\n        <\/div>\n                <a class=\"laatikkolinkki\" \n           href=\"https:\/\/www.almamedia.fi\/mainostajat\/caset\/testiryhma-toi-jarvikylan-salaattisekoitukset-kuluttajien-arkeen-myynti-kasvoi-merkittavasti\/\"\n           aria-label=\"Lue artikkeli: Testiryhm\u00e4 toi J\u00e4rvikyl\u00e4n salaattisekoitukset kuluttajien arkeen \u2013 myynti kasvoi merkitt\u00e4v\u00e4sti\"\n        ><\/a>\n    <\/div>\n<\/div>\n\n<div>\n    <div class=\"uutislaatikko\">\n        <div class=\"uutiskuva\">\n                            <img decoding=\"async\" src=\"https:\/\/www.almamedia.fi\/mainostajat\/wp-content\/uploads\/sites\/6\/Pyha-Ski-Resort-Jaakko-Posti-002-1024x683.jpg\" alt=\"\" class=\"uutiskuva__kuva\">\n                    <\/div>\n        <div class=\"uutisteksti\">\n            <!--<p class=\"pvm\">29.8.2025<\/p>-->\n            <h3>Pyh\u00e4 valitsi p\u00e4\u00e4tt\u00e4j\u00e4mediat ja Ruka luotti sis\u00e4lt\u00f6\u00f6n \u2013 molemmat onnistuivat<\/h3>\n\n            \n            <div class=\"ote\">\n                            <\/div>\n\n        <\/div>\n                <a class=\"laatikkolinkki\" \n           href=\"https:\/\/www.almamedia.fi\/mainostajat\/caset\/pyha-valitsi-paattajamediat-ja-ruka-luotti-sisaltoon-molemmat-onnistuivat\/\"\n           aria-label=\"Lue artikkeli: Pyh\u00e4 valitsi p\u00e4\u00e4tt\u00e4j\u00e4mediat ja Ruka luotti sis\u00e4lt\u00f6\u00f6n \u2013 molemmat onnistuivat\"\n        ><\/a>\n    <\/div>\n<\/div>\n\n<div>\n    <div class=\"uutislaatikko\">\n        <div class=\"uutiskuva\">\n                            <img decoding=\"async\" src=\"https:\/\/www.almamedia.fi\/mainostajat\/wp-content\/uploads\/sites\/6\/kia-all-new-ev6-gtline-my25-wolf-grey-outdoor-static-digital-1920x1080-003-1024x576.jpg\" alt=\"\" class=\"uutiskuva__kuva\">\n                    <\/div>\n        <div class=\"uutisteksti\">\n            <!--<p class=\"pvm\">13.6.2025<\/p>-->\n            <h3>Kampanja ylitti kaikki keskiarvot Alma Supersivulla<\/h3>\n\n            \n            <div class=\"ote\">\n                            <\/div>\n\n        <\/div>\n                <a class=\"laatikkolinkki\" \n           href=\"https:\/\/www.almamedia.fi\/mainostajat\/caset\/kampanja-ylitti-kaikki-keskiarvot-alma-supersivulla\/\"\n           aria-label=\"Lue artikkeli: Kampanja ylitti kaikki keskiarvot Alma Supersivulla\"\n        ><\/a>\n    <\/div>\n<\/div>\n\n<div>\n    <div class=\"uutislaatikko\">\n        <div class=\"uutiskuva\">\n                            <img decoding=\"async\" src=\"https:\/\/www.almamedia.fi\/mainostajat\/wp-content\/uploads\/sites\/6\/Baltic_Princess_2024_8-1-scaled-1-1024x545.jpg\" alt=\"\" class=\"uutiskuva__kuva\">\n                    <\/div>\n        <div class=\"uutisteksti\">\n            <!--<p class=\"pvm\">27.5.2025<\/p>-->\n            <h3>Tallink Silja Linen Black Week -kampanja loisti: myynti kasvoi ja kohderyhm\u00e4 tavoitettiin<\/h3>\n\n            \n            <div class=\"ote\">\n                <p>Tallink Silja Linen Black Week -kampanja loisti: myynti kasvoi ja kohderyhm\u00e4 tavoitettiin It\u00e4meren aalloilla matkustajia [&hellip;]<\/p>\n            <\/div>\n\n        <\/div>\n                <a class=\"laatikkolinkki\" \n           href=\"https:\/\/www.almamedia.fi\/mainostajat\/caset\/tallink-silja-linen-black-week-kampanja-loisti-myynti-kasvoi-ja-kohderyhma-tavoitettiin\/\"\n           aria-label=\"Lue artikkeli: Tallink Silja Linen Black Week -kampanja loisti: myynti kasvoi ja kohderyhm\u00e4 tavoitettiin\"\n        ><\/a>\n    <\/div>\n<\/div>\n\n<div>\n    <div class=\"uutislaatikko\">\n        <div class=\"uutiskuva\">\n                            <img decoding=\"async\" src=\"https:\/\/www.almamedia.fi\/mainostajat\/wp-content\/uploads\/sites\/6\/raahen-kaupunki-antti-baas-edited-1-1024x577.jpg\" alt=\"\" class=\"uutiskuva__kuva\">\n                    <\/div>\n        <div class=\"uutisteksti\">\n            <!--<p class=\"pvm\">9.12.2024<\/p>-->\n            <h3>Sis\u00e4lt\u00f6markkinointi kasvatti Raahen tunnettuutta \/ Case Raahen kaupunki<\/h3>\n\n            \n            <div class=\"ote\">\n                <p>Sis\u00e4lt\u00f6markkinointi kasvatti Raahen tunnettuutta \/ Case Raahen kaupunki Raahen kaupunki halusi tavoittaa yritysp\u00e4\u00e4tt\u00e4j\u00e4t ja tehd\u00e4 [&hellip;]<\/p>\n            <\/div>\n\n        <\/div>\n                <a class=\"laatikkolinkki\" \n           href=\"https:\/\/www.almamedia.fi\/mainostajat\/caset\/sisaltomarkkinointi-kasvatti-raahen-tunnettuutta-case-raahen-kaupunki\/\"\n           aria-label=\"Lue artikkeli: Sis\u00e4lt\u00f6markkinointi kasvatti Raahen tunnettuutta \/ Case Raahen kaupunki\"\n        ><\/a>\n    <\/div>\n<\/div>\n\n<div>\n    <div class=\"uutislaatikko\">\n        <div class=\"uutiskuva\">\n                            <img decoding=\"async\" src=\"https:\/\/www.almamedia.fi\/mainostajat\/wp-content\/uploads\/sites\/6\/lentokone-2-1024x376.png\" alt=\"\" class=\"uutiskuva__kuva\">\n                    <\/div>\n        <div class=\"uutisteksti\">\n            <!--<p class=\"pvm\">15.11.2024<\/p>-->\n            <h3>Uusi visuaalinen ilme valloitti yleis\u00f6n \u2013 N\u00e4in Finnair onnistui Supersivulla taktisessa mainoskampanjassaan<\/h3>\n\n            \n            <div class=\"ote\">\n                <p>Uusi visuaalinen ilme valloitti yleis\u00f6n \u2013 N\u00e4in Finnair onnistui Supersivulla taktisessa mainoskampanjassaan Mit\u00e4 ajattelet ensimm\u00e4isen\u00e4, [&hellip;]<\/p>\n            <\/div>\n\n        <\/div>\n                <a class=\"laatikkolinkki\" \n           href=\"https:\/\/www.almamedia.fi\/mainostajat\/caset\/uusi-visuaalinen-ilme-valloitti-yleison-nain-finnair-onnistui-supersivulla-taktisessa-mainoskampanjassaan\/\"\n           aria-label=\"Lue artikkeli: Uusi visuaalinen ilme valloitti yleis\u00f6n \u2013 N\u00e4in Finnair onnistui Supersivulla taktisessa mainoskampanjassaan\"\n        ><\/a>\n    <\/div>\n<\/div>\n\n<div>\n    <div class=\"uutislaatikko\">\n        <div class=\"uutiskuva\">\n                            <img decoding=\"async\" src=\"https:\/\/www.almamedia.fi\/mainostajat\/wp-content\/uploads\/sites\/6\/23dd50425fbc02e17ed23713e14f96ad3ab3ea76a345f47c03c5481f9d4cf74f-e1723709663629.jpg\" alt=\"\" class=\"uutiskuva__kuva\">\n                    <\/div>\n        <div class=\"uutisteksti\">\n            <!--<p class=\"pvm\">15.8.2024<\/p>-->\n            <h3>\u00c4\u00e4ni kuuluviin sis\u00e4lt\u00f6markkinoinnilla \u2013 N\u00e4in ty\u00f6tt\u00f6myyskassa sai sadat tuhannet t\u00e4rkeiden yhteiskunnallisten asioiden \u00e4\u00e4relle \/ Case KOKO-kassa<\/h3>\n\n            \n            <div class=\"ote\">\n                <p>\u00c4\u00e4ni kuuluviin sis\u00e4lt\u00f6markkinoinnilla \u2013 N\u00e4in ty\u00f6tt\u00f6myyskassa sai sadat tuhannet t\u00e4rkeiden yhteiskunnallisten asioiden \u00e4\u00e4relle \/ Case [&hellip;]<\/p>\n            <\/div>\n\n        <\/div>\n                <a class=\"laatikkolinkki\" \n           href=\"https:\/\/www.almamedia.fi\/mainostajat\/caset\/aani-kuuluviin-sisaltomarkkinoinnilla-nain-tyottomyyskassa-sai-sadat-tuhannet-tarkeiden-yhteiskunnallisten-asioiden-aarelle-case-koko-kassa\/\"\n           aria-label=\"Lue artikkeli: \u00c4\u00e4ni kuuluviin sis\u00e4lt\u00f6markkinoinnilla \u2013 N\u00e4in ty\u00f6tt\u00f6myyskassa sai sadat tuhannet t\u00e4rkeiden yhteiskunnallisten asioiden \u00e4\u00e4relle \/ Case KOKO-kassa\"\n        ><\/a>\n    <\/div>\n<\/div>\n        <\/div>\n\n    \n<\/div>\n\n\n\n\n\n<p class=\"has-text-align-left netello-linkit ylemmas\"><a href=\"https:\/\/www.almamedia.fi\/mainostajat\/caset\/\">Tutustu asiakkaidemme muihin onnistumisiin case-arkistossamme<\/a><\/p>\n\n\n\n<p><\/p>\n","protected":false},"excerpt":{"rendered":"<p>Tutustu asiakkaidemme muihin onnistumisiin case-arkistossamme<\/p>\n","protected":false},"author":105,"featured_media":84341,"parent":0,"menu_order":0,"comment_status":"closed","ping_status":"closed","template":"front-page.php","meta":{"_acf_changed":false,"footnotes":""},"class_list":["post-2896","page","type-page","status-publish","has-post-thumbnail","hentry"],"acf":[],"yoast_head":"<!-- This site is optimized with the Yoast SEO plugin v26.9 - https:\/\/yoast.com\/product\/yoast-seo-wordpress\/ -->\n<title>Alma Media mainostajille - Meh\u00e4n tunnetaan - Alma Media - mainostajat<\/title>\n<meta name=\"description\" content=\"Alma on kumppani yrityksille, jotka p\u00e4\u00e4tt\u00e4v\u00e4t nostaa markkinointinsa rimaa. Yhdist\u00e4 sisa\u0308llo\u0308t ja alustat asiakasymma\u0308rrykseen ja innovatiivisiin ratkaisuihin.\" \/>\n<meta name=\"robots\" content=\"index, follow, max-snippet:-1, max-image-preview:large, max-video-preview:-1\" \/>\n<link rel=\"canonical\" href=\"https:\/\/www.almamedia.fi\/mainostajat\/\" \/>\n<meta property=\"og:locale\" content=\"fi_FI\" \/>\n<meta property=\"og:type\" content=\"article\" \/>\n<meta property=\"og:title\" content=\"Alma Media mainostajille - Meh\u00e4n tunnetaan - Alma Media - mainostajat\" \/>\n<meta property=\"og:description\" content=\"Alma on kumppani yrityksille, jotka p\u00e4\u00e4tt\u00e4v\u00e4t nostaa markkinointinsa rimaa. Yhdist\u00e4 sisa\u0308llo\u0308t ja alustat asiakasymma\u0308rrykseen ja innovatiivisiin ratkaisuihin.\" \/>\n<meta property=\"og:url\" content=\"https:\/\/www.almamedia.fi\/mainostajat\/\" \/>\n<meta property=\"og:site_name\" content=\"Alma Media - mainostajat\" \/>\n<meta property=\"article:modified_time\" content=\"2026-02-10T13:34:06+00:00\" \/>\n<meta property=\"og:image\" content=\"https:\/\/www.almamedia.fi\/mainostajat\/wp-content\/uploads\/sites\/6\/cropped-Alma_logo-musta.png\" \/>\n\t<meta property=\"og:image:width\" content=\"512\" \/>\n\t<meta property=\"og:image:height\" content=\"512\" \/>\n\t<meta property=\"og:image:type\" content=\"image\/png\" \/>\n<meta name=\"twitter:card\" content=\"summary_large_image\" \/>\n<meta name=\"twitter:label1\" content=\"Arvioitu lukuaika\" \/>\n\t<meta name=\"twitter:data1\" content=\"1 minuutti\" \/>\n<script type=\"application\/ld+json\" class=\"yoast-schema-graph\">{\"@context\":\"https:\/\/schema.org\",\"@graph\":[{\"@type\":\"WebPage\",\"@id\":\"https:\/\/www.almamedia.fi\/mainostajat\/\",\"url\":\"https:\/\/www.almamedia.fi\/mainostajat\/\",\"name\":\"Alma Media mainostajille - Meh\u00e4n tunnetaan - Alma Media - mainostajat\",\"isPartOf\":{\"@id\":\"https:\/\/www.almamedia.fi\/mainostajat\/#website\"},\"primaryImageOfPage\":{\"@id\":\"https:\/\/www.almamedia.fi\/mainostajat\/#primaryimage\"},\"image\":{\"@id\":\"https:\/\/www.almamedia.fi\/mainostajat\/#primaryimage\"},\"thumbnailUrl\":\"https:\/\/www.almamedia.fi\/mainostajat\/wp-content\/uploads\/sites\/6\/cropped-Alma_logo-musta.png\",\"datePublished\":\"2023-04-13T09:22:11+00:00\",\"dateModified\":\"2026-02-10T13:34:06+00:00\",\"description\":\"Alma on kumppani yrityksille, jotka p\u00e4\u00e4tt\u00e4v\u00e4t nostaa markkinointinsa rimaa. Yhdist\u00e4 sisa\u0308llo\u0308t ja alustat asiakasymma\u0308rrykseen ja innovatiivisiin ratkaisuihin.\",\"breadcrumb\":{\"@id\":\"https:\/\/www.almamedia.fi\/mainostajat\/#breadcrumb\"},\"inLanguage\":\"fi\",\"potentialAction\":[{\"@type\":\"ReadAction\",\"target\":[\"https:\/\/www.almamedia.fi\/mainostajat\/\"]}]},{\"@type\":\"ImageObject\",\"inLanguage\":\"fi\",\"@id\":\"https:\/\/www.almamedia.fi\/mainostajat\/#primaryimage\",\"url\":\"https:\/\/www.almamedia.fi\/mainostajat\/wp-content\/uploads\/sites\/6\/cropped-Alma_logo-musta.png\",\"contentUrl\":\"https:\/\/www.almamedia.fi\/mainostajat\/wp-content\/uploads\/sites\/6\/cropped-Alma_logo-musta.png\",\"width\":512,\"height\":512},{\"@type\":\"BreadcrumbList\",\"@id\":\"https:\/\/www.almamedia.fi\/mainostajat\/#breadcrumb\",\"itemListElement\":[{\"@type\":\"ListItem\",\"position\":1,\"name\":\"Etusivu\",\"item\":\"https:\/\/www.almamedia.fi\/mainostajat\/\"},{\"@type\":\"ListItem\",\"position\":2,\"name\":\"Etusivu\"}]},{\"@type\":\"WebSite\",\"@id\":\"https:\/\/www.almamedia.fi\/mainostajat\/#website\",\"url\":\"https:\/\/www.almamedia.fi\/mainostajat\/\",\"name\":\"Alma Media - mainostajat\",\"description\":\"\",\"publisher\":{\"@id\":\"https:\/\/www.almamedia.fi\/mainostajat\/#organization\"},\"potentialAction\":[{\"@type\":\"SearchAction\",\"target\":{\"@type\":\"EntryPoint\",\"urlTemplate\":\"https:\/\/www.almamedia.fi\/mainostajat\/?s={search_term_string}\"},\"query-input\":{\"@type\":\"PropertyValueSpecification\",\"valueRequired\":true,\"valueName\":\"search_term_string\"}}],\"inLanguage\":\"fi\"},{\"@type\":\"Organization\",\"@id\":\"https:\/\/www.almamedia.fi\/mainostajat\/#organization\",\"name\":\"Alma Media - mainostajat\",\"url\":\"https:\/\/www.almamedia.fi\/mainostajat\/\",\"logo\":{\"@type\":\"ImageObject\",\"inLanguage\":\"fi\",\"@id\":\"https:\/\/www.almamedia.fi\/mainostajat\/#\/schema\/logo\/image\/\",\"url\":\"https:\/\/www.almamedia.fi\/mainostajat\/wp-content\/uploads\/sites\/6\/alma-media-logo-valkoinen.svg\",\"contentUrl\":\"https:\/\/www.almamedia.fi\/mainostajat\/wp-content\/uploads\/sites\/6\/alma-media-logo-valkoinen.svg\",\"width\":49,\"height\":50,\"caption\":\"Alma Media - mainostajat\"},\"image\":{\"@id\":\"https:\/\/www.almamedia.fi\/mainostajat\/#\/schema\/logo\/image\/\"}}]}<\/script>\n<!-- \/ Yoast SEO plugin. -->","yoast_head_json":{"title":"Alma Media mainostajille - Meh\u00e4n tunnetaan - Alma Media - mainostajat","description":"Alma on kumppani yrityksille, jotka p\u00e4\u00e4tt\u00e4v\u00e4t nostaa markkinointinsa rimaa. Yhdist\u00e4 sisa\u0308llo\u0308t ja alustat asiakasymma\u0308rrykseen ja innovatiivisiin ratkaisuihin.","robots":{"index":"index","follow":"follow","max-snippet":"max-snippet:-1","max-image-preview":"max-image-preview:large","max-video-preview":"max-video-preview:-1"},"canonical":"https:\/\/www.almamedia.fi\/mainostajat\/","og_locale":"fi_FI","og_type":"article","og_title":"Alma Media mainostajille - Meh\u00e4n tunnetaan - Alma Media - mainostajat","og_description":"Alma on kumppani yrityksille, jotka p\u00e4\u00e4tt\u00e4v\u00e4t nostaa markkinointinsa rimaa. Yhdist\u00e4 sisa\u0308llo\u0308t ja alustat asiakasymma\u0308rrykseen ja innovatiivisiin ratkaisuihin.","og_url":"https:\/\/www.almamedia.fi\/mainostajat\/","og_site_name":"Alma Media - mainostajat","article_modified_time":"2026-02-10T13:34:06+00:00","og_image":[{"width":512,"height":512,"url":"https:\/\/www.almamedia.fi\/mainostajat\/wp-content\/uploads\/sites\/6\/cropped-Alma_logo-musta.png","type":"image\/png"}],"twitter_card":"summary_large_image","twitter_misc":{"Arvioitu lukuaika":"1 minuutti"},"schema":{"@context":"https:\/\/schema.org","@graph":[{"@type":"WebPage","@id":"https:\/\/www.almamedia.fi\/mainostajat\/","url":"https:\/\/www.almamedia.fi\/mainostajat\/","name":"Alma Media mainostajille - Meh\u00e4n tunnetaan - Alma Media - mainostajat","isPartOf":{"@id":"https:\/\/www.almamedia.fi\/mainostajat\/#website"},"primaryImageOfPage":{"@id":"https:\/\/www.almamedia.fi\/mainostajat\/#primaryimage"},"image":{"@id":"https:\/\/www.almamedia.fi\/mainostajat\/#primaryimage"},"thumbnailUrl":"https:\/\/www.almamedia.fi\/mainostajat\/wp-content\/uploads\/sites\/6\/cropped-Alma_logo-musta.png","datePublished":"2023-04-13T09:22:11+00:00","dateModified":"2026-02-10T13:34:06+00:00","description":"Alma on kumppani yrityksille, jotka p\u00e4\u00e4tt\u00e4v\u00e4t nostaa markkinointinsa rimaa. Yhdist\u00e4 sisa\u0308llo\u0308t ja alustat asiakasymma\u0308rrykseen ja innovatiivisiin ratkaisuihin.","breadcrumb":{"@id":"https:\/\/www.almamedia.fi\/mainostajat\/#breadcrumb"},"inLanguage":"fi","potentialAction":[{"@type":"ReadAction","target":["https:\/\/www.almamedia.fi\/mainostajat\/"]}]},{"@type":"ImageObject","inLanguage":"fi","@id":"https:\/\/www.almamedia.fi\/mainostajat\/#primaryimage","url":"https:\/\/www.almamedia.fi\/mainostajat\/wp-content\/uploads\/sites\/6\/cropped-Alma_logo-musta.png","contentUrl":"https:\/\/www.almamedia.fi\/mainostajat\/wp-content\/uploads\/sites\/6\/cropped-Alma_logo-musta.png","width":512,"height":512},{"@type":"BreadcrumbList","@id":"https:\/\/www.almamedia.fi\/mainostajat\/#breadcrumb","itemListElement":[{"@type":"ListItem","position":1,"name":"Etusivu","item":"https:\/\/www.almamedia.fi\/mainostajat\/"},{"@type":"ListItem","position":2,"name":"Etusivu"}]},{"@type":"WebSite","@id":"https:\/\/www.almamedia.fi\/mainostajat\/#website","url":"https:\/\/www.almamedia.fi\/mainostajat\/","name":"Alma Media - mainostajat","description":"","publisher":{"@id":"https:\/\/www.almamedia.fi\/mainostajat\/#organization"},"potentialAction":[{"@type":"SearchAction","target":{"@type":"EntryPoint","urlTemplate":"https:\/\/www.almamedia.fi\/mainostajat\/?s={search_term_string}"},"query-input":{"@type":"PropertyValueSpecification","valueRequired":true,"valueName":"search_term_string"}}],"inLanguage":"fi"},{"@type":"Organization","@id":"https:\/\/www.almamedia.fi\/mainostajat\/#organization","name":"Alma Media - mainostajat","url":"https:\/\/www.almamedia.fi\/mainostajat\/","logo":{"@type":"ImageObject","inLanguage":"fi","@id":"https:\/\/www.almamedia.fi\/mainostajat\/#\/schema\/logo\/image\/","url":"https:\/\/www.almamedia.fi\/mainostajat\/wp-content\/uploads\/sites\/6\/alma-media-logo-valkoinen.svg","contentUrl":"https:\/\/www.almamedia.fi\/mainostajat\/wp-content\/uploads\/sites\/6\/alma-media-logo-valkoinen.svg","width":49,"height":50,"caption":"Alma Media - mainostajat"},"image":{"@id":"https:\/\/www.almamedia.fi\/mainostajat\/#\/schema\/logo\/image\/"}}]}},"lang":"fi","translations":{"fi":2896,"en":86562},"pll_sync_post":[],"_links":{"self":[{"href":"https:\/\/www.almamedia.fi\/mainostajat\/wp-json\/wp\/v2\/pages\/2896","targetHints":{"allow":["GET"]}}],"collection":[{"href":"https:\/\/www.almamedia.fi\/mainostajat\/wp-json\/wp\/v2\/pages"}],"about":[{"href":"https:\/\/www.almamedia.fi\/mainostajat\/wp-json\/wp\/v2\/types\/page"}],"author":[{"embeddable":true,"href":"https:\/\/www.almamedia.fi\/mainostajat\/wp-json\/wp\/v2\/users\/105"}],"replies":[{"embeddable":true,"href":"https:\/\/www.almamedia.fi\/mainostajat\/wp-json\/wp\/v2\/comments?post=2896"}],"version-history":[{"count":0,"href":"https:\/\/www.almamedia.fi\/mainostajat\/wp-json\/wp\/v2\/pages\/2896\/revisions"}],"wp:featuredmedia":[{"embeddable":true,"href":"https:\/\/www.almamedia.fi\/mainostajat\/wp-json\/wp\/v2\/media\/84341"}],"wp:attachment":[{"href":"https:\/\/www.almamedia.fi\/mainostajat\/wp-json\/wp\/v2\/media?parent=2896"}],"curies":[{"name":"wp","href":"https:\/\/api.w.org\/{rel}","templated":true}]}}