{"id":2206,"date":"2021-08-27T11:35:54","date_gmt":"2021-08-27T11:35:54","guid":{"rendered":"http:\/\/wpspeedtest.local\/?page_id=2206"},"modified":"2025-11-17T10:02:38","modified_gmt":"2025-11-17T08:02:38","slug":"ajankohtaista-mainostajalle-uutisarkisto","status":"publish","type":"page","link":"https:\/\/www.almamedia.fi\/mainostajat\/ajankohtaista-mainostajalle-uutisarkisto\/","title":{"rendered":"Ajankohtaista"},"content":{"rendered":"\n<h1 class=\"wp-block-heading\">Ajankohtaista<\/h1>\n\n\n\n<h2 class=\"wp-block-heading has-medium-font-size\">Suodata artikkeleita<\/h2>\n\n\n\n<div data-aos=\"fade-up\" id=\"Artikkelit-block_b7529c67880fa625438c6edb2d4bcef8\" class=\"isot-artikkeli-nostot  \">\n\n    \n    \n        <div class=\"category-filter-top\">\n            <!--\n             <div class=\"netello-line netello-line-animated\"><\/div>\n             -->\n            <!--\n            <h3>Suodata<\/h3>\n            -->\n        <\/div>\n        <div class=\"category-filter\">\n            <button class=\"active\" data-category=\"\">Kaikki<\/button>\n            <button data-category=\"advertisers-en\">Advertisers<\/button><button data-category=\"ajankohtaista\">Ajankohtaista<\/button><button data-category=\"ajankohtaista-autokaupasta\">Ajankohtaista autokaupasta<\/button><button data-category=\"alma-businessmediat\">Alma Businessmediat<\/button><button data-category=\"alma-spotlight\">Alma Spotlight<\/button><button data-category=\"alma-talk-fi\">Alma Talk<\/button><button data-category=\"alma-tutkii\">Alma tutkii<\/button><button data-category=\"alma-verkosto\">Alma-verkosto<\/button><button data-category=\"asiakashankinta\">Asiakashankinta<\/button><button data-category=\"autoilun-datakatsaus\">Autoilun datakatsaus<\/button><button data-category=\"bannerimainonta\">Bannerimainonta<\/button><button data-category=\"brandi\">Br\u00e4ndi<\/button><button data-category=\"data\">Data<\/button><button data-category=\"digimarkkinointi\">Digimarkkinointi<\/button><button data-category=\"display-mainonta\">Display-mainonta<\/button><button data-category=\"hiilimittari-fi\">Hiilimittari<\/button><button data-category=\"iltalehti\">Iltalehti<\/button><button data-category=\"kohdentaminen\">Kohdentaminen<\/button><button data-category=\"konteksti\">Konteksti<\/button><button data-category=\"kotimaisen-median-puolesta\">Kotimaisen median puolesta<\/button><button data-category=\"liikkuminen\">Liikkuminen<\/button><button data-category=\"loydettavyys\">L\u00f6ydett\u00e4vyys<\/button><button data-category=\"luovuus\">Luovuus<\/button><button data-category=\"mainostajalle-fi\">Mainostajalle<\/button><button data-category=\"news-en\">News<\/button><button data-category=\"ohjelmallinen-mainonta\">Ohjelmallinen mainonta<\/button><button data-category=\"programmatic-advertising\">Programmatic advertising<\/button><button data-category=\"sisaltomarkkinointi\">Sis\u00e4lt\u00f6markkinointi<\/button><button data-category=\"tunnettuus\">Tunnettuus<\/button>        <\/div>\n\n    \n    \n        <div id=\"posts-container\" class=\"posts-grid\" data-post-type=\"post\">\n            \n<article id=\"post-93781\" class=\"grid-item post-93781 post type-post status-publish format-standard has-post-thumbnail hentry category-programmatic-advertising\">\n    <div class=\"grid-item-inner\">\n\n        <div class=\"post-thumbnail\">\n                            <img decoding=\"async\" src=\"https:\/\/www.almamedia.fi\/mainostajat\/wp-content\/uploads\/sites\/6\/Hero-3840x2160_Shutterstock-2458630829-1024x576.png\" alt=\"\" class=\"uutiskuva__kuva\">\n                    <\/div>\n\n\n        <div class=\"post-content\">\n            <header class=\"entry-header\">\n                <h3 class=\"entry-title\">It all started with 15 billion\u00a0scam\u00a0ads a day \u2013\u00a0eventually,\u00a0IAB\u00a0Sweden drew the line\u00a0<\/h3>\n                <p class=\"pvm\">27.4.2026<\/p>\n                            <\/header>\n\n            <div class=\"entry-summary\">\n                I remember how shocked I was at the end of last year when Reuters reported\u00a0that [&hellip;]            <\/div>\n\n            <!--\n            <footer class=\"entry-footer\">\n                <a href=\"https:\/\/www.almamedia.fi\/mainostajat\/en\/it-all-started-with-15-billion-scam-ads-a-day-eventually-iab-sweden-drew-the-line\/\" class=\"read-more\">Read More<\/a>\n            <\/footer>\n            -->\n        <\/div>\n    <\/div>\n    <a class=\"laatikkolinkki\" \n       href=\"https:\/\/www.almamedia.fi\/mainostajat\/en\/it-all-started-with-15-billion-scam-ads-a-day-eventually-iab-sweden-drew-the-line\/\"\n       aria-label=\"Lue artikkeli: It all started with 15 billion\u00a0scam\u00a0ads a day \u2013\u00a0eventually,\u00a0IAB\u00a0Sweden drew the line\u00a0\"\n    ><\/a>\n<\/article> \n<article id=\"post-93770\" class=\"grid-item post-93770 post type-post status-publish format-standard has-post-thumbnail hentry category-ohjelmallinen-mainonta tag-branditurvallisuus tag-iab-ruotsi tag-ohjelmallinen-mainonta tag-sosiaalinen-media\">\n    <div class=\"grid-item-inner\">\n\n        <div class=\"post-thumbnail\">\n                            <img decoding=\"async\" src=\"https:\/\/www.almamedia.fi\/mainostajat\/wp-content\/uploads\/sites\/6\/Hero-3840x2160_Shutterstock-2458630829-1024x576.png\" alt=\"\" class=\"uutiskuva__kuva\">\n                    <\/div>\n\n\n        <div class=\"post-content\">\n            <header class=\"entry-header\">\n                <h3 class=\"entry-title\">Kaikki alkoi 15 miljardista huijausmainoksesta p\u00e4iv\u00e4ss\u00e4, ja lopulta Ruotsi teki sen, mit\u00e4 muut eiv\u00e4t uskaltaneet<\/h3>\n                <p class=\"pvm\">27.4.2026<\/p>\n                            <\/header>\n\n            <div class=\"entry-summary\">\n                Muistan itse kuinka p\u00f6yristynyt olin viime vuoden lopulla, kun\u00a0Reuters uutisoi\u00a0Metalla py\u00f6riv\u00e4n jopa 15 miljardia huijausmainosta [&hellip;]            <\/div>\n\n            <!--\n            <footer class=\"entry-footer\">\n                <a href=\"https:\/\/www.almamedia.fi\/mainostajat\/kaikki-alkoi-15-miljardista-huijausmainoksesta-paivassa-ja-lopulta-ruotsi-teki-sen-mita-muut-eivat-uskaltaneet\/\" class=\"read-more\">Read More<\/a>\n            <\/footer>\n            -->\n        <\/div>\n    <\/div>\n    <a class=\"laatikkolinkki\" \n       href=\"https:\/\/www.almamedia.fi\/mainostajat\/kaikki-alkoi-15-miljardista-huijausmainoksesta-paivassa-ja-lopulta-ruotsi-teki-sen-mita-muut-eivat-uskaltaneet\/\"\n       aria-label=\"Lue artikkeli: Kaikki alkoi 15 miljardista huijausmainoksesta p\u00e4iv\u00e4ss\u00e4, ja lopulta Ruotsi teki sen, mit\u00e4 muut eiv\u00e4t uskaltaneet\"\n    ><\/a>\n<\/article> \n<article id=\"post-93762\" class=\"grid-item post-93762 post type-post status-publish format-standard has-post-thumbnail hentry category-advertisers-en category-programmatic-advertising tag-tutkimus\">\n    <div class=\"grid-item-inner\">\n\n        <div class=\"post-thumbnail\">\n                            <img decoding=\"async\" src=\"https:\/\/www.almamedia.fi\/mainostajat\/wp-content\/uploads\/sites\/6\/shutterstock_626723336-1-scaled-e1740039857246-1024x538.jpg\" alt=\"\" class=\"uutiskuva__kuva\">\n                    <\/div>\n\n\n        <div class=\"post-content\">\n            <header class=\"entry-header\">\n                <h3 class=\"entry-title\">Finland\u2019s Programmatic Reality Check: Alma Survey highlights efficiency, attention, quality and smarter workflows<\/h3>\n                <p class=\"pvm\">23.4.2026<\/p>\n                            <\/header>\n\n            <div class=\"entry-summary\">\n                Alma&nbsp;conducts&nbsp;an annual&nbsp;programmatic&nbsp;survey&nbsp;State of Programmatic in Finland&nbsp;which is targeted to programmatic buyers across Finnish&nbsp;agencies and in-house [&hellip;]            <\/div>\n\n            <!--\n            <footer class=\"entry-footer\">\n                <a href=\"https:\/\/www.almamedia.fi\/mainostajat\/en\/state-of-programmatic-in-finland-survey\/\" class=\"read-more\">Read More<\/a>\n            <\/footer>\n            -->\n        <\/div>\n    <\/div>\n    <a class=\"laatikkolinkki\" \n       href=\"https:\/\/www.almamedia.fi\/mainostajat\/en\/state-of-programmatic-in-finland-survey\/\"\n       aria-label=\"Lue artikkeli: Finland\u2019s Programmatic Reality Check: Alma Survey highlights efficiency, attention, quality and smarter workflows\"\n    ><\/a>\n<\/article> \n<article id=\"post-93528\" class=\"grid-item post-93528 post type-post status-publish format-standard has-post-thumbnail hentry category-ajankohtaista category-alma-tutkii category-kohdentaminen category-mainostajalle-fi tag-kohdentaminen tag-markkinointi tag-matkailu tag-tutkimus\">\n    <div class=\"grid-item-inner\">\n\n        <div class=\"post-thumbnail\">\n                            <img decoding=\"async\" src=\"https:\/\/www.almamedia.fi\/mainostajat\/wp-content\/uploads\/sites\/6\/shutterstock_2314172427-1024x610.jpg\" alt=\"\" class=\"uutiskuva__kuva\">\n                    <\/div>\n\n\n        <div class=\"post-content\">\n            <header class=\"entry-header\">\n                <h3 class=\"entry-title\">Lappi kiinnostaa ymp\u00e4ri vuoden \u2013\u00a0Kotimaan matkailulle tyypillisin este on hinta\u00a0<\/h3>\n                <p class=\"pvm\">14.4.2026<\/p>\n                            <\/header>\n\n            <div class=\"entry-summary\">\n                Alma Median matkailututkimuksesta selvi\u00e4\u00e4, ett\u00e4\u00a0kiinnostusta\u00a0kotimaan matkailuun\u00a0on runsaasti, mutta esteet ovat konkreettisia.\u00a0Markkinoinnin on\u00a0hyv\u00e4 vastata\u00a0suoraan hinta- ja [&hellip;]            <\/div>\n\n            <!--\n            <footer class=\"entry-footer\">\n                <a href=\"https:\/\/www.almamedia.fi\/mainostajat\/lappi-kiinnostaa-ympari-vuoden-kotimaan-matkailulle-tyypillisin-este-on-hinta\/\" class=\"read-more\">Read More<\/a>\n            <\/footer>\n            -->\n        <\/div>\n    <\/div>\n    <a class=\"laatikkolinkki\" \n       href=\"https:\/\/www.almamedia.fi\/mainostajat\/lappi-kiinnostaa-ympari-vuoden-kotimaan-matkailulle-tyypillisin-este-on-hinta\/\"\n       aria-label=\"Lue artikkeli: Lappi kiinnostaa ymp\u00e4ri vuoden \u2013\u00a0Kotimaan matkailulle tyypillisin este on hinta\u00a0\"\n    ><\/a>\n<\/article> \n<article id=\"post-93496\" class=\"grid-item post-93496 post type-post status-publish format-standard has-post-thumbnail hentry category-ajankohtaista category-alma-businessmediat category-alma-tutkii category-liikkuminen category-mainostajalle-fi tag-markkinointi tag-tutkimus\">\n    <div class=\"grid-item-inner\">\n\n        <div class=\"post-thumbnail\">\n                            <img decoding=\"async\" src=\"https:\/\/www.almamedia.fi\/mainostajat\/wp-content\/uploads\/sites\/6\/shutterstock_2055381515-1024x683.jpeg\" alt=\"\" class=\"uutiskuva__kuva\">\n                    <\/div>\n\n\n        <div class=\"post-content\">\n            <header class=\"entry-header\">\n                <h3 class=\"entry-title\">Auton ostoprosessi on muuttunut\u00a0\u2013\u00a0Tiedonhaku\u00a0on perusteellista ja monikanavaista\u00a0<\/h3>\n                <p class=\"pvm\">1.4.2026<\/p>\n                            <\/header>\n\n            <div class=\"entry-summary\">\n                Autonostajan matka\u00a0ostop\u00e4\u00e4t\u00f6kseen on muuttunut. Alma Businessmedioiden Autotutkimuksen mukaan\u00a0ostoprosessi on pidentynyt ja monimutkaistunut: ostaja k\u00e4ytt\u00e4\u00e4 keskim\u00e4\u00e4rin\u00a03\u20134\u00a0eri [&hellip;]            <\/div>\n\n            <!--\n            <footer class=\"entry-footer\">\n                <a href=\"https:\/\/www.almamedia.fi\/mainostajat\/auton-ostoprosessi-on-muuttunut-tiedonhaku-on-perusteellista-ja-monikanavaista\/\" class=\"read-more\">Read More<\/a>\n            <\/footer>\n            -->\n        <\/div>\n    <\/div>\n    <a class=\"laatikkolinkki\" \n       href=\"https:\/\/www.almamedia.fi\/mainostajat\/auton-ostoprosessi-on-muuttunut-tiedonhaku-on-perusteellista-ja-monikanavaista\/\"\n       aria-label=\"Lue artikkeli: Auton ostoprosessi on muuttunut\u00a0\u2013\u00a0Tiedonhaku\u00a0on perusteellista ja monikanavaista\u00a0\"\n    ><\/a>\n<\/article> \n<article id=\"post-93522\" class=\"grid-item post-93522 post type-post status-publish format-standard has-post-thumbnail hentry category-ajankohtaista category-alma-tutkii category-mainostajalle-fi tag-matkailu tag-tutkimus\">\n    <div class=\"grid-item-inner\">\n\n        <div class=\"post-thumbnail\">\n                            <img decoding=\"async\" src=\"https:\/\/www.almamedia.fi\/mainostajat\/wp-content\/uploads\/sites\/6\/shutterstock_423074461-1024x683.jpg\" alt=\"\" class=\"uutiskuva__kuva\">\n                    <\/div>\n\n\n        <div class=\"post-content\">\n            <header class=\"entry-header\">\n                <h3 class=\"entry-title\">Tunnettuus ei v\u00e4ltt\u00e4m\u00e4tt\u00e4 k\u00e4\u00e4nny varauksiksi \u2013\u202fN\u00e4in suomalaiset tekev\u00e4t\u00a0matkailup\u00e4\u00e4t\u00f6ksi\u00e4\u00a0\u00a0<\/h3>\n                <p class=\"pvm\">18.3.2026<\/p>\n                            <\/header>\n\n            <div class=\"entry-summary\">\n                Pelkk\u00e4 tunnettuus ei en\u00e4\u00e4 riit\u00e4&nbsp;matkailualalla. Alma Median&nbsp;matkailualan&nbsp;tutkimuksesta selvi\u00e4\u00e4, miksi vain harva matkailubr\u00e4ndi p\u00e4\u00e4see kuluttajien varauslistalle.&nbsp; [&hellip;]            <\/div>\n\n            <!--\n            <footer class=\"entry-footer\">\n                <a href=\"https:\/\/www.almamedia.fi\/mainostajat\/tunnettuus-ei-valttamatta-kaanny-varauksiksi-nain-suomalaiset-tekevat-matkailupaatoksia\/\" class=\"read-more\">Read More<\/a>\n            <\/footer>\n            -->\n        <\/div>\n    <\/div>\n    <a class=\"laatikkolinkki\" \n       href=\"https:\/\/www.almamedia.fi\/mainostajat\/tunnettuus-ei-valttamatta-kaanny-varauksiksi-nain-suomalaiset-tekevat-matkailupaatoksia\/\"\n       aria-label=\"Lue artikkeli: Tunnettuus ei v\u00e4ltt\u00e4m\u00e4tt\u00e4 k\u00e4\u00e4nny varauksiksi \u2013\u202fN\u00e4in suomalaiset tekev\u00e4t\u00a0matkailup\u00e4\u00e4t\u00f6ksi\u00e4\u00a0\u00a0\"\n    ><\/a>\n<\/article> \n<article id=\"post-93478\" class=\"grid-item post-93478 post type-post status-publish format-standard has-post-thumbnail hentry category-ajankohtaista category-ohjelmallinen-mainonta tag-ohjelmallinen-mainonta\">\n    <div class=\"grid-item-inner\">\n\n        <div class=\"post-thumbnail\">\n                            <img decoding=\"async\" src=\"https:\/\/www.almamedia.fi\/mainostajat\/wp-content\/uploads\/sites\/6\/shutterstock_540839347-1024x576.jpg\" alt=\"\" class=\"uutiskuva__kuva\">\n                    <\/div>\n\n\n        <div class=\"post-content\">\n            <header class=\"entry-header\">\n                <h3 class=\"entry-title\">Miten ostajien markkinapaikat muuttavat ohjelmallista kaupank\u00e4ynti\u00e4?<\/h3>\n                <p class=\"pvm\">16.3.2026<\/p>\n                            <\/header>\n\n            <div class=\"entry-summary\">\n                Ohjelmallisen mainonnan ekosysteemi on j\u00e4\u00e4nyt alan sis\u00e4ll\u00e4kin haasteelliseksi hahmottaa, sill\u00e4 liikkuvia osia on paljon ja [&hellip;]            <\/div>\n\n            <!--\n            <footer class=\"entry-footer\">\n                <a href=\"https:\/\/www.almamedia.fi\/mainostajat\/miten-ostajien-markkinapaikat-muuttavat-ohjelmallista-kaupankayntia\/\" class=\"read-more\">Read More<\/a>\n            <\/footer>\n            -->\n        <\/div>\n    <\/div>\n    <a class=\"laatikkolinkki\" \n       href=\"https:\/\/www.almamedia.fi\/mainostajat\/miten-ostajien-markkinapaikat-muuttavat-ohjelmallista-kaupankayntia\/\"\n       aria-label=\"Lue artikkeli: Miten ostajien markkinapaikat muuttavat ohjelmallista kaupank\u00e4ynti\u00e4?\"\n    ><\/a>\n<\/article> \n<article id=\"post-93391\" class=\"grid-item post-93391 post type-post status-publish format-standard has-post-thumbnail hentry category-ajankohtaista category-alma-tutkii tag-autoilu tag-businessmediat tag-mainonta tag-tutkimus\">\n    <div class=\"grid-item-inner\">\n\n        <div class=\"post-thumbnail\">\n                            <img decoding=\"async\" src=\"https:\/\/www.almamedia.fi\/mainostajat\/wp-content\/uploads\/sites\/6\/b2b-markkinointi-opas-1024x681.jpeg\" alt=\"\" class=\"uutiskuva__kuva\">\n                    <\/div>\n\n\n        <div class=\"post-content\">\n            <header class=\"entry-header\">\n                <h3 class=\"entry-title\">Nelj\u00e4 vinkki\u00e4 automerkin markkinointiin\u00a0\u2013\u00a0N\u00e4in mainonta vaikuttaa ostop\u00e4\u00e4t\u00f6kseen\u00a0<\/h3>\n                <p class=\"pvm\">9.3.2026<\/p>\n                            <\/header>\n\n            <div class=\"entry-summary\">\n                Oikein kohdennettuna automainos\u00a0k\u00e4ynnist\u00e4\u00e4 harkinnan\u00a0jo ennen autoliikkeen ovelle astumista. Nelj\u00e4 vinkki\u00e4\u00a0mainostajalle\u00a0auttavat rakentamaan tehokkaan\u00a0kampanjan Alma Businessmedioiden yleis\u00f6lle.\u00a0 [&hellip;]            <\/div>\n\n            <!--\n            <footer class=\"entry-footer\">\n                <a href=\"https:\/\/www.almamedia.fi\/mainostajat\/nelja-vinkkia-automerkin-markkinointiin-nain-mainonta-vaikuttaa-ostopaatokseen\/\" class=\"read-more\">Read More<\/a>\n            <\/footer>\n            -->\n        <\/div>\n    <\/div>\n    <a class=\"laatikkolinkki\" \n       href=\"https:\/\/www.almamedia.fi\/mainostajat\/nelja-vinkkia-automerkin-markkinointiin-nain-mainonta-vaikuttaa-ostopaatokseen\/\"\n       aria-label=\"Lue artikkeli: Nelj\u00e4 vinkki\u00e4 automerkin markkinointiin\u00a0\u2013\u00a0N\u00e4in mainonta vaikuttaa ostop\u00e4\u00e4t\u00f6kseen\u00a0\"\n    ><\/a>\n<\/article> \n<article id=\"post-93291\" class=\"grid-item post-93291 post type-post status-publish format-standard has-post-thumbnail hentry category-mainostajalle-fi category-ohjelmallinen-mainonta tag-tutkimus\">\n    <div class=\"grid-item-inner\">\n\n        <div class=\"post-thumbnail\">\n                            <img decoding=\"async\" src=\"https:\/\/www.almamedia.fi\/mainostajat\/wp-content\/uploads\/sites\/6\/shutterstock_626723336-1-scaled-e1740039857246-1024x538.jpg\" alt=\"\" class=\"uutiskuva__kuva\">\n                    <\/div>\n\n\n        <div class=\"post-content\">\n            <header class=\"entry-header\">\n                <h3 class=\"entry-title\">N\u00e4in Suomi bidaa vuonna 2026: Lataa ohjelmallisen mainonnan katsaus<\/h3>\n                <p class=\"pvm\">4.3.2026<\/p>\n                            <\/header>\n\n            <div class=\"entry-summary\">\n                N\u00e4in Suomi Bidaa -kysely on Alman vuosittain tekem\u00e4 tutkimus ohjelmallisen mainonnan ostajille ja sen tavoitteena [&hellip;]            <\/div>\n\n            <!--\n            <footer class=\"entry-footer\">\n                <a href=\"https:\/\/www.almamedia.fi\/mainostajat\/nain-suomi-bidaa-vuonna-2026-lataa-ohjelmallisen-mainonnan-katsaus\/\" class=\"read-more\">Read More<\/a>\n            <\/footer>\n            -->\n        <\/div>\n    <\/div>\n    <a class=\"laatikkolinkki\" \n       href=\"https:\/\/www.almamedia.fi\/mainostajat\/nain-suomi-bidaa-vuonna-2026-lataa-ohjelmallisen-mainonnan-katsaus\/\"\n       aria-label=\"Lue artikkeli: N\u00e4in Suomi bidaa vuonna 2026: Lataa ohjelmallisen mainonnan katsaus\"\n    ><\/a>\n<\/article>         <\/div>\n\n                    <div class=\"load-more-container\">\n                <button id=\"load-more\" class=\"load-more-button nappi-1\">Lataa lis\u00e4\u00e4<\/button>\n            <\/div>\n        \n    \n<\/div>\n\n\n","protected":false},"excerpt":{"rendered":"<p>Ajankohtaista Suodata artikkeleita<\/p>\n","protected":false},"author":105,"featured_media":0,"parent":0,"menu_order":0,"comment_status":"closed","ping_status":"closed","template":"","meta":{"_acf_changed":false,"footnotes":""},"class_list":["post-2206","page","type-page","status-publish","hentry"],"acf":[],"yoast_head":"<!-- This site is optimized with the Yoast SEO plugin v26.9 - https:\/\/yoast.com\/product\/yoast-seo-wordpress\/ -->\n<title>Ajankohtaista - Alma Media - mainostajat<\/title>\n<meta name=\"description\" content=\"Viimeisimm\u00e4t uutiset ja artikkelit Alma Media B2B:lt\u00e4. Pysy ajan tasalla viimeisimmist\u00e4 k\u00e4\u00e4nteist\u00e4 mainonnassa.\" \/>\n<meta name=\"robots\" content=\"index, follow, max-snippet:-1, max-image-preview:large, max-video-preview:-1\" \/>\n<link rel=\"canonical\" href=\"https:\/\/www.almamedia.fi\/mainostajat\/ajankohtaista-mainostajalle-uutisarkisto\/\" \/>\n<meta property=\"og:locale\" content=\"fi_FI\" \/>\n<meta property=\"og:type\" content=\"article\" \/>\n<meta property=\"og:title\" content=\"Ajankohtaista - Alma Media - mainostajat\" \/>\n<meta property=\"og:description\" content=\"Viimeisimm\u00e4t uutiset ja artikkelit Alma Media B2B:lt\u00e4. Pysy ajan tasalla viimeisimmist\u00e4 k\u00e4\u00e4nteist\u00e4 mainonnassa.\" \/>\n<meta property=\"og:url\" content=\"https:\/\/www.almamedia.fi\/mainostajat\/ajankohtaista-mainostajalle-uutisarkisto\/\" \/>\n<meta property=\"og:site_name\" content=\"Alma Media - mainostajat\" \/>\n<meta property=\"article:modified_time\" content=\"2025-11-17T08:02:38+00:00\" \/>\n<meta name=\"twitter:card\" content=\"summary_large_image\" \/>\n<meta name=\"twitter:label1\" content=\"Arvioitu lukuaika\" \/>\n\t<meta name=\"twitter:data1\" content=\"1 minuutti\" \/>\n<script type=\"application\/ld+json\" class=\"yoast-schema-graph\">{\"@context\":\"https:\/\/schema.org\",\"@graph\":[{\"@type\":\"WebPage\",\"@id\":\"https:\/\/www.almamedia.fi\/mainostajat\/ajankohtaista-mainostajalle-uutisarkisto\/\",\"url\":\"https:\/\/www.almamedia.fi\/mainostajat\/ajankohtaista-mainostajalle-uutisarkisto\/\",\"name\":\"Ajankohtaista - Alma Media - mainostajat\",\"isPartOf\":{\"@id\":\"https:\/\/www.almamedia.fi\/mainostajat\/#website\"},\"datePublished\":\"2021-08-27T11:35:54+00:00\",\"dateModified\":\"2025-11-17T08:02:38+00:00\",\"description\":\"Viimeisimm\u00e4t uutiset ja artikkelit Alma Media B2B:lt\u00e4. Pysy ajan tasalla viimeisimmist\u00e4 k\u00e4\u00e4nteist\u00e4 mainonnassa.\",\"breadcrumb\":{\"@id\":\"https:\/\/www.almamedia.fi\/mainostajat\/ajankohtaista-mainostajalle-uutisarkisto\/#breadcrumb\"},\"inLanguage\":\"fi\",\"potentialAction\":[{\"@type\":\"ReadAction\",\"target\":[\"https:\/\/www.almamedia.fi\/mainostajat\/ajankohtaista-mainostajalle-uutisarkisto\/\"]}]},{\"@type\":\"BreadcrumbList\",\"@id\":\"https:\/\/www.almamedia.fi\/mainostajat\/ajankohtaista-mainostajalle-uutisarkisto\/#breadcrumb\",\"itemListElement\":[{\"@type\":\"ListItem\",\"position\":1,\"name\":\"Etusivu\",\"item\":\"https:\/\/www.almamedia.fi\/mainostajat\/\"},{\"@type\":\"ListItem\",\"position\":2,\"name\":\"Ajankohtaista\"}]},{\"@type\":\"WebSite\",\"@id\":\"https:\/\/www.almamedia.fi\/mainostajat\/#website\",\"url\":\"https:\/\/www.almamedia.fi\/mainostajat\/\",\"name\":\"Alma Media - mainostajat\",\"description\":\"\",\"publisher\":{\"@id\":\"https:\/\/www.almamedia.fi\/mainostajat\/#organization\"},\"potentialAction\":[{\"@type\":\"SearchAction\",\"target\":{\"@type\":\"EntryPoint\",\"urlTemplate\":\"https:\/\/www.almamedia.fi\/mainostajat\/?s={search_term_string}\"},\"query-input\":{\"@type\":\"PropertyValueSpecification\",\"valueRequired\":true,\"valueName\":\"search_term_string\"}}],\"inLanguage\":\"fi\"},{\"@type\":\"Organization\",\"@id\":\"https:\/\/www.almamedia.fi\/mainostajat\/#organization\",\"name\":\"Alma Media - mainostajat\",\"url\":\"https:\/\/www.almamedia.fi\/mainostajat\/\",\"logo\":{\"@type\":\"ImageObject\",\"inLanguage\":\"fi\",\"@id\":\"https:\/\/www.almamedia.fi\/mainostajat\/#\/schema\/logo\/image\/\",\"url\":\"https:\/\/www.almamedia.fi\/mainostajat\/wp-content\/uploads\/sites\/6\/alma-media-logo-valkoinen.svg\",\"contentUrl\":\"https:\/\/www.almamedia.fi\/mainostajat\/wp-content\/uploads\/sites\/6\/alma-media-logo-valkoinen.svg\",\"width\":49,\"height\":50,\"caption\":\"Alma Media - mainostajat\"},\"image\":{\"@id\":\"https:\/\/www.almamedia.fi\/mainostajat\/#\/schema\/logo\/image\/\"}}]}<\/script>\n<!-- \/ Yoast SEO plugin. -->","yoast_head_json":{"title":"Ajankohtaista - Alma Media - mainostajat","description":"Viimeisimm\u00e4t uutiset ja artikkelit Alma Media B2B:lt\u00e4. Pysy ajan tasalla viimeisimmist\u00e4 k\u00e4\u00e4nteist\u00e4 mainonnassa.","robots":{"index":"index","follow":"follow","max-snippet":"max-snippet:-1","max-image-preview":"max-image-preview:large","max-video-preview":"max-video-preview:-1"},"canonical":"https:\/\/www.almamedia.fi\/mainostajat\/ajankohtaista-mainostajalle-uutisarkisto\/","og_locale":"fi_FI","og_type":"article","og_title":"Ajankohtaista - Alma Media - mainostajat","og_description":"Viimeisimm\u00e4t uutiset ja artikkelit Alma Media B2B:lt\u00e4. Pysy ajan tasalla viimeisimmist\u00e4 k\u00e4\u00e4nteist\u00e4 mainonnassa.","og_url":"https:\/\/www.almamedia.fi\/mainostajat\/ajankohtaista-mainostajalle-uutisarkisto\/","og_site_name":"Alma Media - mainostajat","article_modified_time":"2025-11-17T08:02:38+00:00","twitter_card":"summary_large_image","twitter_misc":{"Arvioitu lukuaika":"1 minuutti"},"schema":{"@context":"https:\/\/schema.org","@graph":[{"@type":"WebPage","@id":"https:\/\/www.almamedia.fi\/mainostajat\/ajankohtaista-mainostajalle-uutisarkisto\/","url":"https:\/\/www.almamedia.fi\/mainostajat\/ajankohtaista-mainostajalle-uutisarkisto\/","name":"Ajankohtaista - Alma Media - mainostajat","isPartOf":{"@id":"https:\/\/www.almamedia.fi\/mainostajat\/#website"},"datePublished":"2021-08-27T11:35:54+00:00","dateModified":"2025-11-17T08:02:38+00:00","description":"Viimeisimm\u00e4t uutiset ja artikkelit Alma Media B2B:lt\u00e4. Pysy ajan tasalla viimeisimmist\u00e4 k\u00e4\u00e4nteist\u00e4 mainonnassa.","breadcrumb":{"@id":"https:\/\/www.almamedia.fi\/mainostajat\/ajankohtaista-mainostajalle-uutisarkisto\/#breadcrumb"},"inLanguage":"fi","potentialAction":[{"@type":"ReadAction","target":["https:\/\/www.almamedia.fi\/mainostajat\/ajankohtaista-mainostajalle-uutisarkisto\/"]}]},{"@type":"BreadcrumbList","@id":"https:\/\/www.almamedia.fi\/mainostajat\/ajankohtaista-mainostajalle-uutisarkisto\/#breadcrumb","itemListElement":[{"@type":"ListItem","position":1,"name":"Etusivu","item":"https:\/\/www.almamedia.fi\/mainostajat\/"},{"@type":"ListItem","position":2,"name":"Ajankohtaista"}]},{"@type":"WebSite","@id":"https:\/\/www.almamedia.fi\/mainostajat\/#website","url":"https:\/\/www.almamedia.fi\/mainostajat\/","name":"Alma Media - mainostajat","description":"","publisher":{"@id":"https:\/\/www.almamedia.fi\/mainostajat\/#organization"},"potentialAction":[{"@type":"SearchAction","target":{"@type":"EntryPoint","urlTemplate":"https:\/\/www.almamedia.fi\/mainostajat\/?s={search_term_string}"},"query-input":{"@type":"PropertyValueSpecification","valueRequired":true,"valueName":"search_term_string"}}],"inLanguage":"fi"},{"@type":"Organization","@id":"https:\/\/www.almamedia.fi\/mainostajat\/#organization","name":"Alma Media - mainostajat","url":"https:\/\/www.almamedia.fi\/mainostajat\/","logo":{"@type":"ImageObject","inLanguage":"fi","@id":"https:\/\/www.almamedia.fi\/mainostajat\/#\/schema\/logo\/image\/","url":"https:\/\/www.almamedia.fi\/mainostajat\/wp-content\/uploads\/sites\/6\/alma-media-logo-valkoinen.svg","contentUrl":"https:\/\/www.almamedia.fi\/mainostajat\/wp-content\/uploads\/sites\/6\/alma-media-logo-valkoinen.svg","width":49,"height":50,"caption":"Alma Media - mainostajat"},"image":{"@id":"https:\/\/www.almamedia.fi\/mainostajat\/#\/schema\/logo\/image\/"}}]}},"lang":"fi","translations":{"fi":2206,"en":92545},"pll_sync_post":[],"_links":{"self":[{"href":"https:\/\/www.almamedia.fi\/mainostajat\/wp-json\/wp\/v2\/pages\/2206","targetHints":{"allow":["GET"]}}],"collection":[{"href":"https:\/\/www.almamedia.fi\/mainostajat\/wp-json\/wp\/v2\/pages"}],"about":[{"href":"https:\/\/www.almamedia.fi\/mainostajat\/wp-json\/wp\/v2\/types\/page"}],"author":[{"embeddable":true,"href":"https:\/\/www.almamedia.fi\/mainostajat\/wp-json\/wp\/v2\/users\/105"}],"replies":[{"embeddable":true,"href":"https:\/\/www.almamedia.fi\/mainostajat\/wp-json\/wp\/v2\/comments?post=2206"}],"version-history":[{"count":0,"href":"https:\/\/www.almamedia.fi\/mainostajat\/wp-json\/wp\/v2\/pages\/2206\/revisions"}],"wp:attachment":[{"href":"https:\/\/www.almamedia.fi\/mainostajat\/wp-json\/wp\/v2\/media?parent=2206"}],"curies":[{"name":"wp","href":"https:\/\/api.w.org\/{rel}","templated":true}]}}