{"id":92650,"date":"2025-11-25T10:11:14","date_gmt":"2025-11-25T08:11:14","guid":{"rendered":"https:\/\/www.almamedia.fi\/mainostajat\/?post_type=caset&#038;p=92650"},"modified":"2025-12-09T15:47:46","modified_gmt":"2025-12-09T13:47:46","slug":"valio-toteutti-kolme-sisaltonatiivia-jotka-sitouttivat-kuluttajia-yli-odotusten","status":"publish","type":"caset","link":"https:\/\/www.almamedia.fi\/mainostajat\/caset\/valio-toteutti-kolme-sisaltonatiivia-jotka-sitouttivat-kuluttajia-yli-odotusten\/","title":{"rendered":"Valio toteutti kolme sis\u00e4lt\u00f6natiivia, jotka sitouttivat kuluttajia yli odotusten\u00a0"},"content":{"rendered":"\n<style>\n.single-thumbnail.wp-post-image {\ndisplay: none !important;\n}\n@media (min-width: 782px) {\n\tbody.single .artikkeli-container:not(.has-sidebar) {\n\t\tmax-width: none !important;\n\t\tmargin-left: 0; \n\t\tmargin-right: 0; \n\t}\n\t.sct-content .container {\n\t\tmax-width: none !important;\n\t}\n\t.kuva-ja-teksti-vierekkain {\n\t\tmargin-left: 4rem;\n\t}\n\t.sct-padd {\n\t\tpadding-right: 0 !important;\n\t}\n\t.isot-artikkeli-nostot {\n\t\tmax-width: 88%;\n\t\tmargin: 0 6%;\n\t}\n\t.numero-wrapper > .netello-line {\n\tbackground: #28b78f !important;\n\t}\n\t#isovasuri {\n\tmax-width: 600px;\n\tmargin: 24% auto;\n\t}\n\t.kuva-ja-teksti-vierekkain .oikea .oikea-inner {\n\t\twidth: 100%;\n\t\tmargin-right: 0;\n\t}\n}\n\n\n<\/style>\n\n\n\n<style>\n#ratkaisubul ul:not(.kuvakollaasi-lista):not(.wpc-controls-img-list):not(.sub-menu):not(.sivumenu):not(.wp-block-latest-posts__list):not(.wp-block-categories-list):not(.sivulinkit ul):not(.wp-block-social-links) li:not(.blocks-gallery-item):not(.wp-social-link) {\nmargin-top: 0;\n}\n#ratkaisubul ul:not(.kuvakollaasi-lista):not(.wpc-controls-img-list):not(.sub-menu):not(.sivumenu):not(.wp-block-latest-posts__list):not(.wp-block-categories-list):not(.sivulinkit ul):not(.wp-block-social-links) {\nmargin-top: 0;\n}\n<\/style>\n\n\n<div  class=\"kuva-ja-teksti-vierekkain has-font-size-s has-header-size-m has-no-top-line has-no-bg\">\n    <div class=\"wrapper\">\n        <div class=\"vasen\">\n            <span class=\"netello-line netello-line-animated hide-mobile\"><\/span>\n            <div class=\"sisalto-wrapper\">\n                                    <p class=\"ylateksti hide-mobile\">\n                        VALIO                    <\/p>\n                                                    <h2 class=\"otsikko hide-mobile\">\n                                                    Valio toteutti kolme sis\u00e4lt\u00f6natiivia, jotka sitouttivat kuluttajia yli odotusten\u00a0                                            <\/h2>\n                                                    <div class=\"sisalto\">\n                        <p><span class=\"NormalTextRun SCXW25375531 BCX0\">Miten Valio onnistui houkuttelemaan suomalaiset viett\u00e4m\u00e4\u00e4n aikaa reseptien ja visailun parissa?\u00a0<\/span><\/p>\n<p><span style=\"color: #28b78f;\"><b>TAVOITE: <\/b><\/span><span data-contrast=\"auto\">Valio halusi vahvistaa tuotteidensa n\u00e4kyvyytt\u00e4 ja sitouttaa kuluttajia sesonkien ymp\u00e4rille rakentuvalla sis\u00e4ll\u00f6ll\u00e4. Tavoitteena ei ollut suora konversio, vaan ennen kaikkea sis\u00e4ll\u00f6n parissa vietetty aika ja kiinnostuksen her\u00e4tt\u00e4minen laajassa kohderyhm\u00e4ss\u00e4.<\/span><span data-ccp-props=\"{}\">\u00a0<\/span><\/p>\n<p><span data-contrast=\"auto\">\u201cKampanjan konkreettiset tavoitteet painottuivat br\u00e4ndipreferenssin vahvistamiseen, jolloin br\u00e4ndin parissa vietetty aika on erityisesti t\u00e4rke\u00e4\u00e4. Lis\u00e4ksi tavoitteena oli her\u00e4tt\u00e4\u00e4 ostokiinnostusta uutuustuotteille houkuttelevilla resepteill\u00e4 sek\u00e4 rakentaa positiivisia mielikuvia ja syvent\u00e4\u00e4 kuluttajien suhdetta br\u00e4ndiin\u201d, kuvailee Valion <strong>Henna Kaijomaa<\/strong>.<\/span><span data-ccp-props=\"{}\">\u00a0<\/span><\/p>\n<p>&nbsp;<\/p>\n                    <\/div>\n                                            <\/div>\n        <\/div>\n                    <div class=\"oikea\">\n                <div class=\"hide-desktop\">\n                    <span class=\"netello-line netello-line-animated\"><\/span>\n                                            <p class=\"ylateksti\">\n                            VALIO                        <\/p>\n                                                                <h2 class=\"otsikko\">\n                                                            Valio toteutti kolme sis\u00e4lt\u00f6natiivia, jotka sitouttivat kuluttajia yli odotusten\u00a0                                                        <\/h2>\n                                    <\/div>\n                <div class=\"oikea-inner netello-image-animated\">\n                                            <div class=\"image-fade-overlay\"><\/div>\n                        <img decoding=\"async\" class=\"animated-image\" src=\"https:\/\/www.almamedia.fi\/mainostajat\/wp-content\/uploads\/sites\/6\/Chili-holskyperunoita_ja_savulohta_2-scaled.jpeg\" alt=\"\" \/>\n                                    <\/div>\n            <\/div>\n            <\/div>\n<\/div>\n\n\n\n<div style=\"height:80px\" aria-hidden=\"true\" class=\"wp-block-spacer\"><\/div>\n\n\n\n<div style=\"max-width:1200px;margin-left:auto;margin-right:auto\" class=\"wp-block-netello-max-width-container\">\n<h2 class=\"wp-block-heading has-text-color has-link-color has-x-large-font-size wp-elements-db60e1e05288a3e28fe6cf70904885fe\" style=\"color:#28b78f\">RATKAISU: <\/h2>\n\n\n\n<p>Kampanja toteutettiin&nbsp;kolmena erillisen\u00e4 sis\u00e4lt\u00f6natiivina&nbsp;Alma Median uutismedioiden ymp\u00e4rist\u00f6ss\u00e4. Kanavavalinta perustui laajaan tavoittavuuteen ja aiempiin hyviin kokemuksiin natiivimainonnasta Alma Median uutismedioissa.<\/p>\n\n\n\n<div style=\"height:60px\" aria-hidden=\"true\" class=\"wp-block-spacer\"><\/div>\n\n\n\n<p><\/p>\n\n\n\n<div class=\"wp-block-columns is-layout-flex wp-container-core-columns-is-layout-9d6595d7 wp-block-columns-is-layout-flex\">\n<div class=\"wp-block-column is-layout-flow wp-block-column-is-layout-flow\">\n<h3 class=\"wp-block-heading\">1. Appelsiini-suklaajuustokakku<\/h3>\n\n\n\n<p>Houkutteleva resepti, joka nousi kampanjan t\u00e4hdeksi ja ker\u00e4si poikkeuksellisen paljon huomiota.&nbsp;<\/p>\n\n\n\n<p><a href=\"https:\/\/www.iltalehti.fi\/ruoka-artikkelit\/a\/1afd2cd8-aa07-44af-95fc-d877aa824ca1\">Lue artikkeli<\/a><\/p>\n<\/div>\n\n\n\n<div class=\"wp-block-column is-layout-flow wp-block-column-is-layout-flow\">\n<h3 class=\"wp-block-heading\">2. Kes\u00e4n helpoin menu<\/h3>\n\n\n\n<p>Inspiroiva reseptiartikkeli, joka tarjosi helppoja vinkkej\u00e4 kes\u00e4n juhlap\u00f6yt\u00e4\u00e4n.&nbsp;<\/p>\n\n\n\n<p><a href=\"https:\/\/www.iltalehti.fi\/ruoka-artikkelit\/a\/c5651f19-0dd8-40bf-86f5-efa29d80253a\">Lue artikkeli<\/a><\/p>\n<\/div>\n\n\n\n<div class=\"wp-block-column is-layout-flow wp-block-column-is-layout-flow\" id=\"ratkaisubul\">\n<h3 class=\"wp-block-heading\">3. Muistatko n\u00e4m\u00e4 legendaariset tuotteet?<\/h3>\n\n\n\n<p>Viihteellinen visailu, joka her\u00e4tti nostalgiaa ja toi Valion klassikot esiin 120-vuotisjuhlavuoden kunniaksi.&nbsp;<\/p>\n\n\n\n<p><a href=\"https:\/\/www.iltalehti.fi\/ruoka-artikkelit\/a\/f89971f6-6cc5-4be5-a818-77aa5c61ae01\">Lue artikkeli<\/a><\/p>\n<\/div>\n<\/div>\n\n\n\n<div style=\"height:150px\" aria-hidden=\"true\" class=\"wp-block-spacer\"><\/div>\n\n\n\n<div class=\"wp-block-columns is-layout-flex wp-container-core-columns-is-layout-9d6595d7 wp-block-columns-is-layout-flex\">\n<div class=\"wp-block-column is-layout-flow wp-block-column-is-layout-flow\" style=\"flex-basis:33%\"><div class=\"wp-block-image\">\n<figure class=\"alignright size-full\"><img decoding=\"async\" src=\"https:\/\/www.almamedia.fi\/mainostajat\/wp-content\/uploads\/sites\/6\/quote3.svg\" alt=\"\" class=\"wp-image-91300\"\/><\/figure>\n<\/div><\/div>\n\n\n\n<div class=\"wp-block-column is-layout-flow wp-block-column-is-layout-flow\" style=\"flex-basis:66%\">\n<p class=\"has-medium-font-size\"><em>Sis\u00e4lt\u00f6markkinoinnin rooli on kertoa tuotteista kiinnostavalla tavalla. Haasteena on, ett\u00e4 ihmiset hukkuvat sis\u00e4lt\u00f6ihin \u2013 siksi halusimme l\u00f6yt\u00e4\u00e4 kuluttajal\u00e4ht\u00f6isen, erottuvan tavan puhutella heit\u00e4. Massamedian ymp\u00e4rist\u00f6 ja laadukas sis\u00e4lt\u00f6formaatti olivat meille luonteva valinta.<\/em><\/p>\n\n\n\n<p class=\"has-small-font-size\">Mari Ulkuniemi, markkinointitoimisto Dagmar<\/p>\n\n\n\n<div  class=\"viiva-erotin has-color-green has-width-normal\" >\n\n    <div class=\"netello-line netello-line-animated\"><\/div>\n\n<\/div>\n\n\n\n<\/div>\n\n\n\n<div class=\"wp-block-column is-layout-flow wp-block-column-is-layout-flow\" style=\"flex-basis:11%\"><\/div>\n<\/div>\n<\/div>\n\n\n\n<div style=\"height:90px\" aria-hidden=\"true\" class=\"wp-block-spacer\"><\/div>\n\n\n\n<div style=\"height:100px\" aria-hidden=\"true\" class=\"wp-block-spacer\"><\/div>\n\n\n\n<div style=\"max-width:1600px;margin-left:auto;margin-right:auto\" class=\"wp-block-netello-max-width-container\">\n<p><\/p>\n\n\n\n<h2 class=\"wp-block-heading has-text-color has-link-color has-x-large-font-size wp-elements-06b8b0eca84c26636ea3446e2e944367\" style=\"color:#28b78f\">TULOKSET &amp; VAIKUTTAVUUS:<\/h2>\n\n\n\n<div style=\"height:54px\" aria-hidden=\"true\" class=\"wp-block-spacer\"><\/div>\n\n\n\n<p><\/p>\n\n\n\n<p><\/p>\n\n\n\n<div class=\"wp-block-columns is-layout-flex wp-container-core-columns-is-layout-9d6595d7 wp-block-columns-is-layout-flex\">\n<div class=\"wp-block-column is-layout-flow wp-block-column-is-layout-flow\">\n<div  class=\"viiva-erotin has-color-green has-width-normal\" >\n\n    <div class=\"netello-line netello-line-animated\"><\/div>\n\n<\/div>\n\n\n\n\n\n\n<div  class=\"numero-animoitu has-text-align-center has-number-color-white has-font-size-m has-line-color-light has-text-size-m\">\n\n    \n    <div class=\"numero-wrapper\">\n                    <span class=\"netello-line netello-line-animated\"><\/span>\n                \n                    <span class=\"netello-number-counter \" data-target=\"51277\">0<\/span>\n        \n        <span>kpl<\/span>    <\/div>\n\n    <div class=\"alateksti\"><p>Appelsiini-suklaajuustokakku-artikkelin uniikit lukukerrat, uskomaton tulos<\/p>\n<\/div>\n<\/div>\n\n\n\n<\/div>\n\n\n\n<div class=\"wp-block-column is-layout-flow wp-block-column-is-layout-flow\">\n<div  class=\"viiva-erotin has-color-green has-width-normal\" >\n\n    <div class=\"netello-line netello-line-animated\"><\/div>\n\n<\/div>\n\n\n\n\n\n\n<div  class=\"numero-animoitu has-text-align-center has-number-color-white has-font-size-m has-line-color-light has-text-size-m\">\n\n    \n    <div class=\"numero-wrapper\">\n                    <span class=\"netello-line netello-line-animated\"><\/span>\n                <span class=\"teksti-ennen\">L\u00e4hes<\/span>\n                    <span class=\"netello-number-counter \" data-target=\"2\">0<\/span>\n        \n        <span>min<\/span>    <\/div>\n\n    <div class=\"alateksti\"><p>Kes\u00e4n helpoin menu -reseptiartikkelin keskim\u00e4\u00e4r\u00e4inen lukuaika, mik\u00e4 on huikea lukema<\/p>\n<\/div>\n<\/div>\n\n\n\n<\/div>\n\n\n\n<div class=\"wp-block-column is-layout-flow wp-block-column-is-layout-flow\">\n<div  class=\"viiva-erotin has-color-green has-width-normal\" >\n\n    <div class=\"netello-line netello-line-animated\"><\/div>\n\n<\/div>\n\n\n\n\n\n\n<div  class=\"numero-animoitu has-text-align-center has-number-color-white has-font-size-m has-line-color-light has-text-size-m\">\n\n    \n    <div class=\"numero-wrapper\">\n                    <span class=\"netello-line netello-line-animated\"><\/span>\n                <span class=\"teksti-ennen\">Yli<\/span>\n                    <span class=\"netello-number-counter \" data-target=\"96298\">0<\/span>\n        \n        <span>kpl<\/span>    <\/div>\n\n    <div class=\"alateksti\"><p>Muistatko n\u00e4m\u00e4 legendaariset tuotteet -visailuartikkelin uniikit lukukerrat, todellinen menestys<\/p>\n<\/div>\n<\/div>\n\n\n\n<\/div>\n<\/div>\n<\/div>\n\n\n\n<div style=\"height:102px\" aria-hidden=\"true\" class=\"wp-block-spacer\"><\/div>\n\n\n\n<div style=\"max-width:1200px;margin-left:auto;margin-right:auto\" class=\"wp-block-netello-max-width-container\">\n<div class=\"wp-block-columns is-layout-flex wp-container-core-columns-is-layout-9d6595d7 wp-block-columns-is-layout-flex\">\n<div class=\"wp-block-column is-layout-flow wp-block-column-is-layout-flow\" style=\"flex-basis:33%\"><div class=\"wp-block-image\">\n<figure class=\"alignright size-full\"><img decoding=\"async\" src=\"https:\/\/www.almamedia.fi\/mainostajat\/wp-content\/uploads\/sites\/6\/quote3.svg\" alt=\"\" class=\"wp-image-91300\"\/><\/figure>\n<\/div><\/div>\n\n\n\n<div class=\"wp-block-column is-layout-flow wp-block-column-is-layout-flow\" style=\"flex-basis:66%\">\n<p class=\"has-medium-font-size\"><em>T\u00e4rkein onnistuminen oli se, ett\u00e4 kuluttajat todella pys\u00e4htyiv\u00e4t sis\u00e4ll\u00f6n \u00e4\u00e4relle, mik\u00e4 osoittaa, ett\u00e4 kuluttajal\u00e4ht\u00f6isesti suunniteltu natiivisis\u00e4lt\u00f6 toimii. Lis\u00e4ksi kampanja vahvisti k\u00e4sityst\u00e4 siit\u00e4, ett\u00e4 natiivimainonta on edelleen eritt\u00e4in tehokas tapa tavoittaa ja sitouttaa laajoja kohderyhmi\u00e4<\/em>.<\/p>\n\n\n\n<p class=\"has-small-font-size\">Henna Kaijomaa, Valio<\/p>\n\n\n\n<div  class=\"viiva-erotin has-color-green has-width-normal\" >\n\n    <div class=\"netello-line netello-line-animated\"><\/div>\n\n<\/div>\n\n\n\n<\/div>\n\n\n\n<div class=\"wp-block-column is-layout-flow wp-block-column-is-layout-flow\" style=\"flex-basis:11%\"><\/div>\n<\/div>\n<\/div>\n\n\n<div  class=\"kuva-ja-teksti-vierekkain has-font-size-s has-header-size-m has-full-width has-no-top-line has-no-bg\">\n    <div class=\"wrapper\">\n        <div class=\"vasen\">\n            <span class=\"netello-line netello-line-animated hide-mobile\"><\/span>\n            <div class=\"sisalto-wrapper\">\n                                                                    <div class=\"sisalto\">\n                        <div id=\"isovasuri\">\n<p>Kaikki kolme kampanjaa\u00a0performoivat\u00a0yli keskiarvon verrattuna samassa palvelussa olleisiin muihin artikkeleihin sek\u00e4 lukukertojen ett\u00e4 lukuajan suhteen.<!-- wp:paragraph {\"fontSize\":\"large\"} --><\/p>\n<p><span data-contrast=\"auto\">Parhaiten\u00a0sis\u00e4ll\u00f6ist\u00e4 toimi\u00a0Appelsiini-suklaajuustokakku-resepti, joka ylitti odotukset niin kiinnostavuudessa kuin sitoutumisessa.<\/span><span data-ccp-props=\"{}\">\u00a0<\/span><span data-contrast=\"auto\">Retrovisailu toi kampanjaan viihteellisyytt\u00e4 ja ker\u00e4si runsaasti osallistumisia, mik\u00e4 vahvisti Valion br\u00e4ndin l\u00e4hestytt\u00e4vyytt\u00e4.<\/span><span data-ccp-props=\"{}\">\u00a0<\/span><\/p>\n<p><!-- \/wp:paragraph --><\/p>\n<\/div>\n                    <\/div>\n                                            <\/div>\n        <\/div>\n                    <div class=\"oikea\">\n                <div class=\"hide-desktop\">\n                    <span class=\"netello-line netello-line-animated\"><\/span>\n                                                        <\/div>\n                <div class=\"oikea-inner netello-image-animated\">\n                                            <div class=\"image-fade-overlay\"><\/div>\n                        <img decoding=\"async\" class=\"animated-image\" src=\"https:\/\/www.almamedia.fi\/mainostajat\/wp-content\/uploads\/sites\/6\/43633_fazerina_juustokakku-scaled.jpeg\" alt=\"\" \/>\n                                    <\/div>\n            <\/div>\n            <\/div>\n<\/div>\n\n\n\n<div style=\"max-width:1200px;margin-left:auto;margin-right:auto\" class=\"wp-block-netello-max-width-container\">\n<div class=\"wp-block-columns is-layout-flex wp-container-core-columns-is-layout-9d6595d7 wp-block-columns-is-layout-flex\">\n<div class=\"wp-block-column is-layout-flow wp-block-column-is-layout-flow\" style=\"flex-basis:33%\"><div class=\"wp-block-image\">\n<figure class=\"alignright size-full\"><img decoding=\"async\" src=\"https:\/\/www.almamedia.fi\/mainostajat\/wp-content\/uploads\/sites\/6\/quote3.svg\" alt=\"\" class=\"wp-image-91300\"\/><\/figure>\n<\/div><\/div>\n\n\n\n<div class=\"wp-block-column is-layout-flow wp-block-column-is-layout-flow\" style=\"flex-basis:66%\">\n<p class=\"has-medium-font-size\"><em>Alman kanssa yhteisty\u00f6 oli sujuvaa ja mutkatonta \u2013 he ymm\u00e4rsiv\u00e4t kampanjan tavoitteet ja toivat lis\u00e4arvoa toteutukseen.<\/em> <\/p>\n\n\n\n<p class=\"has-small-font-size\">Henna Kaijomaa, Valio<\/p>\n\n\n\n<div  class=\"viiva-erotin has-color-green has-width-normal\" >\n\n    <div class=\"netello-line netello-line-animated\"><\/div>\n\n<\/div>\n\n\n\n<\/div>\n\n\n\n<div class=\"wp-block-column is-layout-flow wp-block-column-is-layout-flow\" style=\"flex-basis:11%\"><\/div>\n<\/div>\n\n\n\n<div style=\"height:20px\" aria-hidden=\"true\" class=\"wp-block-spacer\"><\/div>\n<\/div>\n\n\n\n<div style=\"height:100px\" aria-hidden=\"true\" class=\"wp-block-spacer\"><\/div>\n\n\n<div  class=\"kuva-ja-teksti-vierekkain has-font-size-s has-header-size-m has-full-width has-no-top-line has-no-bg\">\n    <div class=\"wrapper\">\n        <div class=\"vasen\">\n            <span class=\"netello-line netello-line-animated hide-mobile\"><\/span>\n            <div class=\"sisalto-wrapper\">\n                                                    <h2 class=\"otsikko hide-mobile\">\n                                                    Sitouttavat sis\u00e4lt\u00f6natiivit                                            <\/h2>\n                                                    <div class=\"sisalto\">\n                        <p><span class=\"NormalTextRun SCXW238486856 BCX0\">Valion menestynyt k<\/span><span class=\"NormalTextRun SCXW238486856 BCX0\"><span class=\"NormalTextRun SCXW25375531 BCX0\">olmen<\/span><span class=\"NormalTextRun SCXW25375531 BCX0\">\u00a0erillisen<\/span><span class=\"NormalTextRun SCXW25375531 BCX0\">\u00a0sis\u00e4lt\u00f6natiivi<\/span><span class=\"NormalTextRun SCXW25375531 BCX0\">n\u00a0<\/span><span class=\"NormalTextRun SCXW25375531 BCX0\">kampanja kev\u00e4\u00e4ll\u00e4 ja kes\u00e4ll\u00e4 2025 todisti, ett\u00e4 natiivimainonta on kuluttajal\u00e4ht\u00f6inen tapa puhutella yleis\u00f6\u00e4<\/span><span class=\"NormalTextRun SCXW25375531 BCX0\">. <\/span><span class=\"NormalTextRun SCXW238486856 BCX0\">Alma Median uutismediaymp\u00e4rist\u00f6 tarjosi Valion kampanjalle laajan tavoittavuuden, luotettavan kontekstin ja monipuoliset natiiviformaatit. <\/span><\/span><\/p>\n<p><span class=\"NormalTextRun SCXW238486856 BCX0\"><span class=\"NormalTextRun SCXW238486856 BCX0\">\u201cKokonaisuutena kampanja oli eritt\u00e4in onnistunut. Sis\u00e4ll\u00f6t olivat huolellisesti suunniteltuja, kohderyhm\u00e4\u00e4 kiinnostavia ja toimivat loistavasti uutismediaymp\u00e4rist\u00f6ss\u00e4. Yhteinen n\u00e4kemys ja proaktiivinen ote n\u00e4kyiv\u00e4t lopputuloksessa, joka ylitti odotukset sek\u00e4 sis\u00e4ll\u00f6llisesti ett\u00e4 tuloksellisesti\u201d, Dagmarin Mari Ulkuniemi summaa.<\/span><\/span><\/p>\n<div class=\"wp-block-netello-max-width-container\"><\/div>\n                    <\/div>\n                                            <\/div>\n        <\/div>\n                    <div class=\"oikea\">\n                <div class=\"hide-desktop\">\n                    <span class=\"netello-line netello-line-animated\"><\/span>\n                                                                <h2 class=\"otsikko\">\n                                                            Sitouttavat sis\u00e4lt\u00f6natiivit                                                        <\/h2>\n                                    <\/div>\n                <div class=\"oikea-inner netello-image-animated\">\n                                            <div class=\"image-fade-overlay\"><\/div>\n                        <img decoding=\"async\" class=\"animated-image\" src=\"https:\/\/www.almamedia.fi\/mainostajat\/wp-content\/uploads\/sites\/6\/TestiKuvitus-1.jpg\" alt=\"\" \/>\n                                    <\/div>\n            <\/div>\n            <\/div>\n<\/div>\n\n\n\n\n\n\n\n\n<div style=\"height:100px\" aria-hidden=\"true\" class=\"wp-block-spacer\"><\/div>\n","protected":false},"excerpt":{"rendered":"","protected":false},"featured_media":92651,"template":"","casekategoriat":[174,172],"class_list":["post-92650","caset","type-caset","status-publish","has-post-thumbnail","hentry","casekategoriat-display-mainonta","casekategoriat-sisaltomarkkinointi"],"acf":[],"yoast_head":"<!-- This site is optimized with the Yoast SEO plugin v26.9 - https:\/\/yoast.com\/product\/yoast-seo-wordpress\/ -->\n<title>Valio toteutti kolme sis\u00e4lt\u00f6natiivia, jotka sitouttivat kuluttajia yli odotusten\u00a0<\/title>\n<meta name=\"description\" content=\"Miten Valio onnistui houkuttelemaan suomalaiset viett\u00e4m\u00e4\u00e4n aikaa reseptien ja visailun parissa? Kolmen\u00a0erillisen\u00a0sis\u00e4lt\u00f6natiivin\u00a0kampanja kev\u00e4\u00e4ll\u00e4 ja kes\u00e4ll\u00e4 2025 todisti, ett\u00e4 kuluttajal\u00e4ht\u00f6inen sis\u00e4lt\u00f6 toimii,\u00a0ja Alma Median uutismediaymp\u00e4rist\u00f6 tarjoaa siihen\u00a0erinomaisen\u00a0alustan\" \/>\n<meta name=\"robots\" content=\"index, follow, max-snippet:-1, max-image-preview:large, max-video-preview:-1\" \/>\n<link rel=\"canonical\" href=\"https:\/\/www.almamedia.fi\/mainostajat\/caset\/valio-toteutti-kolme-sisaltonatiivia-jotka-sitouttivat-kuluttajia-yli-odotusten\/\" \/>\n<meta property=\"og:locale\" content=\"fi_FI\" \/>\n<meta property=\"og:type\" content=\"article\" \/>\n<meta property=\"og:title\" content=\"Valio toteutti kolme sis\u00e4lt\u00f6natiivia, jotka sitouttivat kuluttajia yli odotusten\u00a0\" \/>\n<meta property=\"og:description\" content=\"Miten Valio onnistui houkuttelemaan suomalaiset viett\u00e4m\u00e4\u00e4n aikaa reseptien ja visailun parissa? Kolmen\u00a0erillisen\u00a0sis\u00e4lt\u00f6natiivin\u00a0kampanja kev\u00e4\u00e4ll\u00e4 ja kes\u00e4ll\u00e4 2025 todisti, ett\u00e4 kuluttajal\u00e4ht\u00f6inen sis\u00e4lt\u00f6 toimii,\u00a0ja Alma Median uutismediaymp\u00e4rist\u00f6 tarjoaa siihen\u00a0erinomaisen\u00a0alustan\" \/>\n<meta property=\"og:url\" content=\"https:\/\/www.almamedia.fi\/mainostajat\/caset\/valio-toteutti-kolme-sisaltonatiivia-jotka-sitouttivat-kuluttajia-yli-odotusten\/\" \/>\n<meta property=\"og:site_name\" content=\"Alma Media - mainostajat\" \/>\n<meta property=\"article:modified_time\" content=\"2025-12-09T13:47:46+00:00\" \/>\n<meta property=\"og:image\" content=\"https:\/\/www.almamedia.fi\/mainostajat\/wp-content\/uploads\/sites\/6\/43633_fazerina_juustokakku_nosto-scaled.jpg\" \/>\n\t<meta property=\"og:image:width\" content=\"2048\" \/>\n\t<meta property=\"og:image:height\" content=\"1004\" \/>\n\t<meta property=\"og:image:type\" content=\"image\/jpeg\" \/>\n<meta name=\"twitter:card\" content=\"summary_large_image\" \/>\n<meta name=\"twitter:label1\" content=\"Arvioitu lukuaika\" \/>\n\t<meta name=\"twitter:data1\" content=\"2 minuuttia\" \/>\n<script type=\"application\/ld+json\" class=\"yoast-schema-graph\">{\"@context\":\"https:\/\/schema.org\",\"@graph\":[{\"@type\":\"WebPage\",\"@id\":\"https:\/\/www.almamedia.fi\/mainostajat\/caset\/valio-toteutti-kolme-sisaltonatiivia-jotka-sitouttivat-kuluttajia-yli-odotusten\/\",\"url\":\"https:\/\/www.almamedia.fi\/mainostajat\/caset\/valio-toteutti-kolme-sisaltonatiivia-jotka-sitouttivat-kuluttajia-yli-odotusten\/\",\"name\":\"Valio toteutti kolme sis\u00e4lt\u00f6natiivia, jotka sitouttivat kuluttajia yli odotusten\u00a0\",\"isPartOf\":{\"@id\":\"https:\/\/www.almamedia.fi\/mainostajat\/#website\"},\"primaryImageOfPage\":{\"@id\":\"https:\/\/www.almamedia.fi\/mainostajat\/caset\/valio-toteutti-kolme-sisaltonatiivia-jotka-sitouttivat-kuluttajia-yli-odotusten\/#primaryimage\"},\"image\":{\"@id\":\"https:\/\/www.almamedia.fi\/mainostajat\/caset\/valio-toteutti-kolme-sisaltonatiivia-jotka-sitouttivat-kuluttajia-yli-odotusten\/#primaryimage\"},\"thumbnailUrl\":\"https:\/\/www.almamedia.fi\/mainostajat\/wp-content\/uploads\/sites\/6\/43633_fazerina_juustokakku_nosto-scaled.jpg\",\"datePublished\":\"2025-11-25T08:11:14+00:00\",\"dateModified\":\"2025-12-09T13:47:46+00:00\",\"description\":\"Miten Valio onnistui houkuttelemaan suomalaiset viett\u00e4m\u00e4\u00e4n aikaa reseptien ja visailun parissa? Kolmen\u00a0erillisen\u00a0sis\u00e4lt\u00f6natiivin\u00a0kampanja kev\u00e4\u00e4ll\u00e4 ja kes\u00e4ll\u00e4 2025 todisti, ett\u00e4 kuluttajal\u00e4ht\u00f6inen sis\u00e4lt\u00f6 toimii,\u00a0ja Alma Median uutismediaymp\u00e4rist\u00f6 tarjoaa siihen\u00a0erinomaisen\u00a0alustan\",\"breadcrumb\":{\"@id\":\"https:\/\/www.almamedia.fi\/mainostajat\/caset\/valio-toteutti-kolme-sisaltonatiivia-jotka-sitouttivat-kuluttajia-yli-odotusten\/#breadcrumb\"},\"inLanguage\":\"fi\",\"potentialAction\":[{\"@type\":\"ReadAction\",\"target\":[\"https:\/\/www.almamedia.fi\/mainostajat\/caset\/valio-toteutti-kolme-sisaltonatiivia-jotka-sitouttivat-kuluttajia-yli-odotusten\/\"]}]},{\"@type\":\"ImageObject\",\"inLanguage\":\"fi\",\"@id\":\"https:\/\/www.almamedia.fi\/mainostajat\/caset\/valio-toteutti-kolme-sisaltonatiivia-jotka-sitouttivat-kuluttajia-yli-odotusten\/#primaryimage\",\"url\":\"https:\/\/www.almamedia.fi\/mainostajat\/wp-content\/uploads\/sites\/6\/43633_fazerina_juustokakku_nosto-scaled.jpg\",\"contentUrl\":\"https:\/\/www.almamedia.fi\/mainostajat\/wp-content\/uploads\/sites\/6\/43633_fazerina_juustokakku_nosto-scaled.jpg\",\"width\":2048,\"height\":1004,\"caption\":\"photography: Reetta Pasanen, foodstyling: Sanna Kek\u00e4l\u00e4inen\"},{\"@type\":\"BreadcrumbList\",\"@id\":\"https:\/\/www.almamedia.fi\/mainostajat\/caset\/valio-toteutti-kolme-sisaltonatiivia-jotka-sitouttivat-kuluttajia-yli-odotusten\/#breadcrumb\",\"itemListElement\":[{\"@type\":\"ListItem\",\"position\":1,\"name\":\"Etusivu\",\"item\":\"https:\/\/www.almamedia.fi\/mainostajat\/\"},{\"@type\":\"ListItem\",\"position\":2,\"name\":\"Valio toteutti kolme sis\u00e4lt\u00f6natiivia, jotka sitouttivat kuluttajia yli odotusten\u00a0\"}]},{\"@type\":\"WebSite\",\"@id\":\"https:\/\/www.almamedia.fi\/mainostajat\/#website\",\"url\":\"https:\/\/www.almamedia.fi\/mainostajat\/\",\"name\":\"Alma Media - mainostajat\",\"description\":\"\",\"publisher\":{\"@id\":\"https:\/\/www.almamedia.fi\/mainostajat\/#organization\"},\"potentialAction\":[{\"@type\":\"SearchAction\",\"target\":{\"@type\":\"EntryPoint\",\"urlTemplate\":\"https:\/\/www.almamedia.fi\/mainostajat\/?s={search_term_string}\"},\"query-input\":{\"@type\":\"PropertyValueSpecification\",\"valueRequired\":true,\"valueName\":\"search_term_string\"}}],\"inLanguage\":\"fi\"},{\"@type\":\"Organization\",\"@id\":\"https:\/\/www.almamedia.fi\/mainostajat\/#organization\",\"name\":\"Alma Media - mainostajat\",\"url\":\"https:\/\/www.almamedia.fi\/mainostajat\/\",\"logo\":{\"@type\":\"ImageObject\",\"inLanguage\":\"fi\",\"@id\":\"https:\/\/www.almamedia.fi\/mainostajat\/#\/schema\/logo\/image\/\",\"url\":\"https:\/\/www.almamedia.fi\/mainostajat\/wp-content\/uploads\/sites\/6\/alma-media-logo-valkoinen.svg\",\"contentUrl\":\"https:\/\/www.almamedia.fi\/mainostajat\/wp-content\/uploads\/sites\/6\/alma-media-logo-valkoinen.svg\",\"width\":49,\"height\":50,\"caption\":\"Alma Media - mainostajat\"},\"image\":{\"@id\":\"https:\/\/www.almamedia.fi\/mainostajat\/#\/schema\/logo\/image\/\"}}]}<\/script>\n<!-- \/ Yoast SEO plugin. -->","yoast_head_json":{"title":"Valio toteutti kolme sis\u00e4lt\u00f6natiivia, jotka sitouttivat kuluttajia yli odotusten\u00a0","description":"Miten Valio onnistui houkuttelemaan suomalaiset viett\u00e4m\u00e4\u00e4n aikaa reseptien ja visailun parissa? Kolmen\u00a0erillisen\u00a0sis\u00e4lt\u00f6natiivin\u00a0kampanja kev\u00e4\u00e4ll\u00e4 ja kes\u00e4ll\u00e4 2025 todisti, ett\u00e4 kuluttajal\u00e4ht\u00f6inen sis\u00e4lt\u00f6 toimii,\u00a0ja Alma Median uutismediaymp\u00e4rist\u00f6 tarjoaa siihen\u00a0erinomaisen\u00a0alustan","robots":{"index":"index","follow":"follow","max-snippet":"max-snippet:-1","max-image-preview":"max-image-preview:large","max-video-preview":"max-video-preview:-1"},"canonical":"https:\/\/www.almamedia.fi\/mainostajat\/caset\/valio-toteutti-kolme-sisaltonatiivia-jotka-sitouttivat-kuluttajia-yli-odotusten\/","og_locale":"fi_FI","og_type":"article","og_title":"Valio toteutti kolme sis\u00e4lt\u00f6natiivia, jotka sitouttivat kuluttajia yli odotusten\u00a0","og_description":"Miten Valio onnistui houkuttelemaan suomalaiset viett\u00e4m\u00e4\u00e4n aikaa reseptien ja visailun parissa? Kolmen\u00a0erillisen\u00a0sis\u00e4lt\u00f6natiivin\u00a0kampanja kev\u00e4\u00e4ll\u00e4 ja kes\u00e4ll\u00e4 2025 todisti, ett\u00e4 kuluttajal\u00e4ht\u00f6inen sis\u00e4lt\u00f6 toimii,\u00a0ja Alma Median uutismediaymp\u00e4rist\u00f6 tarjoaa siihen\u00a0erinomaisen\u00a0alustan","og_url":"https:\/\/www.almamedia.fi\/mainostajat\/caset\/valio-toteutti-kolme-sisaltonatiivia-jotka-sitouttivat-kuluttajia-yli-odotusten\/","og_site_name":"Alma Media - mainostajat","article_modified_time":"2025-12-09T13:47:46+00:00","og_image":[{"width":2048,"height":1004,"url":"https:\/\/www.almamedia.fi\/mainostajat\/wp-content\/uploads\/sites\/6\/43633_fazerina_juustokakku_nosto-scaled.jpg","type":"image\/jpeg"}],"twitter_card":"summary_large_image","twitter_misc":{"Arvioitu lukuaika":"2 minuuttia"},"schema":{"@context":"https:\/\/schema.org","@graph":[{"@type":"WebPage","@id":"https:\/\/www.almamedia.fi\/mainostajat\/caset\/valio-toteutti-kolme-sisaltonatiivia-jotka-sitouttivat-kuluttajia-yli-odotusten\/","url":"https:\/\/www.almamedia.fi\/mainostajat\/caset\/valio-toteutti-kolme-sisaltonatiivia-jotka-sitouttivat-kuluttajia-yli-odotusten\/","name":"Valio toteutti kolme sis\u00e4lt\u00f6natiivia, jotka sitouttivat kuluttajia yli odotusten\u00a0","isPartOf":{"@id":"https:\/\/www.almamedia.fi\/mainostajat\/#website"},"primaryImageOfPage":{"@id":"https:\/\/www.almamedia.fi\/mainostajat\/caset\/valio-toteutti-kolme-sisaltonatiivia-jotka-sitouttivat-kuluttajia-yli-odotusten\/#primaryimage"},"image":{"@id":"https:\/\/www.almamedia.fi\/mainostajat\/caset\/valio-toteutti-kolme-sisaltonatiivia-jotka-sitouttivat-kuluttajia-yli-odotusten\/#primaryimage"},"thumbnailUrl":"https:\/\/www.almamedia.fi\/mainostajat\/wp-content\/uploads\/sites\/6\/43633_fazerina_juustokakku_nosto-scaled.jpg","datePublished":"2025-11-25T08:11:14+00:00","dateModified":"2025-12-09T13:47:46+00:00","description":"Miten Valio onnistui houkuttelemaan suomalaiset viett\u00e4m\u00e4\u00e4n aikaa reseptien ja visailun parissa? Kolmen\u00a0erillisen\u00a0sis\u00e4lt\u00f6natiivin\u00a0kampanja kev\u00e4\u00e4ll\u00e4 ja kes\u00e4ll\u00e4 2025 todisti, ett\u00e4 kuluttajal\u00e4ht\u00f6inen sis\u00e4lt\u00f6 toimii,\u00a0ja Alma Median uutismediaymp\u00e4rist\u00f6 tarjoaa siihen\u00a0erinomaisen\u00a0alustan","breadcrumb":{"@id":"https:\/\/www.almamedia.fi\/mainostajat\/caset\/valio-toteutti-kolme-sisaltonatiivia-jotka-sitouttivat-kuluttajia-yli-odotusten\/#breadcrumb"},"inLanguage":"fi","potentialAction":[{"@type":"ReadAction","target":["https:\/\/www.almamedia.fi\/mainostajat\/caset\/valio-toteutti-kolme-sisaltonatiivia-jotka-sitouttivat-kuluttajia-yli-odotusten\/"]}]},{"@type":"ImageObject","inLanguage":"fi","@id":"https:\/\/www.almamedia.fi\/mainostajat\/caset\/valio-toteutti-kolme-sisaltonatiivia-jotka-sitouttivat-kuluttajia-yli-odotusten\/#primaryimage","url":"https:\/\/www.almamedia.fi\/mainostajat\/wp-content\/uploads\/sites\/6\/43633_fazerina_juustokakku_nosto-scaled.jpg","contentUrl":"https:\/\/www.almamedia.fi\/mainostajat\/wp-content\/uploads\/sites\/6\/43633_fazerina_juustokakku_nosto-scaled.jpg","width":2048,"height":1004,"caption":"photography: Reetta Pasanen, foodstyling: Sanna Kek\u00e4l\u00e4inen"},{"@type":"BreadcrumbList","@id":"https:\/\/www.almamedia.fi\/mainostajat\/caset\/valio-toteutti-kolme-sisaltonatiivia-jotka-sitouttivat-kuluttajia-yli-odotusten\/#breadcrumb","itemListElement":[{"@type":"ListItem","position":1,"name":"Etusivu","item":"https:\/\/www.almamedia.fi\/mainostajat\/"},{"@type":"ListItem","position":2,"name":"Valio toteutti kolme sis\u00e4lt\u00f6natiivia, jotka sitouttivat kuluttajia yli odotusten\u00a0"}]},{"@type":"WebSite","@id":"https:\/\/www.almamedia.fi\/mainostajat\/#website","url":"https:\/\/www.almamedia.fi\/mainostajat\/","name":"Alma Media - mainostajat","description":"","publisher":{"@id":"https:\/\/www.almamedia.fi\/mainostajat\/#organization"},"potentialAction":[{"@type":"SearchAction","target":{"@type":"EntryPoint","urlTemplate":"https:\/\/www.almamedia.fi\/mainostajat\/?s={search_term_string}"},"query-input":{"@type":"PropertyValueSpecification","valueRequired":true,"valueName":"search_term_string"}}],"inLanguage":"fi"},{"@type":"Organization","@id":"https:\/\/www.almamedia.fi\/mainostajat\/#organization","name":"Alma Media - mainostajat","url":"https:\/\/www.almamedia.fi\/mainostajat\/","logo":{"@type":"ImageObject","inLanguage":"fi","@id":"https:\/\/www.almamedia.fi\/mainostajat\/#\/schema\/logo\/image\/","url":"https:\/\/www.almamedia.fi\/mainostajat\/wp-content\/uploads\/sites\/6\/alma-media-logo-valkoinen.svg","contentUrl":"https:\/\/www.almamedia.fi\/mainostajat\/wp-content\/uploads\/sites\/6\/alma-media-logo-valkoinen.svg","width":49,"height":50,"caption":"Alma Media - mainostajat"},"image":{"@id":"https:\/\/www.almamedia.fi\/mainostajat\/#\/schema\/logo\/image\/"}}]}},"_links":{"self":[{"href":"https:\/\/www.almamedia.fi\/mainostajat\/wp-json\/wp\/v2\/caset\/92650","targetHints":{"allow":["GET"]}}],"collection":[{"href":"https:\/\/www.almamedia.fi\/mainostajat\/wp-json\/wp\/v2\/caset"}],"about":[{"href":"https:\/\/www.almamedia.fi\/mainostajat\/wp-json\/wp\/v2\/types\/caset"}],"wp:featuredmedia":[{"embeddable":true,"href":"https:\/\/www.almamedia.fi\/mainostajat\/wp-json\/wp\/v2\/media\/92651"}],"wp:attachment":[{"href":"https:\/\/www.almamedia.fi\/mainostajat\/wp-json\/wp\/v2\/media?parent=92650"}],"wp:term":[{"taxonomy":"casekategoriat","embeddable":true,"href":"https:\/\/www.almamedia.fi\/mainostajat\/wp-json\/wp\/v2\/casekategoriat?post=92650"}],"curies":[{"name":"wp","href":"https:\/\/api.w.org\/{rel}","templated":true}]}}