{"id":91828,"date":"2025-08-29T14:35:27","date_gmt":"2025-08-29T11:35:27","guid":{"rendered":"https:\/\/www.almamedia.fi\/mainostajat\/?post_type=caset&#038;p=91828"},"modified":"2025-10-27T15:02:03","modified_gmt":"2025-10-27T13:02:03","slug":"pyha-valitsi-paattajamediat-ja-ruka-luotti-sisaltoon-molemmat-onnistuivat","status":"publish","type":"caset","link":"https:\/\/www.almamedia.fi\/mainostajat\/caset\/pyha-valitsi-paattajamediat-ja-ruka-luotti-sisaltoon-molemmat-onnistuivat\/","title":{"rendered":"Pyh\u00e4 valitsi p\u00e4\u00e4tt\u00e4j\u00e4mediat ja Ruka luotti sis\u00e4lt\u00f6\u00f6n \u2013 molemmat onnistuivat"},"content":{"rendered":"\n<style>\n.single-thumbnail.wp-post-image {\ndisplay: none !important;\n}\n@media (min-width: 782px) {\n\tbody.single .artikkeli-container:not(.has-sidebar) {\n\t\tmax-width: none !important;\n\t\tmargin-left: 0; \n\t\tmargin-right: 0; \n\t}\n\t.sct-content .container {\n\t\tmax-width: none !important;\n\t}\n\t.kuva-ja-teksti-vierekkain {\n\t\tmargin-left: 4rem;\n\t}\n\t.sct-padd {\n\t\tpadding-right: 0 !important;\n\t}\n\t.isot-artikkeli-nostot {\n\t\tmax-width: 88%;\n\t\tmargin: 0 6%;\n\t}\n\t.numero-wrapper > .netello-line {\n\tbackground: #28b78f !important;\n\t}\n\t#isovasuri {\n\tmax-width: 600px;\n\tmargin: 24% auto;\n\t}\n\t.kuva-ja-teksti-vierekkain .oikea .oikea-inner {\n\t\twidth: 100%;\n\t\tmargin-right: 0;\n\t}\n}\n\n\n<\/style>\n\n\n<div  class=\"kuva-ja-teksti-vierekkain has-font-size-s has-header-size-m has-no-top-line has-no-bg\">\n    <div class=\"wrapper\">\n        <div class=\"vasen\">\n            <span class=\"netello-line netello-line-animated hide-mobile\"><\/span>\n            <div class=\"sisalto-wrapper\">\n                                    <p class=\"ylateksti hide-mobile\">\n                        RUKA &#038; PYH\u00c4                    <\/p>\n                                                    <h2 class=\"otsikko hide-mobile\">\n                                                    Pyh\u00e4 valitsi p\u00e4\u00e4tt\u00e4j\u00e4mediat ja Ruka luotti sis\u00e4lt\u00f6\u00f6n \u2013 molemmat onnistuivat                                            <\/h2>\n                                                    <div class=\"sisalto\">\n                        <p>Pyh\u00e4 ja Ruka toteuttivat omat kampanjansa Alma Median kanssa, kumpikin omista l\u00e4ht\u00f6kohdistaan. Lopputuloksena saavutettiin vaikuttavaa n\u00e4kyvyytt\u00e4 ja vahvaa tuloksellisuutta.<\/p>\n<p><span style=\"color: #28b78f;\"><b>HAASTE: <\/b><\/span><span style=\"font-weight: 400;\">Pyh\u00e4 halusi erottua suurten laskettelukeskusten joukosta ja luoda vahvempaa top of mind -tunnettuutta. Se ei kilpaile pohjoisen bilekeskusten kanssa, vaan tarjoaa rauhallisemman ja aidomman Lapin kokemuksen. Haasteena oli tuoda esiin n\u00e4m\u00e4 uniikit piirteet sek\u00e4 aktivoida yleis\u00f6\u00e4 rinteisiin. Rukan osalta puolestaan haluttiin kertoa enemm\u00e4n kuin perinteinen mainonta mahdollistaa, ja saada yleis\u00f6 todella kiinnostumaan kohteesta.<\/span><\/p>\n                    <\/div>\n                                            <\/div>\n        <\/div>\n                    <div class=\"oikea\">\n                <div class=\"hide-desktop\">\n                    <span class=\"netello-line netello-line-animated\"><\/span>\n                                            <p class=\"ylateksti\">\n                            RUKA &#038; PYH\u00c4                        <\/p>\n                                                                <h2 class=\"otsikko\">\n                                                            Pyh\u00e4 valitsi p\u00e4\u00e4tt\u00e4j\u00e4mediat ja Ruka luotti sis\u00e4lt\u00f6\u00f6n \u2013 molemmat onnistuivat                                                        <\/h2>\n                                    <\/div>\n                <div class=\"oikea-inner netello-image-animated\">\n                                            <div class=\"image-fade-overlay\"><\/div>\n                        <img decoding=\"async\" class=\"animated-image\" src=\"https:\/\/www.almamedia.fi\/mainostajat\/wp-content\/uploads\/sites\/6\/Pyha-Ski-Resort-Jaakko-Posti-002.jpg\" alt=\"\" \/>\n                                    <\/div>\n            <\/div>\n            <\/div>\n<\/div>\n\n\n\n<div style=\"height:100px\" aria-hidden=\"true\" class=\"wp-block-spacer\"><\/div>\n\n\n\n<div style=\"max-width:1200px;margin-left:auto;margin-right:auto\" class=\"wp-block-netello-max-width-container\">\n<h2 class=\"wp-block-heading has-text-color has-link-color has-x-large-font-size wp-elements-18b060375a6a4db790ab925ad13be796\" style=\"color:#28b78f\">RATKAISU:<\/h2>\n\n\n\n<div class=\"wp-block-columns is-layout-flex wp-container-core-columns-is-layout-9d6595d7 wp-block-columns-is-layout-flex\">\n<div class=\"wp-block-column is-layout-flow wp-block-column-is-layout-flow\">\n<h4 class=\"wp-block-heading\"><strong>STRATEGIA<\/strong><\/h4>\n\n\n\n<div  class=\"viiva-erotin has-color-green has-width-normal\" >\n\n    <div class=\"netello-line netello-line-animated\"><\/div>\n\n<\/div>\n\n\n\n\n\n\n<p>Pyh\u00e4n kampanjoinnin suunnittelu sai uuden suunnan, kun todettiin, ett\u00e4 luova konsepti toimisi poikkeuksellisen hyvin B2B-medioissa ja erityisesti Alma Median p\u00e4\u00e4tt\u00e4j\u00e4medioissa. P\u00e4\u00e4tt\u00e4j\u00e4kohderyhm\u00e4 ymm\u00e4rt\u00e4\u00e4 nopeasti mist\u00e4 on kyse, ja kampanjan viesti resonoi aidosti. T\u00e4m\u00e4 oivallus muutti kampanjan logiikan ja samalla mediavalinnat. Rukan kohdalla oli jo aiemmin saatu hyvi\u00e4 tuloksia natiivisis\u00e4lt\u00f6jen kautta, ja n\u00e4in p\u00e4\u00e4dyttiin jatkamaan toimivalla ratkaisulla.<\/p>\n<\/div>\n\n\n\n<div class=\"wp-block-column is-layout-flow wp-block-column-is-layout-flow\">\n<h4 class=\"wp-block-heading\"><strong>TULOKSET<\/strong><\/h4>\n\n\n\n<div  class=\"viiva-erotin has-color-green has-width-normal\" >\n\n    <div class=\"netello-line netello-line-animated\"><\/div>\n\n<\/div>\n\n\n\n\n\n\n<p>Mainonnan oivaltavuus sai kiitosta, ja kohderyhm\u00e4 kohtasi viestin juuri oikeassa ymp\u00e4rist\u00f6ss\u00e4. Huomioarvo oli korkea, ja kampanja osoittautui eritt\u00e4in kustannustehokkaaksi. Visuaalisuus ja luova toteutus tekiv\u00e4t kokonaisuudesta kiinnostavan ja mieleenpainuvan. Yhdistelm\u00e4 printti\u00e4 ja digitaalisia p\u00e4\u00e4tt\u00e4j\u00e4medioita toimi erinomaisesti konseptin n\u00e4k\u00f6kulmasta Pyh\u00e4lle. Natiivi koukutti Rukan kohderyhm\u00e4t.<\/p>\n<\/div>\n\n\n\n<div class=\"wp-block-column is-layout-flow wp-block-column-is-layout-flow\">\n<h4 class=\"wp-block-heading\"><strong><strong>YHTEISTY\u00d6 ALMAN KANSSA<\/strong><\/strong><\/h4>\n\n\n\n<div  class=\"viiva-erotin has-color-green has-width-normal\" >\n\n    <div class=\"netello-line netello-line-animated\"><\/div>\n\n<\/div>\n\n\n\n\n\n\n<p>Yhteisty\u00f6 Alman kanssa sujui eritt\u00e4in hyvin. Alman tiimi tarttui ideaan nopeasti ja toteutti laadukkaan kokonaisuuden.<\/p>\n<\/div>\n<\/div>\n\n\n\n<div style=\"height:200px\" aria-hidden=\"true\" class=\"wp-block-spacer\"><\/div>\n\n\n\n<div class=\"wp-block-columns is-layout-flex wp-container-core-columns-is-layout-9d6595d7 wp-block-columns-is-layout-flex\">\n<div class=\"wp-block-column is-layout-flow wp-block-column-is-layout-flow\" style=\"flex-basis:33%\"><div class=\"wp-block-image\">\n<figure class=\"alignright size-full\"><img decoding=\"async\" src=\"https:\/\/www.almamedia.fi\/mainostajat\/wp-content\/uploads\/sites\/6\/quote3.svg\" alt=\"\" class=\"wp-image-91300\"\/><\/figure>\n<\/div><\/div>\n\n\n\n<div class=\"wp-block-column is-layout-flow wp-block-column-is-layout-flow\" style=\"flex-basis:66%\">\n<p class=\"has-medium-font-size\"><em>Alma on suomalaisen p\u00e4\u00e4tt\u00e4j\u00e4porukan ymm\u00e4rryksen ja kontaktoinnin ytimess\u00e4. Kuluttajabr\u00e4ndeille, joiden kohderyhmiss\u00e4 on hyv\u00e4tuloisia kuluttajia, B2B-media tarjoaa tehokkaan tavan syvent\u00e4\u00e4 viesti\u00e4 ja erottua.<\/em><\/p>\n\n\n\n<p class=\"has-small-font-size\">Annika R\u00e4ih\u00e4, Sunday Brunch Company<\/p>\n\n\n\n<div  class=\"viiva-erotin has-color-green has-width-normal\" >\n\n    <div class=\"netello-line netello-line-animated\"><\/div>\n\n<\/div>\n\n\n\n<\/div>\n\n\n\n<div class=\"wp-block-column is-layout-flow wp-block-column-is-layout-flow\" style=\"flex-basis:11%\"><\/div>\n<\/div>\n<\/div>\n\n\n\n<div style=\"height:100px\" aria-hidden=\"true\" class=\"wp-block-spacer\"><\/div>\n\n\n<div  class=\"kuva-ja-teksti-vierekkain has-font-size-s has-header-size-m has-no-top-line has-no-bg has-video\">\n    <div class=\"wrapper\">\n        <div class=\"vasen\">\n            <span class=\"netello-line netello-line-animated hide-mobile\"><\/span>\n            <div class=\"sisalto-wrapper\">\n                                                    <h2 class=\"otsikko hide-mobile\">\n                                                    TOTEUTUKSET                                            <\/h2>\n                                                    <div class=\"sisalto\">\n                        <p>Sek\u00e4 Pyh\u00e4lle ett\u00e4 Rukalle toteutettiin omat monimedialliset kampanjansa, joissa hy\u00f6dynnettiin Alman eri formaatteja ja kohdennettuja yleis\u00f6j\u00e4.<\/p>\n<p>Rukan kumppaniartikkeli Iltalehdess\u00e4 kohdennettiin ulkoilma-, laskettelu- ja kotimaanmatkailuyleis\u00f6ihin. Nelj\u00e4n printin sarja, digikokosivu ja tulospohjainen mainonta varmistivat laajan n\u00e4kyvyyden huomiotaher\u00e4tt\u00e4vill\u00e4 toteutuksilla. Pyh\u00e4n kampanjassa ty\u00f6el\u00e4m\u00e4n termien hy\u00f6dynt\u00e4minen toimi eritt\u00e4in hyvin Alman B2B-medioissa. Re-targetointi vahvisti muistij\u00e4lke\u00e4 ja tuki kampanjan kaupallista vaikuttavuutta.<\/p>\n<p>Ruka: Kaksi artikkelia sek\u00e4 orgaanisesti ett\u00e4 mainonnassa. Natiivit l\u00f6ytyiv\u00e4t yhdelt\u00e4 kumppanisivulta, mik\u00e4 lis\u00e4si artikkeleiden parissa vietetty\u00e4 aikaa. Display-mainontaa kotimaanmatkailuyleis\u00f6ihin kohdennettuna. Kanavina: Iltalehti ja Alma Verkosto.<\/p>\n<p>Pyh\u00e4: Digikokosivu, tulospohjaista digimainontaa ja 4 ilmoituksen sarja printiss\u00e4. Kanavina Alman businessmediat: Kauppalehti, Tekniikka &amp; Talous, Talousel\u00e4m\u00e4 ja Alman verkosto sek\u00e4 Optio.<\/p>\n                    <\/div>\n                                            <\/div>\n        <\/div>\n                    <div class=\"oikea\">\n                <div class=\"hide-desktop\">\n                    <span class=\"netello-line netello-line-animated\"><\/span>\n                                                                <h2 class=\"otsikko\">\n                                                            TOTEUTUKSET                                                        <\/h2>\n                                    <\/div>\n                <div class=\"oikea-inner netello-image-animated\">\n                                                                                                                            <!-- Debug info -->\n                            <!-- Video URL: https:\/\/www.almamedia.fi\/mainostajat\/wp-content\/uploads\/sites\/6\/2025-08-29-14-13-32.mp4 -->\n                            <!-- MIME Type: video\/mp4 -->\n                            <!-- Settings: video_has_autoplay -->\n                            \n                            <div class=\"video-container direct-video\">\n                                <div class=\"video-wrapper\">\n                                                                        <video \n                                        playsinline preload=\"metadata\" autoplay muted loop data-autoplay=\"true\" \n                                        src=\"https:\/\/www.almamedia.fi\/mainostajat\/wp-content\/uploads\/sites\/6\/2025-08-29-14-13-32.mp4\"\n                                        type=\"video\/mp4\"\n                                        style=\"width:100%; height:100%;\"\n                                    >\n                                        <p>Your browser does not support the video tag. You can <a href=\"https:\/\/www.almamedia.fi\/mainostajat\/wp-content\/uploads\/sites\/6\/2025-08-29-14-13-32.mp4\">download the video<\/a> instead.<\/p>\n                                    <\/video>\n                                <\/div>\n                            <\/div>\n                                                            <\/div>\n            <\/div>\n            <\/div>\n<\/div>\n\n\n\n<div style=\"height:100px\" aria-hidden=\"true\" class=\"wp-block-spacer\"><\/div>\n\n\n\n<div style=\"max-width:1200px;margin-left:auto;margin-right:auto\" class=\"wp-block-netello-max-width-container\">\n<div class=\"wp-block-columns is-layout-flex wp-container-core-columns-is-layout-9d6595d7 wp-block-columns-is-layout-flex\">\n<div class=\"wp-block-column is-layout-flow wp-block-column-is-layout-flow\">\n<div  class=\"viiva-erotin has-color-green has-width-normal\" >\n\n    <div class=\"netello-line netello-line-animated\"><\/div>\n\n<\/div>\n\n\n\n\n\n\n<div  class=\"numero-animoitu has-text-align-center has-number-color-white has-font-size-m has-line-color-light has-text-size-m\">\n\n    \n    <div class=\"numero-wrapper\">\n                    <span class=\"netello-line netello-line-animated\"><\/span>\n                \n                    <span class=\"netello-number-counter \" data-target=\"35000\">0<\/span>\n        \n            <\/div>\n\n    <div class=\"alateksti\"><p>lukijaa kumppanisis\u00e4ll\u00f6iss\u00e4<\/p>\n<\/div>\n<\/div>\n\n\n\n<\/div>\n\n\n\n<div class=\"wp-block-column is-layout-flow wp-block-column-is-layout-flow\">\n<div  class=\"viiva-erotin has-color-green has-width-normal\" >\n\n    <div class=\"netello-line netello-line-animated\"><\/div>\n\n<\/div>\n\n\n\n\n\n\n<div  class=\"numero-animoitu has-text-align-center has-number-color-white has-font-size-m has-line-color-light has-text-size-m\">\n\n    \n    <div class=\"numero-wrapper\">\n                    <span class=\"netello-line netello-line-animated\"><\/span>\n                \n                    <span class=\"netello-number-counter \" data-target=\"120\">0<\/span>\n        \n        <span>s.<\/span>    <\/div>\n\n    <div class=\"alateksti\"><p>keskim\u00e4\u00e4r\u00e4inen lukuaika<br \/>\nartikkelien parissa<\/p>\n<\/div>\n<\/div>\n\n\n\n<\/div>\n\n\n\n<div class=\"wp-block-column is-layout-flow wp-block-column-is-layout-flow\">\n<div  class=\"viiva-erotin has-color-green has-width-normal\" >\n\n    <div class=\"netello-line netello-line-animated\"><\/div>\n\n<\/div>\n\n\n\n\n\n\n<div  class=\"numero-animoitu has-text-align-center has-number-color-white has-font-size-m has-line-color-light has-text-size-m\">\n\n    \n    <div class=\"numero-wrapper\">\n                    <span class=\"netello-line netello-line-animated\"><\/span>\n                \n                    <span class=\"netello-number-counter \" data-target=\"20\">0<\/span>\n        \n        <span>%<\/span>    <\/div>\n\n    <div class=\"alateksti\"><p>paremmat tulokset kuin vastaavissa kampanjoissa<\/p>\n<\/div>\n<\/div>\n\n\n\n<\/div>\n<\/div>\n<\/div>\n\n\n\n<div style=\"height:100px\" aria-hidden=\"true\" class=\"wp-block-spacer\"><\/div>\n\n\n<div  class=\"kuva-ja-teksti-vierekkain has-font-size-s has-header-size-m has-full-width has-no-top-line has-no-bg\">\n    <div class=\"wrapper\">\n        <div class=\"vasen\">\n            <span class=\"netello-line netello-line-animated hide-mobile\"><\/span>\n            <div class=\"sisalto-wrapper\">\n                                                                    <div class=\"sisalto\">\n                        <div id=\"isovasuri\">\n<p><!-- wp:paragraph {\"fontSize\":\"large\"} --><\/p>\n<p class=\"has-large-font-size\"><strong>Kun sis\u00e4lt\u00f6 resonoi lukijoissa, yleis\u00f6 viett\u00e4\u00e4 huomattavasti enemm\u00e4n aikaa sen parissa. N\u00e4in kampanja j\u00e4\u00e4 mieleen ja rakentaa haluttua top of mind -tunnettuutta juuri oikeassa kohderyhm\u00e4ss\u00e4.<\/strong><\/p>\n<p><!-- \/wp:paragraph --><\/p>\n<\/div>\n                    <\/div>\n                                            <\/div>\n        <\/div>\n                    <div class=\"oikea\">\n                <div class=\"hide-desktop\">\n                    <span class=\"netello-line netello-line-animated\"><\/span>\n                                                        <\/div>\n                <div class=\"oikea-inner netello-image-animated\">\n                                            <div class=\"image-fade-overlay\"><\/div>\n                        <img decoding=\"async\" class=\"animated-image\" src=\"https:\/\/www.almamedia.fi\/mainostajat\/wp-content\/uploads\/sites\/6\/pyha-kevat2024-ilmakuva-antti-lahtinen.jpg\" alt=\"\" \/>\n                                    <\/div>\n            <\/div>\n            <\/div>\n<\/div>\n\n\n\n<div style=\"height:100px\" aria-hidden=\"true\" class=\"wp-block-spacer\"><\/div>\n\n\n\n<div style=\"max-width:1200px;margin-left:auto;margin-right:auto\" class=\"wp-block-netello-max-width-container\">\n<div class=\"wp-block-columns is-layout-flex wp-container-core-columns-is-layout-9d6595d7 wp-block-columns-is-layout-flex\">\n<div class=\"wp-block-column is-layout-flow wp-block-column-is-layout-flow\" style=\"flex-basis:33%\"><div class=\"wp-block-image\">\n<figure class=\"alignright size-full\"><img decoding=\"async\" src=\"https:\/\/www.almamedia.fi\/mainostajat\/wp-content\/uploads\/sites\/6\/quote3.svg\" alt=\"\" class=\"wp-image-91300\"\/><\/figure>\n<\/div><\/div>\n\n\n\n<div class=\"wp-block-column is-layout-flow wp-block-column-is-layout-flow\" style=\"flex-basis:66%\">\n<p class=\"has-medium-font-size\"><em>Halusimme tavoittaa p\u00e4\u00e4tt\u00e4j\u00e4t, jotka arvostavat aitoutta ja rauhaa. Alman p\u00e4\u00e4tt\u00e4j\u00e4mediat osoittautuivat t\u00e4ydelliseksi ymp\u00e4rist\u00f6ksi. Alma ymm\u00e4rsi konseptin ytimen ja toteutus sai yleis\u00f6n pys\u00e4htym\u00e4\u00e4n.<\/em><\/p>\n\n\n\n<p class=\"has-small-font-size\">Veera Oiva, markkinointip\u00e4\u00e4llikk\u00f6, Rukakeskus Oy &amp; Pyh\u00e4tunturi Oy<\/p>\n\n\n\n<div  class=\"viiva-erotin has-color-green has-width-normal\" >\n\n    <div class=\"netello-line netello-line-animated\"><\/div>\n\n<\/div>\n\n\n\n<\/div>\n\n\n\n<div class=\"wp-block-column is-layout-flow wp-block-column-is-layout-flow\" style=\"flex-basis:11%\"><\/div>\n<\/div>\n\n\n\n<div style=\"height:100px\" aria-hidden=\"true\" class=\"wp-block-spacer\"><\/div>\n\n\n\n<p class=\"has-text-align-center netello-linkit\"><strong>Haluatko tiet\u00e4\u00e4, miten sis\u00e4lt\u00f6markkinointi voi kasvattaa tapahtumasi vaikuttavuutta?<br><a href=\"https:\/\/www.almamedia.fi\/mainostajat\/mediamyynnin-yhteystiedot\/\">Ota yhteytt\u00e4 asiantuntijaamme<\/a><\/strong><\/p>\n<\/div>\n","protected":false},"excerpt":{"rendered":"","protected":false},"featured_media":91829,"template":"","casekategoriat":[174,172],"class_list":["post-91828","caset","type-caset","status-publish","has-post-thumbnail","hentry","casekategoriat-display-mainonta","casekategoriat-sisaltomarkkinointi"],"acf":[],"yoast_head":"<!-- This site is optimized with the Yoast SEO plugin v26.9 - https:\/\/yoast.com\/product\/yoast-seo-wordpress\/ -->\n<title>Pyh\u00e4 valitsi p\u00e4\u00e4tt\u00e4j\u00e4mediat ja Ruka luotti sis\u00e4lt\u00f6\u00f6n \u2013 molemmat onnistuivat<\/title>\n<meta name=\"description\" content=\"Rukalle &amp; Pyh\u00e4lle saatiin kustannustehokasta n\u00e4kyvyytt\u00e4, kymmeni\u00e4 tuhansia lukijoita ja poikkeuksellisen pitki\u00e4 lukuaikoja. Lue miten.\" \/>\n<meta name=\"robots\" content=\"index, follow, max-snippet:-1, max-image-preview:large, max-video-preview:-1\" \/>\n<link rel=\"canonical\" href=\"https:\/\/www.almamedia.fi\/mainostajat\/caset\/pyha-valitsi-paattajamediat-ja-ruka-luotti-sisaltoon-molemmat-onnistuivat\/\" \/>\n<meta property=\"og:locale\" content=\"fi_FI\" \/>\n<meta property=\"og:type\" content=\"article\" \/>\n<meta property=\"og:title\" content=\"Pyh\u00e4 valitsi p\u00e4\u00e4tt\u00e4j\u00e4mediat ja Ruka luotti sis\u00e4lt\u00f6\u00f6n \u2013 molemmat onnistuivat\" \/>\n<meta property=\"og:description\" content=\"Rukalle &amp; Pyh\u00e4lle saatiin kustannustehokasta n\u00e4kyvyytt\u00e4, kymmeni\u00e4 tuhansia lukijoita ja poikkeuksellisen pitki\u00e4 lukuaikoja. Lue miten.\" \/>\n<meta property=\"og:url\" content=\"https:\/\/www.almamedia.fi\/mainostajat\/caset\/pyha-valitsi-paattajamediat-ja-ruka-luotti-sisaltoon-molemmat-onnistuivat\/\" \/>\n<meta property=\"og:site_name\" content=\"Alma Media - mainostajat\" \/>\n<meta property=\"article:modified_time\" content=\"2025-10-27T13:02:03+00:00\" \/>\n<meta property=\"og:image\" content=\"https:\/\/www.almamedia.fi\/mainostajat\/wp-content\/uploads\/sites\/6\/Pyha-Ski-Resort-Jaakko-Posti-002.jpg\" \/>\n\t<meta property=\"og:image:width\" content=\"2048\" \/>\n\t<meta property=\"og:image:height\" content=\"1365\" \/>\n\t<meta property=\"og:image:type\" content=\"image\/jpeg\" \/>\n<meta name=\"twitter:card\" content=\"summary_large_image\" \/>\n<meta name=\"twitter:label1\" content=\"Arvioitu lukuaika\" \/>\n\t<meta name=\"twitter:data1\" content=\"2 minuuttia\" \/>\n<script type=\"application\/ld+json\" class=\"yoast-schema-graph\">{\"@context\":\"https:\/\/schema.org\",\"@graph\":[{\"@type\":\"WebPage\",\"@id\":\"https:\/\/www.almamedia.fi\/mainostajat\/caset\/pyha-valitsi-paattajamediat-ja-ruka-luotti-sisaltoon-molemmat-onnistuivat\/\",\"url\":\"https:\/\/www.almamedia.fi\/mainostajat\/caset\/pyha-valitsi-paattajamediat-ja-ruka-luotti-sisaltoon-molemmat-onnistuivat\/\",\"name\":\"Pyh\u00e4 valitsi p\u00e4\u00e4tt\u00e4j\u00e4mediat ja Ruka luotti sis\u00e4lt\u00f6\u00f6n \u2013 molemmat onnistuivat\",\"isPartOf\":{\"@id\":\"https:\/\/www.almamedia.fi\/mainostajat\/#website\"},\"primaryImageOfPage\":{\"@id\":\"https:\/\/www.almamedia.fi\/mainostajat\/caset\/pyha-valitsi-paattajamediat-ja-ruka-luotti-sisaltoon-molemmat-onnistuivat\/#primaryimage\"},\"image\":{\"@id\":\"https:\/\/www.almamedia.fi\/mainostajat\/caset\/pyha-valitsi-paattajamediat-ja-ruka-luotti-sisaltoon-molemmat-onnistuivat\/#primaryimage\"},\"thumbnailUrl\":\"https:\/\/www.almamedia.fi\/mainostajat\/wp-content\/uploads\/sites\/6\/Pyha-Ski-Resort-Jaakko-Posti-002.jpg\",\"datePublished\":\"2025-08-29T11:35:27+00:00\",\"dateModified\":\"2025-10-27T13:02:03+00:00\",\"description\":\"Rukalle & Pyh\u00e4lle saatiin kustannustehokasta n\u00e4kyvyytt\u00e4, kymmeni\u00e4 tuhansia lukijoita ja poikkeuksellisen pitki\u00e4 lukuaikoja. Lue miten.\",\"breadcrumb\":{\"@id\":\"https:\/\/www.almamedia.fi\/mainostajat\/caset\/pyha-valitsi-paattajamediat-ja-ruka-luotti-sisaltoon-molemmat-onnistuivat\/#breadcrumb\"},\"inLanguage\":\"fi\",\"potentialAction\":[{\"@type\":\"ReadAction\",\"target\":[\"https:\/\/www.almamedia.fi\/mainostajat\/caset\/pyha-valitsi-paattajamediat-ja-ruka-luotti-sisaltoon-molemmat-onnistuivat\/\"]}]},{\"@type\":\"ImageObject\",\"inLanguage\":\"fi\",\"@id\":\"https:\/\/www.almamedia.fi\/mainostajat\/caset\/pyha-valitsi-paattajamediat-ja-ruka-luotti-sisaltoon-molemmat-onnistuivat\/#primaryimage\",\"url\":\"https:\/\/www.almamedia.fi\/mainostajat\/wp-content\/uploads\/sites\/6\/Pyha-Ski-Resort-Jaakko-Posti-002.jpg\",\"contentUrl\":\"https:\/\/www.almamedia.fi\/mainostajat\/wp-content\/uploads\/sites\/6\/Pyha-Ski-Resort-Jaakko-Posti-002.jpg\",\"width\":2048,\"height\":1365},{\"@type\":\"BreadcrumbList\",\"@id\":\"https:\/\/www.almamedia.fi\/mainostajat\/caset\/pyha-valitsi-paattajamediat-ja-ruka-luotti-sisaltoon-molemmat-onnistuivat\/#breadcrumb\",\"itemListElement\":[{\"@type\":\"ListItem\",\"position\":1,\"name\":\"Etusivu\",\"item\":\"https:\/\/www.almamedia.fi\/mainostajat\/\"},{\"@type\":\"ListItem\",\"position\":2,\"name\":\"Pyh\u00e4 valitsi p\u00e4\u00e4tt\u00e4j\u00e4mediat ja Ruka luotti sis\u00e4lt\u00f6\u00f6n \u2013 molemmat onnistuivat\"}]},{\"@type\":\"WebSite\",\"@id\":\"https:\/\/www.almamedia.fi\/mainostajat\/#website\",\"url\":\"https:\/\/www.almamedia.fi\/mainostajat\/\",\"name\":\"Alma Media - mainostajat\",\"description\":\"\",\"publisher\":{\"@id\":\"https:\/\/www.almamedia.fi\/mainostajat\/#organization\"},\"potentialAction\":[{\"@type\":\"SearchAction\",\"target\":{\"@type\":\"EntryPoint\",\"urlTemplate\":\"https:\/\/www.almamedia.fi\/mainostajat\/?s={search_term_string}\"},\"query-input\":{\"@type\":\"PropertyValueSpecification\",\"valueRequired\":true,\"valueName\":\"search_term_string\"}}],\"inLanguage\":\"fi\"},{\"@type\":\"Organization\",\"@id\":\"https:\/\/www.almamedia.fi\/mainostajat\/#organization\",\"name\":\"Alma Media - mainostajat\",\"url\":\"https:\/\/www.almamedia.fi\/mainostajat\/\",\"logo\":{\"@type\":\"ImageObject\",\"inLanguage\":\"fi\",\"@id\":\"https:\/\/www.almamedia.fi\/mainostajat\/#\/schema\/logo\/image\/\",\"url\":\"https:\/\/www.almamedia.fi\/mainostajat\/wp-content\/uploads\/sites\/6\/alma-media-logo-valkoinen.svg\",\"contentUrl\":\"https:\/\/www.almamedia.fi\/mainostajat\/wp-content\/uploads\/sites\/6\/alma-media-logo-valkoinen.svg\",\"width\":49,\"height\":50,\"caption\":\"Alma Media - mainostajat\"},\"image\":{\"@id\":\"https:\/\/www.almamedia.fi\/mainostajat\/#\/schema\/logo\/image\/\"}}]}<\/script>\n<!-- \/ Yoast SEO plugin. -->","yoast_head_json":{"title":"Pyh\u00e4 valitsi p\u00e4\u00e4tt\u00e4j\u00e4mediat ja Ruka luotti sis\u00e4lt\u00f6\u00f6n \u2013 molemmat onnistuivat","description":"Rukalle & Pyh\u00e4lle saatiin kustannustehokasta n\u00e4kyvyytt\u00e4, kymmeni\u00e4 tuhansia lukijoita ja poikkeuksellisen pitki\u00e4 lukuaikoja. Lue miten.","robots":{"index":"index","follow":"follow","max-snippet":"max-snippet:-1","max-image-preview":"max-image-preview:large","max-video-preview":"max-video-preview:-1"},"canonical":"https:\/\/www.almamedia.fi\/mainostajat\/caset\/pyha-valitsi-paattajamediat-ja-ruka-luotti-sisaltoon-molemmat-onnistuivat\/","og_locale":"fi_FI","og_type":"article","og_title":"Pyh\u00e4 valitsi p\u00e4\u00e4tt\u00e4j\u00e4mediat ja Ruka luotti sis\u00e4lt\u00f6\u00f6n \u2013 molemmat onnistuivat","og_description":"Rukalle & Pyh\u00e4lle saatiin kustannustehokasta n\u00e4kyvyytt\u00e4, kymmeni\u00e4 tuhansia lukijoita ja poikkeuksellisen pitki\u00e4 lukuaikoja. Lue miten.","og_url":"https:\/\/www.almamedia.fi\/mainostajat\/caset\/pyha-valitsi-paattajamediat-ja-ruka-luotti-sisaltoon-molemmat-onnistuivat\/","og_site_name":"Alma Media - mainostajat","article_modified_time":"2025-10-27T13:02:03+00:00","og_image":[{"width":2048,"height":1365,"url":"https:\/\/www.almamedia.fi\/mainostajat\/wp-content\/uploads\/sites\/6\/Pyha-Ski-Resort-Jaakko-Posti-002.jpg","type":"image\/jpeg"}],"twitter_card":"summary_large_image","twitter_misc":{"Arvioitu lukuaika":"2 minuuttia"},"schema":{"@context":"https:\/\/schema.org","@graph":[{"@type":"WebPage","@id":"https:\/\/www.almamedia.fi\/mainostajat\/caset\/pyha-valitsi-paattajamediat-ja-ruka-luotti-sisaltoon-molemmat-onnistuivat\/","url":"https:\/\/www.almamedia.fi\/mainostajat\/caset\/pyha-valitsi-paattajamediat-ja-ruka-luotti-sisaltoon-molemmat-onnistuivat\/","name":"Pyh\u00e4 valitsi p\u00e4\u00e4tt\u00e4j\u00e4mediat ja Ruka luotti sis\u00e4lt\u00f6\u00f6n \u2013 molemmat onnistuivat","isPartOf":{"@id":"https:\/\/www.almamedia.fi\/mainostajat\/#website"},"primaryImageOfPage":{"@id":"https:\/\/www.almamedia.fi\/mainostajat\/caset\/pyha-valitsi-paattajamediat-ja-ruka-luotti-sisaltoon-molemmat-onnistuivat\/#primaryimage"},"image":{"@id":"https:\/\/www.almamedia.fi\/mainostajat\/caset\/pyha-valitsi-paattajamediat-ja-ruka-luotti-sisaltoon-molemmat-onnistuivat\/#primaryimage"},"thumbnailUrl":"https:\/\/www.almamedia.fi\/mainostajat\/wp-content\/uploads\/sites\/6\/Pyha-Ski-Resort-Jaakko-Posti-002.jpg","datePublished":"2025-08-29T11:35:27+00:00","dateModified":"2025-10-27T13:02:03+00:00","description":"Rukalle & Pyh\u00e4lle saatiin kustannustehokasta n\u00e4kyvyytt\u00e4, kymmeni\u00e4 tuhansia lukijoita ja poikkeuksellisen pitki\u00e4 lukuaikoja. Lue miten.","breadcrumb":{"@id":"https:\/\/www.almamedia.fi\/mainostajat\/caset\/pyha-valitsi-paattajamediat-ja-ruka-luotti-sisaltoon-molemmat-onnistuivat\/#breadcrumb"},"inLanguage":"fi","potentialAction":[{"@type":"ReadAction","target":["https:\/\/www.almamedia.fi\/mainostajat\/caset\/pyha-valitsi-paattajamediat-ja-ruka-luotti-sisaltoon-molemmat-onnistuivat\/"]}]},{"@type":"ImageObject","inLanguage":"fi","@id":"https:\/\/www.almamedia.fi\/mainostajat\/caset\/pyha-valitsi-paattajamediat-ja-ruka-luotti-sisaltoon-molemmat-onnistuivat\/#primaryimage","url":"https:\/\/www.almamedia.fi\/mainostajat\/wp-content\/uploads\/sites\/6\/Pyha-Ski-Resort-Jaakko-Posti-002.jpg","contentUrl":"https:\/\/www.almamedia.fi\/mainostajat\/wp-content\/uploads\/sites\/6\/Pyha-Ski-Resort-Jaakko-Posti-002.jpg","width":2048,"height":1365},{"@type":"BreadcrumbList","@id":"https:\/\/www.almamedia.fi\/mainostajat\/caset\/pyha-valitsi-paattajamediat-ja-ruka-luotti-sisaltoon-molemmat-onnistuivat\/#breadcrumb","itemListElement":[{"@type":"ListItem","position":1,"name":"Etusivu","item":"https:\/\/www.almamedia.fi\/mainostajat\/"},{"@type":"ListItem","position":2,"name":"Pyh\u00e4 valitsi p\u00e4\u00e4tt\u00e4j\u00e4mediat ja Ruka luotti sis\u00e4lt\u00f6\u00f6n \u2013 molemmat onnistuivat"}]},{"@type":"WebSite","@id":"https:\/\/www.almamedia.fi\/mainostajat\/#website","url":"https:\/\/www.almamedia.fi\/mainostajat\/","name":"Alma Media - mainostajat","description":"","publisher":{"@id":"https:\/\/www.almamedia.fi\/mainostajat\/#organization"},"potentialAction":[{"@type":"SearchAction","target":{"@type":"EntryPoint","urlTemplate":"https:\/\/www.almamedia.fi\/mainostajat\/?s={search_term_string}"},"query-input":{"@type":"PropertyValueSpecification","valueRequired":true,"valueName":"search_term_string"}}],"inLanguage":"fi"},{"@type":"Organization","@id":"https:\/\/www.almamedia.fi\/mainostajat\/#organization","name":"Alma Media - mainostajat","url":"https:\/\/www.almamedia.fi\/mainostajat\/","logo":{"@type":"ImageObject","inLanguage":"fi","@id":"https:\/\/www.almamedia.fi\/mainostajat\/#\/schema\/logo\/image\/","url":"https:\/\/www.almamedia.fi\/mainostajat\/wp-content\/uploads\/sites\/6\/alma-media-logo-valkoinen.svg","contentUrl":"https:\/\/www.almamedia.fi\/mainostajat\/wp-content\/uploads\/sites\/6\/alma-media-logo-valkoinen.svg","width":49,"height":50,"caption":"Alma Media - mainostajat"},"image":{"@id":"https:\/\/www.almamedia.fi\/mainostajat\/#\/schema\/logo\/image\/"}}]}},"_links":{"self":[{"href":"https:\/\/www.almamedia.fi\/mainostajat\/wp-json\/wp\/v2\/caset\/91828","targetHints":{"allow":["GET"]}}],"collection":[{"href":"https:\/\/www.almamedia.fi\/mainostajat\/wp-json\/wp\/v2\/caset"}],"about":[{"href":"https:\/\/www.almamedia.fi\/mainostajat\/wp-json\/wp\/v2\/types\/caset"}],"wp:featuredmedia":[{"embeddable":true,"href":"https:\/\/www.almamedia.fi\/mainostajat\/wp-json\/wp\/v2\/media\/91829"}],"wp:attachment":[{"href":"https:\/\/www.almamedia.fi\/mainostajat\/wp-json\/wp\/v2\/media?parent=91828"}],"wp:term":[{"taxonomy":"casekategoriat","embeddable":true,"href":"https:\/\/www.almamedia.fi\/mainostajat\/wp-json\/wp\/v2\/casekategoriat?post=91828"}],"curies":[{"name":"wp","href":"https:\/\/api.w.org\/{rel}","templated":true}]}}