{"id":90825,"date":"2025-05-27T10:04:42","date_gmt":"2025-05-27T07:04:42","guid":{"rendered":"https:\/\/www.almamedia.fi\/mainostajat\/?post_type=caset&#038;p=90825"},"modified":"2025-05-27T10:04:44","modified_gmt":"2025-05-27T07:04:44","slug":"tallink-silja-linen-black-week-kampanja-loisti-myynti-kasvoi-ja-kohderyhma-tavoitettiin","status":"publish","type":"caset","link":"https:\/\/www.almamedia.fi\/mainostajat\/caset\/tallink-silja-linen-black-week-kampanja-loisti-myynti-kasvoi-ja-kohderyhma-tavoitettiin\/","title":{"rendered":"Tallink Silja Linen Black Week -kampanja loisti: myynti kasvoi ja kohderyhm\u00e4 tavoitettiin"},"content":{"rendered":"\n    <div  class=\"alma-iframe\">\n\n        <div class=\"iframe-content\"><style>\r\n.tuoteloota {\r\npadding: 25px 25px 15px 25px;\r\n}\r\n.magentalooda .wp-block-image img {\r\n  margin-bottom: 0;\r\n}\r\n\r\n.magentalooda .gutenberg-block.image-widget {\r\n    display: block;\r\n}\r\n\r\n.magentalooda p {\r\npadding-right: 3vw;\r\n    margin-left: 10px;\r\n}\r\n\r\n.ui-thumbnail {\r\n    background-position: center !important;\r\n}\r\n\r\n.omakuva>img {\r\npadding-top: 40px;\r\n}\r\n\r\nul li {\r\n  margin-bottom: 13px;\r\n}\r\n\r\n.gform_wrapper {\r\nmax-width: 540px;\r\nmargin: auto;\r\n}\r\n<\/style><\/div>\n    <\/div>\n\n\n\n\n\n\n\n<h1 class=\"wp-block-heading\"><strong>Tallink Silja Linen Black Week -kampanja loisti: myynti kasvoi ja kohderyhm\u00e4 tavoitettiin<\/strong><\/h1>\n\n\n\n\n\n\n<div  class=\"alma-spacer\">\n    <div class=\"spacer\" style=\"height: 0px;\"><\/div>    \n<\/div>\n\n\n\n\n\n\n\n<div class=\"wp-block-columns is-layout-flex wp-container-core-columns-is-layout-9d6595d7 wp-block-columns-is-layout-flex\">\n<div class=\"wp-block-column is-layout-flow wp-block-column-is-layout-flow\" style=\"flex-basis:66.66%\">\n<p class=\"has-medium-font-size\"><strong><em>It\u00e4meren aalloilla matkustajia kuljettava Tallink Silja Line her\u00e4tti huomiota Alman verkostossa Black Weekin aikana marraskuussa 2024 Alman mobiili midscroll -mainosformaatin avulla. Tulokset yll\u00e4ttiv\u00e4t positiivisesti: matkojen myynti kasvoi ja haluttu kohderyhm\u00e4 tavoitettiin onnistuneesti.<\/em><\/strong><\/p>\n<\/div>\n\n\n\n<div class=\"wp-block-column is-layout-flow wp-block-column-is-layout-flow\" style=\"flex-basis:33.33%\">\n<div style=\"height:50px\" aria-hidden=\"true\" class=\"wp-block-spacer\"><\/div>\n\n\n\n<figure class=\"wp-block-image size-full omakuva\"><img decoding=\"async\" src=\"https:\/\/www.almamedia.fi\/wp-content\/uploads\/2025\/04\/Tallink_Silja_Line_Combined_logo_PMS_2210C.svg\" alt=\"\" class=\"wp-image-85671\"\/><\/figure>\n<\/div>\n<\/div>\n\n\n\n\n\n\n<div  class=\"alma-spacer\">\n    <div class=\"spacer\" style=\"height: 0px;\"><\/div>    \n<\/div>\n\n\n\n\n\n\n\n<div class=\"wp-block-columns is-layout-flex wp-container-core-columns-is-layout-9d6595d7 wp-block-columns-is-layout-flex\">\n<div class=\"wp-block-column is-layout-flow wp-block-column-is-layout-flow\" style=\"flex-basis:65%\">\n<p>Tallink Grupp on johtava eurooppalainen vapaa-ajan ja liikematkustuksen sek\u00e4 merikuljetuspalveluiden tarjoaja It\u00e4meren alueella. Yrityksen laivastoon kuuluu 14 alusta, jotka liikenn\u00f6iv\u00e4t Tallink Silja Line &#8211; ja Tallink Shuttle -br\u00e4ndien alla. Kuluttajat voivat matkustaa aluksilla lyhyill\u00e4, kahden tunnin reittimatkoilla Tallinnan ja Helsingin v\u00e4lill\u00e4 sek\u00e4 y\u00f6n yli kest\u00e4vill\u00e4 risteilyill\u00e4 It\u00e4meren eri reiteill\u00e4.<\/p>\n\n\n\n<p>Yritys halusi lis\u00e4t\u00e4 Tallink Silja Linen risteilyjen ja laivamatkojen myynti\u00e4 marraskuussa 2024 Black Weekin alla houkuttelevalla tarjoushinnalla. Tavoitteena oli erottua muista Black Week -tarjouksista ja houkutella erityisesti perheellisi\u00e4 naisia matkustamaan.<\/p>\n\n\n\n<p>Matkalle kohti tavoitetta l\u00e4hdettiin mahdollisimman korkean huomioarvon ratkaisun avulla: \u201dSeal the Deal Black Week\u201d -tarjouksesta kerrottiin Alman mobiili midcsroll -mainosformaatilla.<\/p>\n\n\n\n<p>Tallink Silja Linen 10 sekunnin mittainen mobiilivideo n\u00e4kyi Iltalehden mobiilissa kahdeksan p\u00e4iv\u00e4n kampanja-aikana marraskuussa 2024. Kampanja kohdennettiin perheellisille ja naisille.<\/p>\n<\/div>\n\n\n\n<div class=\"wp-block-column tuoteloota has-background is-layout-flow wp-block-column-is-layout-flow\" style=\"background-color:#004152;flex-basis:35%\">\n<p class=\"has-white-color has-text-color has-link-color wp-elements-2ba491802d6d604d0c284611f83c9a48\"><strong>Alman korkean huomioarvon ratkaisut <\/strong>her\u00e4tt\u00e4v\u00e4t erityist\u00e4 huomiota liikkuvan kuvan avulla \u2013 k\u00e4ytt\u00e4j\u00e4yst\u00e4v\u00e4llinen mainos sulautuu saumattomasti sivun sis\u00e4lt\u00f6\u00f6n ja pys\u00e4ytt\u00e4\u00e4 katseen jopa koko sivun korkeudellaan. Lis\u00e4ksi ne t\u00e4ydent\u00e4v\u00e4t erinomaisesti perinteist\u00e4 display-mainontaa.<\/p>\n\n\n\n<p class=\"has-white-color has-text-color has-link-color wp-elements-e544f9fe6a4db3f3e0e89a5b90219528\">Mainosratkaisu kiinnostaa monia siksi, ett\u00e4 Alman Midscroll tuottaa <strong>32 %<\/strong> korkeampia klikkiprosentteja, sek\u00e4 jopa<strong> 37 % <\/strong>korkeampia huomioarvotuloksia (APM) kuin markkinassa yleens\u00e4.&nbsp;<\/p>\n<\/div>\n<\/div>\n\n\n\n<div class=\"wp-block-columns is-layout-flex wp-container-core-columns-is-layout-9d6595d7 wp-block-columns-is-layout-flex\">\n<div class=\"wp-block-column is-layout-flow wp-block-column-is-layout-flow\" style=\"flex-basis:74%\">\n<h2 class=\"wp-block-heading\"><strong><br>El\u00e4myksellisyys toimii \u2013 klikkiprosentti ylitti reippaasti keskiarvot<\/strong><\/h2>\n\n\n\n<p>Matkan m\u00e4\u00e4r\u00e4np\u00e4\u00e4h\u00e4n saavuttiin onnistuneesti: mainos n\u00e4kyi mobiiliruuduilla pitk\u00e4\u00e4n, ja klikkiprosentti ylitti selv\u00e4sti toimialan keskiarvon. Lis\u00e4ksi kampanja tavoitti tehokkaasti perheelliset naiset.<\/p>\n\n\n\n<p>\u201dKokonaisuudessaan Seal the Deal Black Week -kampanjamme toimi erinomaisesti ja kaikkien tuotteiden myyntitavoitteet ylittyiv\u00e4t\u201d, kertoo Tallink Silja Oy:n markkinointip\u00e4\u00e4llikk\u00f6 <strong>Annika Muhonen<\/strong>.<\/p>\n\n\n\n<p>Jo pitk\u00e4\u00e4n Alman kanssa yhteisty\u00f6t\u00e4 tehnyt Muhonen kehuu erityisesti sujuvaa, tehokasta ja luotettavaa yhteist\u00e4 tekemist\u00e4.<\/p>\n\n\n\n<p>\u201dEmme voisi olla tyytyv\u00e4isempi\u00e4 Alman asiakaspalvelun tasoon\u201d, Muhonen lis\u00e4\u00e4.<\/p>\n<\/div>\n\n\n\n<div class=\"wp-block-column is-layout-flow wp-block-column-is-layout-flow\" style=\"flex-basis:26%\">\n<div style=\"height:50px\" aria-hidden=\"true\" class=\"wp-block-spacer\"><\/div>\n\n\n\n<figure class=\"wp-block-video\"><video height=\"1080\" style=\"aspect-ratio: 568 \/ 1080;\" width=\"568\" autoplay loop muted src=\"https:\/\/www.almamedia.fi\/mainostajat\/wp-content\/uploads\/sites\/6\/2025-04-24-11-54-03.mp4\" playsinline><\/video><\/figure>\n<\/div>\n<\/div>\n\n\n\n\n\n\n<div  class=\"alma-spacer\">\n    <div class=\"spacer\" style=\"height: 0px;\"><\/div>    \n<\/div>\n\n\n\n\n\n\n\n<div class=\"wp-block-columns magentalooda has-background is-layout-flex wp-container-core-columns-is-layout-9d6595d7 wp-block-columns-is-layout-flex\" style=\"background-color:#004152\">\n<div class=\"wp-block-column is-layout-flow wp-block-column-is-layout-flow\" style=\"flex-basis:33.33%\">\n<figure class=\"wp-block-image size-full\"><img decoding=\"async\" src=\"https:\/\/www.almamedia.fi\/wp-content\/uploads\/2025\/04\/Kuva_Annika_Muhonen-e1744102650537.jpg\" alt=\"\" class=\"wp-image-85488\"\/><\/figure>\n<\/div>\n\n\n\n<div class=\"wp-block-column is-layout-flow wp-block-column-is-layout-flow\" style=\"flex-basis:66.66%\">\n<p class=\"has-white-color has-text-color has-link-color has-medium-font-size wp-elements-fc67ed448e62f011927d985dc27256df\"><br><em>\u201dKokonaisuudessaan Seal the Deal Black Week -kampanjamme toimi erinomaisesti ja kaikkien tuotteiden myyntitavoitteet ylittyiv\u00e4t\u201d<\/em><\/p>\n\n\n\n<p class=\"has-white-color has-text-color has-link-color has-medium-font-size wp-elements-48f844df833c252763f9dde861dfb7aa\"><em>\u201dEmme voisi olla tyytyv\u00e4isempi\u00e4 Alman asiakaspalvelun tasoon\u201d<\/em><\/p>\n\n\n\n<p class=\"has-white-color has-text-color has-link-color has-medium-font-size wp-elements-1f953cb0219ec2ee72a0bb5421b65403\"><br><strong>&#8211; Annika Muhonen, markkinointip\u00e4\u00e4llikk\u00f6, Tallink Silja Oy<\/strong><\/p>\n\n\n\n\n\n\n<div  class=\"alma-spacer\">\n    <div class=\"spacer\" style=\"height: 0px;\"><\/div>    \n<\/div>\n\n\n\n\n<\/div>\n<\/div>\n\n\n\n\n\n\n<div  class=\"alma-spacer\">\n    <div class=\"spacer\" style=\"height: 30px;\"><\/div>    \n<\/div>\n\n\n\n\n\n\n\n<h2 class=\"wp-block-heading has-text-align-center\"><strong><strong>Kiinnostuitko Alman korkean huomioarvon ratkaisuista? <\/strong><\/strong><\/h2>\n\n\n\n<h2 class=\"wp-block-heading has-text-align-center\"><strong><strong>Ota yhteytt\u00e4 mediamyyntiimme!<\/strong><\/strong><\/h2>\n\n\n<script type=\"text\/javascript\">\n\/* <![CDATA[ *\/\nvar gform;gform||(document.addEventListener(\"gform_main_scripts_loaded\",function(){gform.scriptsLoaded=!0}),document.addEventListener(\"gform\/theme\/scripts_loaded\",function(){gform.themeScriptsLoaded=!0}),window.addEventListener(\"DOMContentLoaded\",function(){gform.domLoaded=!0}),gform={domLoaded:!1,scriptsLoaded:!1,themeScriptsLoaded:!1,isFormEditor:()=>\"function\"==typeof InitializeEditor,callIfLoaded:function(o){return!(!gform.domLoaded||!gform.scriptsLoaded||!gform.themeScriptsLoaded&&!gform.isFormEditor()||(gform.isFormEditor()&&console.warn(\"The use of gform.initializeOnLoaded() is deprecated in the form editor context and will be removed in Gravity Forms 3.1.\"),o(),0))},initializeOnLoaded:function(o){gform.callIfLoaded(o)||(document.addEventListener(\"gform_main_scripts_loaded\",()=>{gform.scriptsLoaded=!0,gform.callIfLoaded(o)}),document.addEventListener(\"gform\/theme\/scripts_loaded\",()=>{gform.themeScriptsLoaded=!0,gform.callIfLoaded(o)}),window.addEventListener(\"DOMContentLoaded\",()=>{gform.domLoaded=!0,gform.callIfLoaded(o)}))},hooks:{action:{},filter:{}},addAction:function(o,r,e,t){gform.addHook(\"action\",o,r,e,t)},addFilter:function(o,r,e,t){gform.addHook(\"filter\",o,r,e,t)},doAction:function(o){gform.doHook(\"action\",o,arguments)},applyFilters:function(o){return gform.doHook(\"filter\",o,arguments)},removeAction:function(o,r){gform.removeHook(\"action\",o,r)},removeFilter:function(o,r,e){gform.removeHook(\"filter\",o,r,e)},addHook:function(o,r,e,t,n){null==gform.hooks[o][r]&&(gform.hooks[o][r]=[]);var d=gform.hooks[o][r];null==n&&(n=r+\"_\"+d.length),gform.hooks[o][r].push({tag:n,callable:e,priority:t=null==t?10:t})},doHook:function(r,o,e){var t;if(e=Array.prototype.slice.call(e,1),null!=gform.hooks[r][o]&&((o=gform.hooks[r][o]).sort(function(o,r){return o.priority-r.priority}),o.forEach(function(o){\"function\"!=typeof(t=o.callable)&&(t=window[t]),\"action\"==r?t.apply(null,e):e[0]=t.apply(null,e)})),\"filter\"==r)return e[0]},removeHook:function(o,r,t,n){var e;null!=gform.hooks[o][r]&&(e=(e=gform.hooks[o][r]).filter(function(o,r,e){return!!(null!=n&&n!=o.tag||null!=t&&t!=o.priority)}),gform.hooks[o][r]=e)}});\n\/* ]]> *\/\n<\/script>\n\n                <div class='gf_browser_gecko gform_wrapper gravity-theme gform-theme--no-framework' data-form-theme='gravity-theme' data-form-index='0' id='gform_wrapper_1' >\n                        <div class='gform_heading'>\n\t\t\t\t\t\t\t<p class='gform_required_legend'>&quot;<span class=\"gfield_required gfield_required_asterisk\">*<\/span>&quot; n\u00e4ytt\u00e4\u00e4 pakolliset kent\u00e4t<\/p>\n                        <\/div><form method='post' enctype='multipart\/form-data'  id='gform_1'  action='\/mainostajat\/wp-json\/wp\/v2\/caset\/90825' data-formid='1' novalidate>\n                        <div class='gform-body gform_body'><div id='gform_fields_1' class='gform_fields top_label form_sublabel_below description_below validation_below'><div id=\"field_1_16\" class=\"gfield gfield--type-honeypot gform_validation_container field_sublabel_below gfield--has-description field_description_below field_validation_below gfield_visibility_visible\"  ><label class='gfield_label gform-field-label' for='input_1_16'>Company<\/label><div class='ginput_container'><input name='input_16' id='input_1_16' type='text' value='' autocomplete='new-password'\/><\/div><div class='gfield_description' id='gfield_description_1_16'>Kentt\u00e4 on validointitarkoituksiin ja tulee j\u00e4tt\u00e4\u00e4 koskemattomaksi.<\/div><\/div><fieldset id=\"field_1_12\" class=\"gfield gfield--type-name gfield--input-type-name gfield--width-full gfield_contains_required field_sublabel_below gfield--no-description field_description_below field_validation_below gfield_visibility_visible\"  ><legend class='gfield_label gform-field-label gfield_label_before_complex' >Nimi<span class=\"gfield_required\"><span class=\"gfield_required gfield_required_asterisk\">*<\/span><\/span><\/legend><div class='ginput_complex ginput_container ginput_container--name no_prefix has_first_name no_middle_name has_last_name no_suffix gf_name_has_2 ginput_container_name gform-grid-row' id='input_1_12'>\n                            \n                            <span id='input_1_12_3_container' class='name_first gform-grid-col gform-grid-col--size-auto' >\n                                                    <input type='text' name='input_12.3' id='input_1_12_3' value=''   aria-required='true'     \/>\n                                                    <label for='input_1_12_3' class='gform-field-label gform-field-label--type-sub '>Etunimi<\/label>\n                                                <\/span>\n                            \n                            <span id='input_1_12_6_container' class='name_last gform-grid-col gform-grid-col--size-auto' >\n                                                    <input type='text' name='input_12.6' id='input_1_12_6' value=''   aria-required='true'     \/>\n                                                    <label for='input_1_12_6' class='gform-field-label gform-field-label--type-sub '>Sukunimi<\/label>\n                                                <\/span>\n                            \n                        <\/div><\/fieldset><div id=\"field_1_11\" class=\"gfield gfield--type-text gfield--input-type-text gfield--width-full gfield_contains_required field_sublabel_below gfield--no-description field_description_below field_validation_below gfield_visibility_visible\"  ><label class='gfield_label gform-field-label' for='input_1_11'>Yritys<span class=\"gfield_required\"><span class=\"gfield_required gfield_required_asterisk\">*<\/span><\/span><\/label><div class='ginput_container ginput_container_text'><input name='input_11' id='input_1_11' type='text' value='' class='large'     aria-required=\"true\" aria-invalid=\"false\"   \/><\/div><\/div><div id=\"field_1_4\" class=\"gfield gfield--type-email gfield--input-type-email gfield--width-half gfield_contains_required field_sublabel_below gfield--no-description field_description_below field_validation_below gfield_visibility_visible\"  ><label class='gfield_label gform-field-label' for='input_1_4'>S\u00e4hk\u00f6posti<span class=\"gfield_required\"><span class=\"gfield_required gfield_required_asterisk\">*<\/span><\/span><\/label><div class='ginput_container ginput_container_email'>\n                            <input name='input_4' id='input_1_4' type='email' value='' class='large'    aria-required=\"true\" aria-invalid=\"false\"  \/>\n                        <\/div><\/div><div id=\"field_1_3\" class=\"gfield gfield--type-phone gfield--input-type-phone gfield--width-half gfield_contains_required field_sublabel_below gfield--no-description field_description_below field_validation_below gfield_visibility_visible\"  ><label class='gfield_label gform-field-label' for='input_1_3'>Puhelinnumero<span class=\"gfield_required\"><span class=\"gfield_required gfield_required_asterisk\">*<\/span><\/span><\/label><div class='ginput_container ginput_container_phone'><input name='input_3' id='input_1_3' type='tel' value='' class='large'   aria-required=\"true\" aria-invalid=\"false\"   \/><\/div><\/div><div id=\"field_1_5\" class=\"gfield gfield--type-textarea gfield--input-type-textarea gfield--width-full field_sublabel_below gfield--no-description field_description_below field_validation_below gfield_visibility_visible\"  ><label class='gfield_label gform-field-label' for='input_1_5'>Viesti<\/label><div class='ginput_container ginput_container_textarea'><textarea name='input_5' id='input_1_5' class='textarea medium'      aria-invalid=\"false\"   rows='10' cols='50'><\/textarea><\/div><\/div><div id=\"field_1_13\" class=\"gfield gfield--type-hidden gfield--input-type-hidden gfield--width-full gform_hidden field_sublabel_below gfield--no-description field_description_below field_validation_below gfield_visibility_visible\"  ><div class='ginput_container ginput_container_text'><input name='input_13' id='input_1_13' type='hidden' class='gform_hidden'  aria-invalid=\"false\" value='' \/><\/div><\/div><div id=\"field_1_14\" class=\"gfield gfield--type-hidden gfield--input-type-hidden gfield--width-full gform_hidden field_sublabel_below gfield--no-description field_description_below field_validation_below gfield_visibility_visible\"  ><div class='ginput_container ginput_container_text'><input name='input_14' id='input_1_14' type='hidden' class='gform_hidden'  aria-invalid=\"false\" value='' \/><\/div><\/div><div id=\"field_1_15\" class=\"gfield gfield--type-hidden gfield--input-type-hidden gfield--width-full gform_hidden field_sublabel_below gfield--no-description field_description_below field_validation_below gfield_visibility_visible\"  ><div class='ginput_container ginput_container_text'><input name='input_15' id='input_1_15' type='hidden' class='gform_hidden'  aria-invalid=\"false\" value='' \/><\/div><\/div><div id=\"field_1_8\" class=\"gfield gfield--type-html gfield--input-type-html gfield--width-full gfield_html gfield_html_formatted gfield_no_follows_desc field_sublabel_below gfield--no-description field_description_below field_validation_below gfield_visibility_visible\"  ><sup>K\u00e4sittelemme tietojasi vastuullisesti. <a href=\"https:\/\/www.almamedia.fi\/tietosuoja\/\">Tietosuojaseloste<\/a>.<\/sup>\n<\/div><\/div><\/div>\n        <div class='gform-footer gform_footer top_label'> <input type='submit' id='gform_submit_button_1' class='gform_button button' onclick='gform.submission.handleButtonClick(this);' data-submission-type='submit' value='L\u00e4het\u00e4'  \/> \n            <input type='hidden' class='gform_hidden' name='gform_submission_method' data-js='gform_submission_method_1' value='postback' \/>\n            <input type='hidden' class='gform_hidden' name='gform_theme' data-js='gform_theme_1' id='gform_theme_1' value='gravity-theme' \/>\n            <input type='hidden' class='gform_hidden' name='gform_style_settings' data-js='gform_style_settings_1' id='gform_style_settings_1' value='{&quot;inputPrimaryColor&quot;:&quot;#204ce5&quot;}' \/>\n            <input type='hidden' class='gform_hidden' name='is_submit_1' value='1' \/>\n            <input type='hidden' class='gform_hidden' name='gform_submit' value='1' \/>\n            \n            <input type='hidden' class='gform_hidden' name='gform_currency' data-currency='EUR' value='IXMALGT6Y9KZwEKpaRjbtbgxfWuAN9L7YAQV2dsqLvLDl5kntgnbMMj5DmG8KJbKocoohvs2pI3AHOsaABfUF2XrJ06Vc9CzH5RY1mPZfG3gLAw=' \/>\n            <input type='hidden' class='gform_hidden' name='gform_unique_id' value='' \/>\n            <input type='hidden' class='gform_hidden' name='state_1' value='WyJbXSIsIjE0M2YyMDJmYWQwYTg5NDE3OTgyMGRkYWJmYjFmNTA4Il0=' \/>\n            <input type='hidden' autocomplete='off' class='gform_hidden' name='gform_target_page_number_1' id='gform_target_page_number_1' value='0' \/>\n            <input type='hidden' autocomplete='off' class='gform_hidden' name='gform_source_page_number_1' id='gform_source_page_number_1' value='1' \/>\n            <input type='hidden' name='gform_field_values' value='' \/>\n            \n        <\/div>\n                        <\/form>\n                        <\/div><script type=\"text\/javascript\">\n\/* <![CDATA[ *\/\n gform.initializeOnLoaded( function() {gformInitSpinner( 1, 'https:\/\/www.almamedia.fi\/mainostajat\/wp-content\/plugins\/gravityforms\/images\/spinner.svg', true );jQuery('#gform_ajax_frame_1').on('load',function(){var contents = jQuery(this).contents().find('*').html();var is_postback = contents.indexOf('GF_AJAX_POSTBACK') >= 0;if(!is_postback){return;}var form_content = jQuery(this).contents().find('#gform_wrapper_1');var is_confirmation = jQuery(this).contents().find('#gform_confirmation_wrapper_1').length > 0;var is_redirect = contents.indexOf('gformRedirect(){') >= 0;var is_form = form_content.length > 0 && ! is_redirect && ! is_confirmation;var mt = parseInt(jQuery('html').css('margin-top'), 10) + parseInt(jQuery('body').css('margin-top'), 10) + 100;if(is_form){jQuery('#gform_wrapper_1').html(form_content.html());if(form_content.hasClass('gform_validation_error')){jQuery('#gform_wrapper_1').addClass('gform_validation_error');} else {jQuery('#gform_wrapper_1').removeClass('gform_validation_error');}setTimeout( function() { \/* delay the scroll by 50 milliseconds to fix a bug in chrome *\/  }, 50 );if(window['gformInitDatepicker']) {gformInitDatepicker();}if(window['gformInitPriceFields']) {gformInitPriceFields();}var current_page = jQuery('#gform_source_page_number_1').val();gformInitSpinner( 1, 'https:\/\/www.almamedia.fi\/mainostajat\/wp-content\/plugins\/gravityforms\/images\/spinner.svg', true );jQuery(document).trigger('gform_page_loaded', [1, current_page]);window['gf_submitting_1'] = false;}else if(!is_redirect){var confirmation_content = jQuery(this).contents().find('.GF_AJAX_POSTBACK').html();if(!confirmation_content){confirmation_content = contents;}jQuery('#gform_wrapper_1').replaceWith(confirmation_content);jQuery(document).trigger('gform_confirmation_loaded', [1]);window['gf_submitting_1'] = false;wp.a11y.speak(jQuery('#gform_confirmation_message_1').text());}else{jQuery('#gform_1').append(contents);if(window['gformRedirect']) {gformRedirect();}}jQuery(document).trigger(\"gform_pre_post_render\", [{ formId: \"1\", currentPage: \"current_page\", abort: function() { this.preventDefault(); } }]);        if (event && event.defaultPrevented) {                return;        }        const gformWrapperDiv = document.getElementById( \"gform_wrapper_1\" );        if ( gformWrapperDiv ) {            const visibilitySpan = document.createElement( \"span\" );            visibilitySpan.id = \"gform_visibility_test_1\";            gformWrapperDiv.insertAdjacentElement( \"afterend\", visibilitySpan );        }        const visibilityTestDiv = document.getElementById( \"gform_visibility_test_1\" );        let postRenderFired = false;        function triggerPostRender() {            if ( postRenderFired ) {                return;            }            postRenderFired = true;            gform.core.triggerPostRenderEvents( 1, current_page );            if ( visibilityTestDiv ) {                visibilityTestDiv.parentNode.removeChild( visibilityTestDiv );            }        }        function debounce( func, wait, immediate ) {            var timeout;            return function() {                var context = this, args = arguments;                var later = function() {                    timeout = null;                    if ( !immediate ) func.apply( context, args );                };                var callNow = immediate && !timeout;                clearTimeout( timeout );                timeout = setTimeout( later, wait );                if ( callNow ) func.apply( context, args );            };        }        const debouncedTriggerPostRender = debounce( function() {            triggerPostRender();        }, 200 );        if ( visibilityTestDiv && visibilityTestDiv.offsetParent === null ) {            const observer = new MutationObserver( ( mutations ) => {                mutations.forEach( ( mutation ) => {                    if ( mutation.type === 'attributes' && visibilityTestDiv.offsetParent !== null ) {                        debouncedTriggerPostRender();                        observer.disconnect();                    }                });            });            observer.observe( document.body, {                attributes: true,                childList: false,                subtree: true,                attributeFilter: [ 'style', 'class' ],            });        } else {            triggerPostRender();        }    } );} ); \n\/* ]]> *\/\n<\/script>\n\n\n\n\n\n\n<div  class=\"alma-spacer\">\n    <div class=\"spacer\" style=\"height: 90px;\"><\/div>    \n<\/div>\n\n\n\n\n\n\n\n    <div  class=\"alma-iframe\">\n\n        <div class=\"iframe-content\"><script>\r\nfunction lisaaPlaysInline() {\r\n  let kaikkiVideot = document.getElementsByTagName(\"video\");\r\n  let videoArr = Array.from(kaikkiVideot);\r\n  videoArr.forEach((element) => element.setAttribute(\"playsinline\", \"\")); \r\n}\r\n  lisaaPlaysInline();\r\n<\/script><\/div>\n    <\/div>\n\n\n\n\n","protected":false},"excerpt":{"rendered":"<p>Tallink Silja Linen Black Week -kampanja loisti: myynti kasvoi ja kohderyhm\u00e4 tavoitettiin It\u00e4meren aalloilla matkustajia [&hellip;]<\/p>\n","protected":false},"featured_media":90826,"template":"","casekategoriat":[161],"class_list":["post-90825","caset","type-caset","status-publish","has-post-thumbnail","hentry","casekategoriat-mainostajalle"],"acf":[],"yoast_head":"<!-- This site is optimized with the Yoast SEO plugin v26.9 - https:\/\/yoast.com\/product\/yoast-seo-wordpress\/ -->\n<title>Tallink Silja Linen Black Week -kampanja loisti: myynti kasvoi ja kohderyhm\u00e4 tavoitettiin - Alma Media - mainostajat<\/title>\n<meta name=\"robots\" content=\"index, follow, max-snippet:-1, max-image-preview:large, max-video-preview:-1\" \/>\n<link rel=\"canonical\" href=\"https:\/\/www.almamedia.fi\/mainostajat\/caset\/tallink-silja-linen-black-week-kampanja-loisti-myynti-kasvoi-ja-kohderyhma-tavoitettiin\/\" \/>\n<meta property=\"og:locale\" content=\"fi_FI\" \/>\n<meta property=\"og:type\" content=\"article\" \/>\n<meta property=\"og:title\" content=\"Tallink Silja Linen Black Week -kampanja loisti: myynti kasvoi ja kohderyhm\u00e4 tavoitettiin - Alma Media - mainostajat\" \/>\n<meta property=\"og:description\" content=\"Tallink Silja Linen Black Week -kampanja loisti: myynti kasvoi ja kohderyhm\u00e4 tavoitettiin It\u00e4meren aalloilla matkustajia [&hellip;]\" \/>\n<meta property=\"og:url\" content=\"https:\/\/www.almamedia.fi\/mainostajat\/caset\/tallink-silja-linen-black-week-kampanja-loisti-myynti-kasvoi-ja-kohderyhma-tavoitettiin\/\" \/>\n<meta property=\"og:site_name\" content=\"Alma Media - mainostajat\" \/>\n<meta property=\"article:modified_time\" content=\"2025-05-27T07:04:44+00:00\" \/>\n<meta property=\"og:image\" content=\"https:\/\/www.almamedia.fi\/mainostajat\/wp-content\/uploads\/sites\/6\/Baltic_Princess_2024_8-1-scaled-1-scaled.jpg\" \/>\n\t<meta property=\"og:image:width\" content=\"2048\" \/>\n\t<meta property=\"og:image:height\" content=\"1090\" \/>\n\t<meta property=\"og:image:type\" content=\"image\/jpeg\" \/>\n<meta name=\"twitter:card\" content=\"summary_large_image\" \/>\n<meta name=\"twitter:label1\" content=\"Arvioitu lukuaika\" \/>\n\t<meta name=\"twitter:data1\" content=\"3 minuuttia\" \/>\n<script type=\"application\/ld+json\" class=\"yoast-schema-graph\">{\"@context\":\"https:\/\/schema.org\",\"@graph\":[{\"@type\":\"WebPage\",\"@id\":\"https:\/\/www.almamedia.fi\/mainostajat\/caset\/tallink-silja-linen-black-week-kampanja-loisti-myynti-kasvoi-ja-kohderyhma-tavoitettiin\/\",\"url\":\"https:\/\/www.almamedia.fi\/mainostajat\/caset\/tallink-silja-linen-black-week-kampanja-loisti-myynti-kasvoi-ja-kohderyhma-tavoitettiin\/\",\"name\":\"Tallink Silja Linen Black Week -kampanja loisti: myynti kasvoi ja kohderyhm\u00e4 tavoitettiin - Alma Media - mainostajat\",\"isPartOf\":{\"@id\":\"https:\/\/www.almamedia.fi\/mainostajat\/#website\"},\"primaryImageOfPage\":{\"@id\":\"https:\/\/www.almamedia.fi\/mainostajat\/caset\/tallink-silja-linen-black-week-kampanja-loisti-myynti-kasvoi-ja-kohderyhma-tavoitettiin\/#primaryimage\"},\"image\":{\"@id\":\"https:\/\/www.almamedia.fi\/mainostajat\/caset\/tallink-silja-linen-black-week-kampanja-loisti-myynti-kasvoi-ja-kohderyhma-tavoitettiin\/#primaryimage\"},\"thumbnailUrl\":\"https:\/\/www.almamedia.fi\/mainostajat\/wp-content\/uploads\/sites\/6\/Baltic_Princess_2024_8-1-scaled-1-scaled.jpg\",\"datePublished\":\"2025-05-27T07:04:42+00:00\",\"dateModified\":\"2025-05-27T07:04:44+00:00\",\"breadcrumb\":{\"@id\":\"https:\/\/www.almamedia.fi\/mainostajat\/caset\/tallink-silja-linen-black-week-kampanja-loisti-myynti-kasvoi-ja-kohderyhma-tavoitettiin\/#breadcrumb\"},\"inLanguage\":\"fi\",\"potentialAction\":[{\"@type\":\"ReadAction\",\"target\":[\"https:\/\/www.almamedia.fi\/mainostajat\/caset\/tallink-silja-linen-black-week-kampanja-loisti-myynti-kasvoi-ja-kohderyhma-tavoitettiin\/\"]}]},{\"@type\":\"ImageObject\",\"inLanguage\":\"fi\",\"@id\":\"https:\/\/www.almamedia.fi\/mainostajat\/caset\/tallink-silja-linen-black-week-kampanja-loisti-myynti-kasvoi-ja-kohderyhma-tavoitettiin\/#primaryimage\",\"url\":\"https:\/\/www.almamedia.fi\/mainostajat\/wp-content\/uploads\/sites\/6\/Baltic_Princess_2024_8-1-scaled-1-scaled.jpg\",\"contentUrl\":\"https:\/\/www.almamedia.fi\/mainostajat\/wp-content\/uploads\/sites\/6\/Baltic_Princess_2024_8-1-scaled-1-scaled.jpg\",\"width\":2048,\"height\":1090},{\"@type\":\"BreadcrumbList\",\"@id\":\"https:\/\/www.almamedia.fi\/mainostajat\/caset\/tallink-silja-linen-black-week-kampanja-loisti-myynti-kasvoi-ja-kohderyhma-tavoitettiin\/#breadcrumb\",\"itemListElement\":[{\"@type\":\"ListItem\",\"position\":1,\"name\":\"Etusivu\",\"item\":\"https:\/\/www.almamedia.fi\/mainostajat\/\"},{\"@type\":\"ListItem\",\"position\":2,\"name\":\"Tallink Silja Linen Black Week -kampanja loisti: myynti kasvoi ja kohderyhm\u00e4 tavoitettiin\"}]},{\"@type\":\"WebSite\",\"@id\":\"https:\/\/www.almamedia.fi\/mainostajat\/#website\",\"url\":\"https:\/\/www.almamedia.fi\/mainostajat\/\",\"name\":\"Alma Media - mainostajat\",\"description\":\"\",\"publisher\":{\"@id\":\"https:\/\/www.almamedia.fi\/mainostajat\/#organization\"},\"potentialAction\":[{\"@type\":\"SearchAction\",\"target\":{\"@type\":\"EntryPoint\",\"urlTemplate\":\"https:\/\/www.almamedia.fi\/mainostajat\/?s={search_term_string}\"},\"query-input\":{\"@type\":\"PropertyValueSpecification\",\"valueRequired\":true,\"valueName\":\"search_term_string\"}}],\"inLanguage\":\"fi\"},{\"@type\":\"Organization\",\"@id\":\"https:\/\/www.almamedia.fi\/mainostajat\/#organization\",\"name\":\"Alma Media - mainostajat\",\"url\":\"https:\/\/www.almamedia.fi\/mainostajat\/\",\"logo\":{\"@type\":\"ImageObject\",\"inLanguage\":\"fi\",\"@id\":\"https:\/\/www.almamedia.fi\/mainostajat\/#\/schema\/logo\/image\/\",\"url\":\"https:\/\/www.almamedia.fi\/mainostajat\/wp-content\/uploads\/sites\/6\/alma-media-logo-valkoinen.svg\",\"contentUrl\":\"https:\/\/www.almamedia.fi\/mainostajat\/wp-content\/uploads\/sites\/6\/alma-media-logo-valkoinen.svg\",\"width\":49,\"height\":50,\"caption\":\"Alma Media - mainostajat\"},\"image\":{\"@id\":\"https:\/\/www.almamedia.fi\/mainostajat\/#\/schema\/logo\/image\/\"}}]}<\/script>\n<!-- \/ Yoast SEO plugin. -->","yoast_head_json":{"title":"Tallink Silja Linen Black Week -kampanja loisti: myynti kasvoi ja kohderyhm\u00e4 tavoitettiin - Alma Media - mainostajat","robots":{"index":"index","follow":"follow","max-snippet":"max-snippet:-1","max-image-preview":"max-image-preview:large","max-video-preview":"max-video-preview:-1"},"canonical":"https:\/\/www.almamedia.fi\/mainostajat\/caset\/tallink-silja-linen-black-week-kampanja-loisti-myynti-kasvoi-ja-kohderyhma-tavoitettiin\/","og_locale":"fi_FI","og_type":"article","og_title":"Tallink Silja Linen Black Week -kampanja loisti: myynti kasvoi ja kohderyhm\u00e4 tavoitettiin - Alma Media - mainostajat","og_description":"Tallink Silja Linen Black Week -kampanja loisti: myynti kasvoi ja kohderyhm\u00e4 tavoitettiin It\u00e4meren aalloilla matkustajia [&hellip;]","og_url":"https:\/\/www.almamedia.fi\/mainostajat\/caset\/tallink-silja-linen-black-week-kampanja-loisti-myynti-kasvoi-ja-kohderyhma-tavoitettiin\/","og_site_name":"Alma Media - mainostajat","article_modified_time":"2025-05-27T07:04:44+00:00","og_image":[{"width":2048,"height":1090,"url":"https:\/\/www.almamedia.fi\/mainostajat\/wp-content\/uploads\/sites\/6\/Baltic_Princess_2024_8-1-scaled-1-scaled.jpg","type":"image\/jpeg"}],"twitter_card":"summary_large_image","twitter_misc":{"Arvioitu lukuaika":"3 minuuttia"},"schema":{"@context":"https:\/\/schema.org","@graph":[{"@type":"WebPage","@id":"https:\/\/www.almamedia.fi\/mainostajat\/caset\/tallink-silja-linen-black-week-kampanja-loisti-myynti-kasvoi-ja-kohderyhma-tavoitettiin\/","url":"https:\/\/www.almamedia.fi\/mainostajat\/caset\/tallink-silja-linen-black-week-kampanja-loisti-myynti-kasvoi-ja-kohderyhma-tavoitettiin\/","name":"Tallink Silja Linen Black Week -kampanja loisti: myynti kasvoi ja kohderyhm\u00e4 tavoitettiin - Alma Media - mainostajat","isPartOf":{"@id":"https:\/\/www.almamedia.fi\/mainostajat\/#website"},"primaryImageOfPage":{"@id":"https:\/\/www.almamedia.fi\/mainostajat\/caset\/tallink-silja-linen-black-week-kampanja-loisti-myynti-kasvoi-ja-kohderyhma-tavoitettiin\/#primaryimage"},"image":{"@id":"https:\/\/www.almamedia.fi\/mainostajat\/caset\/tallink-silja-linen-black-week-kampanja-loisti-myynti-kasvoi-ja-kohderyhma-tavoitettiin\/#primaryimage"},"thumbnailUrl":"https:\/\/www.almamedia.fi\/mainostajat\/wp-content\/uploads\/sites\/6\/Baltic_Princess_2024_8-1-scaled-1-scaled.jpg","datePublished":"2025-05-27T07:04:42+00:00","dateModified":"2025-05-27T07:04:44+00:00","breadcrumb":{"@id":"https:\/\/www.almamedia.fi\/mainostajat\/caset\/tallink-silja-linen-black-week-kampanja-loisti-myynti-kasvoi-ja-kohderyhma-tavoitettiin\/#breadcrumb"},"inLanguage":"fi","potentialAction":[{"@type":"ReadAction","target":["https:\/\/www.almamedia.fi\/mainostajat\/caset\/tallink-silja-linen-black-week-kampanja-loisti-myynti-kasvoi-ja-kohderyhma-tavoitettiin\/"]}]},{"@type":"ImageObject","inLanguage":"fi","@id":"https:\/\/www.almamedia.fi\/mainostajat\/caset\/tallink-silja-linen-black-week-kampanja-loisti-myynti-kasvoi-ja-kohderyhma-tavoitettiin\/#primaryimage","url":"https:\/\/www.almamedia.fi\/mainostajat\/wp-content\/uploads\/sites\/6\/Baltic_Princess_2024_8-1-scaled-1-scaled.jpg","contentUrl":"https:\/\/www.almamedia.fi\/mainostajat\/wp-content\/uploads\/sites\/6\/Baltic_Princess_2024_8-1-scaled-1-scaled.jpg","width":2048,"height":1090},{"@type":"BreadcrumbList","@id":"https:\/\/www.almamedia.fi\/mainostajat\/caset\/tallink-silja-linen-black-week-kampanja-loisti-myynti-kasvoi-ja-kohderyhma-tavoitettiin\/#breadcrumb","itemListElement":[{"@type":"ListItem","position":1,"name":"Etusivu","item":"https:\/\/www.almamedia.fi\/mainostajat\/"},{"@type":"ListItem","position":2,"name":"Tallink Silja Linen Black Week -kampanja loisti: myynti kasvoi ja kohderyhm\u00e4 tavoitettiin"}]},{"@type":"WebSite","@id":"https:\/\/www.almamedia.fi\/mainostajat\/#website","url":"https:\/\/www.almamedia.fi\/mainostajat\/","name":"Alma Media - mainostajat","description":"","publisher":{"@id":"https:\/\/www.almamedia.fi\/mainostajat\/#organization"},"potentialAction":[{"@type":"SearchAction","target":{"@type":"EntryPoint","urlTemplate":"https:\/\/www.almamedia.fi\/mainostajat\/?s={search_term_string}"},"query-input":{"@type":"PropertyValueSpecification","valueRequired":true,"valueName":"search_term_string"}}],"inLanguage":"fi"},{"@type":"Organization","@id":"https:\/\/www.almamedia.fi\/mainostajat\/#organization","name":"Alma Media - mainostajat","url":"https:\/\/www.almamedia.fi\/mainostajat\/","logo":{"@type":"ImageObject","inLanguage":"fi","@id":"https:\/\/www.almamedia.fi\/mainostajat\/#\/schema\/logo\/image\/","url":"https:\/\/www.almamedia.fi\/mainostajat\/wp-content\/uploads\/sites\/6\/alma-media-logo-valkoinen.svg","contentUrl":"https:\/\/www.almamedia.fi\/mainostajat\/wp-content\/uploads\/sites\/6\/alma-media-logo-valkoinen.svg","width":49,"height":50,"caption":"Alma Media - mainostajat"},"image":{"@id":"https:\/\/www.almamedia.fi\/mainostajat\/#\/schema\/logo\/image\/"}}]}},"_links":{"self":[{"href":"https:\/\/www.almamedia.fi\/mainostajat\/wp-json\/wp\/v2\/caset\/90825","targetHints":{"allow":["GET"]}}],"collection":[{"href":"https:\/\/www.almamedia.fi\/mainostajat\/wp-json\/wp\/v2\/caset"}],"about":[{"href":"https:\/\/www.almamedia.fi\/mainostajat\/wp-json\/wp\/v2\/types\/caset"}],"wp:featuredmedia":[{"embeddable":true,"href":"https:\/\/www.almamedia.fi\/mainostajat\/wp-json\/wp\/v2\/media\/90826"}],"wp:attachment":[{"href":"https:\/\/www.almamedia.fi\/mainostajat\/wp-json\/wp\/v2\/media?parent=90825"}],"wp:term":[{"taxonomy":"casekategoriat","embeddable":true,"href":"https:\/\/www.almamedia.fi\/mainostajat\/wp-json\/wp\/v2\/casekategoriat?post=90825"}],"curies":[{"name":"wp","href":"https:\/\/api.w.org\/{rel}","templated":true}]}}