{"id":86538,"date":"2024-12-09T00:00:00","date_gmt":"2024-12-08T22:00:00","guid":{"rendered":"https:\/\/www.almamedia.fi\/mainostajat\/caset\/sisaltomarkkinointi-kasvatti-raahen-tunnettuutta-case-raahen-kaupunki\/"},"modified":"2025-06-16T13:10:04","modified_gmt":"2025-06-16T10:10:04","slug":"sisaltomarkkinointi-kasvatti-raahen-tunnettuutta-case-raahen-kaupunki","status":"publish","type":"caset","link":"https:\/\/www.almamedia.fi\/mainostajat\/caset\/sisaltomarkkinointi-kasvatti-raahen-tunnettuutta-case-raahen-kaupunki\/","title":{"rendered":"Sis\u00e4lt\u00f6markkinointi kasvatti Raahen tunnettuutta \/ Case Raahen kaupunki"},"content":{"rendered":"\n<h1 class=\"wp-block-heading\">Sis\u00e4lt\u00f6markkinointi kasvatti Raahen tunnettuutta \/ Case Raahen kaupunki<\/h1>\n\n\n\n\n\n<p class=\"has-medium-font-size\"><strong>Raahen kaupunki halusi tavoittaa yritysp\u00e4\u00e4tt\u00e4j\u00e4t ja tehd\u00e4 tunnetuksi Raahen seudun elinvoimaa ja mahdollisuuksia yrityksille. Sis\u00e4lt\u00f6markkinointikampanja Kauppalehdess\u00e4 toi pienen kaupungin aktiiviselle meiningille valtakunnallista n\u00e4kyvyytt\u00e4. Tulokset ylittiv\u00e4t kaikki odotukset.<\/strong><\/p>\n\n\n\n<p>Per\u00e4meren rannikolla sijaitseva satamakaupunki Raahe halusi vahvistaa profiiliaan houkuttelevana paikkana yritt\u00e4\u00e4. Tavoitteena oli kasvattaa Raahen seudun tunnettuutta yritysp\u00e4\u00e4tt\u00e4jien keskuudessa, ja tuoda esiin seudun aktiivista ja innovatiivista elinkeinoel\u00e4m\u00e4\u00e4, keskeist\u00e4 sijaintia ja kokoaan suurempaa roolia Suomen ilmastotavoitteiden saavuttamisessa.<\/p>\n\n\n\n<div style=\"height:30px\" aria-hidden=\"true\" class=\"wp-block-spacer\"><\/div>\n\n\n\n<h2 class=\"wp-block-heading\">Kumppanisis\u00e4lt\u00f6 on vaikuttava keino kertoa enemm\u00e4n<\/h2>\n\n\n\n<div class=\"wp-block-columns is-layout-flex wp-container-core-columns-is-layout-9d6595d7 wp-block-columns-is-layout-flex\">\n<div class=\"wp-block-column is-layout-flow wp-block-column-is-layout-flow\" style=\"flex-basis:66.66%\">\n<p>Raahe toivoi saavansa viestins\u00e4 esiin arvostetussa ja tunnetussa valtakunnallisessa p\u00e4\u00e4tt\u00e4j\u00e4mediassa. Yhteisty\u00f6kumppaniksi valittiin Alma Media ja kampanjan keski\u00f6\u00f6n Kauppalehti.<\/p>\n\n\n\n<p>Ratkaisuksi valikoitui sis\u00e4lt\u00f6markkinointi, joka sopii erinomaisesti juuri tunnettuuden kasvattamiseen ja mielikuvien vahvistamiseen. Kauppalehteen suunniteltiin kolmen Kumppanisis\u00e4ll\u00f6n sarja, jonka viesti\u00e4 syvennettiin samanaikaisesti Alma-verkostossa py\u00f6riv\u00e4ll\u00e4 display-mainonnalla.<\/p>\n\n\n\n<p><em>\u201dHalusimme kertoa ja esitell\u00e4 Kauppalehden p\u00e4\u00e4tt\u00e4j\u00e4yleis\u00f6lle, mit\u00e4 kaikkea innostavaa Raahen elinkeinoel\u00e4m\u00e4ss\u00e4 on meneill\u00e4\u00e4n. Siksi Kumppanisis\u00e4ll\u00f6t sopivat ratkaisuksi paremmin kuin pelkk\u00e4 displaymainoskampanja \u2013 artikkeleissa on yksinkertaisesti tilaa kertoa koko tarina\u201d<\/em>, kertoo myyntip\u00e4\u00e4llikk\u00f6 <strong>Mervi Ketolainen<\/strong> Alma Mediasta.<\/p>\n<\/div>\n\n\n\n<div class=\"wp-block-column is-layout-flow wp-block-column-is-layout-flow\" style=\"flex-basis:33.33%\">\n<div style=\"height:25px\" aria-hidden=\"true\" class=\"wp-block-spacer\"><\/div>\n\n\n\n<figure class=\"wp-block-image size-full\"><img decoding=\"async\" src=\"https:\/\/www.almamedia.fi\/mainostajat\/wp-content\/uploads\/sites\/6\/raahe-kauppalehti.png\" alt=\"\" class=\"wp-image-6636\"\/><\/figure>\n<\/div>\n<\/div>\n\n\n\n<div style=\"height:30px\" aria-hidden=\"true\" class=\"wp-block-spacer\"><\/div>\n\n\n\n<h2 class=\"wp-block-heading\">Salaisuutena tiivis yhteisty\u00f6<\/h2>\n\n\n\n<p>Raahen kaupungin artikkelit toteutettiin tiiviiss\u00e4 yhteisty\u00f6ss\u00e4 Alma Brand Studion kanssa.<\/p>\n\n\n\n<p>Kolmen kumppanisis\u00e4ll\u00f6n sarja suunniteltiin yhdess\u00e4 Raahen kaupunkimarkkinoinnille t\u00e4rkeiden teemojen eli osaamisen kehitt\u00e4misen, vihre\u00e4n siirtym\u00e4n ja rakentamisen ymp\u00e4rille. Valitut aiheet ja p\u00e4\u00e4viestit kirkastettiin Brand Studion vastaavan tuottajan kanssa Kauppalehteen sopiviksi n\u00e4k\u00f6kulmiksi, ja niist\u00e4 luotiin kohderyhm\u00e4\u00e4 kiinnostavia artikkeleita. Artikkelit julkaistiin helmi-, kes\u00e4- ja syyskuussa 2024.<\/p>\n\n\n\n<p>Uutismediaan tuotetuissa kumppanisis\u00e4ll\u00f6iss\u00e4 kiinnitet\u00e4\u00e4n my\u00f6s paljon huomiota otsikointiin: informatiivisten mutta lukemaan houkuttelevien otsikoiden kautta Raahe ja kaupungin markkinointiviestit tulivat tutuksi laajalle kohderyhm\u00e4lle \u2013 siis heillekin, jotka eiv\u00e4t lopulliseen artikkeliin klikanneet.<\/p>\n\n\n\n<h4 class=\"wp-block-heading\">Tutustu Raahen kiinnostaviin tarinoihin alla:<\/h4>\n\n\n\n<ol start=\"1\" class=\"wp-block-list\">\n<li><a href=\"https:\/\/www.kauppalehti.fi\/kumppanisisallot\/raahen-kaupunki\/raahessa-ei-jaaty-odottamaan-kun-pula-osaajista-uhkasi-nyt-paikallinen-koulutusmalli-kiinnostaa-ympari-suomea\/\">Raahessa ei j\u00e4\u00e4ty odottamaan kun pula osaajista uhkasi \u2013 nyt paikallinen koulutusmalli kiinnostaa ymp\u00e4ri Suomea &#8211; Kauppalehti<\/a><\/li>\n\n\n\n<li><a href=\"https:\/\/www.kauppalehti.fi\/kumppanisisallot\/raahen-kaupunki\/raahessa-ratkaistaan-suomen-ilmastotavoitteiden-onnistuminen\/\">Raahessa ratkaistaan Suomen ilmastotavoitteiden onnistuminen &#8211; Kauppalehti<\/a><\/li>\n\n\n\n<li><a href=\"https:\/\/www.kauppalehti.fi\/kumppanisisallot\/raahen-kaupunki\/satamakaupunki-raahessa-investoidaan-poikkeuksellisen-paljon-isoihin-rakennushankkeisiin\/\">Satamakaupunki Raahessa investoidaan poikkeuksellisen paljon isoihin rakennushankkeisiin &#8211; Kauppalehti<\/a><\/li>\n<\/ol>\n\n\n\n<div style=\"height:30px\" aria-hidden=\"true\" class=\"wp-block-spacer\"><\/div>\n\n\n\n<figure class=\"wp-block-image size-large\" id=\"paraatikuva\"><img decoding=\"async\" src=\"https:\/\/www.almamedia.fi\/mainostajat\/wp-content\/uploads\/sites\/6\/Esimerkki-retargeting-paraatimainoksesta-sisaltoartikkelin-lukeneille-1024x338.png\" alt=\"\" class=\"wp-image-6631\"\/><\/figure>\n\n\n\n<p class=\"has-text-align-center has-small-font-size\"><sup><em>Esimerkki retargeting paraatimainoksesta sis\u00e4lt\u00f6artikkelin lukeneille<\/em><\/sup><\/p>\n\n\n\n<div style=\"height:30px\" aria-hidden=\"true\" class=\"wp-block-spacer\"><\/div>\n\n\n\n<h2 class=\"wp-block-heading\">Sis\u00e4lt\u00f6markkinointi ylitti kaikki odotukset<\/h2>\n\n\n\n<p>Tulokset osoittavat, ett\u00e4 Raahen seudun aktiivinen elinkeinoel\u00e4m\u00e4 todella kiinnosti Kauppalehden lukijoita.<\/p>\n\n\n\n<p>Kolmen kumppanisis\u00e4ll\u00f6n sarja ker\u00e4si kampanjan aikana yhteens\u00e4 yli <strong>12&nbsp;300 lukukertaa<\/strong> ja artikkelien parissa vietettiin aikaa yhteens\u00e4 yli <strong>200 tuntia<\/strong> \u2013 huomattavasti enemm\u00e4n kuin Kauppalehden Kumppanisis\u00e4lt\u00f6-artikkeleissa keskim\u00e4\u00e4rin. Suosituimmaksi aiheeksi nousi koulutusta k\u00e4sittelev\u00e4 artikkeli, joka ker\u00e4si yli <strong>5&nbsp;000 lukukertaa<\/strong>. Artikkeleita luettiin tavallista enemm\u00e4n my\u00f6s Pohjois-Pohjanmaalla ja Lapissa, mik\u00e4 kertoo siit\u00e4, ett\u00e4 paikalliset menestystarinat kiinnostavat.<\/p>\n\n\n\n<p>Osaltaan menestykseen vaikutti my\u00f6s Raahen kaupungin oma aktiivinen artikkeleiden markkinointi omissa kanavissa, joka lis\u00e4si suoraa liikennett\u00e4.<\/p>\n\n\n\n<p><em>\u201dT\u00e4st\u00e4 kannattaa ottaa mallia: Tuodaan sis\u00e4lt\u00f6 arvostettuun mediaymp\u00e4rist\u00f6\u00f6n, josta oma yleis\u00f6 tavoitetaan, ja otetaan siit\u00e4 kaikki irti my\u00f6s omissa kanavissa\u201d<\/em>, Ketolainen vinkkaa.<\/p>\n\n\n\n<div style=\"height:50px\" aria-hidden=\"true\" class=\"wp-block-spacer\"><\/div>\n\n\n\n<div class=\"wp-block-group magentaloota has-background\" style=\"background-color:#9f248f\"><div class=\"wp-block-group__inner-container is-layout-constrained wp-block-group-is-layout-constrained\">\n<p class=\"has-white-color has-text-color has-link-color wp-elements-2eb54df38a123538494b5c0c5ec5f7a2\"><em>\u201dMeid\u00e4n n\u00e4k\u00f6kulmastamme kampanja onnistui loistavasti. Artikkelien lukum\u00e4\u00e4r\u00e4t olivat huikeita, isompia kuin osasimme odottaa \u2013 viestimme ja teemamme kiinnostivat. Tavoitteemme oli tuoda Raahea esiin sis\u00e4lt\u00f6markkinoinnin keinoin luotettavassa mediaymp\u00e4rist\u00f6ss\u00e4 ajankohtaisin ja valtakunnallisesti kiinnostavin tulokulmin. T\u00e4m\u00e4 tavoite t\u00e4yttyi kirkkaasti.<\/em><\/p>\n\n\n\n<p class=\"has-white-color has-text-color has-link-color wp-elements-845a47a815b2910f578f113220a79047\"><em>Yhteisty\u00f6 Alma Median kanssa toimi eritt\u00e4in jouhevasti; prosessi pysyi koko ajan hyvin aikataulussa, ja meid\u00e4n toiveitamme kuunneltiin herk\u00e4ll\u00e4 korvalla. P\u00e4\u00e4simme jalostamaan alkuper\u00e4ist\u00e4 kampanjaideaamme Alman Median asiantuntijoiden kanssa, ja lopputuloksena syntyi kiinnostava sis\u00e4lt\u00f6markkinointipaketti, joka puhutteli oikealla tavalla juuri meid\u00e4n valitsemaamme kohderyhm\u00e4\u00e4.<\/em><\/p>\n\n\n\n<p class=\"has-white-color has-text-color has-link-color wp-elements-297474483e4ea829114de2a797c99eb8\"><em>Sis\u00e4lt\u00f6markkinoinnilla tulee olemaan jatkossakin vahva rooli meid\u00e4n tekemisess\u00e4mme. Se on hyv\u00e4 keino her\u00e4tt\u00e4\u00e4 kiinnostusta aluetta kohtaan sek\u00e4 kasvattaa luottamusta kohderyhm\u00e4n keskuudessa aidon ja kiinnostavan viestin avulla.\u201d<\/em><\/p>\n\n\n\n<p class=\"has-text-align-right has-white-color has-text-color has-link-color wp-elements-24600ee9a76e0b2013bdbcab3e83beca\"><strong>&#8211; Tarmo Somero, markkinointisihteeri, Raahen kaupunki<\/strong><\/p>\n<\/div><\/div>\n\n\n\n<div style=\"height:50px\" aria-hidden=\"true\" class=\"wp-block-spacer\"><\/div>\n\n\n\n<p class=\"has-text-align-center has-medium-font-size\"><strong>Haluatko sin\u00e4kin nostaa alueesi tai yrityksesi n\u00e4kyvyyden uudelle tasolle ja tavoittaa p\u00e4\u00e4tt\u00e4j\u00e4t valtakunnallisesti? <\/strong><\/p>\n\n\n\n<p class=\"has-text-align-center has-medium-font-size\"><strong>Tutustu Alma Mediaratkaisujen <a href=\"https:\/\/www.almamedia.fi\/yrityksille\/palvelut\/sisaltomarkkinointi\/kumppanisisallot\/\">Kumppanisis\u00e4lt\u00f6ihin<\/a> ja lue lis\u00e4\u00e4 <a href=\"https:\/\/www.almamedia.fi\/yrityksille\/palvelut\/display-mainonta\/\">display-mainonnasta<\/a>.<\/strong><\/p>\n\n\n\n<div style=\"height:100px\" aria-hidden=\"true\" class=\"wp-block-spacer\"><\/div>\n\n\n\n<p><\/p>\n","protected":false},"excerpt":{"rendered":"<p>Sis\u00e4lt\u00f6markkinointi kasvatti Raahen tunnettuutta \/ Case Raahen kaupunki Raahen kaupunki halusi tavoittaa yritysp\u00e4\u00e4tt\u00e4j\u00e4t ja tehd\u00e4 [&hellip;]<\/p>\n","protected":false},"featured_media":90523,"template":"","casekategoriat":[172],"class_list":["post-86538","caset","type-caset","status-publish","has-post-thumbnail","hentry","casekategoriat-sisaltomarkkinointi"],"acf":[],"yoast_head":"<!-- This site is optimized with the Yoast SEO plugin v26.9 - https:\/\/yoast.com\/product\/yoast-seo-wordpress\/ -->\n<title>Sis\u00e4lt\u00f6markkinointi kasvatti Raahen tunnettuutta \/ Case Raahen kaupunki - Alma Media - mainostajat<\/title>\n<meta name=\"robots\" content=\"index, follow, max-snippet:-1, max-image-preview:large, max-video-preview:-1\" \/>\n<link rel=\"canonical\" href=\"https:\/\/www.almamedia.fi\/mainostajat\/caset\/sisaltomarkkinointi-kasvatti-raahen-tunnettuutta-case-raahen-kaupunki\/\" \/>\n<meta property=\"og:locale\" content=\"fi_FI\" \/>\n<meta property=\"og:type\" content=\"article\" \/>\n<meta property=\"og:title\" content=\"Sis\u00e4lt\u00f6markkinointi kasvatti Raahen tunnettuutta \/ Case Raahen kaupunki - Alma Media - mainostajat\" \/>\n<meta property=\"og:description\" content=\"Sis\u00e4lt\u00f6markkinointi kasvatti Raahen tunnettuutta \/ Case Raahen kaupunki Raahen kaupunki halusi tavoittaa yritysp\u00e4\u00e4tt\u00e4j\u00e4t ja tehd\u00e4 [&hellip;]\" \/>\n<meta property=\"og:url\" content=\"https:\/\/www.almamedia.fi\/mainostajat\/caset\/sisaltomarkkinointi-kasvatti-raahen-tunnettuutta-case-raahen-kaupunki\/\" \/>\n<meta property=\"og:site_name\" content=\"Alma Media - mainostajat\" \/>\n<meta property=\"article:modified_time\" content=\"2025-06-16T10:10:04+00:00\" \/>\n<meta property=\"og:image\" content=\"https:\/\/www.almamedia.fi\/mainostajat\/wp-content\/uploads\/sites\/6\/raahen-kaupunki-antti-baas-edited-1.jpg\" \/>\n\t<meta property=\"og:image:width\" content=\"1643\" \/>\n\t<meta property=\"og:image:height\" content=\"925\" \/>\n\t<meta property=\"og:image:type\" content=\"image\/jpeg\" \/>\n<meta name=\"twitter:card\" content=\"summary_large_image\" \/>\n<meta name=\"twitter:label1\" content=\"Arvioitu lukuaika\" \/>\n\t<meta name=\"twitter:data1\" content=\"4 minuuttia\" \/>\n<script type=\"application\/ld+json\" class=\"yoast-schema-graph\">{\"@context\":\"https:\/\/schema.org\",\"@graph\":[{\"@type\":\"WebPage\",\"@id\":\"https:\/\/www.almamedia.fi\/mainostajat\/caset\/sisaltomarkkinointi-kasvatti-raahen-tunnettuutta-case-raahen-kaupunki\/\",\"url\":\"https:\/\/www.almamedia.fi\/mainostajat\/caset\/sisaltomarkkinointi-kasvatti-raahen-tunnettuutta-case-raahen-kaupunki\/\",\"name\":\"Sis\u00e4lt\u00f6markkinointi kasvatti Raahen tunnettuutta \/ Case Raahen kaupunki - Alma Media - mainostajat\",\"isPartOf\":{\"@id\":\"https:\/\/www.almamedia.fi\/mainostajat\/#website\"},\"primaryImageOfPage\":{\"@id\":\"https:\/\/www.almamedia.fi\/mainostajat\/caset\/sisaltomarkkinointi-kasvatti-raahen-tunnettuutta-case-raahen-kaupunki\/#primaryimage\"},\"image\":{\"@id\":\"https:\/\/www.almamedia.fi\/mainostajat\/caset\/sisaltomarkkinointi-kasvatti-raahen-tunnettuutta-case-raahen-kaupunki\/#primaryimage\"},\"thumbnailUrl\":\"https:\/\/www.almamedia.fi\/mainostajat\/wp-content\/uploads\/sites\/6\/raahen-kaupunki-antti-baas-edited-1.jpg\",\"datePublished\":\"2024-12-08T22:00:00+00:00\",\"dateModified\":\"2025-06-16T10:10:04+00:00\",\"breadcrumb\":{\"@id\":\"https:\/\/www.almamedia.fi\/mainostajat\/caset\/sisaltomarkkinointi-kasvatti-raahen-tunnettuutta-case-raahen-kaupunki\/#breadcrumb\"},\"inLanguage\":\"fi\",\"potentialAction\":[{\"@type\":\"ReadAction\",\"target\":[\"https:\/\/www.almamedia.fi\/mainostajat\/caset\/sisaltomarkkinointi-kasvatti-raahen-tunnettuutta-case-raahen-kaupunki\/\"]}]},{\"@type\":\"ImageObject\",\"inLanguage\":\"fi\",\"@id\":\"https:\/\/www.almamedia.fi\/mainostajat\/caset\/sisaltomarkkinointi-kasvatti-raahen-tunnettuutta-case-raahen-kaupunki\/#primaryimage\",\"url\":\"https:\/\/www.almamedia.fi\/mainostajat\/wp-content\/uploads\/sites\/6\/raahen-kaupunki-antti-baas-edited-1.jpg\",\"contentUrl\":\"https:\/\/www.almamedia.fi\/mainostajat\/wp-content\/uploads\/sites\/6\/raahen-kaupunki-antti-baas-edited-1.jpg\",\"width\":1643,\"height\":925},{\"@type\":\"BreadcrumbList\",\"@id\":\"https:\/\/www.almamedia.fi\/mainostajat\/caset\/sisaltomarkkinointi-kasvatti-raahen-tunnettuutta-case-raahen-kaupunki\/#breadcrumb\",\"itemListElement\":[{\"@type\":\"ListItem\",\"position\":1,\"name\":\"Etusivu\",\"item\":\"https:\/\/www.almamedia.fi\/mainostajat\/\"},{\"@type\":\"ListItem\",\"position\":2,\"name\":\"Sis\u00e4lt\u00f6markkinointi kasvatti Raahen tunnettuutta \/ Case Raahen kaupunki\"}]},{\"@type\":\"WebSite\",\"@id\":\"https:\/\/www.almamedia.fi\/mainostajat\/#website\",\"url\":\"https:\/\/www.almamedia.fi\/mainostajat\/\",\"name\":\"Alma Media - mainostajat\",\"description\":\"\",\"publisher\":{\"@id\":\"https:\/\/www.almamedia.fi\/mainostajat\/#organization\"},\"potentialAction\":[{\"@type\":\"SearchAction\",\"target\":{\"@type\":\"EntryPoint\",\"urlTemplate\":\"https:\/\/www.almamedia.fi\/mainostajat\/?s={search_term_string}\"},\"query-input\":{\"@type\":\"PropertyValueSpecification\",\"valueRequired\":true,\"valueName\":\"search_term_string\"}}],\"inLanguage\":\"fi\"},{\"@type\":\"Organization\",\"@id\":\"https:\/\/www.almamedia.fi\/mainostajat\/#organization\",\"name\":\"Alma Media - mainostajat\",\"url\":\"https:\/\/www.almamedia.fi\/mainostajat\/\",\"logo\":{\"@type\":\"ImageObject\",\"inLanguage\":\"fi\",\"@id\":\"https:\/\/www.almamedia.fi\/mainostajat\/#\/schema\/logo\/image\/\",\"url\":\"https:\/\/www.almamedia.fi\/mainostajat\/wp-content\/uploads\/sites\/6\/alma-media-logo-valkoinen.svg\",\"contentUrl\":\"https:\/\/www.almamedia.fi\/mainostajat\/wp-content\/uploads\/sites\/6\/alma-media-logo-valkoinen.svg\",\"width\":49,\"height\":50,\"caption\":\"Alma Media - mainostajat\"},\"image\":{\"@id\":\"https:\/\/www.almamedia.fi\/mainostajat\/#\/schema\/logo\/image\/\"}}]}<\/script>\n<!-- \/ Yoast SEO plugin. -->","yoast_head_json":{"title":"Sis\u00e4lt\u00f6markkinointi kasvatti Raahen tunnettuutta \/ Case Raahen kaupunki - Alma Media - mainostajat","robots":{"index":"index","follow":"follow","max-snippet":"max-snippet:-1","max-image-preview":"max-image-preview:large","max-video-preview":"max-video-preview:-1"},"canonical":"https:\/\/www.almamedia.fi\/mainostajat\/caset\/sisaltomarkkinointi-kasvatti-raahen-tunnettuutta-case-raahen-kaupunki\/","og_locale":"fi_FI","og_type":"article","og_title":"Sis\u00e4lt\u00f6markkinointi kasvatti Raahen tunnettuutta \/ Case Raahen kaupunki - Alma Media - mainostajat","og_description":"Sis\u00e4lt\u00f6markkinointi kasvatti Raahen tunnettuutta \/ Case Raahen kaupunki Raahen kaupunki halusi tavoittaa yritysp\u00e4\u00e4tt\u00e4j\u00e4t ja tehd\u00e4 [&hellip;]","og_url":"https:\/\/www.almamedia.fi\/mainostajat\/caset\/sisaltomarkkinointi-kasvatti-raahen-tunnettuutta-case-raahen-kaupunki\/","og_site_name":"Alma Media - mainostajat","article_modified_time":"2025-06-16T10:10:04+00:00","og_image":[{"width":1643,"height":925,"url":"https:\/\/www.almamedia.fi\/mainostajat\/wp-content\/uploads\/sites\/6\/raahen-kaupunki-antti-baas-edited-1.jpg","type":"image\/jpeg"}],"twitter_card":"summary_large_image","twitter_misc":{"Arvioitu lukuaika":"4 minuuttia"},"schema":{"@context":"https:\/\/schema.org","@graph":[{"@type":"WebPage","@id":"https:\/\/www.almamedia.fi\/mainostajat\/caset\/sisaltomarkkinointi-kasvatti-raahen-tunnettuutta-case-raahen-kaupunki\/","url":"https:\/\/www.almamedia.fi\/mainostajat\/caset\/sisaltomarkkinointi-kasvatti-raahen-tunnettuutta-case-raahen-kaupunki\/","name":"Sis\u00e4lt\u00f6markkinointi kasvatti Raahen tunnettuutta \/ Case Raahen kaupunki - Alma Media - mainostajat","isPartOf":{"@id":"https:\/\/www.almamedia.fi\/mainostajat\/#website"},"primaryImageOfPage":{"@id":"https:\/\/www.almamedia.fi\/mainostajat\/caset\/sisaltomarkkinointi-kasvatti-raahen-tunnettuutta-case-raahen-kaupunki\/#primaryimage"},"image":{"@id":"https:\/\/www.almamedia.fi\/mainostajat\/caset\/sisaltomarkkinointi-kasvatti-raahen-tunnettuutta-case-raahen-kaupunki\/#primaryimage"},"thumbnailUrl":"https:\/\/www.almamedia.fi\/mainostajat\/wp-content\/uploads\/sites\/6\/raahen-kaupunki-antti-baas-edited-1.jpg","datePublished":"2024-12-08T22:00:00+00:00","dateModified":"2025-06-16T10:10:04+00:00","breadcrumb":{"@id":"https:\/\/www.almamedia.fi\/mainostajat\/caset\/sisaltomarkkinointi-kasvatti-raahen-tunnettuutta-case-raahen-kaupunki\/#breadcrumb"},"inLanguage":"fi","potentialAction":[{"@type":"ReadAction","target":["https:\/\/www.almamedia.fi\/mainostajat\/caset\/sisaltomarkkinointi-kasvatti-raahen-tunnettuutta-case-raahen-kaupunki\/"]}]},{"@type":"ImageObject","inLanguage":"fi","@id":"https:\/\/www.almamedia.fi\/mainostajat\/caset\/sisaltomarkkinointi-kasvatti-raahen-tunnettuutta-case-raahen-kaupunki\/#primaryimage","url":"https:\/\/www.almamedia.fi\/mainostajat\/wp-content\/uploads\/sites\/6\/raahen-kaupunki-antti-baas-edited-1.jpg","contentUrl":"https:\/\/www.almamedia.fi\/mainostajat\/wp-content\/uploads\/sites\/6\/raahen-kaupunki-antti-baas-edited-1.jpg","width":1643,"height":925},{"@type":"BreadcrumbList","@id":"https:\/\/www.almamedia.fi\/mainostajat\/caset\/sisaltomarkkinointi-kasvatti-raahen-tunnettuutta-case-raahen-kaupunki\/#breadcrumb","itemListElement":[{"@type":"ListItem","position":1,"name":"Etusivu","item":"https:\/\/www.almamedia.fi\/mainostajat\/"},{"@type":"ListItem","position":2,"name":"Sis\u00e4lt\u00f6markkinointi kasvatti Raahen tunnettuutta \/ Case Raahen kaupunki"}]},{"@type":"WebSite","@id":"https:\/\/www.almamedia.fi\/mainostajat\/#website","url":"https:\/\/www.almamedia.fi\/mainostajat\/","name":"Alma Media - mainostajat","description":"","publisher":{"@id":"https:\/\/www.almamedia.fi\/mainostajat\/#organization"},"potentialAction":[{"@type":"SearchAction","target":{"@type":"EntryPoint","urlTemplate":"https:\/\/www.almamedia.fi\/mainostajat\/?s={search_term_string}"},"query-input":{"@type":"PropertyValueSpecification","valueRequired":true,"valueName":"search_term_string"}}],"inLanguage":"fi"},{"@type":"Organization","@id":"https:\/\/www.almamedia.fi\/mainostajat\/#organization","name":"Alma Media - mainostajat","url":"https:\/\/www.almamedia.fi\/mainostajat\/","logo":{"@type":"ImageObject","inLanguage":"fi","@id":"https:\/\/www.almamedia.fi\/mainostajat\/#\/schema\/logo\/image\/","url":"https:\/\/www.almamedia.fi\/mainostajat\/wp-content\/uploads\/sites\/6\/alma-media-logo-valkoinen.svg","contentUrl":"https:\/\/www.almamedia.fi\/mainostajat\/wp-content\/uploads\/sites\/6\/alma-media-logo-valkoinen.svg","width":49,"height":50,"caption":"Alma Media - mainostajat"},"image":{"@id":"https:\/\/www.almamedia.fi\/mainostajat\/#\/schema\/logo\/image\/"}}]}},"_links":{"self":[{"href":"https:\/\/www.almamedia.fi\/mainostajat\/wp-json\/wp\/v2\/caset\/86538","targetHints":{"allow":["GET"]}}],"collection":[{"href":"https:\/\/www.almamedia.fi\/mainostajat\/wp-json\/wp\/v2\/caset"}],"about":[{"href":"https:\/\/www.almamedia.fi\/mainostajat\/wp-json\/wp\/v2\/types\/caset"}],"wp:featuredmedia":[{"embeddable":true,"href":"https:\/\/www.almamedia.fi\/mainostajat\/wp-json\/wp\/v2\/media\/90523"}],"wp:attachment":[{"href":"https:\/\/www.almamedia.fi\/mainostajat\/wp-json\/wp\/v2\/media?parent=86538"}],"wp:term":[{"taxonomy":"casekategoriat","embeddable":true,"href":"https:\/\/www.almamedia.fi\/mainostajat\/wp-json\/wp\/v2\/casekategoriat?post=86538"}],"curies":[{"name":"wp","href":"https:\/\/api.w.org\/{rel}","templated":true}]}}