{"id":86533,"date":"2024-08-15T00:00:00","date_gmt":"2024-08-14T21:00:00","guid":{"rendered":"https:\/\/www.almamedia.fi\/mainostajat\/caset\/aani-kuuluviin-sisaltomarkkinoinnilla-nain-tyottomyyskassa-sai-sadat-tuhannet-tarkeiden-yhteiskunnallisten-asioiden-aarelle-case-koko-kassa\/"},"modified":"2025-06-30T16:04:57","modified_gmt":"2025-06-30T13:04:57","slug":"aani-kuuluviin-sisaltomarkkinoinnilla-nain-tyottomyyskassa-sai-sadat-tuhannet-tarkeiden-yhteiskunnallisten-asioiden-aarelle-case-koko-kassa","status":"publish","type":"caset","link":"https:\/\/www.almamedia.fi\/mainostajat\/caset\/aani-kuuluviin-sisaltomarkkinoinnilla-nain-tyottomyyskassa-sai-sadat-tuhannet-tarkeiden-yhteiskunnallisten-asioiden-aarelle-case-koko-kassa\/","title":{"rendered":"\u00c4\u00e4ni kuuluviin sis\u00e4lt\u00f6markkinoinnilla \u2013 N\u00e4in ty\u00f6tt\u00f6myyskassa sai sadat tuhannet t\u00e4rkeiden yhteiskunnallisten asioiden \u00e4\u00e4relle \/ Case KOKO-kassa"},"content":{"rendered":"\n<h1 class=\"wp-block-heading\">\u00c4\u00e4ni kuuluviin sis\u00e4lt\u00f6markkinoinnilla \u2013 N\u00e4in ty\u00f6tt\u00f6myyskassa sai sadat tuhannet t\u00e4rkeiden yhteiskunnallisten asioiden \u00e4\u00e4relle \/ Case KOKO-kassa<\/h1>\n\n\n\n<p class=\"intro\"><strong>Kuinka kertoa monimutkaisesta mutta t\u00e4rke\u00e4st\u00e4 asiasta mahdollisimman laajalle joukolle? Korkeasti koulutettujen ty\u00f6tt\u00f6myyskassa KOKO on tavoittanut satoja tuhansia lukijoita Iltalehden natiiviartikkeleilla ja toimivalla display-mainonnalla. Niiden avulla kassa sai \u00e4\u00e4nens\u00e4 kuuluviin ja v\u00e4litti tietoa yhteiskunnallisesti merkitt\u00e4vist\u00e4 asioista.<\/strong><\/p>\n\n\n\n<div class=\"wp-block-columns is-layout-flex wp-container-core-columns-is-layout-9d6595d7 wp-block-columns-is-layout-flex\">\n<div class=\"wp-block-column is-layout-flow wp-block-column-is-layout-flow\" style=\"flex-basis:66.66%\">\n<p>Korkeasti koulutettujen kassa KOKO on Suomen toiseksi suurin ty\u00f6tt\u00f6myyskassa. <a href=\"https:\/\/kokokassa.fi\/\">KOKO-kassaan<\/a> kuuluu noin 270 000 korkeasti koulutettua ylemp\u00e4\u00e4 toimihenkil\u00f6\u00e4 tai vastaavassa asemassa olevaa palkansaajaa.<\/p>\n\n\n\n<p>KOKOn mainonnan tavoitteena oli lis\u00e4t\u00e4 tunnettuuttaan, mutta ennen kaikkea jakaa yhteiskunnallisesti merkitt\u00e4v\u00e4\u00e4 tietoa suurelle yleis\u00f6lle.<\/p>\n<\/div>\n\n\n\n<div class=\"wp-block-column is-layout-flow wp-block-column-is-layout-flow\" style=\"flex-basis:33.33%\">\n<div style=\"height:22px\" aria-hidden=\"true\" class=\"wp-block-spacer\"><\/div>\n\n\n\n<figure class=\"wp-block-image size-full\"><img decoding=\"async\" src=\"https:\/\/www.almamedia.fi\/mainostajat\/wp-content\/uploads\/sites\/6\/koko_logo_v1_RGB-1.png\" alt=\"\" class=\"wp-image-6471\"\/><\/figure>\n<\/div>\n<\/div>\n\n\n\n<p><em>\u201dToimialaamme on ty\u00f6tt\u00f6myysturva. Koemme, ett\u00e4 ty\u00f6tt\u00f6myyskassana meill\u00e4 on velvollisuus kertoa ty\u00f6tt\u00f6myysturvaan liittyvist\u00e4 asioista muillekin kuin vain omille j\u00e4senillemme. Jos me ty\u00f6tt\u00f6myyskassat emme sit\u00e4 tee, niin kuka sitten?\u201d<\/em> sanoo KOKOn viestint\u00e4p\u00e4\u00e4llikk\u00f6 <strong>Melina Argillander.<\/strong><\/p>\n\n\n\n<p>KOKO-kassa on tehnyt jo monta vuotta yhteisty\u00f6t\u00e4 Alman kanssa: Iltalehdess\u00e4 ja Uusi Suomessa on julkaistu sis\u00e4lt\u00f6markkinointiartikkeleita. Lis\u00e4ksi Iltalehdess\u00e4 on tehty display-mainontaa erilaisten kampanjoiden muodossa.<\/p>\n\n\n\n<h2 class=\"wp-block-heading\"><br><strong>Yhteiskunnallisesti t\u00e4rke\u00e4n tiedon jakamista natiiviartikkeleilla<\/strong><\/h2>\n\n\n\n<p>Sis\u00e4lt\u00f6markkinoinnilla Iltalehdess\u00e4 tavoitetaan suomalaiset tehokkaasti niin valtakunnallisesti kuin alueellisestikin. Sis\u00e4lt\u00f6markkinoinnin keinoin voidaan muun muassa&nbsp;lis\u00e4t\u00e4 tunnettuutta&nbsp;ja saada n\u00e4kyvyytt\u00e4 br\u00e4ndille, kertoa tuotteista kiinnostavasti, her\u00e4tt\u00e4\u00e4 kiinnostus uusissa asiakkaissa ja sitouttaa nykyasiakkaita.<\/p>\n\n\n\n<p>Kun sis\u00e4ll\u00f6t on luotu houkuttelevaksi, saadaan kohderyhm\u00e4 kiinnostumaan ja viett\u00e4m\u00e4\u00e4n aikaa sis\u00e4lt\u00f6jen parissa.&nbsp;<\/p>\n\n\n\n<p>KOKO-kassan natiiviartikkeleiden kohderyhm\u00e4 on ollut hyvin laaja, koska kerrottavat asiat on tarkoitettu isolle yleis\u00f6lle ja lis\u00e4\u00e4m\u00e4\u00e4n jokaisen yleistietoa. Kohderyhm\u00e4\u00e4 ei siis rajattu esimerkiksi lukijoiden maantieteellisen sijainnin, i\u00e4n tai koulutustaustan perusteella, muutamaa poikkeusta lukuun ottamatta.<\/p>\n\n\n\n<p>Iltalehdess\u00e4 julkaistuja valtakunnallisia natiiviartikkeleita nostettiin 7 p\u00e4iv\u00e4n ajan IL.fi:n etusivulla. Artikkelit julkaistiin my\u00f6s sivuston Ty\u00f6el\u00e4m\u00e4-osastolla. Artikkeleita on nostettu my\u00f6s Uusi Suomi -median verkkosivuilla.<\/p>\n\n\n\n<p>Display-mainonta kohdennettiin Iltalehdess\u00e4 laajan yleis\u00f6n lis\u00e4ksi potentiaalisiin kassan j\u00e4seniin eli korkeasti koulutetuille.<\/p>\n\n\n\n<div class=\"wp-block-columns is-layout-flex wp-container-core-columns-is-layout-9d6595d7 wp-block-columns-is-layout-flex\">\n<div class=\"wp-block-column is-layout-flow wp-block-column-is-layout-flow\"><div class=\"wp-block-image\">\n<figure class=\"aligncenter size-medium\"><img decoding=\"async\" src=\"https:\/\/www.almamedia.fi\/mainostajat\/wp-content\/uploads\/sites\/6\/koko1.jpg\" alt=\"\" class=\"wp-image-6472\"\/><\/figure>\n<\/div>\n\n\n<p class=\"has-text-align-center\"><strong><a href=\"https:\/\/www.iltalehti.fi\/tyoelama\/a\/9c5d7781-9743-481c-a362-6ffb1475551b\">Tutustu esimerkkiartikkeliin<\/a><\/strong><\/p>\n<\/div>\n\n\n\n<div class=\"wp-block-column is-layout-flow wp-block-column-is-layout-flow\">\n<figure class=\"wp-block-image size-medium\"><img decoding=\"async\" src=\"https:\/\/www.almamedia.fi\/mainostajat\/wp-content\/uploads\/sites\/6\/koko2.jpg\" alt=\"\" class=\"wp-image-6473\"\/><\/figure>\n\n\n\n<p class=\"has-text-align-center\"><strong><a href=\"https:\/\/www.iltalehti.fi\/tyoelama\/a\/a6b928e4-e339-402e-8575-dafca80efff4\">Tutustu esimerkkiartikkeliin<\/a><\/strong><\/p>\n<\/div>\n<\/div>\n\n\n\n<h2 class=\"wp-block-heading\"><br><strong>\u00c4\u00e4ni kuuluviin megafonin lailla \u2013 artikkeleilla kiinni satoja tuhansia lukijoita<\/strong><\/h2>\n\n\n\n<p>Sis\u00e4lt\u00f6markkinointiartikkeleihin otettiin alusta l\u00e4htien uutismainen ote: ne kertovat, mit\u00e4 on tapahtunut, milloin ja miksi tai miten jokin ty\u00f6tt\u00f6myysturvaan liittyv\u00e4 osa toimii k\u00e4yt\u00e4nn\u00f6ss\u00e4.<\/p>\n\n\n\n<p>Artikkeleissa on avattu monimutkaisia, ty\u00f6tt\u00f6myysturvalains\u00e4\u00e4d\u00e4nt\u00f6\u00f6n liittyvi\u00e4 asioita selkokielell\u00e4 \u2013 monia ihmisi\u00e4 koskettavat asiat on helpompi sis\u00e4ist\u00e4\u00e4, kun ne on valmiiksi j\u00e4sennelty selke\u00e4\u00e4n ja helposti luettavaan muotoon.<\/p>\n\n\n\n<p>Artikkeleiden julkaisut ajoitettiin my\u00f6s niin, ett\u00e4 tietoa kerrottiin ennen esimerkiksi suurien lakimuutosten voimaan astumista. KOKO-kassa halusi lis\u00e4ksi muistuttaa ty\u00f6tt\u00f6myysturvaan liittyvist\u00e4 asioista, sill\u00e4 esimerkiksi ansiosidonnaisen hakeminen vaatii ty\u00f6tt\u00f6m\u00e4lt\u00e4 itselt\u00e4\u00e4n toimintaa.<\/p>\n\n\n\n<p>Sis\u00e4lt\u00f6markkinointiartikkelit tavoittivat valtavan m\u00e4\u00e4r\u00e4n ihmisi\u00e4. Parhaimmillaan yhdell\u00e4 artikkelilla on ollut lukijoita l\u00e4hes 200&nbsp;000, keskim\u00e4\u00e4rin lukijoita saatiin yhdell\u00e4 artikkelilla kiinni noin 100&nbsp;000. Artikkelit ovat olleet Iltalehden luetuimpia omissa kategorioissaan.<\/p>\n\n\n\n<p>Artikkeleiden parissa vietettiin lis\u00e4ksi huikea m\u00e4\u00e4r\u00e4 aikaa: keskim\u00e4\u00e4r\u00e4inen artikkelin lukuaika oli reilusti yli minuutin, osassa jopa kaksi minuuttia.<\/p>\n\n\n\n<p><em>\u201dDisplay-mainonnalla ja Iltalehdess\u00e4 julkaistuilla natiiviartikkeleilla olemme saaneet \u00e4\u00e4nemme kuuluviin ja tavoittaneet valtavan m\u00e4\u00e4r\u00e4n ihmisi\u00e4\u201d<\/em>, toteaa Argillander.<\/p>\n\n\n\n<p>Alma Brand Studio&nbsp;vastasi natiiviartikkeleiden&nbsp;ideoinnista&nbsp;ja&nbsp;sis\u00e4ll\u00f6ntuotannosta yhteisty\u00f6ss\u00e4 KOKOn viestinn\u00e4n kanssa. Yhdess\u00e4 vastaavan tuottajan kanssa aiheet suunniteltiin mediaan sopivaksi ja sis\u00e4lt\u00f6 lukijoita kiinnostavaksi. Sis\u00e4ll\u00f6ntuotannossa satsattiin etenkin otsikointiin \u2013 informatiivisen mutta lukemaan houkuttelevan otsikon avulla tavoitettiin laaja lukijakunta.<\/p>\n\n\n\n<div style=\"height:57px\" aria-hidden=\"true\" class=\"wp-block-spacer\"><\/div>\n\n\n\n<div style=\"max-width:1200px;margin-left:auto;margin-right:auto\" class=\"wp-block-netello-max-width-container\">\n<div class=\"wp-block-columns is-layout-flex wp-container-core-columns-is-layout-9d6595d7 wp-block-columns-is-layout-flex\">\n<div class=\"wp-block-column is-layout-flow wp-block-column-is-layout-flow\" style=\"flex-basis:33%\"><div class=\"wp-block-image\">\n<figure class=\"alignright size-full is-resized\"><img decoding=\"async\" width=\"1462\" height=\"2048\" src=\"https:\/\/www.almamedia.fi\/mainostajat\/wp-content\/uploads\/sites\/6\/PinjasPhotography-melina-17-Copy3-scaled-2-scaled.jpg\" alt=\"\" class=\"wp-image-91499\" style=\"width:200px\" srcset=\"https:\/\/www.almamedia.fi\/mainostajat\/wp-content\/uploads\/sites\/6\/PinjasPhotography-melina-17-Copy3-scaled-2-scaled.jpg 1462w, https:\/\/www.almamedia.fi\/mainostajat\/wp-content\/uploads\/sites\/6\/PinjasPhotography-melina-17-Copy3-scaled-2-271x380.jpg 271w, https:\/\/www.almamedia.fi\/mainostajat\/wp-content\/uploads\/sites\/6\/PinjasPhotography-melina-17-Copy3-scaled-2-731x1024.jpg 731w, https:\/\/www.almamedia.fi\/mainostajat\/wp-content\/uploads\/sites\/6\/PinjasPhotography-melina-17-Copy3-scaled-2-768x1076.jpg 768w, https:\/\/www.almamedia.fi\/mainostajat\/wp-content\/uploads\/sites\/6\/PinjasPhotography-melina-17-Copy3-scaled-2-1096x1536.jpg 1096w\" sizes=\"(max-width: 1462px) 100vw, 1462px\" \/><\/figure>\n<\/div><\/div>\n\n\n\n<div class=\"wp-block-column is-layout-flow wp-block-column-is-layout-flow\" style=\"flex-basis:66%\">\n<p class=\"has-medium-font-size\"><em><em><em>\u201dOlemme olleet eritt\u00e4in tyytyv\u00e4isi\u00e4 sek\u00e4 yhteisty\u00f6h\u00f6n Alman kanssa ett\u00e4 tuloksiin. Alma Median myynnin yhteyshenkil\u00f6llemme kuuluu isot kiitokset mit\u00e4 parhaimmasta yhteisty\u00f6st\u00e4 digimarkkinoinnin osalta ja samoin Alma Brand Studion tuottajalle Veeralle tuotannon tuesta.\u201d<\/em><\/em><\/em><\/p>\n\n\n\n<p class=\"has-small-font-size\">Melina Argillander, viestint\u00e4p\u00e4\u00e4llikk\u00f6, Korkeasti koulutettujen kassa KOKO<\/p>\n\n\n\n<div  class=\"viiva-erotin has-color-green has-width-normal\" >\n\n    <div class=\"netello-line netello-line-animated\"><\/div>\n\n<\/div>\n\n\n\n<\/div>\n\n\n\n<div class=\"wp-block-column is-layout-flow wp-block-column-is-layout-flow\" style=\"flex-basis:11%\"><\/div>\n<\/div>\n\n\n\n<p class=\"has-text-align-center netello-linkit\"><\/p>\n<\/div>\n\n\n\n<div style=\"height:57px\" aria-hidden=\"true\" class=\"wp-block-spacer\"><\/div>\n\n\n\n<p class=\"has-text-align-center\"><strong>Kiinnostuitko, miten sin\u00e4kin voit tavoittaa laajan yleis\u00f6n sis\u00e4lt\u00f6markkinoinnilla tai display-mainonnalla?<\/strong><\/p>\n\n\n\n<p class=\"has-text-align-center\"><strong>Tutustu&nbsp;<\/strong><a href=\"https:\/\/www.almamedia.fi\/yrityksille\/palvelut\/sisaltomarkkinointi\/\"><strong>sis\u00e4lt\u00f6markkinointiin<\/strong><\/a><strong>&nbsp;ja&nbsp;<\/strong><a href=\"https:\/\/www.almamedia.fi\/yrityksille\/palvelut\/display-mainonta\/\"><strong>lue lis\u00e4\u00e4 display-mainonnasta<\/strong><\/a><\/p>\n\n\n\n<div style=\"height:57px\" aria-hidden=\"true\" class=\"wp-block-spacer\"><\/div>\n\n\n\n<h2 class=\"wp-block-heading has-text-align-center\"><strong>Sis\u00e4lt\u00f6markkinoinnilla saat n\u00e4kyvyytt\u00e4 pitk\u00e4aikaisesti<\/strong><\/h2>\n\n\n\n<p class=\"has-text-align-center\">Kun haluat saada kampanjaa pitk\u00e4aikaisemman hy\u00f6dyn, sis\u00e4lt\u00f6markkinoinnin artikkelit ovat erinomainen ratkaisu! Artikkelit j\u00e4\u00e4v\u00e4t el\u00e4m\u00e4\u00e4n ja niiden pariin voi palata yh\u00e4 uudelleen. Ota yhteytt\u00e4 niin tehd\u00e4\u00e4n sinullekin sis\u00e4lt\u00f6suunnitelma.<\/p>\n\n\n\n<div class=\"wp-block-buttons is-content-justification-center is-layout-flex wp-container-core-buttons-is-layout-16018d1d wp-block-buttons-is-layout-flex\">\n<div class=\"wp-block-button\"><a class=\"wp-block-button__link wp-element-button\" href=\"https:\/\/www.almamedia.fi\/yrityksille\/pyyda-tarjous\/\">Pyyd\u00e4 tarjous niin aloitetaan<\/a><\/div>\n<\/div>\n\n\n\n<p class=\"has-text-align-center\"><br><\/p>\n\n\n\n<div style=\"height:57px\" aria-hidden=\"true\" class=\"wp-block-spacer\"><\/div>\n","protected":false},"excerpt":{"rendered":"<p>\u00c4\u00e4ni kuuluviin sis\u00e4lt\u00f6markkinoinnilla \u2013 N\u00e4in ty\u00f6tt\u00f6myyskassa sai sadat tuhannet t\u00e4rkeiden yhteiskunnallisten asioiden \u00e4\u00e4relle \/ Case [&hellip;]<\/p>\n","protected":false},"featured_media":86537,"template":"","casekategoriat":[175,171,172],"class_list":["post-86533","caset","type-caset","status-publish","has-post-thumbnail","hentry","casekategoriat-jatkuva-mainonta","casekategoriat-kohdentaminen","casekategoriat-sisaltomarkkinointi"],"acf":[],"yoast_head":"<!-- This site is optimized with the Yoast SEO plugin v26.9 - https:\/\/yoast.com\/product\/yoast-seo-wordpress\/ -->\n<title>\u00c4\u00e4ni kuuluviin sis\u00e4lt\u00f6markkinoinnilla \u2013 N\u00e4in ty\u00f6tt\u00f6myyskassa sai sadat tuhannet t\u00e4rkeiden yhteiskunnallisten asioiden \u00e4\u00e4relle \/ Case KOKO-kassa - Alma Media - mainostajat<\/title>\n<meta name=\"robots\" content=\"index, follow, max-snippet:-1, max-image-preview:large, max-video-preview:-1\" \/>\n<link rel=\"canonical\" href=\"https:\/\/www.almamedia.fi\/mainostajat\/caset\/aani-kuuluviin-sisaltomarkkinoinnilla-nain-tyottomyyskassa-sai-sadat-tuhannet-tarkeiden-yhteiskunnallisten-asioiden-aarelle-case-koko-kassa\/\" \/>\n<meta property=\"og:locale\" content=\"fi_FI\" \/>\n<meta property=\"og:type\" content=\"article\" \/>\n<meta property=\"og:title\" content=\"\u00c4\u00e4ni kuuluviin sis\u00e4lt\u00f6markkinoinnilla \u2013 N\u00e4in ty\u00f6tt\u00f6myyskassa sai sadat tuhannet t\u00e4rkeiden yhteiskunnallisten asioiden \u00e4\u00e4relle \/ Case KOKO-kassa - Alma Media - mainostajat\" \/>\n<meta property=\"og:description\" content=\"\u00c4\u00e4ni kuuluviin sis\u00e4lt\u00f6markkinoinnilla \u2013 N\u00e4in ty\u00f6tt\u00f6myyskassa sai sadat tuhannet t\u00e4rkeiden yhteiskunnallisten asioiden \u00e4\u00e4relle \/ Case [&hellip;]\" \/>\n<meta property=\"og:url\" content=\"https:\/\/www.almamedia.fi\/mainostajat\/caset\/aani-kuuluviin-sisaltomarkkinoinnilla-nain-tyottomyyskassa-sai-sadat-tuhannet-tarkeiden-yhteiskunnallisten-asioiden-aarelle-case-koko-kassa\/\" \/>\n<meta property=\"og:site_name\" content=\"Alma Media - mainostajat\" \/>\n<meta property=\"article:modified_time\" content=\"2025-06-30T13:04:57+00:00\" \/>\n<meta property=\"og:image\" content=\"https:\/\/www.almamedia.fi\/mainostajat\/wp-content\/uploads\/sites\/6\/23dd50425fbc02e17ed23713e14f96ad3ab3ea76a345f47c03c5481f9d4cf74f-e1723709663629.jpg\" \/>\n\t<meta property=\"og:image:width\" content=\"921\" \/>\n\t<meta property=\"og:image:height\" content=\"458\" \/>\n\t<meta property=\"og:image:type\" content=\"image\/jpeg\" \/>\n<meta name=\"twitter:card\" content=\"summary_large_image\" \/>\n<meta name=\"twitter:label1\" content=\"Arvioitu lukuaika\" \/>\n\t<meta name=\"twitter:data1\" content=\"5 minuuttia\" \/>\n<script type=\"application\/ld+json\" class=\"yoast-schema-graph\">{\"@context\":\"https:\/\/schema.org\",\"@graph\":[{\"@type\":\"WebPage\",\"@id\":\"https:\/\/www.almamedia.fi\/mainostajat\/caset\/aani-kuuluviin-sisaltomarkkinoinnilla-nain-tyottomyyskassa-sai-sadat-tuhannet-tarkeiden-yhteiskunnallisten-asioiden-aarelle-case-koko-kassa\/\",\"url\":\"https:\/\/www.almamedia.fi\/mainostajat\/caset\/aani-kuuluviin-sisaltomarkkinoinnilla-nain-tyottomyyskassa-sai-sadat-tuhannet-tarkeiden-yhteiskunnallisten-asioiden-aarelle-case-koko-kassa\/\",\"name\":\"\u00c4\u00e4ni kuuluviin sis\u00e4lt\u00f6markkinoinnilla \u2013 N\u00e4in ty\u00f6tt\u00f6myyskassa sai sadat tuhannet t\u00e4rkeiden yhteiskunnallisten asioiden \u00e4\u00e4relle \/ Case KOKO-kassa - Alma Media - mainostajat\",\"isPartOf\":{\"@id\":\"https:\/\/www.almamedia.fi\/mainostajat\/#website\"},\"primaryImageOfPage\":{\"@id\":\"https:\/\/www.almamedia.fi\/mainostajat\/caset\/aani-kuuluviin-sisaltomarkkinoinnilla-nain-tyottomyyskassa-sai-sadat-tuhannet-tarkeiden-yhteiskunnallisten-asioiden-aarelle-case-koko-kassa\/#primaryimage\"},\"image\":{\"@id\":\"https:\/\/www.almamedia.fi\/mainostajat\/caset\/aani-kuuluviin-sisaltomarkkinoinnilla-nain-tyottomyyskassa-sai-sadat-tuhannet-tarkeiden-yhteiskunnallisten-asioiden-aarelle-case-koko-kassa\/#primaryimage\"},\"thumbnailUrl\":\"https:\/\/www.almamedia.fi\/mainostajat\/wp-content\/uploads\/sites\/6\/23dd50425fbc02e17ed23713e14f96ad3ab3ea76a345f47c03c5481f9d4cf74f-e1723709663629.jpg\",\"datePublished\":\"2024-08-14T21:00:00+00:00\",\"dateModified\":\"2025-06-30T13:04:57+00:00\",\"breadcrumb\":{\"@id\":\"https:\/\/www.almamedia.fi\/mainostajat\/caset\/aani-kuuluviin-sisaltomarkkinoinnilla-nain-tyottomyyskassa-sai-sadat-tuhannet-tarkeiden-yhteiskunnallisten-asioiden-aarelle-case-koko-kassa\/#breadcrumb\"},\"inLanguage\":\"fi\",\"potentialAction\":[{\"@type\":\"ReadAction\",\"target\":[\"https:\/\/www.almamedia.fi\/mainostajat\/caset\/aani-kuuluviin-sisaltomarkkinoinnilla-nain-tyottomyyskassa-sai-sadat-tuhannet-tarkeiden-yhteiskunnallisten-asioiden-aarelle-case-koko-kassa\/\"]}]},{\"@type\":\"ImageObject\",\"inLanguage\":\"fi\",\"@id\":\"https:\/\/www.almamedia.fi\/mainostajat\/caset\/aani-kuuluviin-sisaltomarkkinoinnilla-nain-tyottomyyskassa-sai-sadat-tuhannet-tarkeiden-yhteiskunnallisten-asioiden-aarelle-case-koko-kassa\/#primaryimage\",\"url\":\"https:\/\/www.almamedia.fi\/mainostajat\/wp-content\/uploads\/sites\/6\/23dd50425fbc02e17ed23713e14f96ad3ab3ea76a345f47c03c5481f9d4cf74f-e1723709663629.jpg\",\"contentUrl\":\"https:\/\/www.almamedia.fi\/mainostajat\/wp-content\/uploads\/sites\/6\/23dd50425fbc02e17ed23713e14f96ad3ab3ea76a345f47c03c5481f9d4cf74f-e1723709663629.jpg\",\"width\":921,\"height\":458,\"caption\":\"|||||||\"},{\"@type\":\"BreadcrumbList\",\"@id\":\"https:\/\/www.almamedia.fi\/mainostajat\/caset\/aani-kuuluviin-sisaltomarkkinoinnilla-nain-tyottomyyskassa-sai-sadat-tuhannet-tarkeiden-yhteiskunnallisten-asioiden-aarelle-case-koko-kassa\/#breadcrumb\",\"itemListElement\":[{\"@type\":\"ListItem\",\"position\":1,\"name\":\"Etusivu\",\"item\":\"https:\/\/www.almamedia.fi\/mainostajat\/\"},{\"@type\":\"ListItem\",\"position\":2,\"name\":\"\u00c4\u00e4ni kuuluviin sis\u00e4lt\u00f6markkinoinnilla \u2013 N\u00e4in ty\u00f6tt\u00f6myyskassa sai sadat tuhannet t\u00e4rkeiden yhteiskunnallisten asioiden \u00e4\u00e4relle \/ Case KOKO-kassa\"}]},{\"@type\":\"WebSite\",\"@id\":\"https:\/\/www.almamedia.fi\/mainostajat\/#website\",\"url\":\"https:\/\/www.almamedia.fi\/mainostajat\/\",\"name\":\"Alma Media - mainostajat\",\"description\":\"\",\"publisher\":{\"@id\":\"https:\/\/www.almamedia.fi\/mainostajat\/#organization\"},\"potentialAction\":[{\"@type\":\"SearchAction\",\"target\":{\"@type\":\"EntryPoint\",\"urlTemplate\":\"https:\/\/www.almamedia.fi\/mainostajat\/?s={search_term_string}\"},\"query-input\":{\"@type\":\"PropertyValueSpecification\",\"valueRequired\":true,\"valueName\":\"search_term_string\"}}],\"inLanguage\":\"fi\"},{\"@type\":\"Organization\",\"@id\":\"https:\/\/www.almamedia.fi\/mainostajat\/#organization\",\"name\":\"Alma Media - mainostajat\",\"url\":\"https:\/\/www.almamedia.fi\/mainostajat\/\",\"logo\":{\"@type\":\"ImageObject\",\"inLanguage\":\"fi\",\"@id\":\"https:\/\/www.almamedia.fi\/mainostajat\/#\/schema\/logo\/image\/\",\"url\":\"https:\/\/www.almamedia.fi\/mainostajat\/wp-content\/uploads\/sites\/6\/alma-media-logo-valkoinen.svg\",\"contentUrl\":\"https:\/\/www.almamedia.fi\/mainostajat\/wp-content\/uploads\/sites\/6\/alma-media-logo-valkoinen.svg\",\"width\":49,\"height\":50,\"caption\":\"Alma Media - mainostajat\"},\"image\":{\"@id\":\"https:\/\/www.almamedia.fi\/mainostajat\/#\/schema\/logo\/image\/\"}}]}<\/script>\n<!-- \/ Yoast SEO plugin. -->","yoast_head_json":{"title":"\u00c4\u00e4ni kuuluviin sis\u00e4lt\u00f6markkinoinnilla \u2013 N\u00e4in ty\u00f6tt\u00f6myyskassa sai sadat tuhannet t\u00e4rkeiden yhteiskunnallisten asioiden \u00e4\u00e4relle \/ Case KOKO-kassa - Alma Media - mainostajat","robots":{"index":"index","follow":"follow","max-snippet":"max-snippet:-1","max-image-preview":"max-image-preview:large","max-video-preview":"max-video-preview:-1"},"canonical":"https:\/\/www.almamedia.fi\/mainostajat\/caset\/aani-kuuluviin-sisaltomarkkinoinnilla-nain-tyottomyyskassa-sai-sadat-tuhannet-tarkeiden-yhteiskunnallisten-asioiden-aarelle-case-koko-kassa\/","og_locale":"fi_FI","og_type":"article","og_title":"\u00c4\u00e4ni kuuluviin sis\u00e4lt\u00f6markkinoinnilla \u2013 N\u00e4in ty\u00f6tt\u00f6myyskassa sai sadat tuhannet t\u00e4rkeiden yhteiskunnallisten asioiden \u00e4\u00e4relle \/ Case KOKO-kassa - Alma Media - mainostajat","og_description":"\u00c4\u00e4ni kuuluviin sis\u00e4lt\u00f6markkinoinnilla \u2013 N\u00e4in ty\u00f6tt\u00f6myyskassa sai sadat tuhannet t\u00e4rkeiden yhteiskunnallisten asioiden \u00e4\u00e4relle \/ Case [&hellip;]","og_url":"https:\/\/www.almamedia.fi\/mainostajat\/caset\/aani-kuuluviin-sisaltomarkkinoinnilla-nain-tyottomyyskassa-sai-sadat-tuhannet-tarkeiden-yhteiskunnallisten-asioiden-aarelle-case-koko-kassa\/","og_site_name":"Alma Media - mainostajat","article_modified_time":"2025-06-30T13:04:57+00:00","og_image":[{"width":921,"height":458,"url":"https:\/\/www.almamedia.fi\/mainostajat\/wp-content\/uploads\/sites\/6\/23dd50425fbc02e17ed23713e14f96ad3ab3ea76a345f47c03c5481f9d4cf74f-e1723709663629.jpg","type":"image\/jpeg"}],"twitter_card":"summary_large_image","twitter_misc":{"Arvioitu lukuaika":"5 minuuttia"},"schema":{"@context":"https:\/\/schema.org","@graph":[{"@type":"WebPage","@id":"https:\/\/www.almamedia.fi\/mainostajat\/caset\/aani-kuuluviin-sisaltomarkkinoinnilla-nain-tyottomyyskassa-sai-sadat-tuhannet-tarkeiden-yhteiskunnallisten-asioiden-aarelle-case-koko-kassa\/","url":"https:\/\/www.almamedia.fi\/mainostajat\/caset\/aani-kuuluviin-sisaltomarkkinoinnilla-nain-tyottomyyskassa-sai-sadat-tuhannet-tarkeiden-yhteiskunnallisten-asioiden-aarelle-case-koko-kassa\/","name":"\u00c4\u00e4ni kuuluviin sis\u00e4lt\u00f6markkinoinnilla \u2013 N\u00e4in ty\u00f6tt\u00f6myyskassa sai sadat tuhannet t\u00e4rkeiden yhteiskunnallisten asioiden \u00e4\u00e4relle \/ Case KOKO-kassa - Alma Media - mainostajat","isPartOf":{"@id":"https:\/\/www.almamedia.fi\/mainostajat\/#website"},"primaryImageOfPage":{"@id":"https:\/\/www.almamedia.fi\/mainostajat\/caset\/aani-kuuluviin-sisaltomarkkinoinnilla-nain-tyottomyyskassa-sai-sadat-tuhannet-tarkeiden-yhteiskunnallisten-asioiden-aarelle-case-koko-kassa\/#primaryimage"},"image":{"@id":"https:\/\/www.almamedia.fi\/mainostajat\/caset\/aani-kuuluviin-sisaltomarkkinoinnilla-nain-tyottomyyskassa-sai-sadat-tuhannet-tarkeiden-yhteiskunnallisten-asioiden-aarelle-case-koko-kassa\/#primaryimage"},"thumbnailUrl":"https:\/\/www.almamedia.fi\/mainostajat\/wp-content\/uploads\/sites\/6\/23dd50425fbc02e17ed23713e14f96ad3ab3ea76a345f47c03c5481f9d4cf74f-e1723709663629.jpg","datePublished":"2024-08-14T21:00:00+00:00","dateModified":"2025-06-30T13:04:57+00:00","breadcrumb":{"@id":"https:\/\/www.almamedia.fi\/mainostajat\/caset\/aani-kuuluviin-sisaltomarkkinoinnilla-nain-tyottomyyskassa-sai-sadat-tuhannet-tarkeiden-yhteiskunnallisten-asioiden-aarelle-case-koko-kassa\/#breadcrumb"},"inLanguage":"fi","potentialAction":[{"@type":"ReadAction","target":["https:\/\/www.almamedia.fi\/mainostajat\/caset\/aani-kuuluviin-sisaltomarkkinoinnilla-nain-tyottomyyskassa-sai-sadat-tuhannet-tarkeiden-yhteiskunnallisten-asioiden-aarelle-case-koko-kassa\/"]}]},{"@type":"ImageObject","inLanguage":"fi","@id":"https:\/\/www.almamedia.fi\/mainostajat\/caset\/aani-kuuluviin-sisaltomarkkinoinnilla-nain-tyottomyyskassa-sai-sadat-tuhannet-tarkeiden-yhteiskunnallisten-asioiden-aarelle-case-koko-kassa\/#primaryimage","url":"https:\/\/www.almamedia.fi\/mainostajat\/wp-content\/uploads\/sites\/6\/23dd50425fbc02e17ed23713e14f96ad3ab3ea76a345f47c03c5481f9d4cf74f-e1723709663629.jpg","contentUrl":"https:\/\/www.almamedia.fi\/mainostajat\/wp-content\/uploads\/sites\/6\/23dd50425fbc02e17ed23713e14f96ad3ab3ea76a345f47c03c5481f9d4cf74f-e1723709663629.jpg","width":921,"height":458,"caption":"|||||||"},{"@type":"BreadcrumbList","@id":"https:\/\/www.almamedia.fi\/mainostajat\/caset\/aani-kuuluviin-sisaltomarkkinoinnilla-nain-tyottomyyskassa-sai-sadat-tuhannet-tarkeiden-yhteiskunnallisten-asioiden-aarelle-case-koko-kassa\/#breadcrumb","itemListElement":[{"@type":"ListItem","position":1,"name":"Etusivu","item":"https:\/\/www.almamedia.fi\/mainostajat\/"},{"@type":"ListItem","position":2,"name":"\u00c4\u00e4ni kuuluviin sis\u00e4lt\u00f6markkinoinnilla \u2013 N\u00e4in ty\u00f6tt\u00f6myyskassa sai sadat tuhannet t\u00e4rkeiden yhteiskunnallisten asioiden \u00e4\u00e4relle \/ Case KOKO-kassa"}]},{"@type":"WebSite","@id":"https:\/\/www.almamedia.fi\/mainostajat\/#website","url":"https:\/\/www.almamedia.fi\/mainostajat\/","name":"Alma Media - mainostajat","description":"","publisher":{"@id":"https:\/\/www.almamedia.fi\/mainostajat\/#organization"},"potentialAction":[{"@type":"SearchAction","target":{"@type":"EntryPoint","urlTemplate":"https:\/\/www.almamedia.fi\/mainostajat\/?s={search_term_string}"},"query-input":{"@type":"PropertyValueSpecification","valueRequired":true,"valueName":"search_term_string"}}],"inLanguage":"fi"},{"@type":"Organization","@id":"https:\/\/www.almamedia.fi\/mainostajat\/#organization","name":"Alma Media - mainostajat","url":"https:\/\/www.almamedia.fi\/mainostajat\/","logo":{"@type":"ImageObject","inLanguage":"fi","@id":"https:\/\/www.almamedia.fi\/mainostajat\/#\/schema\/logo\/image\/","url":"https:\/\/www.almamedia.fi\/mainostajat\/wp-content\/uploads\/sites\/6\/alma-media-logo-valkoinen.svg","contentUrl":"https:\/\/www.almamedia.fi\/mainostajat\/wp-content\/uploads\/sites\/6\/alma-media-logo-valkoinen.svg","width":49,"height":50,"caption":"Alma Media - mainostajat"},"image":{"@id":"https:\/\/www.almamedia.fi\/mainostajat\/#\/schema\/logo\/image\/"}}]}},"_links":{"self":[{"href":"https:\/\/www.almamedia.fi\/mainostajat\/wp-json\/wp\/v2\/caset\/86533","targetHints":{"allow":["GET"]}}],"collection":[{"href":"https:\/\/www.almamedia.fi\/mainostajat\/wp-json\/wp\/v2\/caset"}],"about":[{"href":"https:\/\/www.almamedia.fi\/mainostajat\/wp-json\/wp\/v2\/types\/caset"}],"wp:featuredmedia":[{"embeddable":true,"href":"https:\/\/www.almamedia.fi\/mainostajat\/wp-json\/wp\/v2\/media\/86537"}],"wp:attachment":[{"href":"https:\/\/www.almamedia.fi\/mainostajat\/wp-json\/wp\/v2\/media?parent=86533"}],"wp:term":[{"taxonomy":"casekategoriat","embeddable":true,"href":"https:\/\/www.almamedia.fi\/mainostajat\/wp-json\/wp\/v2\/casekategoriat?post=86533"}],"curies":[{"name":"wp","href":"https:\/\/api.w.org\/{rel}","templated":true}]}}