{"id":86518,"date":"2023-10-20T00:00:00","date_gmt":"2023-10-19T21:00:00","guid":{"rendered":"https:\/\/www.almamedia.fi\/mainostajat\/caset\/tunnettu-vaikuttaja-teki-kierrattamisesta-tutumpaa-case-kiertokaari\/"},"modified":"2025-06-16T13:10:19","modified_gmt":"2025-06-16T10:10:19","slug":"tunnettu-vaikuttaja-teki-kierrattamisesta-tutumpaa-case-kiertokaari","status":"publish","type":"caset","link":"https:\/\/www.almamedia.fi\/mainostajat\/caset\/tunnettu-vaikuttaja-teki-kierrattamisesta-tutumpaa-case-kiertokaari\/","title":{"rendered":"Tunnettu vaikuttaja teki kierr\u00e4tt\u00e4misest\u00e4 tutumpaa \/ Case Kiertokaari"},"content":{"rendered":"\n<h1 class=\"wp-block-heading\">Tunnettu vaikuttaja teki kierr\u00e4tt\u00e4misest\u00e4 tutumpaa \/ Case Kiertokaari<\/h1>\n\n\n\n<p class=\"intro\">Kun nelj\u00e4 j\u00e4teyhti\u00f6t\u00e4 ja tunnettu some-vaikuttaja l\u00f6iv\u00e4t hynttyyt yhteen, syntyi sis\u00e4lt\u00f6markkinoinnin kampanja ruuhkavuosiaan el\u00e4ville pohjoissuomalaisille perheille arjen avuksi. Lue lis\u00e4\u00e4, millainen vaikuttajayhteisty\u00f6st\u00e4 tuli.<\/p>\n\n\n\n<h2 class=\"wp-block-heading\">K\u00e4yt\u00e4nn\u00f6nl\u00e4heisyys ja arkisuus olivat kampanjan ydin<\/h2>\n\n\n\n<p>Kierr\u00e4tyksen toteuttaminen arjen kiireess\u00e4 on v\u00e4lill\u00e4 haasteellista \u2013 varsinkin lapsiperheess\u00e4. Nelj\u00e4 pohjoissuomalaista j\u00e4teyhti\u00f6t\u00e4 <strong>J\u00e4tekeskus J\u00e4k\u00e4l\u00e4<\/strong>, <strong>Kiertokaari Oy<\/strong>, <strong>Lapin J\u00e4tehuolto kuntayhtym\u00e4 Lapeco <\/strong>ja <strong>Napapiirin Residuum Oy<\/strong> toteuttivat alueellisen sis\u00e4lt\u00f6markkinointikampanjan, joka toi kierr\u00e4tyst\u00e4 ja sen merkityst\u00e4 l\u00e4hemm\u00e4ksi tavallisten suomalaisten perheiden arkea.<\/p>\n\n\n\n<p><strong>Sis\u00e4lt\u00f6markkinointikampanjan <\/strong>tavoitteena oli kierr\u00e4tyksen inhimillist\u00e4minen ajatuksella \u201djokainen voi tehd\u00e4 jotain\u201d. Kampanjalla haluttiin korostaa lajittelun helppoutta ja kannustaa j\u00e4tteiden lajitteluun helposti l\u00e4hestytt\u00e4v\u00e4ll\u00e4 sis\u00e4ll\u00f6ll\u00e4. Haluttiin sel\u00e4tt\u00e4\u00e4 arjen kaaosta, antaa vinkkej\u00e4 ja ideoita kierr\u00e4tyksest\u00e4 sek\u00e4 kertoa k\u00e4yt\u00e4nn\u00f6nl\u00e4heisesti lajittelusta, kompostinhoidosta ja kustannuksia s\u00e4\u00e4st\u00e4v\u00e4st\u00e4 \u201dbiokimpasta\u201d.<\/p>\n\n\n\n<p>Kampanjan avulla haluttiin kertoa pienest\u00e4 asiasta, jolla on iso merkitys. P\u00e4\u00e4viestin\u00e4 oli: <em>Tee yksi pieni teko &#8211; sekin riitt\u00e4\u00e4<\/em>. Bioj\u00e4tteen lajittelu on ajankohtainen asia, sill\u00e4 bioj\u00e4tteen lajitteluun tulee tiukennuksia t\u00e4n\u00e4 ja ensi vuonna.<br><br>Kohderyhm\u00e4n\u00e4 olivat ruuhkavuosia el\u00e4v\u00e4t perheelliset, noin 30\u201355-vuotiaat.<\/p>\n\n\n\n<h2 class=\"wp-block-heading\">Vaikuttajayhteisty\u00f6 on tehokas markkinointikeino, kun halutaan puhutella tietty\u00e4 yleis\u00f6\u00e4<\/h2>\n\n\n<div class=\"wp-block-image\">\n<figure class=\"alignright size-full\"><img decoding=\"async\" src=\"https:\/\/www.almamedia.fi\/mainostajat\/wp-content\/uploads\/sites\/6\/case_kiertokaari2-min.jpg\" alt=\"Sis\u00e4lt\u00f6markkinointikampanja toteutettiin vaikuttajayhteisty\u00f6n\u00e4 Inari Fern\u00e1ndezin kanssa.\" class=\"wp-image-5198\"\/><figcaption class=\"wp-element-caption\">Sis\u00e4lt\u00f6markkinointikampanja toteutettiin vaikuttajayhteisty\u00f6n\u00e4 Inari Fern\u00e1ndezin kanssa.<\/figcaption><\/figure>\n<\/div>\n\n\n<p>Asiakkaalla oli hyvi\u00e4 kokemuksia <strong>vaikuttajamarkkinoinnista<\/strong> ja sit\u00e4 haluttiin hy\u00f6dynt\u00e4\u00e4 my\u00f6s t\u00e4ss\u00e4 kampanjassa. Ja <a href=\"https:\/\/www.almamedia.fi\/yrityksille\/palvelut\/sisaltomarkkinointi\/\"><strong>sis\u00e4lt\u00f6markkinoinnin<\/strong> <\/a>avulla voi tavoittaa kohderyhm\u00e4n sellaisissa kanavissa, joita he itse k\u00e4ytt\u00e4v\u00e4t.<\/p>\n\n\n\n<p>Ratkaisuksi valittiin <strong><a href=\"https:\/\/www.almamedia.fi\/yrityksille\/palvelut\/sisaltomarkkinointi\/sisaltomarkkinointiartikkelit\/\">sis\u00e4lt\u00f6markkinointi Iltalehdess\u00e4<\/a>,<\/strong> ja kampanja toteutettiin yhteisty\u00f6ss\u00e4 alueellisen vaikuttajan <strong>Inari Fern\u00e1ndezin<\/strong> kanssa. Inari Fern\u00e1ndez on \u00c4idin puheenvuoro -somekanavista tuttu yritt\u00e4j\u00e4 ja kirjailija.<\/p>\n\n\n\n<p>Kampanja kohdennettiin alueellisesti nelj\u00e4n eri j\u00e4tetoimijan vaikutusalueelle Oulun seudulle, Meri-Lappiin, Rovaniemelle ja Lapecon alueelle. Kampanja toteutettiin kev\u00e4\u00e4ll\u00e4 2023. Kev\u00e4t on j\u00e4tehuollon sesonkiaikaa, jolloin ihmiset siivoilevat innokkaasti kaappejaan ja pihojaan ja kiinnostuvat ehk\u00e4 helpommin lajitteluun liittyv\u00e4st\u00e4 sis\u00e4ll\u00f6st\u00e4.<\/p>\n\n\n\n<p>Kampanjan ideoinnista ja <strong>sis\u00e4lt\u00f6markkinointiartikkelien <\/strong>tuotannosta sek\u00e4 <strong>vaikuttajayhteisty\u00f6n <\/strong>koordinoinnista vastasi <strong><a href=\"https:\/\/brandstudio.fi\/\" target=\"_blank\" rel=\"noreferrer noopener\">Alma Brand Studio<\/a><\/strong>.<\/p>\n\n\n\n<h3 class=\"wp-block-heading\">Alma Brand Studio auttaa vaikuttajayhteisty\u00f6n l\u00f6ytymisess\u00e4<\/h3>\n\n\n\n<p>Alma Brand Studion kautta on mahdollisuus saada helposti ja vaivattomasti vaikuttaja mukaan kaupalliseen yhteisty\u00f6h\u00f6n\u200b. Yhdist\u00e4m\u00e4ll\u00e4 Iltalehden sis\u00e4lt\u00f6 vaikuttajan sis\u00e4ll\u00f6n kanssa tavoitetaan haluttu yleis\u00f6 entist\u00e4 tehokkaammin ja kohdennetummin. Kierr\u00e4tyskampanja oli hyv\u00e4 osoitus siit\u00e4, miten sis\u00e4lt\u00f6markkinoinnin keinoin saadaan tehty\u00e4 <strong>monenlaisista aiheista helposti l\u00e4hestytt\u00e4vi\u00e4<\/strong>.<\/p>\n\n\n\n<h2 class=\"wp-block-heading\">Tutustu kampanjan artikkeleihin ja muihin n\u00e4kyvyyksiin<\/h2>\n\n\n\n<p>Alma Brand Studio tuotti kampanjaan kaksi <strong>natiiviartikkelia<\/strong>, jotka kannustivat lukijoita kierr\u00e4tt\u00e4m\u00e4\u00e4n bioj\u00e4tteens\u00e4. Ensimm\u00e4isess\u00e4 artikkelissa lis\u00e4ttiin tietoisuutta aiheesta k\u00e4yt\u00e4nn\u00f6n vinkkien kautta. Toisessa artikkelissa tuotiin aiheeseen henkil\u00f6kohtainen n\u00e4k\u00f6kulma. Sodankyl\u00e4ss\u00e4 asuva Inari Fern\u00e1ndez n\u00e4ytti omalla esimerkill\u00e4\u00e4n, kuinka j\u00e4tteiden lajittelu ja kompostointi on luonnollinen osa lapsiperhearkea.<\/p>\n\n\n\n<div class=\"wp-block-columns is-layout-flex wp-container-core-columns-is-layout-9d6595d7 wp-block-columns-is-layout-flex\">\n<div class=\"wp-block-column is-layout-flow wp-block-column-is-layout-flow\">\n<div class=\"wp-block-columns is-layout-flex wp-container-core-columns-is-layout-9d6595d7 wp-block-columns-is-layout-flex\">\n<div class=\"wp-block-column is-layout-flow wp-block-column-is-layout-flow\">\n<figure class=\"wp-block-image size-full is-resized\"><img decoding=\"async\" src=\"https:\/\/www.almamedia.fi\/mainostajat\/wp-content\/uploads\/sites\/6\/case_kiertokaari-natiiviartikkeli1-min.jpg\" alt=\"\" class=\"wp-image-5205\" style=\"width:298px;height:422px\"\/><\/figure>\n\n\n\n<p><strong>Kampanjan ensimm\u00e4inen artikkeli: <\/strong>Tiesitk\u00f6, ett\u00e4 Pohjois-Suomessa bioj\u00e4tteet saa laittaa muovipussiin? Biokimppa tekee kierr\u00e4tyksest\u00e4 helpompaa<\/p>\n\n\n\n<p><a href=\"https:\/\/www.iltalehti.fi\/asumisartikkelit\/a\/0b9eb685-6e48-4d72-90c8-9831e9514991\" target=\"_blank\" rel=\"noreferrer noopener\">Tutustu artikkeliin &gt;<\/a><\/p>\n<\/div>\n\n\n\n<div class=\"wp-block-column is-layout-flow wp-block-column-is-layout-flow\">\n<figure class=\"wp-block-image size-full is-resized\"><img decoding=\"async\" src=\"https:\/\/www.almamedia.fi\/mainostajat\/wp-content\/uploads\/sites\/6\/case_kiertokaari-natiiviartikkeli2-min.jpg\" alt=\"\" class=\"wp-image-5206\" style=\"width:299px;height:435px\"\/><\/figure>\n\n\n\n<p><strong>Kampanjan toinen artikkeli: <\/strong>Muutto Sodankyl\u00e4\u00e4n oli iso el\u00e4m\u00e4nmuutos \u2013 oma kompostori on yksi uusista ilonaiheista: \u201dSiin\u00e4 n\u00e4kyy luonnon kiertokulku\u201d<\/p>\n\n\n\n<p><a href=\"https:\/\/www.iltalehti.fi\/perheartikkelit\/a\/a7de1533-5c7b-4414-9684-3f4ab998d607\" target=\"_blank\" rel=\"noreferrer noopener\">Tutustu artikkeliin &gt;<\/a><\/p>\n<\/div>\n<\/div>\n<\/div>\n<\/div>\n\n\n\n<p><strong>N\u00e4kyvyytt\u00e4 tuettiin my\u00f6s Instagram-postauksilla ja -storeilla.<\/strong> Vaikuttaja Fern\u00e1ndezin verkosto toi hyv\u00e4n lis\u00e4n kampanjan kokonaistavoittavuuteen. Tutustu postauksiin <a href=\"https:\/\/www.instagram.com\/p\/CsZWnlHK36Y\/?hl=fi\" target=\"_blank\" rel=\"noreferrer noopener\">Inari Fern\u00e1ndezin Instagram-profiilissa &gt;<\/a><strong> <\/strong><\/p>\n\n\n\n\n\n\n\n<div style=\"height:40px\" aria-hidden=\"true\" class=\"wp-block-spacer\"><\/div>\n\n\n\n<h2 class=\"wp-block-heading has-text-align-center\">Haluatko sin\u00e4kin tehd\u00e4 vaikuttajayhteisty\u00f6n?<\/h2>\n\n\n\n<p class=\"has-text-align-center\"><strong>Onko sinullakin tarina kerrottavana? <\/strong><br>Haluaisitko hy\u00f6dynt\u00e4\u00e4 tunnettua vaikuttajaa, mutta et viel\u00e4 tied\u00e4, kuka olisi sopiva? Me l\u00f6yd\u00e4mme kampanjallesi sopivan vaikuttajan, ota yhteytt\u00e4 niin ideoidaan yhdess\u00e4!<\/p>\n\n\n\n<div class=\"wp-block-buttons is-content-justification-center is-layout-flex wp-container-core-buttons-is-layout-16018d1d wp-block-buttons-is-layout-flex\">\n<div class=\"wp-block-button\"><a class=\"wp-block-button__link wp-element-button\" href=\"https:\/\/www.almamedia.fi\/yrityksille\/pyyda-tarjous\/\">Ota yhteytt\u00e4 niin aloitetaan!<\/a><\/div>\n<\/div>\n\n\n\n<p><\/p>\n","protected":false},"excerpt":{"rendered":"<p>Tunnettu vaikuttaja teki kierr\u00e4tt\u00e4misest\u00e4 tutumpaa \/ Case Kiertokaari Kun nelj\u00e4 j\u00e4teyhti\u00f6t\u00e4 ja tunnettu some-vaikuttaja l\u00f6iv\u00e4t [&hellip;]<\/p>\n","protected":false},"featured_media":90527,"template":"","casekategoriat":[172],"class_list":["post-86518","caset","type-caset","status-publish","has-post-thumbnail","hentry","casekategoriat-sisaltomarkkinointi"],"acf":[],"yoast_head":"<!-- This site is optimized with the Yoast SEO plugin v26.9 - https:\/\/yoast.com\/product\/yoast-seo-wordpress\/ -->\n<title>Tunnettu vaikuttaja teki kierr\u00e4tt\u00e4misest\u00e4 tutumpaa \/ Case Kiertokaari - Alma Media - mainostajat<\/title>\n<meta name=\"robots\" content=\"index, follow, max-snippet:-1, max-image-preview:large, max-video-preview:-1\" \/>\n<link rel=\"canonical\" href=\"https:\/\/www.almamedia.fi\/mainostajat\/caset\/tunnettu-vaikuttaja-teki-kierrattamisesta-tutumpaa-case-kiertokaari\/\" \/>\n<meta property=\"og:locale\" content=\"fi_FI\" \/>\n<meta property=\"og:type\" content=\"article\" \/>\n<meta property=\"og:title\" content=\"Tunnettu vaikuttaja teki kierr\u00e4tt\u00e4misest\u00e4 tutumpaa \/ Case Kiertokaari - Alma Media - mainostajat\" \/>\n<meta property=\"og:description\" content=\"Tunnettu vaikuttaja teki kierr\u00e4tt\u00e4misest\u00e4 tutumpaa \/ Case Kiertokaari Kun nelj\u00e4 j\u00e4teyhti\u00f6t\u00e4 ja tunnettu some-vaikuttaja l\u00f6iv\u00e4t [&hellip;]\" \/>\n<meta property=\"og:url\" content=\"https:\/\/www.almamedia.fi\/mainostajat\/caset\/tunnettu-vaikuttaja-teki-kierrattamisesta-tutumpaa-case-kiertokaari\/\" \/>\n<meta property=\"og:site_name\" content=\"Alma Media - mainostajat\" \/>\n<meta property=\"article:modified_time\" content=\"2025-06-16T10:10:19+00:00\" \/>\n<meta property=\"og:image\" content=\"https:\/\/www.almamedia.fi\/mainostajat\/wp-content\/uploads\/sites\/6\/case_kiertokaari-min1.jpg\" \/>\n\t<meta property=\"og:image:width\" content=\"920\" \/>\n\t<meta property=\"og:image:height\" content=\"613\" \/>\n\t<meta property=\"og:image:type\" content=\"image\/jpeg\" \/>\n<meta name=\"twitter:card\" content=\"summary_large_image\" \/>\n<meta name=\"twitter:label1\" content=\"Arvioitu lukuaika\" \/>\n\t<meta name=\"twitter:data1\" content=\"4 minuuttia\" \/>\n<script type=\"application\/ld+json\" class=\"yoast-schema-graph\">{\"@context\":\"https:\/\/schema.org\",\"@graph\":[{\"@type\":\"WebPage\",\"@id\":\"https:\/\/www.almamedia.fi\/mainostajat\/caset\/tunnettu-vaikuttaja-teki-kierrattamisesta-tutumpaa-case-kiertokaari\/\",\"url\":\"https:\/\/www.almamedia.fi\/mainostajat\/caset\/tunnettu-vaikuttaja-teki-kierrattamisesta-tutumpaa-case-kiertokaari\/\",\"name\":\"Tunnettu vaikuttaja teki kierr\u00e4tt\u00e4misest\u00e4 tutumpaa \/ Case Kiertokaari - Alma Media - mainostajat\",\"isPartOf\":{\"@id\":\"https:\/\/www.almamedia.fi\/mainostajat\/#website\"},\"primaryImageOfPage\":{\"@id\":\"https:\/\/www.almamedia.fi\/mainostajat\/caset\/tunnettu-vaikuttaja-teki-kierrattamisesta-tutumpaa-case-kiertokaari\/#primaryimage\"},\"image\":{\"@id\":\"https:\/\/www.almamedia.fi\/mainostajat\/caset\/tunnettu-vaikuttaja-teki-kierrattamisesta-tutumpaa-case-kiertokaari\/#primaryimage\"},\"thumbnailUrl\":\"https:\/\/www.almamedia.fi\/mainostajat\/wp-content\/uploads\/sites\/6\/case_kiertokaari-min1.jpg\",\"datePublished\":\"2023-10-19T21:00:00+00:00\",\"dateModified\":\"2025-06-16T10:10:19+00:00\",\"breadcrumb\":{\"@id\":\"https:\/\/www.almamedia.fi\/mainostajat\/caset\/tunnettu-vaikuttaja-teki-kierrattamisesta-tutumpaa-case-kiertokaari\/#breadcrumb\"},\"inLanguage\":\"fi\",\"potentialAction\":[{\"@type\":\"ReadAction\",\"target\":[\"https:\/\/www.almamedia.fi\/mainostajat\/caset\/tunnettu-vaikuttaja-teki-kierrattamisesta-tutumpaa-case-kiertokaari\/\"]}]},{\"@type\":\"ImageObject\",\"inLanguage\":\"fi\",\"@id\":\"https:\/\/www.almamedia.fi\/mainostajat\/caset\/tunnettu-vaikuttaja-teki-kierrattamisesta-tutumpaa-case-kiertokaari\/#primaryimage\",\"url\":\"https:\/\/www.almamedia.fi\/mainostajat\/wp-content\/uploads\/sites\/6\/case_kiertokaari-min1.jpg\",\"contentUrl\":\"https:\/\/www.almamedia.fi\/mainostajat\/wp-content\/uploads\/sites\/6\/case_kiertokaari-min1.jpg\",\"width\":920,\"height\":613},{\"@type\":\"BreadcrumbList\",\"@id\":\"https:\/\/www.almamedia.fi\/mainostajat\/caset\/tunnettu-vaikuttaja-teki-kierrattamisesta-tutumpaa-case-kiertokaari\/#breadcrumb\",\"itemListElement\":[{\"@type\":\"ListItem\",\"position\":1,\"name\":\"Etusivu\",\"item\":\"https:\/\/www.almamedia.fi\/mainostajat\/\"},{\"@type\":\"ListItem\",\"position\":2,\"name\":\"Tunnettu vaikuttaja teki kierr\u00e4tt\u00e4misest\u00e4 tutumpaa \/ Case Kiertokaari\"}]},{\"@type\":\"WebSite\",\"@id\":\"https:\/\/www.almamedia.fi\/mainostajat\/#website\",\"url\":\"https:\/\/www.almamedia.fi\/mainostajat\/\",\"name\":\"Alma Media - mainostajat\",\"description\":\"\",\"publisher\":{\"@id\":\"https:\/\/www.almamedia.fi\/mainostajat\/#organization\"},\"potentialAction\":[{\"@type\":\"SearchAction\",\"target\":{\"@type\":\"EntryPoint\",\"urlTemplate\":\"https:\/\/www.almamedia.fi\/mainostajat\/?s={search_term_string}\"},\"query-input\":{\"@type\":\"PropertyValueSpecification\",\"valueRequired\":true,\"valueName\":\"search_term_string\"}}],\"inLanguage\":\"fi\"},{\"@type\":\"Organization\",\"@id\":\"https:\/\/www.almamedia.fi\/mainostajat\/#organization\",\"name\":\"Alma Media - mainostajat\",\"url\":\"https:\/\/www.almamedia.fi\/mainostajat\/\",\"logo\":{\"@type\":\"ImageObject\",\"inLanguage\":\"fi\",\"@id\":\"https:\/\/www.almamedia.fi\/mainostajat\/#\/schema\/logo\/image\/\",\"url\":\"https:\/\/www.almamedia.fi\/mainostajat\/wp-content\/uploads\/sites\/6\/alma-media-logo-valkoinen.svg\",\"contentUrl\":\"https:\/\/www.almamedia.fi\/mainostajat\/wp-content\/uploads\/sites\/6\/alma-media-logo-valkoinen.svg\",\"width\":49,\"height\":50,\"caption\":\"Alma Media - mainostajat\"},\"image\":{\"@id\":\"https:\/\/www.almamedia.fi\/mainostajat\/#\/schema\/logo\/image\/\"}}]}<\/script>\n<!-- \/ Yoast SEO plugin. -->","yoast_head_json":{"title":"Tunnettu vaikuttaja teki kierr\u00e4tt\u00e4misest\u00e4 tutumpaa \/ Case Kiertokaari - Alma Media - mainostajat","robots":{"index":"index","follow":"follow","max-snippet":"max-snippet:-1","max-image-preview":"max-image-preview:large","max-video-preview":"max-video-preview:-1"},"canonical":"https:\/\/www.almamedia.fi\/mainostajat\/caset\/tunnettu-vaikuttaja-teki-kierrattamisesta-tutumpaa-case-kiertokaari\/","og_locale":"fi_FI","og_type":"article","og_title":"Tunnettu vaikuttaja teki kierr\u00e4tt\u00e4misest\u00e4 tutumpaa \/ Case Kiertokaari - Alma Media - mainostajat","og_description":"Tunnettu vaikuttaja teki kierr\u00e4tt\u00e4misest\u00e4 tutumpaa \/ Case Kiertokaari Kun nelj\u00e4 j\u00e4teyhti\u00f6t\u00e4 ja tunnettu some-vaikuttaja l\u00f6iv\u00e4t [&hellip;]","og_url":"https:\/\/www.almamedia.fi\/mainostajat\/caset\/tunnettu-vaikuttaja-teki-kierrattamisesta-tutumpaa-case-kiertokaari\/","og_site_name":"Alma Media - mainostajat","article_modified_time":"2025-06-16T10:10:19+00:00","og_image":[{"width":920,"height":613,"url":"https:\/\/www.almamedia.fi\/mainostajat\/wp-content\/uploads\/sites\/6\/case_kiertokaari-min1.jpg","type":"image\/jpeg"}],"twitter_card":"summary_large_image","twitter_misc":{"Arvioitu lukuaika":"4 minuuttia"},"schema":{"@context":"https:\/\/schema.org","@graph":[{"@type":"WebPage","@id":"https:\/\/www.almamedia.fi\/mainostajat\/caset\/tunnettu-vaikuttaja-teki-kierrattamisesta-tutumpaa-case-kiertokaari\/","url":"https:\/\/www.almamedia.fi\/mainostajat\/caset\/tunnettu-vaikuttaja-teki-kierrattamisesta-tutumpaa-case-kiertokaari\/","name":"Tunnettu vaikuttaja teki kierr\u00e4tt\u00e4misest\u00e4 tutumpaa \/ Case Kiertokaari - Alma Media - mainostajat","isPartOf":{"@id":"https:\/\/www.almamedia.fi\/mainostajat\/#website"},"primaryImageOfPage":{"@id":"https:\/\/www.almamedia.fi\/mainostajat\/caset\/tunnettu-vaikuttaja-teki-kierrattamisesta-tutumpaa-case-kiertokaari\/#primaryimage"},"image":{"@id":"https:\/\/www.almamedia.fi\/mainostajat\/caset\/tunnettu-vaikuttaja-teki-kierrattamisesta-tutumpaa-case-kiertokaari\/#primaryimage"},"thumbnailUrl":"https:\/\/www.almamedia.fi\/mainostajat\/wp-content\/uploads\/sites\/6\/case_kiertokaari-min1.jpg","datePublished":"2023-10-19T21:00:00+00:00","dateModified":"2025-06-16T10:10:19+00:00","breadcrumb":{"@id":"https:\/\/www.almamedia.fi\/mainostajat\/caset\/tunnettu-vaikuttaja-teki-kierrattamisesta-tutumpaa-case-kiertokaari\/#breadcrumb"},"inLanguage":"fi","potentialAction":[{"@type":"ReadAction","target":["https:\/\/www.almamedia.fi\/mainostajat\/caset\/tunnettu-vaikuttaja-teki-kierrattamisesta-tutumpaa-case-kiertokaari\/"]}]},{"@type":"ImageObject","inLanguage":"fi","@id":"https:\/\/www.almamedia.fi\/mainostajat\/caset\/tunnettu-vaikuttaja-teki-kierrattamisesta-tutumpaa-case-kiertokaari\/#primaryimage","url":"https:\/\/www.almamedia.fi\/mainostajat\/wp-content\/uploads\/sites\/6\/case_kiertokaari-min1.jpg","contentUrl":"https:\/\/www.almamedia.fi\/mainostajat\/wp-content\/uploads\/sites\/6\/case_kiertokaari-min1.jpg","width":920,"height":613},{"@type":"BreadcrumbList","@id":"https:\/\/www.almamedia.fi\/mainostajat\/caset\/tunnettu-vaikuttaja-teki-kierrattamisesta-tutumpaa-case-kiertokaari\/#breadcrumb","itemListElement":[{"@type":"ListItem","position":1,"name":"Etusivu","item":"https:\/\/www.almamedia.fi\/mainostajat\/"},{"@type":"ListItem","position":2,"name":"Tunnettu vaikuttaja teki kierr\u00e4tt\u00e4misest\u00e4 tutumpaa \/ Case Kiertokaari"}]},{"@type":"WebSite","@id":"https:\/\/www.almamedia.fi\/mainostajat\/#website","url":"https:\/\/www.almamedia.fi\/mainostajat\/","name":"Alma Media - mainostajat","description":"","publisher":{"@id":"https:\/\/www.almamedia.fi\/mainostajat\/#organization"},"potentialAction":[{"@type":"SearchAction","target":{"@type":"EntryPoint","urlTemplate":"https:\/\/www.almamedia.fi\/mainostajat\/?s={search_term_string}"},"query-input":{"@type":"PropertyValueSpecification","valueRequired":true,"valueName":"search_term_string"}}],"inLanguage":"fi"},{"@type":"Organization","@id":"https:\/\/www.almamedia.fi\/mainostajat\/#organization","name":"Alma Media - mainostajat","url":"https:\/\/www.almamedia.fi\/mainostajat\/","logo":{"@type":"ImageObject","inLanguage":"fi","@id":"https:\/\/www.almamedia.fi\/mainostajat\/#\/schema\/logo\/image\/","url":"https:\/\/www.almamedia.fi\/mainostajat\/wp-content\/uploads\/sites\/6\/alma-media-logo-valkoinen.svg","contentUrl":"https:\/\/www.almamedia.fi\/mainostajat\/wp-content\/uploads\/sites\/6\/alma-media-logo-valkoinen.svg","width":49,"height":50,"caption":"Alma Media - mainostajat"},"image":{"@id":"https:\/\/www.almamedia.fi\/mainostajat\/#\/schema\/logo\/image\/"}}]}},"_links":{"self":[{"href":"https:\/\/www.almamedia.fi\/mainostajat\/wp-json\/wp\/v2\/caset\/86518","targetHints":{"allow":["GET"]}}],"collection":[{"href":"https:\/\/www.almamedia.fi\/mainostajat\/wp-json\/wp\/v2\/caset"}],"about":[{"href":"https:\/\/www.almamedia.fi\/mainostajat\/wp-json\/wp\/v2\/types\/caset"}],"wp:featuredmedia":[{"embeddable":true,"href":"https:\/\/www.almamedia.fi\/mainostajat\/wp-json\/wp\/v2\/media\/90527"}],"wp:attachment":[{"href":"https:\/\/www.almamedia.fi\/mainostajat\/wp-json\/wp\/v2\/media?parent=86518"}],"wp:term":[{"taxonomy":"casekategoriat","embeddable":true,"href":"https:\/\/www.almamedia.fi\/mainostajat\/wp-json\/wp\/v2\/casekategoriat?post=86518"}],"curies":[{"name":"wp","href":"https:\/\/api.w.org\/{rel}","templated":true}]}}