{"id":86489,"date":"2022-11-02T00:00:00","date_gmt":"2022-11-01T22:00:00","guid":{"rendered":"https:\/\/www.almamedia.fi\/mainostajat\/caset\/esan-levykaluste\/"},"modified":"2025-05-23T14:23:34","modified_gmt":"2025-05-23T11:23:34","slug":"esan-levykaluste","status":"publish","type":"caset","link":"https:\/\/www.almamedia.fi\/mainostajat\/caset\/esan-levykaluste\/","title":{"rendered":"Kiinnostavat artikkelit puhuttelivat oikeaa kohde&shy;ryhm\u00e4\u00e4 | Case Esan Levykaluste"},"content":{"rendered":"\n<p class=\"intro\">Esan Levykaluste toteutti kes\u00e4n ja syksyn vaihteessa 2022 Iltalehdess\u00e4 kampanjan, jonka avulla haluttiin tavoitella mahdollisimman laajasti potentiaalisia asiakkaita niin p\u00e4\u00e4kaupunkiseudulla kuin Pirkanmaalla. Lis\u00e4ksi tavoitteena oli nostaa esille Helsingin toimipisteen uutta showroomia.<\/p>\n\n\n\n<div class=\"wp-block-columns magentalooda has-background is-layout-flex wp-container-core-columns-is-layout-9d6595d7 wp-block-columns-is-layout-flex\" style=\"background-color:#ffffff26\">\n<div class=\"wp-block-column is-layout-flow wp-block-column-is-layout-flow\" style=\"flex-basis:33.33%\">\n<figure class=\"wp-block-image size-full is-resized\"><img decoding=\"async\" width=\"150\" height=\"225\" src=\"https:\/\/www.almamedia.fi\/mainostajat\/wp-content\/uploads\/sites\/6\/esan-levykaluste-jaakko-husari.jpg\" alt=\"Esan Levykaluste|Esan Levykaluste|Esan Levykaluste|\" class=\"wp-image-86492\" style=\"width:194px;height:auto\" \/><\/figure>\n<\/div>\n\n\n\n<div class=\"wp-block-column is-layout-flow wp-block-column-is-layout-flow\" style=\"flex-basis:66.66%\">\n\n\n\n<div  class=\"alma-spacer\">\n    <div class=\"spacer\" style=\"height: 30px;\"><\/div>    \n<\/div>\n\n\n\n\n\n\n\n<p class=\"has-white-color has-text-color has-link-color has-medium-font-size wp-elements-a2fbded9f417ff8a462d511f1b17c0cc\"><em>\u201dYhteisty\u00f6 Alman kanssa on aina ollut mutkatonta ja toimivaa. Artikkelit toteutetaan suurella ammattitaidolla ja kampanjat ovat lis\u00e4nneet ihmisten tietoutta yrityksest\u00e4mme ja tuotteistamme.\u201d<\/em><\/p>\n\n\n\n<p class=\"has-white-color has-text-color has-link-color has-medium-font-size wp-elements-3d80e6984463d7770614c2d45a276f85\">\u2013 Jaakko Husari, toimitusjohtaja, Esan Levykaluste<\/p>\n\n\n\n\n\n\n<div  class=\"alma-spacer\">\n    <div class=\"spacer\" style=\"height: 0px;\"><\/div>    \n<\/div>\n\n\n\n\n<\/div>\n<\/div>\n\n\n\n\n\n<h2 class=\"wp-block-heading\">Sis\u00e4lt\u00f6\u00adartikkelit suunniteltiin kohde\u00adryhm\u00e4\u00e4 kiinnostavista aiheista<\/h2>\n\n\n\n<p>Esan Levykaluste on perheyritys, joka valmistaa korkealaatuisia keitti\u00f6kalusteita mittatilausty\u00f6n\u00e4. Kattavat kalusten\u00e4yttelyt ja keitti\u00f6myym\u00e4l\u00e4t sijaitsevat Tampereen Lielahdessa, Niinisalossa tehtaan yhteydess\u00e4 ja nyt uusimpana Helsingin T\u00f6\u00f6l\u00f6ss\u00e4.<\/p>\n\n\n\n<p>Esan Levykalusteella oli jo entuudestaankin kokemusta sis\u00e4lt\u00f6markkinointiyhteisty\u00f6st\u00e4 Alma Median kanssa ja hyv\u00e4t tulokset toimivat vahvana pohjana my\u00f6s uudelle kampanjalle. Tavoitteena oli toteuttaa asiakkaalle laadukkaita artikkeleita, jotka houkuttelevat potentiaalista kohderyhm\u00e4\u00e4, noin keski-ik\u00e4isi\u00e4, hyvin toimeentulevia, sisustamisesta ja remontoinnista kiinnostuneita lukijoita. Artikkeleissa k\u00e4siteltiin mm. asumisen trendej\u00e4 sek\u00e4 uusia ja innovatiivisia keitti\u00f6ratkaisuja.<\/p>\n\n\n\n<figure class=\"wp-block-gallery has-nested-images columns-default is-cropped wp-block-gallery-1 is-layout-flex wp-block-gallery-is-layout-flex\">\n<figure class=\"wp-block-image size-full\"><img decoding=\"async\" data-id=\"1332\" src=\"https:\/\/www.almamedia.fi\/mainostajat\/wp-content\/uploads\/sites\/6\/esan-levykaluste-referenssikuva-3.jpg\" alt=\"Esan Levykaluste\" class=\"wp-image-1332\" \/><\/figure>\n\n\n\n<figure class=\"wp-block-image size-full\"><img decoding=\"async\" data-id=\"1333\" src=\"https:\/\/www.almamedia.fi\/mainostajat\/wp-content\/uploads\/sites\/6\/esan-levykaluste-referenssikuva-5.jpg\" alt=\"Esan Levykaluste\" class=\"wp-image-1333\" \/><\/figure>\n<\/figure>\n\n\n\n<div style=\"height:43px\" aria-hidden=\"true\" class=\"wp-block-spacer\"><\/div>\n\n\n\n<h2 class=\"wp-block-heading\">Toimiva kampanja\u00adkokonaisuus toi tuloksia<\/h2>\n\n\n\n<p>Kampanja kohdennettiin alueellisesti ja siihen kuului viisi Iltalehden sis\u00e4lt\u00f6artikkelia sek\u00e4 artikkelien tuotannot. Lis\u00e4ksi kampanjaa tehostettiin n\u00e4ytt\u00e4m\u00e4ll\u00e4 artikkelien lukijoille uudelleen kohdennettua display-mainontaa. Kampanjatoteutus toimi erinomaisesti ja asiakas on ollut tyytyv\u00e4inen saatuihin tuloksiin.<\/p>\n\n\n\n\n\n<h3 class=\"wp-block-heading\"><strong>Kiinnostuitko, miten sin\u00e4kin voit tavoittaa kohderyhm\u00e4si sis\u00e4lt\u00f6markkinoinnilla tai display-mainonnalla?<\/strong><\/h3>\n\n\n\n<p>Tutustu <a href=\"https:\/\/www.almamedia.fi\/yrityksille\/palvelut\/sisaltomarkkinointi\/\">sis\u00e4lt\u00f6markkinointiin<\/a> ja <a href=\"https:\/\/www.almamedia.fi\/yrityksille\/palvelut\/display-mainonta\/\">lue lis\u00e4\u00e4 display-mainonnasta<\/a>.<\/p>\n","protected":false},"excerpt":{"rendered":"<p>Esan Levykaluste toteutti kes\u00e4n ja syksyn vaihteessa 2022 Iltalehdess\u00e4 kampanjan, jonka avulla tavoitettiin potentiaalisia asiakkaita niin p\u00e4\u00e4kaupunkiseudulla kuin Pirkanmaalla. Kampanja kohdennettiin alueellisesti ja siihen sis\u00e4llytettiin viisi Iltalehden sis\u00e4lt\u00f6artikkelia sek\u00e4 lukijoille kohdennettua display-mainontaa.<\/p>\n","protected":false},"featured_media":90532,"template":"","casekategoriat":[],"class_list":["post-86489","caset","type-caset","status-publish","has-post-thumbnail","hentry"],"acf":[],"yoast_head":"<!-- This site is optimized with the Yoast SEO plugin v26.9 - https:\/\/yoast.com\/product\/yoast-seo-wordpress\/ -->\n<title>Kiinnostavat artikkelit puhuttelivat oikeaa kohde&shy;ryhm\u00e4\u00e4 | Case Esan Levykaluste - Alma Media - mainostajat<\/title>\n<meta name=\"robots\" content=\"index, follow, max-snippet:-1, max-image-preview:large, max-video-preview:-1\" \/>\n<link rel=\"canonical\" href=\"https:\/\/www.almamedia.fi\/mainostajat\/caset\/esan-levykaluste\/\" \/>\n<meta property=\"og:locale\" content=\"fi_FI\" \/>\n<meta property=\"og:type\" content=\"article\" \/>\n<meta property=\"og:title\" content=\"Kiinnostavat artikkelit puhuttelivat oikeaa kohde&shy;ryhm\u00e4\u00e4 | Case Esan Levykaluste - Alma Media - mainostajat\" \/>\n<meta property=\"og:description\" content=\"Esan Levykaluste toteutti kes\u00e4n ja syksyn vaihteessa 2022 Iltalehdess\u00e4 kampanjan, jonka avulla tavoitettiin potentiaalisia asiakkaita niin p\u00e4\u00e4kaupunkiseudulla kuin Pirkanmaalla. Kampanja kohdennettiin alueellisesti ja siihen sis\u00e4llytettiin viisi Iltalehden sis\u00e4lt\u00f6artikkelia sek\u00e4 lukijoille kohdennettua display-mainontaa.\" \/>\n<meta property=\"og:url\" content=\"https:\/\/www.almamedia.fi\/mainostajat\/caset\/esan-levykaluste\/\" \/>\n<meta property=\"og:site_name\" content=\"Alma Media - mainostajat\" \/>\n<meta property=\"article:modified_time\" content=\"2025-05-23T11:23:34+00:00\" \/>\n<meta property=\"og:image\" content=\"https:\/\/www.almamedia.fi\/mainostajat\/wp-content\/uploads\/sites\/4\/esan-levykaluste-referenssikuva-2.jpg\" \/>\n\t<meta property=\"og:image:width\" content=\"895\" \/>\n\t<meta property=\"og:image:height\" content=\"428\" \/>\n\t<meta property=\"og:image:type\" content=\"image\/jpeg\" \/>\n<meta name=\"twitter:card\" content=\"summary_large_image\" \/>\n<meta name=\"twitter:label1\" content=\"Arvioitu lukuaika\" \/>\n\t<meta name=\"twitter:data1\" content=\"2 minuuttia\" \/>\n<script type=\"application\/ld+json\" class=\"yoast-schema-graph\">{\"@context\":\"https:\/\/schema.org\",\"@graph\":[{\"@type\":\"WebPage\",\"@id\":\"https:\/\/www.almamedia.fi\/mainostajat\/caset\/esan-levykaluste\/\",\"url\":\"https:\/\/www.almamedia.fi\/mainostajat\/caset\/esan-levykaluste\/\",\"name\":\"Kiinnostavat artikkelit puhuttelivat oikeaa kohde&shy;ryhm\u00e4\u00e4 | Case Esan Levykaluste - Alma Media - mainostajat\",\"isPartOf\":{\"@id\":\"https:\/\/www.almamedia.fi\/mainostajat\/#website\"},\"primaryImageOfPage\":{\"@id\":\"https:\/\/www.almamedia.fi\/mainostajat\/caset\/esan-levykaluste\/#primaryimage\"},\"image\":{\"@id\":\"https:\/\/www.almamedia.fi\/mainostajat\/caset\/esan-levykaluste\/#primaryimage\"},\"thumbnailUrl\":\"https:\/\/www.almamedia.fi\/mainostajat\/wp-content\/uploads\/sites\/6\/esan-levykaluste-referenssikuva-2.jpg\",\"datePublished\":\"2022-11-01T22:00:00+00:00\",\"dateModified\":\"2025-05-23T11:23:34+00:00\",\"breadcrumb\":{\"@id\":\"https:\/\/www.almamedia.fi\/mainostajat\/caset\/esan-levykaluste\/#breadcrumb\"},\"inLanguage\":\"fi\",\"potentialAction\":[{\"@type\":\"ReadAction\",\"target\":[\"https:\/\/www.almamedia.fi\/mainostajat\/caset\/esan-levykaluste\/\"]}]},{\"@type\":\"ImageObject\",\"inLanguage\":\"fi\",\"@id\":\"https:\/\/www.almamedia.fi\/mainostajat\/caset\/esan-levykaluste\/#primaryimage\",\"url\":\"https:\/\/www.almamedia.fi\/mainostajat\/wp-content\/uploads\/sites\/6\/esan-levykaluste-referenssikuva-2.jpg\",\"contentUrl\":\"https:\/\/www.almamedia.fi\/mainostajat\/wp-content\/uploads\/sites\/6\/esan-levykaluste-referenssikuva-2.jpg\",\"width\":895,\"height\":428},{\"@type\":\"BreadcrumbList\",\"@id\":\"https:\/\/www.almamedia.fi\/mainostajat\/caset\/esan-levykaluste\/#breadcrumb\",\"itemListElement\":[{\"@type\":\"ListItem\",\"position\":1,\"name\":\"Etusivu\",\"item\":\"https:\/\/www.almamedia.fi\/mainostajat\/\"},{\"@type\":\"ListItem\",\"position\":2,\"name\":\"Kiinnostavat artikkelit puhuttelivat oikeaa kohde&shy;ryhm\u00e4\u00e4 | Case Esan Levykaluste\"}]},{\"@type\":\"WebSite\",\"@id\":\"https:\/\/www.almamedia.fi\/mainostajat\/#website\",\"url\":\"https:\/\/www.almamedia.fi\/mainostajat\/\",\"name\":\"Alma Media - mainostajat\",\"description\":\"\",\"publisher\":{\"@id\":\"https:\/\/www.almamedia.fi\/mainostajat\/#organization\"},\"potentialAction\":[{\"@type\":\"SearchAction\",\"target\":{\"@type\":\"EntryPoint\",\"urlTemplate\":\"https:\/\/www.almamedia.fi\/mainostajat\/?s={search_term_string}\"},\"query-input\":{\"@type\":\"PropertyValueSpecification\",\"valueRequired\":true,\"valueName\":\"search_term_string\"}}],\"inLanguage\":\"fi\"},{\"@type\":\"Organization\",\"@id\":\"https:\/\/www.almamedia.fi\/mainostajat\/#organization\",\"name\":\"Alma Media - mainostajat\",\"url\":\"https:\/\/www.almamedia.fi\/mainostajat\/\",\"logo\":{\"@type\":\"ImageObject\",\"inLanguage\":\"fi\",\"@id\":\"https:\/\/www.almamedia.fi\/mainostajat\/#\/schema\/logo\/image\/\",\"url\":\"https:\/\/www.almamedia.fi\/mainostajat\/wp-content\/uploads\/sites\/6\/alma-media-logo-valkoinen.svg\",\"contentUrl\":\"https:\/\/www.almamedia.fi\/mainostajat\/wp-content\/uploads\/sites\/6\/alma-media-logo-valkoinen.svg\",\"width\":49,\"height\":50,\"caption\":\"Alma Media - mainostajat\"},\"image\":{\"@id\":\"https:\/\/www.almamedia.fi\/mainostajat\/#\/schema\/logo\/image\/\"}}]}<\/script>\n<!-- \/ Yoast SEO plugin. -->","yoast_head_json":{"title":"Kiinnostavat artikkelit puhuttelivat oikeaa kohde&shy;ryhm\u00e4\u00e4 | Case Esan Levykaluste - Alma Media - mainostajat","robots":{"index":"index","follow":"follow","max-snippet":"max-snippet:-1","max-image-preview":"max-image-preview:large","max-video-preview":"max-video-preview:-1"},"canonical":"https:\/\/www.almamedia.fi\/mainostajat\/caset\/esan-levykaluste\/","og_locale":"fi_FI","og_type":"article","og_title":"Kiinnostavat artikkelit puhuttelivat oikeaa kohde&shy;ryhm\u00e4\u00e4 | Case Esan Levykaluste - Alma Media - mainostajat","og_description":"Esan Levykaluste toteutti kes\u00e4n ja syksyn vaihteessa 2022 Iltalehdess\u00e4 kampanjan, jonka avulla tavoitettiin potentiaalisia asiakkaita niin p\u00e4\u00e4kaupunkiseudulla kuin Pirkanmaalla. Kampanja kohdennettiin alueellisesti ja siihen sis\u00e4llytettiin viisi Iltalehden sis\u00e4lt\u00f6artikkelia sek\u00e4 lukijoille kohdennettua display-mainontaa.","og_url":"https:\/\/www.almamedia.fi\/mainostajat\/caset\/esan-levykaluste\/","og_site_name":"Alma Media - mainostajat","article_modified_time":"2025-05-23T11:23:34+00:00","og_image":[{"width":895,"height":428,"url":"https:\/\/www.almamedia.fi\/mainostajat\/wp-content\/uploads\/sites\/4\/esan-levykaluste-referenssikuva-2.jpg","type":"image\/jpeg"}],"twitter_card":"summary_large_image","twitter_misc":{"Arvioitu lukuaika":"2 minuuttia"},"schema":{"@context":"https:\/\/schema.org","@graph":[{"@type":"WebPage","@id":"https:\/\/www.almamedia.fi\/mainostajat\/caset\/esan-levykaluste\/","url":"https:\/\/www.almamedia.fi\/mainostajat\/caset\/esan-levykaluste\/","name":"Kiinnostavat artikkelit puhuttelivat oikeaa kohde&shy;ryhm\u00e4\u00e4 | Case Esan Levykaluste - Alma Media - mainostajat","isPartOf":{"@id":"https:\/\/www.almamedia.fi\/mainostajat\/#website"},"primaryImageOfPage":{"@id":"https:\/\/www.almamedia.fi\/mainostajat\/caset\/esan-levykaluste\/#primaryimage"},"image":{"@id":"https:\/\/www.almamedia.fi\/mainostajat\/caset\/esan-levykaluste\/#primaryimage"},"thumbnailUrl":"https:\/\/www.almamedia.fi\/mainostajat\/wp-content\/uploads\/sites\/6\/esan-levykaluste-referenssikuva-2.jpg","datePublished":"2022-11-01T22:00:00+00:00","dateModified":"2025-05-23T11:23:34+00:00","breadcrumb":{"@id":"https:\/\/www.almamedia.fi\/mainostajat\/caset\/esan-levykaluste\/#breadcrumb"},"inLanguage":"fi","potentialAction":[{"@type":"ReadAction","target":["https:\/\/www.almamedia.fi\/mainostajat\/caset\/esan-levykaluste\/"]}]},{"@type":"ImageObject","inLanguage":"fi","@id":"https:\/\/www.almamedia.fi\/mainostajat\/caset\/esan-levykaluste\/#primaryimage","url":"https:\/\/www.almamedia.fi\/mainostajat\/wp-content\/uploads\/sites\/6\/esan-levykaluste-referenssikuva-2.jpg","contentUrl":"https:\/\/www.almamedia.fi\/mainostajat\/wp-content\/uploads\/sites\/6\/esan-levykaluste-referenssikuva-2.jpg","width":895,"height":428},{"@type":"BreadcrumbList","@id":"https:\/\/www.almamedia.fi\/mainostajat\/caset\/esan-levykaluste\/#breadcrumb","itemListElement":[{"@type":"ListItem","position":1,"name":"Etusivu","item":"https:\/\/www.almamedia.fi\/mainostajat\/"},{"@type":"ListItem","position":2,"name":"Kiinnostavat artikkelit puhuttelivat oikeaa kohde&shy;ryhm\u00e4\u00e4 | Case Esan Levykaluste"}]},{"@type":"WebSite","@id":"https:\/\/www.almamedia.fi\/mainostajat\/#website","url":"https:\/\/www.almamedia.fi\/mainostajat\/","name":"Alma Media - mainostajat","description":"","publisher":{"@id":"https:\/\/www.almamedia.fi\/mainostajat\/#organization"},"potentialAction":[{"@type":"SearchAction","target":{"@type":"EntryPoint","urlTemplate":"https:\/\/www.almamedia.fi\/mainostajat\/?s={search_term_string}"},"query-input":{"@type":"PropertyValueSpecification","valueRequired":true,"valueName":"search_term_string"}}],"inLanguage":"fi"},{"@type":"Organization","@id":"https:\/\/www.almamedia.fi\/mainostajat\/#organization","name":"Alma Media - mainostajat","url":"https:\/\/www.almamedia.fi\/mainostajat\/","logo":{"@type":"ImageObject","inLanguage":"fi","@id":"https:\/\/www.almamedia.fi\/mainostajat\/#\/schema\/logo\/image\/","url":"https:\/\/www.almamedia.fi\/mainostajat\/wp-content\/uploads\/sites\/6\/alma-media-logo-valkoinen.svg","contentUrl":"https:\/\/www.almamedia.fi\/mainostajat\/wp-content\/uploads\/sites\/6\/alma-media-logo-valkoinen.svg","width":49,"height":50,"caption":"Alma Media - mainostajat"},"image":{"@id":"https:\/\/www.almamedia.fi\/mainostajat\/#\/schema\/logo\/image\/"}}]}},"_links":{"self":[{"href":"https:\/\/www.almamedia.fi\/mainostajat\/wp-json\/wp\/v2\/caset\/86489","targetHints":{"allow":["GET"]}}],"collection":[{"href":"https:\/\/www.almamedia.fi\/mainostajat\/wp-json\/wp\/v2\/caset"}],"about":[{"href":"https:\/\/www.almamedia.fi\/mainostajat\/wp-json\/wp\/v2\/types\/caset"}],"wp:featuredmedia":[{"embeddable":true,"href":"https:\/\/www.almamedia.fi\/mainostajat\/wp-json\/wp\/v2\/media\/90532"}],"wp:attachment":[{"href":"https:\/\/www.almamedia.fi\/mainostajat\/wp-json\/wp\/v2\/media?parent=86489"}],"wp:term":[{"taxonomy":"casekategoriat","embeddable":true,"href":"https:\/\/www.almamedia.fi\/mainostajat\/wp-json\/wp\/v2\/casekategoriat?post=86489"}],"curies":[{"name":"wp","href":"https:\/\/api.w.org\/{rel}","templated":true}]}}