{"id":82905,"date":"2024-04-16T12:35:35","date_gmt":"2024-04-16T09:35:35","guid":{"rendered":"https:\/\/www.almamedia.fi\/mainostajat\/caset\/innoair-sai-jonoa-oven-taakse-ja-varasto-tyhjeni"},"modified":"2025-04-08T16:21:49","modified_gmt":"2025-04-08T13:21:49","slug":"innoair-sai-jonoa-oven-taakse-ja-varasto-tyhjeni","status":"publish","type":"caset","link":"https:\/\/www.almamedia.fi\/mainostajat\/caset\/innoair-sai-jonoa-oven-taakse-ja-varasto-tyhjeni\/","title":{"rendered":"Innoair sai jonoa oven taakse &#8211; ja varasto tyhjeni"},"content":{"rendered":"\n<h1 class=\"wp-block-heading\"><strong>Innoair sai jonoa oven taakse &#8211; ja varasto tyhjeni<\/strong><\/h1>\n\n\n\n\n\n\n<div  class=\"alma-spacer\">\n    <div class=\"spacer\" style=\"height: 0px;\"><\/div>    \n<\/div>\n\n\n\n\n\n\n\n<div class=\"wp-block-columns is-layout-flex wp-container-core-columns-is-layout-9d6595d7 wp-block-columns-is-layout-flex\">\n<div class=\"wp-block-column is-layout-flow wp-block-column-is-layout-flow\" style=\"flex-basis:66.66%\">\n<p><strong>Innoair<\/strong> on LVI-alan ammattiliike, joka myy ja asentaa l\u00e4mmitys- viilennys- ja ilmanvaihtoratkaisuja kaikkiin tiloihin, koteihin ja yrityksiin. Ilmal\u00e4mp\u00f6pumppujen myynti\u00e4 vauhditettiin erinomaisin tuloksin poikkeukselliseen ajankohtaan toteutetuilla digikampanjoilla Alman kanavissa.<\/p>\n<\/div>\n\n\n\n<div class=\"wp-block-column is-layout-flow wp-block-column-is-layout-flow\" style=\"flex-basis:33.33%\">\n<figure class=\"wp-block-image size-full\"><img decoding=\"async\" src=\"https:\/\/www.almamedia.fi\/wp-content\/uploads\/2024\/04\/innoair-logo-2.svg\" alt=\"\" class=\"wp-image-77223\"\/><\/figure>\n<\/div>\n<\/div>\n\n\n\n<h2 class=\"wp-block-heading\"><br>Black Friday -kampanja vauhditti varaston muuttotyhjennyst\u00e4<\/h2>\n\n\n\n<div class=\"wp-block-columns is-layout-flex wp-container-core-columns-is-layout-9d6595d7 wp-block-columns-is-layout-flex\">\n<div class=\"wp-block-column is-layout-flow wp-block-column-is-layout-flow\" style=\"flex-basis:75%\">\n<p>Innoairin tavoitteena oli saada myyty\u00e4 varasto tyhj\u00e4ksi ilmal\u00e4mp\u00f6pumpuista toimitilojen muuton vuoksi.<\/p>\n\n\n\n<p>Niinp\u00e4 marraskuussa 2023 Alman digiverkostossa toteutettiin <strong>nopeaan myyntiin t\u00e4ht\u00e4\u00e4v\u00e4 Black Friday -kampanja<\/strong>, joka kohdennettiin alueellisesti Vantaalle Innoairin myym\u00e4l\u00e4n vaikutusalueelle. Kampanja ajoitettiin muutamalle p\u00e4iv\u00e4lle, jolloin saatiin hy\u00f6dynnetty\u00e4 Black Fridayn tuomaa nostetta. Mainosratkaisuksi valittiin <strong>digikokosivu<\/strong>, jolla saa tehokkaasti her\u00e4tetty\u00e4 huomiota ja n\u00e4kyvyytt\u00e4 viestille suurella mainospinnalla.<\/p>\n\n\n\n<p>Ajankohtana loppuvuosi on ilmal\u00e4mp\u00f6pumppujen markkinoinnille poikkeuksellinen, joten kampanja erottui my\u00f6s ajoituksen osalta tavanomaisesta.<\/p>\n\n\n\n<p>Kampanjan tulokset puhuvat puolestaan. Tarjouksen voimassaolop\u00e4ivin\u00e4 myym\u00e4l\u00e4n oven takana oli jonoa ennen avaamista ja l\u00e4hes kaikki varastossa olleet tuotteet saatiin myyty\u00e4 loppuun!<\/p>\n<\/div>\n\n\n\n<div class=\"wp-block-column is-layout-flow wp-block-column-is-layout-flow\" style=\"flex-basis:25%\">\n<figure class=\"wp-block-image size-full\"><img decoding=\"async\" width=\"382\" height=\"549\" src=\"https:\/\/www.almamedia.fi\/wp-content\/uploads\/2024\/04\/innoair-mainos.png\" alt=\"\" class=\"wp-image-77227\" srcset=\"https:\/\/www.almamedia.fi\/mainostajat\/wp-content\/uploads\/sites\/6\/innoair-mainos.png 382w, https:\/\/www.almamedia.fi\/mainostajat\/wp-content\/uploads\/sites\/6\/innoair-mainos-264x380.png 264w\" sizes=\"(max-width: 382px) 100vw, 382px\" \/><\/figure>\n<\/div>\n<\/div>\n\n\n\n<h2 class=\"wp-block-heading\">Sis\u00e4lt\u00f6markkinointi vahvisti tunnettuutta my\u00f6s ep\u00e4tyypillisen\u00e4 ajankohtana<\/h2>\n\n\n\n<div class=\"wp-block-columns is-layout-flex wp-container-core-columns-is-layout-9d6595d7 wp-block-columns-is-layout-flex\">\n<div class=\"wp-block-column is-layout-flow wp-block-column-is-layout-flow\" style=\"flex-basis:66.66%\">\n<p>Innoairilla oli lis\u00e4ksi tarve kasvattaa l\u00e4mmitys- ja viilennysk\u00e4ytt\u00f6\u00f6n myyt\u00e4vien ilmal\u00e4mp\u00f6pumppujen <strong>tunnettuutta<\/strong>, saada aikaan<strong> kysynt\u00e4\u00e4<\/strong> <strong>pidemm\u00e4ll\u00e4 aikav\u00e4lill\u00e4<\/strong> ja <strong>uusia liidej\u00e4<\/strong>. T\u00e4h\u00e4n tarpeeseen sopi erinomaisesti <strong>sis\u00e4lt\u00f6markkinoinnin natiiviartikkeli Iltalehdess\u00e4<\/strong>.<br><br>Natiiviartikkeli kohdennettiin Iltalehdess\u00e4 alueellisesti p\u00e4\u00e4kaupunkiseudun, Kirkkonummen ja Pirkanmaan alueille. Kohderyhm\u00e4n\u00e4 olivat omassa asunnossa asuvat kyseisill\u00e4 alueilla.<br>Natiiviartikkeli julkaistiin joulukuussa 2023 ja artikkelille tehtiin uudelleennosto tammi-helmikuulle 2024. Kulunut syksy oli ollut ilmal\u00e4mp\u00f6pumppujen myynniss\u00e4 haastava Black Fridayn tyhjennysmyynti\u00e4 lukuun ottamatta, joten jotain piti tehd\u00e4 toisin. Ajankohtana vuodenvaihde oli poikkeava, sill\u00e4 tyypillisesti tuotteita markkinoidaan kev\u00e4\u00e4n ja syksyn v\u00e4lill\u00e4. Aihe selke\u00e4sti kiinnosti lukijoita ja toi suoria liidej\u00e4, jotka johtivat nopeaan kauppaan.<br><br>Natiiviartikkelin tuotannosta vastasi <strong>Alma Brand Studio<\/strong>.<br><br><a href=\"https:\/\/www.iltalehti.fi\/asumisartikkelit\/a\/cbd5afd6-8f15-444c-92d9-a29433ef8f66\"><strong>Iltalehdess\u00e4 julkaistun natiiviartikkeli voit lukea t\u00e4\u00e4lt\u00e4<\/strong><\/a><\/p>\n<\/div>\n\n\n\n<div class=\"wp-block-column is-layout-flow wp-block-column-is-layout-flow\" style=\"flex-basis:33.33%\">\n<figure class=\"wp-block-image size-full\"><img decoding=\"async\" width=\"728\" height=\"892\" src=\"https:\/\/www.almamedia.fi\/wp-content\/uploads\/2024\/04\/innoair-natiivi.png\" alt=\"\" class=\"wp-image-77228\" srcset=\"https:\/\/www.almamedia.fi\/mainostajat\/wp-content\/uploads\/sites\/6\/innoair-natiivi.png 728w, https:\/\/www.almamedia.fi\/mainostajat\/wp-content\/uploads\/sites\/6\/innoair-natiivi-310x380.png 310w\" sizes=\"(max-width: 728px) 100vw, 728px\" \/><\/figure>\n<\/div>\n<\/div>\n\n\n\n\n\n\n<div  class=\"alma-spacer\">\n    <div class=\"spacer\" style=\"height: 0px;\"><\/div>    \n<\/div>\n\n\n\n\n\n\n\n<p class=\"has-text-align-center has-medium-font-size\"><br><em>&#8221;Kampanja oli menestyksek\u00e4s ja kaikki hoitui Alman kanssa sujuvasti. Kampanja laadittiin yhteisty\u00f6ss\u00e4 yhteyshenkil\u00f6mme Thomaksen kanssa. Natiiviartikkelin kuvat, haastattelut sek\u00e4 aineistot koottiin ennen julkaisua hyv\u00e4ksytt\u00e4v\u00e4ksi Alman toimesta. Yritt\u00e4j\u00e4n\u00e4 koin kokonaisuuden helpoksi toteuttaa.&#8221;<\/em><\/p>\n\n\n\n<p class=\"has-text-align-center\"><strong>&#8211; Peter Sandberg, Innoair Oy<\/strong><\/p>\n\n\n\n\n\n\n<div  class=\"alma-spacer\">\n    <div class=\"spacer\" style=\"height: 0px;\"><\/div>    \n<\/div>\n\n\n\n\n\n\n\n<p class=\"has-text-align-center has-medium-font-size\"><em>\u201dKampanja toimi erinomaisesti. Toimivan ratkaisun ei tarvitse aina olla suuri investointi. Pienemm\u00e4ll\u00e4kin budjetilla saadaan r\u00e4\u00e4t\u00e4l\u00f6ity\u00e4 asiakkaan tarpeisiin sopiva kampanja ja voidaan saavuttaa loistavia tuloksia.\u201d<\/em><\/p>\n\n\n\n<p class=\"has-text-align-center\"><strong>&#8211; Thomas Hirn, asiakkuusjohtaja, Alma Media<\/strong><\/p>\n\n\n\n\n\n\n<div  class=\"alma-spacer\">\n    <div class=\"spacer\" style=\"height: 0px;\"><\/div>    \n<\/div>\n\n\n\n\n\n\n\n<h2 class=\"wp-block-heading\">Oikein suunniteltu kampanja onnistuu my\u00f6s sesongin ulkopuolella<\/h2>\n\n\n\n<p><strong>Digikokosivu<\/strong> tarjoilee suurta mainospintaa, ja se sopii erinomaisesti kun halutaan her\u00e4tt\u00e4\u00e4 huomiota ja haetaan esimerkiksi buustia myyntiin.<\/p>\n\n\n\n<p><strong>Sis\u00e4lt\u00f6markkinoinnin natiiviartikkeli <\/strong>toimii erinomaisesti silloin, kun halutaan vahvistaa tunnettuutta, syvent\u00e4\u00e4 viesti\u00e4 ja kertoa tuotteista tarkemmin. Oikein rakennetun sis\u00e4ll\u00f6n avulla saadaan her\u00e4tetty\u00e4 lukijoiden kiinnostus ja saadaan heid\u00e4t viett\u00e4m\u00e4\u00e4n aikaa viestin parissa, olipa sesonkiaika tai ei.<\/p>\n\n\n\n<p>Me autamme sinua valitsemaan mainosratkaisun tavoitteesi mukaan.<\/p>\n\n\n\n<p><a href=\"https:\/\/www.almamedia.fi\/mainostajat\/mediamyynnin-yhteystiedot\/\"><strong>Ota yhteytt\u00e4 mediamyyntiin<\/strong><\/a><\/p>\n\n\n\n\n\n\n<div  class=\"alma-spacer\">\n    <div class=\"spacer\" style=\"height: 90px;\"><\/div>    \n<\/div>\n\n\n\n\n","protected":false},"excerpt":{"rendered":"<p>Innoair sai jonoa oven taakse &#8211; ja varasto tyhjeni Innoair on LVI-alan ammattiliike, joka myy [&hellip;]<\/p>\n","protected":false},"featured_media":84330,"template":"","casekategoriat":[161],"class_list":["post-82905","caset","type-caset","status-publish","has-post-thumbnail","hentry","casekategoriat-mainostajalle"],"acf":[],"yoast_head":"<!-- This site is optimized with the Yoast SEO plugin v26.9 - https:\/\/yoast.com\/product\/yoast-seo-wordpress\/ -->\n<title>Innoair sai jonoa oven taakse - ja varasto tyhjeni - Alma Media - mainostajat<\/title>\n<meta name=\"robots\" content=\"index, follow, max-snippet:-1, max-image-preview:large, max-video-preview:-1\" \/>\n<link rel=\"canonical\" href=\"https:\/\/www.almamedia.fi\/mainostajat\/caset\/innoair-sai-jonoa-oven-taakse-ja-varasto-tyhjeni\/\" \/>\n<meta property=\"og:locale\" content=\"fi_FI\" \/>\n<meta property=\"og:type\" content=\"article\" \/>\n<meta property=\"og:title\" content=\"Innoair sai jonoa oven taakse - ja varasto tyhjeni - Alma Media - mainostajat\" \/>\n<meta property=\"og:description\" content=\"Innoair sai jonoa oven taakse &#8211; ja varasto tyhjeni Innoair on LVI-alan ammattiliike, joka myy [&hellip;]\" \/>\n<meta property=\"og:url\" content=\"https:\/\/www.almamedia.fi\/mainostajat\/caset\/innoair-sai-jonoa-oven-taakse-ja-varasto-tyhjeni\/\" \/>\n<meta property=\"og:site_name\" content=\"Alma Media - mainostajat\" \/>\n<meta property=\"article:modified_time\" content=\"2025-04-08T13:21:49+00:00\" \/>\n<meta property=\"og:image\" content=\"https:\/\/www.almamedia.fi\/mainostajat\/wp-content\/uploads\/sites\/4\/alma_life_kesa2018-6-scaled.jpg\" \/>\n\t<meta property=\"og:image:width\" content=\"2048\" \/>\n\t<meta property=\"og:image:height\" content=\"1151\" \/>\n\t<meta property=\"og:image:type\" content=\"image\/jpeg\" \/>\n<meta name=\"twitter:card\" content=\"summary_large_image\" \/>\n<meta name=\"twitter:label1\" content=\"Arvioitu lukuaika\" \/>\n\t<meta name=\"twitter:data1\" content=\"3 minuuttia\" \/>\n<script type=\"application\/ld+json\" class=\"yoast-schema-graph\">{\"@context\":\"https:\/\/schema.org\",\"@graph\":[{\"@type\":\"WebPage\",\"@id\":\"https:\/\/www.almamedia.fi\/mainostajat\/caset\/innoair-sai-jonoa-oven-taakse-ja-varasto-tyhjeni\/\",\"url\":\"https:\/\/www.almamedia.fi\/mainostajat\/caset\/innoair-sai-jonoa-oven-taakse-ja-varasto-tyhjeni\/\",\"name\":\"Innoair sai jonoa oven taakse - ja varasto tyhjeni - Alma Media - mainostajat\",\"isPartOf\":{\"@id\":\"https:\/\/www.almamedia.fi\/mainostajat\/#website\"},\"primaryImageOfPage\":{\"@id\":\"https:\/\/www.almamedia.fi\/mainostajat\/caset\/innoair-sai-jonoa-oven-taakse-ja-varasto-tyhjeni\/#primaryimage\"},\"image\":{\"@id\":\"https:\/\/www.almamedia.fi\/mainostajat\/caset\/innoair-sai-jonoa-oven-taakse-ja-varasto-tyhjeni\/#primaryimage\"},\"thumbnailUrl\":\"https:\/\/www.almamedia.fi\/mainostajat\/wp-content\/uploads\/sites\/6\/alma_life_kesa2018-6-scaled.jpg\",\"datePublished\":\"2024-04-16T09:35:35+00:00\",\"dateModified\":\"2025-04-08T13:21:49+00:00\",\"breadcrumb\":{\"@id\":\"https:\/\/www.almamedia.fi\/mainostajat\/caset\/innoair-sai-jonoa-oven-taakse-ja-varasto-tyhjeni\/#breadcrumb\"},\"inLanguage\":\"fi\",\"potentialAction\":[{\"@type\":\"ReadAction\",\"target\":[\"https:\/\/www.almamedia.fi\/mainostajat\/caset\/innoair-sai-jonoa-oven-taakse-ja-varasto-tyhjeni\/\"]}]},{\"@type\":\"ImageObject\",\"inLanguage\":\"fi\",\"@id\":\"https:\/\/www.almamedia.fi\/mainostajat\/caset\/innoair-sai-jonoa-oven-taakse-ja-varasto-tyhjeni\/#primaryimage\",\"url\":\"https:\/\/www.almamedia.fi\/mainostajat\/wp-content\/uploads\/sites\/6\/alma_life_kesa2018-6-scaled.jpg\",\"contentUrl\":\"https:\/\/www.almamedia.fi\/mainostajat\/wp-content\/uploads\/sites\/6\/alma_life_kesa2018-6-scaled.jpg\",\"width\":2048,\"height\":1151},{\"@type\":\"BreadcrumbList\",\"@id\":\"https:\/\/www.almamedia.fi\/mainostajat\/caset\/innoair-sai-jonoa-oven-taakse-ja-varasto-tyhjeni\/#breadcrumb\",\"itemListElement\":[{\"@type\":\"ListItem\",\"position\":1,\"name\":\"Etusivu\",\"item\":\"https:\/\/www.almamedia.fi\/mainostajat\/\"},{\"@type\":\"ListItem\",\"position\":2,\"name\":\"Innoair sai jonoa oven taakse &#8211; ja varasto tyhjeni\"}]},{\"@type\":\"WebSite\",\"@id\":\"https:\/\/www.almamedia.fi\/mainostajat\/#website\",\"url\":\"https:\/\/www.almamedia.fi\/mainostajat\/\",\"name\":\"Alma Media - mainostajat\",\"description\":\"\",\"publisher\":{\"@id\":\"https:\/\/www.almamedia.fi\/mainostajat\/#organization\"},\"potentialAction\":[{\"@type\":\"SearchAction\",\"target\":{\"@type\":\"EntryPoint\",\"urlTemplate\":\"https:\/\/www.almamedia.fi\/mainostajat\/?s={search_term_string}\"},\"query-input\":{\"@type\":\"PropertyValueSpecification\",\"valueRequired\":true,\"valueName\":\"search_term_string\"}}],\"inLanguage\":\"fi\"},{\"@type\":\"Organization\",\"@id\":\"https:\/\/www.almamedia.fi\/mainostajat\/#organization\",\"name\":\"Alma Media - mainostajat\",\"url\":\"https:\/\/www.almamedia.fi\/mainostajat\/\",\"logo\":{\"@type\":\"ImageObject\",\"inLanguage\":\"fi\",\"@id\":\"https:\/\/www.almamedia.fi\/mainostajat\/#\/schema\/logo\/image\/\",\"url\":\"https:\/\/www.almamedia.fi\/mainostajat\/wp-content\/uploads\/sites\/6\/alma-media-logo-valkoinen.svg\",\"contentUrl\":\"https:\/\/www.almamedia.fi\/mainostajat\/wp-content\/uploads\/sites\/6\/alma-media-logo-valkoinen.svg\",\"width\":49,\"height\":50,\"caption\":\"Alma Media - mainostajat\"},\"image\":{\"@id\":\"https:\/\/www.almamedia.fi\/mainostajat\/#\/schema\/logo\/image\/\"}}]}<\/script>\n<!-- \/ Yoast SEO plugin. -->","yoast_head_json":{"title":"Innoair sai jonoa oven taakse - ja varasto tyhjeni - Alma Media - mainostajat","robots":{"index":"index","follow":"follow","max-snippet":"max-snippet:-1","max-image-preview":"max-image-preview:large","max-video-preview":"max-video-preview:-1"},"canonical":"https:\/\/www.almamedia.fi\/mainostajat\/caset\/innoair-sai-jonoa-oven-taakse-ja-varasto-tyhjeni\/","og_locale":"fi_FI","og_type":"article","og_title":"Innoair sai jonoa oven taakse - ja varasto tyhjeni - Alma Media - mainostajat","og_description":"Innoair sai jonoa oven taakse &#8211; ja varasto tyhjeni Innoair on LVI-alan ammattiliike, joka myy [&hellip;]","og_url":"https:\/\/www.almamedia.fi\/mainostajat\/caset\/innoair-sai-jonoa-oven-taakse-ja-varasto-tyhjeni\/","og_site_name":"Alma Media - mainostajat","article_modified_time":"2025-04-08T13:21:49+00:00","og_image":[{"width":2048,"height":1151,"url":"https:\/\/www.almamedia.fi\/mainostajat\/wp-content\/uploads\/sites\/4\/alma_life_kesa2018-6-scaled.jpg","type":"image\/jpeg"}],"twitter_card":"summary_large_image","twitter_misc":{"Arvioitu lukuaika":"3 minuuttia"},"schema":{"@context":"https:\/\/schema.org","@graph":[{"@type":"WebPage","@id":"https:\/\/www.almamedia.fi\/mainostajat\/caset\/innoair-sai-jonoa-oven-taakse-ja-varasto-tyhjeni\/","url":"https:\/\/www.almamedia.fi\/mainostajat\/caset\/innoair-sai-jonoa-oven-taakse-ja-varasto-tyhjeni\/","name":"Innoair sai jonoa oven taakse - ja varasto tyhjeni - Alma Media - mainostajat","isPartOf":{"@id":"https:\/\/www.almamedia.fi\/mainostajat\/#website"},"primaryImageOfPage":{"@id":"https:\/\/www.almamedia.fi\/mainostajat\/caset\/innoair-sai-jonoa-oven-taakse-ja-varasto-tyhjeni\/#primaryimage"},"image":{"@id":"https:\/\/www.almamedia.fi\/mainostajat\/caset\/innoair-sai-jonoa-oven-taakse-ja-varasto-tyhjeni\/#primaryimage"},"thumbnailUrl":"https:\/\/www.almamedia.fi\/mainostajat\/wp-content\/uploads\/sites\/6\/alma_life_kesa2018-6-scaled.jpg","datePublished":"2024-04-16T09:35:35+00:00","dateModified":"2025-04-08T13:21:49+00:00","breadcrumb":{"@id":"https:\/\/www.almamedia.fi\/mainostajat\/caset\/innoair-sai-jonoa-oven-taakse-ja-varasto-tyhjeni\/#breadcrumb"},"inLanguage":"fi","potentialAction":[{"@type":"ReadAction","target":["https:\/\/www.almamedia.fi\/mainostajat\/caset\/innoair-sai-jonoa-oven-taakse-ja-varasto-tyhjeni\/"]}]},{"@type":"ImageObject","inLanguage":"fi","@id":"https:\/\/www.almamedia.fi\/mainostajat\/caset\/innoair-sai-jonoa-oven-taakse-ja-varasto-tyhjeni\/#primaryimage","url":"https:\/\/www.almamedia.fi\/mainostajat\/wp-content\/uploads\/sites\/6\/alma_life_kesa2018-6-scaled.jpg","contentUrl":"https:\/\/www.almamedia.fi\/mainostajat\/wp-content\/uploads\/sites\/6\/alma_life_kesa2018-6-scaled.jpg","width":2048,"height":1151},{"@type":"BreadcrumbList","@id":"https:\/\/www.almamedia.fi\/mainostajat\/caset\/innoair-sai-jonoa-oven-taakse-ja-varasto-tyhjeni\/#breadcrumb","itemListElement":[{"@type":"ListItem","position":1,"name":"Etusivu","item":"https:\/\/www.almamedia.fi\/mainostajat\/"},{"@type":"ListItem","position":2,"name":"Innoair sai jonoa oven taakse &#8211; ja varasto tyhjeni"}]},{"@type":"WebSite","@id":"https:\/\/www.almamedia.fi\/mainostajat\/#website","url":"https:\/\/www.almamedia.fi\/mainostajat\/","name":"Alma Media - mainostajat","description":"","publisher":{"@id":"https:\/\/www.almamedia.fi\/mainostajat\/#organization"},"potentialAction":[{"@type":"SearchAction","target":{"@type":"EntryPoint","urlTemplate":"https:\/\/www.almamedia.fi\/mainostajat\/?s={search_term_string}"},"query-input":{"@type":"PropertyValueSpecification","valueRequired":true,"valueName":"search_term_string"}}],"inLanguage":"fi"},{"@type":"Organization","@id":"https:\/\/www.almamedia.fi\/mainostajat\/#organization","name":"Alma Media - mainostajat","url":"https:\/\/www.almamedia.fi\/mainostajat\/","logo":{"@type":"ImageObject","inLanguage":"fi","@id":"https:\/\/www.almamedia.fi\/mainostajat\/#\/schema\/logo\/image\/","url":"https:\/\/www.almamedia.fi\/mainostajat\/wp-content\/uploads\/sites\/6\/alma-media-logo-valkoinen.svg","contentUrl":"https:\/\/www.almamedia.fi\/mainostajat\/wp-content\/uploads\/sites\/6\/alma-media-logo-valkoinen.svg","width":49,"height":50,"caption":"Alma Media - mainostajat"},"image":{"@id":"https:\/\/www.almamedia.fi\/mainostajat\/#\/schema\/logo\/image\/"}}]}},"_links":{"self":[{"href":"https:\/\/www.almamedia.fi\/mainostajat\/wp-json\/wp\/v2\/caset\/82905","targetHints":{"allow":["GET"]}}],"collection":[{"href":"https:\/\/www.almamedia.fi\/mainostajat\/wp-json\/wp\/v2\/caset"}],"about":[{"href":"https:\/\/www.almamedia.fi\/mainostajat\/wp-json\/wp\/v2\/types\/caset"}],"wp:featuredmedia":[{"embeddable":true,"href":"https:\/\/www.almamedia.fi\/mainostajat\/wp-json\/wp\/v2\/media\/84330"}],"wp:attachment":[{"href":"https:\/\/www.almamedia.fi\/mainostajat\/wp-json\/wp\/v2\/media?parent=82905"}],"wp:term":[{"taxonomy":"casekategoriat","embeddable":true,"href":"https:\/\/www.almamedia.fi\/mainostajat\/wp-json\/wp\/v2\/casekategoriat?post=82905"}],"curies":[{"name":"wp","href":"https:\/\/api.w.org\/{rel}","templated":true}]}}